{"id":7630,"date":"2017-06-26T22:19:28","date_gmt":"2017-06-26T20:19:28","guid":{"rendered":"https:\/\/lanaja.sk\/o-mne\/"},"modified":"2025-10-05T18:14:03","modified_gmt":"2025-10-05T16:14:03","slug":"o-mne","status":"publish","type":"page","link":"https:\/\/lanaja.sk\/cs\/o-mne\/","title":{"rendered":"O n\u00e1s"},"content":{"rendered":"\t\t<div data-elementor-type=\"wp-page\" data-elementor-id=\"7630\" class=\"elementor elementor-7630 elementor-2\" data-elementor-post-type=\"page\">\n\t\t\t\t<div class=\"elementor-element elementor-element-0993f4a e-flex e-con-boxed e-con e-parent\" data-id=\"0993f4a\" data-element_type=\"container\" data-e-type=\"container\">\n\t\t\t\t\t<div class=\"e-con-inner\">\n\t\t\t\t<div class=\"elementor-element elementor-element-066e70f elementor-widget-divider--view-line elementor-widget elementor-widget-divider\" data-id=\"066e70f\" data-element_type=\"widget\" data-e-type=\"widget\" data-widget_type=\"divider.default\">\n\t\t\t\t<div class=\"elementor-widget-container\">\n\t\t\t\t\t\t\t<div class=\"elementor-divider\">\n\t\t\t<span class=\"elementor-divider-separator\">\n\t\t\t\t\t\t<\/span>\n\t\t<\/div>\n\t\t\t\t\t\t<\/div>\n\t\t\t\t<\/div>\n\t\t\t\t<div class=\"elementor-element elementor-element-2e5b2e9 elementor-widget elementor-widget-heading\" data-id=\"2e5b2e9\" data-element_type=\"widget\" data-e-type=\"widget\" data-widget_type=\"heading.default\">\n\t\t\t\t<div class=\"elementor-widget-container\">\n\t\t\t\t\t<h2 class=\"elementor-heading-title elementor-size-default\">Seznamte se s na\u0161\u00edm p\u0159\u00edb\u011bhem<\/h2>\t\t\t\t<\/div>\n\t\t\t\t<\/div>\n\t\t\t\t\t<\/div>\n\t\t\t\t<\/div>\n\t\t\t\t<section class=\"elementor-section elementor-top-section elementor-element elementor-element-256adee elementor-section-boxed elementor-section-height-default elementor-section-height-default\" data-id=\"256adee\" data-element_type=\"section\" data-e-type=\"section\">\n\t\t\t\t\t\t<div class=\"elementor-container elementor-column-gap-default\">\n\t\t\t\t\t<div class=\"elementor-column elementor-col-50 elementor-top-column elementor-element elementor-element-166ff85\" data-id=\"166ff85\" data-element_type=\"column\" data-e-type=\"column\">\n\t\t\t<div class=\"elementor-widget-wrap elementor-element-populated\">\n\t\t\t\t\t\t<div class=\"elementor-element elementor-element-3bbe78f elementor-widget elementor-widget-text-editor\" data-id=\"3bbe78f\" data-element_type=\"widget\" data-e-type=\"widget\" data-widget_type=\"text-editor.default\">\n\t\t\t\t<div class=\"elementor-widget-container\">\n\t\t\t\t\t\t\t\t\t<p>Na po\u010d\u00e1tku zna\u010dky <b>Lanaja<\/b> st\u00e1l jednoduch\u00fd n\u00e1pad a jeden vo\u0148av\u00fd bochn\u00edk chleba \u2013 <b>pytl\u00edk na chl\u00e9b<\/b> z lnu. Na\u0161\u00edm prim\u00e1rnym c\u00edlem bylo <b>minimalizovat dom\u00e1c\u00ed odpad<\/b>, recyklovat a skladovat potraviny v p\u0159\u00edrodn\u00edch obalech, a chr\u00e1nit tak na\u0161i p\u0159\u00edrodu.<\/p><p>V roce 2017 se moje v\u00e1\u0161e\u0148 pro len prom\u011bnila v rodinnou zna\u010dku <b>Abreadbag<\/b>. Tento n\u00e1zev, kter\u00fd v sob\u011b ukr\u00fdval fr\u00e1zi <b>A<\/b> (Al\u017eb\u011bta) a <b>pytl\u00edk na chl\u00e9b<\/b>, odkazoval na na\u0161e skromn\u00e9 za\u010d\u00e1tky. Ti, kte\u0159\u00ed jsou s n\u00e1mi od po\u010d\u00e1tku, v\u011bd\u00ed, \u017ee jsem za\u010d\u00ednala jen se dv\u011bma produkty \u2013 <b>pytl\u00edky na pe\u010divo<\/b> z ru\u010dn\u011b tkan\u00e9ho lnu.<\/p><p>Nov\u00fd n\u00e1zev <b>\u201eLanaja\u201c<\/b> v sob\u011b nese kr\u00e1snou symbi\u00f3zu dvou kl\u00ed\u010dov\u00fdch prvk\u016f: <b>\u201elen\u201c a \u201ej\u00e1\u201c<\/b>. Pro\u010d jsme ho zvolili? Chceme zd\u016fraznit to, co n\u00e1s spojuje od prvn\u00edho dne \u2013 l\u00e1sku k p\u0159\u00edrod\u011b, jednoduchost, udr\u017eitelnost a z\u00e1rove\u0148 osobn\u00ed vztah, kter\u00fd budujeme s v\u00e1mi, na\u0161imi skv\u011bl\u00fdmi z\u00e1kazn\u00edky.<\/p><p>D\u00edky neust\u00e1l\u00e9 zp\u011btn\u00e9 vazb\u011b, kter\u00e9 si nesm\u00edrn\u011b v\u00e1\u017e\u00edm, se na\u0161e pr\u00e1ce postupn\u011b roz\u0161\u00ed\u0159ila. P\u0159ibyly dal\u0161\u00ed \u0161ikovn\u00e9 \u0161vadleny, nov\u00e9 prostory a n\u00e1\u0161 sortiment se rozrostl o bytov\u00e9 dopl\u0148ky, u\u017eitkov\u00fd textil, ln\u011bn\u00e9 povle\u010den\u00ed, \u017eupany, py\u017eama, p\u0159ehozy a p\u0159ikr\u00fdvky.<\/p><p>Zam\u011b\u0159ujeme se na slovensk\u00fd a \u010desk\u00fd trh, ale na\u0161e v\u00fdrobky cestuj\u00ed i d\u00e1l. \u010casto si je kupuj\u00ed Slov\u00e1ci \u017eij\u00edc\u00ed v zahrani\u010d\u00ed, kte\u0159\u00ed si do sv\u00fdch nov\u00fdch domov\u016f p\u0159ej\u00ed p\u0159in\u00e9st <b>vzpom\u00ednku a v\u016fni<\/b> prav\u00e9 slovensk\u00e9 domoviny.<\/p><h3>Filozofie a kvalita Lanaja<\/h3><p>Kdy\u017e si koup\u00edte n\u00e1\u0161 v\u00fdrobek, m\u00e1te jistotu, \u017ee z\u00edsk\u00e1v\u00e1te <b>origin\u00e1ln\u00ed slovensk\u00fd v\u00fdrobek<\/b> z p\u0159\u00edrodn\u00edch materi\u00e1l\u016f, <b>ru\u010dn\u011b vyroben\u00fd<\/b>, s maxim\u00e1ln\u00ed preciznost\u00ed a d\u016frazem na <b>dlouhodobou pou\u017eitelnost<\/b>. Jsme otev\u0159en\u00ed a flexibiln\u00ed k po\u017eadavk\u016fm, a realizujeme pro v\u00e1s i speci\u00e1ln\u00ed n\u00e1vrhy pro interi\u00e9ry a exteri\u00e9ry.<\/p><p>Komunikace pro n\u00e1s prodejem nekon\u010d\u00ed, ale pokra\u010duje d\u00e1l. Je pro n\u00e1s velkou zodpov\u011bdnost\u00ed zajistit, aby ka\u017ed\u00fd z\u00e1kazn\u00edk obdr\u017eel p\u0159esn\u011b to, co si objednal, a byl s ln\u011bn\u00fdm v\u00fdrobkem spokojen.<\/p><p>Na\u0161e v\u00fdrobky maj\u00ed krom\u011b u\u017eitn\u00e9 hodnoty i <b>mor\u00e1ln\u00ed hodnotu<\/b>, zalo\u017eenou na pravidlech: v\u00e1\u017eit si tradic a p\u0159en\u00e1\u0161et je do modern\u00ed doby, <b>zodpov\u011bdn\u011b usilovat o kvalitu<\/b> a v\u00e1\u017eit si ka\u017ed\u00e9ho z\u00e1kazn\u00edka. <b>To je Lanaja.<\/b><\/p><p>Ve sv\u011bt\u011b, kde se m\u00f3dn\u00ed trendy m\u011bn\u00ed rychlost\u00ed blesku, je pro n\u00e1s <b>trvanlivost kl\u00ed\u010dem k udr\u017eitelnosti<\/b>. Ka\u017ed\u00fd ln\u011bn\u00fd kousek je v\u00fdsledkem pe\u010dliv\u00e9ho \u0159emesln\u00e9ho p\u0159\u00edstupu, kter\u00fd vy\u017eaduje \u010das a trp\u011blivost. Pro na\u0161i malou rodinnou zna\u010dku jsme zvolili cestu <b>slow fashion a slow living<\/b>, kter\u00e1 m\u011bn\u00ed n\u00e1\u0161 sv\u011bt k lep\u0161\u00edmu.<\/p><p>Investic\u00ed do na\u0161ich ln\u011bn\u00fdch v\u00fdrobk\u016f podporujete malou slovenskou zna\u010dku, kter\u00e1 s v\u00e1\u0161n\u00ed vytv\u00e1\u0159\u00ed vysoce kvalitn\u00ed a jedine\u010dn\u00e9 kousky.<\/p><h3>\u00a0<\/h3>\t\t\t\t\t\t\t\t<\/div>\n\t\t\t\t<\/div>\n\t\t\t\t\t<\/div>\n\t\t<\/div>\n\t\t\t\t<div class=\"elementor-column elementor-col-50 elementor-top-column elementor-element elementor-element-b398ab2\" data-id=\"b398ab2\" data-element_type=\"column\" data-e-type=\"column\">\n\t\t\t<div class=\"elementor-widget-wrap elementor-element-populated\">\n\t\t\t\t\t\t<div class=\"elementor-element elementor-element-3807bec elementor-widget elementor-widget-image\" data-id=\"3807bec\" data-element_type=\"widget\" data-e-type=\"widget\" data-widget_type=\"image.default\">\n\t\t\t\t<div class=\"elementor-widget-container\">\n\t\t\t\t\t\t\t\t\t\t\t\t\t\t\t<img fetchpriority=\"high\" decoding=\"async\" width=\"967\" height=\"1024\" src=\"https:\/\/lanaja.sk\/wp-content\/uploads\/2023\/03\/abreadbag-web-scaled-jpg.webp\" class=\"attachment-full size-full wp-image-7690\" alt=\"\u013eanov\u00e9 py\u017eamo\" srcset=\"https:\/\/lanaja.sk\/wp-content\/uploads\/2023\/03\/abreadbag-web-scaled-jpg.webp 967w, https:\/\/lanaja.sk\/wp-content\/uploads\/2023\/03\/abreadbag-web-scaled-jpg-800x847.webp 800w, https:\/\/lanaja.sk\/wp-content\/uploads\/2023\/03\/abreadbag-web-283x300.jpg 283w, https:\/\/lanaja.sk\/wp-content\/uploads\/2023\/03\/abreadbag-web-768x813.jpg 768w, https:\/\/lanaja.sk\/wp-content\/uploads\/2023\/03\/abreadbag-web-1451x1536.jpg 1451w\" sizes=\"(max-width: 967px) 100vw, 967px\" \/>\t\t\t\t\t\t\t\t\t\t\t\t\t\t\t<\/div>\n\t\t\t\t<\/div>\n\t\t\t\t\t<\/div>\n\t\t<\/div>\n\t\t\t\t\t<\/div>\n\t\t<\/section>\n\t\t<div class=\"elementor-element elementor-element-31fa33e e-flex e-con-boxed e-con e-parent\" data-id=\"31fa33e\" data-element_type=\"container\" data-e-type=\"container\">\n\t\t\t\t\t<div class=\"e-con-inner\">\n\t\t\t\t\t<\/div>\n\t\t\t\t<\/div>\n\t\t\t\t<\/div>\n\t\t","protected":false},"excerpt":{"rendered":"<p>Seznamte se s na\u0161\u00edm p\u0159\u00edb\u011bhem Na po\u010d\u00e1tku zna\u010dky Lanaja st\u00e1l jednoduch\u00fd n\u00e1pad a jeden vo\u0148av\u00fd bochn\u00edk chleba \u2013 pytl\u00edk na chl\u00e9b z lnu. Na\u0161\u00edm prim\u00e1rnym c\u00edlem bylo minimalizovat dom\u00e1c\u00ed odpad, recyklovat a skladovat potraviny v p\u0159\u00edrodn\u00edch obalech, a chr\u00e1nit tak na\u0161i p\u0159\u00edrodu. V roce 2017 se moje v\u00e1\u0161e\u0148 pro len prom\u011bnila v rodinnou zna\u010dku Abreadbag. [&hellip;]<\/p>\n","protected":false},"author":2,"featured_media":0,"parent":0,"menu_order":0,"comment_status":"closed","ping_status":"open","template":"","meta":{"footnotes":""},"class_list":["post-7630","page","type-page","status-publish","hentry"],"yoast_head":"<!-- This site is optimized with the Yoast SEO plugin v27.4 - https:\/\/yoast.com\/product\/yoast-seo-wordpress\/ -->\n<title>O n\u00e1s &#8226; Lanaja-slovensk\u00e1 udr\u017eiteln\u00e1 zna\u010dka a v\u00fdrobce ln\u011bn\u00e9ho textilu<\/title>\n<meta name=\"description\" content=\"Lanaja, mal\u00e1 rodinn\u00e1 zna\u010dka, vytv\u00e1\u0159\u00ed ka\u017ed\u00fd kousek s velkou l\u00e1skou. Ln\u011bn\u00e9 v\u00fdrobky \u0161ijeme s citem pro detail a s d\u016frazem na kvalitu.\" \/>\n<meta name=\"robots\" content=\"index, follow, max-snippet:-1, max-image-preview:large, max-video-preview:-1\" \/>\n<link rel=\"canonical\" href=\"https:\/\/lanaja.sk\/cs\/o-mne\/\" \/>\n<meta property=\"og:locale\" content=\"cs_CZ\" \/>\n<meta property=\"og:type\" content=\"article\" \/>\n<meta property=\"og:title\" content=\"O n\u00e1s &#8226; Lanaja-slovensk\u00e1 udr\u017eiteln\u00e1 zna\u010dka a v\u00fdrobce ln\u011bn\u00e9ho textilu\" \/>\n<meta property=\"og:description\" content=\"Lanaja, mal\u00e1 rodinn\u00e1 zna\u010dka, vytv\u00e1\u0159\u00ed ka\u017ed\u00fd kousek s velkou l\u00e1skou. Ln\u011bn\u00e9 v\u00fdrobky \u0161ijeme s citem pro detail a s d\u016frazem na kvalitu.\" \/>\n<meta property=\"og:url\" content=\"https:\/\/lanaja.sk\/cs\/o-mne\/\" \/>\n<meta property=\"og:site_name\" content=\"Lanaja-slovensk\u00e1 udr\u017eiteln\u00e1 zna\u010dka a v\u00fdrobce ln\u011bn\u00e9ho textilu\" \/>\n<meta property=\"article:publisher\" content=\"https:\/\/www.facebook.com\/Abreadbag\" \/>\n<meta property=\"article:modified_time\" content=\"2025-10-05T16:14:03+00:00\" \/>\n<meta property=\"og:image\" content=\"https:\/\/lanaja.sk\/wp-content\/uploads\/2023\/03\/abreadbag-web-scaled-jpg.webp\" \/>\n\t<meta property=\"og:image:width\" content=\"967\" \/>\n\t<meta property=\"og:image:height\" content=\"1024\" \/>\n\t<meta property=\"og:image:type\" content=\"image\/jpeg\" \/>\n<meta name=\"twitter:card\" content=\"summary_large_image\" \/>\n<meta name=\"twitter:label1\" content=\"Odhadovan\u00e1 doba \u010dten\u00ed\" \/>\n\t<meta name=\"twitter:data1\" content=\"3 minuty\" \/>\n<script type=\"application\/ld+json\" class=\"yoast-schema-graph\">{\"@context\":\"https:\\\/\\\/schema.org\",\"@graph\":[{\"@type\":\"WebPage\",\"@id\":\"https:\\\/\\\/lanaja.sk\\\/cs\\\/o-mne\\\/\",\"url\":\"https:\\\/\\\/lanaja.sk\\\/cs\\\/o-mne\\\/\",\"name\":\"O n\u00e1s &#8226; Lanaja-slovensk\u00e1 udr\u017eiteln\u00e1 zna\u010dka a v\u00fdrobce ln\u011bn\u00e9ho textilu\",\"isPartOf\":{\"@id\":\"https:\\\/\\\/lanaja.sk\\\/cs\\\/#website\"},\"primaryImageOfPage\":{\"@id\":\"https:\\\/\\\/lanaja.sk\\\/cs\\\/o-mne\\\/#primaryimage\"},\"image\":{\"@id\":\"https:\\\/\\\/lanaja.sk\\\/cs\\\/o-mne\\\/#primaryimage\"},\"thumbnailUrl\":\"https:\\\/\\\/lanaja.sk\\\/wp-content\\\/uploads\\\/2023\\\/03\\\/abreadbag-web-scaled-jpg.webp\",\"datePublished\":\"2017-06-26T20:19:28+00:00\",\"dateModified\":\"2025-10-05T16:14:03+00:00\",\"description\":\"Lanaja, mal\u00e1 rodinn\u00e1 zna\u010dka, vytv\u00e1\u0159\u00ed ka\u017ed\u00fd kousek s velkou l\u00e1skou. Ln\u011bn\u00e9 v\u00fdrobky \u0161ijeme s citem pro detail a s d\u016frazem na kvalitu.\",\"breadcrumb\":{\"@id\":\"https:\\\/\\\/lanaja.sk\\\/cs\\\/o-mne\\\/#breadcrumb\"},\"inLanguage\":\"cs\",\"potentialAction\":[{\"@type\":\"ReadAction\",\"target\":[\"https:\\\/\\\/lanaja.sk\\\/cs\\\/o-mne\\\/\"]}]},{\"@type\":\"ImageObject\",\"inLanguage\":\"cs\",\"@id\":\"https:\\\/\\\/lanaja.sk\\\/cs\\\/o-mne\\\/#primaryimage\",\"url\":\"https:\\\/\\\/lanaja.sk\\\/wp-content\\\/uploads\\\/2023\\\/03\\\/abreadbag-web-scaled-jpg.webp\",\"contentUrl\":\"https:\\\/\\\/lanaja.sk\\\/wp-content\\\/uploads\\\/2023\\\/03\\\/abreadbag-web-scaled-jpg.webp\"},{\"@type\":\"BreadcrumbList\",\"@id\":\"https:\\\/\\\/lanaja.sk\\\/cs\\\/o-mne\\\/#breadcrumb\",\"itemListElement\":[{\"@type\":\"ListItem\",\"position\":1,\"name\":\"Home\",\"item\":\"https:\\\/\\\/lanaja.sk\\\/cs\\\/\"},{\"@type\":\"ListItem\",\"position\":2,\"name\":\"O n\u00e1s\"}]},{\"@type\":\"WebSite\",\"@id\":\"https:\\\/\\\/lanaja.sk\\\/cs\\\/#website\",\"url\":\"https:\\\/\\\/lanaja.sk\\\/cs\\\/\",\"name\":\"Lanaja - bytov\u00fd textil z \u013eanu a \u013eanov\u00e9 v\u00fdrobky\",\"description\":\"Jedine\u010dn\u00fd bytov\u00fd textil, ln\u011bn\u00e9 pytl\u00edky, ln\u011bn\u00e9 ubrusy, ln\u011bn\u00e9 lo\u017en\u00ed povle\u010den\u00ed, ln\u011bn\u00e9 ut\u011brky, ln\u011bn\u00e9 prost\u00edr\u00e1n\u00ed vyroben\u00e9 a \u0161it\u00e9 na Slovensku\",\"publisher\":{\"@id\":\"https:\\\/\\\/lanaja.sk\\\/cs\\\/#organization\"},\"alternateName\":\"Lanaja - v\u00fdrobky z \u013eanu, \u013eanov\u00fd bytov\u00fd textil\",\"potentialAction\":[{\"@type\":\"SearchAction\",\"target\":{\"@type\":\"EntryPoint\",\"urlTemplate\":\"https:\\\/\\\/lanaja.sk\\\/cs\\\/?s={search_term_string}\"},\"query-input\":{\"@type\":\"PropertyValueSpecification\",\"valueRequired\":true,\"valueName\":\"search_term_string\"}}],\"inLanguage\":\"cs\"},{\"@type\":\"Organization\",\"@id\":\"https:\\\/\\\/lanaja.sk\\\/cs\\\/#organization\",\"name\":\"Lanaja\",\"alternateName\":\"Al\u017ebeta Andr\u00e1\u0161ikov\u00e1 - Lanaja\",\"url\":\"https:\\\/\\\/lanaja.sk\\\/cs\\\/\",\"logo\":{\"@type\":\"ImageObject\",\"inLanguage\":\"cs\",\"@id\":\"https:\\\/\\\/lanaja.sk\\\/cs\\\/#\\\/schema\\\/logo\\\/image\\\/\",\"url\":\"https:\\\/\\\/lanaja.sk\\\/wp-content\\\/uploads\\\/2024\\\/01\\\/Lanaja.sk-logo.png\",\"contentUrl\":\"https:\\\/\\\/lanaja.sk\\\/wp-content\\\/uploads\\\/2024\\\/01\\\/Lanaja.sk-logo.png\",\"width\":600,\"height\":300,\"caption\":\"Lanaja\"},\"image\":{\"@id\":\"https:\\\/\\\/lanaja.sk\\\/cs\\\/#\\\/schema\\\/logo\\\/image\\\/\"},\"sameAs\":[\"https:\\\/\\\/www.facebook.com\\\/Abreadbag\",\"https:\\\/\\\/www.instagram.com\\\/lanaja_sk\\\/\"]}]}<\/script>\n<!-- \/ Yoast SEO plugin. -->","yoast_head_json":{"title":"O n\u00e1s &#8226; Lanaja-slovensk\u00e1 udr\u017eiteln\u00e1 zna\u010dka a v\u00fdrobce ln\u011bn\u00e9ho textilu","description":"Lanaja, mal\u00e1 rodinn\u00e1 zna\u010dka, vytv\u00e1\u0159\u00ed ka\u017ed\u00fd kousek s velkou l\u00e1skou. Ln\u011bn\u00e9 v\u00fdrobky \u0161ijeme s citem pro detail a s d\u016frazem na kvalitu.","robots":{"index":"index","follow":"follow","max-snippet":"max-snippet:-1","max-image-preview":"max-image-preview:large","max-video-preview":"max-video-preview:-1"},"canonical":"https:\/\/lanaja.sk\/cs\/o-mne\/","og_locale":"cs_CZ","og_type":"article","og_title":"O n\u00e1s &#8226; Lanaja-slovensk\u00e1 udr\u017eiteln\u00e1 zna\u010dka a v\u00fdrobce ln\u011bn\u00e9ho textilu","og_description":"Lanaja, mal\u00e1 rodinn\u00e1 zna\u010dka, vytv\u00e1\u0159\u00ed ka\u017ed\u00fd kousek s velkou l\u00e1skou. Ln\u011bn\u00e9 v\u00fdrobky \u0161ijeme s citem pro detail a s d\u016frazem na kvalitu.","og_url":"https:\/\/lanaja.sk\/cs\/o-mne\/","og_site_name":"Lanaja-slovensk\u00e1 udr\u017eiteln\u00e1 zna\u010dka a v\u00fdrobce ln\u011bn\u00e9ho textilu","article_publisher":"https:\/\/www.facebook.com\/Abreadbag","article_modified_time":"2025-10-05T16:14:03+00:00","og_image":[{"width":967,"height":1024,"url":"https:\/\/lanaja.sk\/wp-content\/uploads\/2023\/03\/abreadbag-web-scaled-jpg.webp","type":"image\/jpeg"}],"twitter_card":"summary_large_image","twitter_misc":{"Odhadovan\u00e1 doba \u010dten\u00ed":"3 minuty"},"schema":{"@context":"https:\/\/schema.org","@graph":[{"@type":"WebPage","@id":"https:\/\/lanaja.sk\/cs\/o-mne\/","url":"https:\/\/lanaja.sk\/cs\/o-mne\/","name":"O n\u00e1s &#8226; Lanaja-slovensk\u00e1 udr\u017eiteln\u00e1 zna\u010dka a v\u00fdrobce ln\u011bn\u00e9ho textilu","isPartOf":{"@id":"https:\/\/lanaja.sk\/cs\/#website"},"primaryImageOfPage":{"@id":"https:\/\/lanaja.sk\/cs\/o-mne\/#primaryimage"},"image":{"@id":"https:\/\/lanaja.sk\/cs\/o-mne\/#primaryimage"},"thumbnailUrl":"https:\/\/lanaja.sk\/wp-content\/uploads\/2023\/03\/abreadbag-web-scaled-jpg.webp","datePublished":"2017-06-26T20:19:28+00:00","dateModified":"2025-10-05T16:14:03+00:00","description":"Lanaja, mal\u00e1 rodinn\u00e1 zna\u010dka, vytv\u00e1\u0159\u00ed ka\u017ed\u00fd kousek s velkou l\u00e1skou. Ln\u011bn\u00e9 v\u00fdrobky \u0161ijeme s citem pro detail a s d\u016frazem na kvalitu.","breadcrumb":{"@id":"https:\/\/lanaja.sk\/cs\/o-mne\/#breadcrumb"},"inLanguage":"cs","potentialAction":[{"@type":"ReadAction","target":["https:\/\/lanaja.sk\/cs\/o-mne\/"]}]},{"@type":"ImageObject","inLanguage":"cs","@id":"https:\/\/lanaja.sk\/cs\/o-mne\/#primaryimage","url":"https:\/\/lanaja.sk\/wp-content\/uploads\/2023\/03\/abreadbag-web-scaled-jpg.webp","contentUrl":"https:\/\/lanaja.sk\/wp-content\/uploads\/2023\/03\/abreadbag-web-scaled-jpg.webp"},{"@type":"BreadcrumbList","@id":"https:\/\/lanaja.sk\/cs\/o-mne\/#breadcrumb","itemListElement":[{"@type":"ListItem","position":1,"name":"Home","item":"https:\/\/lanaja.sk\/cs\/"},{"@type":"ListItem","position":2,"name":"O n\u00e1s"}]},{"@type":"WebSite","@id":"https:\/\/lanaja.sk\/cs\/#website","url":"https:\/\/lanaja.sk\/cs\/","name":"Lanaja - bytov\u00fd textil z \u013eanu a \u013eanov\u00e9 v\u00fdrobky","description":"Jedine\u010dn\u00fd bytov\u00fd textil, ln\u011bn\u00e9 pytl\u00edky, ln\u011bn\u00e9 ubrusy, ln\u011bn\u00e9 lo\u017en\u00ed povle\u010den\u00ed, ln\u011bn\u00e9 ut\u011brky, ln\u011bn\u00e9 prost\u00edr\u00e1n\u00ed vyroben\u00e9 a \u0161it\u00e9 na Slovensku","publisher":{"@id":"https:\/\/lanaja.sk\/cs\/#organization"},"alternateName":"Lanaja - v\u00fdrobky z \u013eanu, \u013eanov\u00fd bytov\u00fd textil","potentialAction":[{"@type":"SearchAction","target":{"@type":"EntryPoint","urlTemplate":"https:\/\/lanaja.sk\/cs\/?s={search_term_string}"},"query-input":{"@type":"PropertyValueSpecification","valueRequired":true,"valueName":"search_term_string"}}],"inLanguage":"cs"},{"@type":"Organization","@id":"https:\/\/lanaja.sk\/cs\/#organization","name":"Lanaja","alternateName":"Al\u017ebeta Andr\u00e1\u0161ikov\u00e1 - Lanaja","url":"https:\/\/lanaja.sk\/cs\/","logo":{"@type":"ImageObject","inLanguage":"cs","@id":"https:\/\/lanaja.sk\/cs\/#\/schema\/logo\/image\/","url":"https:\/\/lanaja.sk\/wp-content\/uploads\/2024\/01\/Lanaja.sk-logo.png","contentUrl":"https:\/\/lanaja.sk\/wp-content\/uploads\/2024\/01\/Lanaja.sk-logo.png","width":600,"height":300,"caption":"Lanaja"},"image":{"@id":"https:\/\/lanaja.sk\/cs\/#\/schema\/logo\/image\/"},"sameAs":["https:\/\/www.facebook.com\/Abreadbag","https:\/\/www.instagram.com\/lanaja_sk\/"]}]}},"_links":{"self":[{"href":"https:\/\/lanaja.sk\/cs\/wp-json\/wp\/v2\/pages\/7630","targetHints":{"allow":["GET"]}}],"collection":[{"href":"https:\/\/lanaja.sk\/cs\/wp-json\/wp\/v2\/pages"}],"about":[{"href":"https:\/\/lanaja.sk\/cs\/wp-json\/wp\/v2\/types\/page"}],"author":[{"embeddable":true,"href":"https:\/\/lanaja.sk\/cs\/wp-json\/wp\/v2\/users\/2"}],"replies":[{"embeddable":true,"href":"https:\/\/lanaja.sk\/cs\/wp-json\/wp\/v2\/comments?post=7630"}],"version-history":[{"count":9,"href":"https:\/\/lanaja.sk\/cs\/wp-json\/wp\/v2\/pages\/7630\/revisions"}],"predecessor-version":[{"id":16976,"href":"https:\/\/lanaja.sk\/cs\/wp-json\/wp\/v2\/pages\/7630\/revisions\/16976"}],"wp:attachment":[{"href":"https:\/\/lanaja.sk\/cs\/wp-json\/wp\/v2\/media?parent=7630"}],"curies":[{"name":"wp","href":"https:\/\/api.w.org\/{rel}","templated":true}]}}