{"id":13155,"date":"2017-09-05T15:40:50","date_gmt":"2017-09-05T13:40:50","guid":{"rendered":"https:\/\/lanaja.sk\/obchod\/neza\u0159azen\u00e9\/rucne-tkany-sacek-na-lneny-chleb\/"},"modified":"2025-07-10T20:17:56","modified_gmt":"2025-07-10T18:17:56","slug":"rucne-tkany-sacek-na-lneny-chleb","status":"publish","type":"product","link":"https:\/\/lanaja.sk\/cs\/obchod\/rucne-tkany-sacek-na-lneny-chleb\/","title":{"rendered":"Pytl\u00edk na chl\u00e9b z ru\u010dn\u011b tkan\u00e9ho lnu"},"content":{"rendered":"<h2>Pytl\u00edk na chl\u00e9b z ru\u010dn\u011b tkan\u00e9ho lnu<\/h2>\n<p>S\u00e1\u010dek na chl\u00e9b z ru\u010dn\u011b tkan\u00e9ho lnu <strong>3v1 <\/strong>je ide\u00e1ln\u00ed na podlouhl\u00fd tvar vo\u0148av\u00e9ho chleba a pe\u010diva. Je ur\u010deno nejen k jeho skladov\u00e1n\u00ed, ale i k serv\u00edrov\u00e1n\u00ed a p\u0159en\u00e1\u0161en\u00ed. Opakovan\u011b pou\u017eiteln\u00e9, pe\u010dliv\u011b vyroben\u00e9 hypoalergenn\u00ed s\u00e1\u010dky jsou nepostradatelnou sou\u010d\u00e1st\u00ed dne\u0161n\u00edch modern\u00edch dom\u00e1cnost\u00ed. Pytl\u00edk na chl\u00e9b je odoln\u00fd a pokud se o n\u011bj spr\u00e1vn\u011b postar\u00e1te, m\u016f\u017ee pot\u011b\u0161it cel\u00e9 generace. Ze zdravotn\u00edho a ekologick\u00e9ho hlediska neporovnateln\u011b vhodn\u011bj\u0161\u00ed ne\u017e plastov\u00e9 s\u00e1\u010dky a obaly. P\u0159\u00edrodn\u00ed ln\u011bn\u00e1 vazba je t\u011bsn\u00e1, nebarven\u00e1, bez chemick\u00fdch \u00faprav, ale prody\u0161n\u00e1, udr\u017euje chl\u00e9b d\u00e9le s k\u0159upavou k\u016frkou.<\/p>\n<h4><strong> Ln\u011bn\u00e9 pytl\u00edky a krok k udr\u017eiteln\u011bj\u0161\u00edmu sv\u011btu<\/strong><\/h4>\n<p>Ln\u011bn\u00fd pytl\u00edk na chleba je u\u0161it\u00fd z ru\u010dn\u011b tkan\u00e9ho ln\u011bn\u00e9ho pl\u00e1tna, pod\u0161it\u00fd 100% bavlnou b\u00edl\u00e9 barvy. T\u00edm, \u017ee m\u00e1 ln\u011bn\u00fd s\u00e1\u010dek dv\u011b vrstvy, chl\u00e9b a pe\u010divo v\u00e1m v n\u011bm vydr\u017e\u00ed d\u00e9le ne\u017e v ln\u011bn\u00e9m s\u00e1\u010dku s jednou vrstvou. P\u0159i prost\u00edr\u00e1n\u00ed a serv\u00edrov\u00e1n\u00ed sn\u00eddan\u011b si m\u016f\u017eete s\u00e1\u010dek vyhrnout do tvaru ko\u0161\u00edku. Velkou p\u0159ednost\u00ed je jeho tvarovan\u00e9 dno a hrub\u0161\u00ed materi\u00e1l, proto kr\u00e1sn\u011b dr\u017e\u00ed tvar a vyu\u017eijete jej nejen k uskladn\u011bn\u00ed va\u0161eho pe\u010diva, ale i jako kr\u00e1sn\u00fd p\u0159\u00edrodn\u00ed dopln\u011bk na prost\u0159en\u00e9m stole.<\/p>\n<p>Ln\u011bn\u00e9 pl\u00e1tno absorbuje a uvol\u0148uje vlhkost v\u00edce ne\u017e jin\u00e9 materi\u00e1ly. M\u00e1 p\u0159irozen\u00e9 antiseptick\u00e9 vlastnosti, neudr\u017euj\u00ed se v n\u011bm z\u00e1rodky bakteri\u00ed ani pl\u00edsn\u00ed, proto je tak ide\u00e1ln\u00ed pro pou\u017eit\u00ed v kuchyn\u00edch. Je to ide\u00e1ln\u00ed materi\u00e1l na kuchy\u0148sk\u00e9 ut\u011brky, s\u00e1\u010dky. Len je vhodn\u00fd pro alergiky, jeliko\u017e nevyvol\u00e1v\u00e1 alergick\u00e9 reakce. Opakovan\u00fdm pran\u00edm dokonce kr\u00e1sn\u00ed a vl\u00e1kna jsou m\u011bk\u010d\u00ed. Jeho vl\u00e1kna jsou dlouh\u00e1<span class=\"text_exposed_show\"> a p\u0159i op\u011btovn\u00e9m skl\u00e1d\u00e1n\u00ed, \u017eehlen\u00ed se nel\u00e1mou. D\u00e1 se \u0159\u00edct, \u017ee je to vz\u00e1cn\u00fd materi\u00e1l, kter\u00fd se d\u011bd\u00ed. Len je nav\u00edc odoln\u00fd v\u016f\u010di mol\u016fm, m\u00e1 p\u0159irozenou schopnost odol\u00e1vat \u0161p\u00edn\u011b a skvrn\u00e1m. Sni\u017euje o polovinu UV z\u00e1\u0159en\u00ed, proto je tak obl\u00edben\u00fd i v od\u011bvn\u00edm pr\u016fmyslu.<\/span><\/p>\n<h4><strong>Pro v\u0161echny milovn\u00edky kv\u00e1skov\u00e9ho chleba<\/strong><\/h4>\n<p>Na\u0161e ln\u011bn\u00e9 pytl\u00edky jsou ur\u010deny pro ka\u017edodenn\u00ed pou\u017eit\u00ed. Jsou ide\u00e1ln\u00ed pro v\u0161echny, kte\u0159\u00ed si r\u00e1di pe\u010dou vlastn\u00ed kv\u00e1skov\u00fd chl\u00e9b. Jejich odolnost a schopnost udr\u017eet kv\u00e1skov\u00fd chl\u00e9b d\u00e9le \u010derstv\u00fd z nich d\u011bl\u00e1 nepostradateln\u00e9 pomocn\u00edky v kuchyni. I vy si v\u00e1\u017e\u00edte prav\u00fd dom\u00e1c\u00ed chl\u00e9b? S ka\u017ed\u00fdm s\u00e1\u010dkem, kter\u00fd si koup\u00edte, pom\u00e1h\u00e1te sn\u00ed\u017eit mno\u017estv\u00ed odpadu a \u0161et\u0159it p\u0159\u00edrodn\u00edmi zdroji. Va\u0161e volba je nejen investic\u00ed do kvalitn\u00edho produktu, ale i krokem k lep\u0161\u00ed budoucnosti pro n\u00e1s v\u0161echny. Va\u0161e volba je d\u016fle\u017eit\u00e1 a my jsme vd\u011b\u010dn\u00ed za ka\u017ed\u00fd kousek d\u016fv\u011bry, kterou n\u00e1m projevujete.   Spole\u010dn\u011b m\u016f\u017eeme ud\u011blat sv\u011bt lep\u0161\u00edm m\u00edstem.<\/p>\n<p>Ln\u011bn\u00e9 pl\u00e1tno je p\u0159edepran\u00e9., proto u\u017e nen\u00ed t\u0159eba po\u010d\u00edtat s jeho sr\u00e1\u017elivost\u00ed. Dovolte lnu ma\u010dkat se, je to jeho p\u0159irozen\u00e1 vlastnost. Doporu\u010dujeme len \u017eehlit vlhk\u00fd, nebo jemn\u011b nakropen\u00fd.<\/p>\n<h4><strong>Kvalita a udr\u017eitelnost ve va\u0161\u00ed kuchyni<\/strong><\/h4>\n<p>A\u0165 u\u017e je to p\u0159i pe\u010den\u00ed dom\u00e1c\u00edho chleba, nebo p\u0159i p\u0159en\u00e1\u0161en\u00ed pe\u010diva do pr\u00e1ce \u010di na piknik, na\u0161e ln\u011bn\u00e9 s\u00e1\u010dky jsou spole\u010dn\u00edkem, na kter\u00e9ho se m\u016f\u017eete spolehnout. Jejich kvalita a udr\u017eitelnost z nich d\u011blaj\u00ed smyslupln\u00e9 dopl\u0148ky v ka\u017ed\u00e9 modern\u00ed kuchyni.<\/p>\n<p>A\u0165 u\u017e se rozhodnete pro ln\u011bn\u00e9 ut\u011brky na pe\u010divo nebo ln\u011bn\u00e9 pytl\u00edky, bude to spr\u00e1vn\u00e1 volba nejen pro va\u0161e zdrav\u00ed, ale pom\u016f\u017eete chr\u00e1nit na\u0161e \u017eivotn\u00ed prost\u0159ed\u00ed. D\u011bkujeme, \u017ee n\u00e1m pom\u00e1h\u00e1te \u0161\u00ed\u0159it pov\u011bdom\u00ed o pot\u0159eb\u011b recyklace a spole\u010dn\u011b vym\u011b\u0148ujeme tis\u00edce plastov\u00fdch ta\u0161ek za ln\u011bn\u00e9. V\u0161echny na\u0161e pytl\u00edky na chleba jsou 100% kompostovateln\u00e9 a do m\u011bs\u00edce se rozlo\u017e\u00ed v dom\u00e1c\u00edm kompostu.<\/p>\n<p class=\"article\"><strong>Po\u010d\u00edtejte s dodac\u00ed lh\u016ftou 2-3 t\u00fddny, pokud nem\u00e1me produkt u\u0161it\u00fd a skladem, ru\u010dn\u00ed pr\u00e1ce vy\u017eaduje n\u00e1\u0161 \u010das. Ln\u011bn\u00e9 v\u00fdrobky \u0161ijeme v na\u0161\u00ed d\u00edln\u011b dle Va\u0161eho p\u0159\u00e1n\u00ed a na m\u00edru, dle konkr\u00e9tn\u00edho v\u00fdrobku.<\/strong><\/p>\n","protected":false},"excerpt":{"rendered":"<p>V\u00e1\u0161 ka\u017edodenn\u00ed chl\u00e9b si zaslou\u017e\u00ed speci\u00e1ln\u00ed pytl\u00edk. Nechte svou kuchyni vybavit kvalitn\u00edmi a udr\u017eiteln\u00fdmi dopl\u0148ky. Na\u0161e ln\u011bn\u00e9 pytl\u00edky na chl\u00e9b jsou pr\u00e1v\u011b takov\u00fdm produktem, kter\u00fd v\u00e1m nejen u\u0161et\u0159\u00ed \u010das a pen\u00edze, ale tak\u00e9 pom\u016f\u017ee chr\u00e1nit \u017eivotn\u00ed prost\u0159ed\u00ed. Spole\u010dn\u011b m\u016f\u017eeme zm\u011bnit sv\u011bt k lep\u0161\u00edmu \u2013 jeden chl\u00e9b za druh\u00fdm, kr\u016f\u010dek po kr\u016f\u010dku.<\/p>\n","protected":false},"featured_media":6585,"template":"","meta":[],"product_brand":[],"product_cat":[177,331],"product_tag":[334,333,332],"class_list":{"0":"post-13155","1":"product","2":"type-product","3":"status-publish","4":"has-post-thumbnail","6":"product_cat-lnene-pytliky","7":"product_cat-lnene-pytliky-podsite","8":"product_tag-rucne-tkane-lnene-platno","9":"product_tag-sacek-na-chleb-s-podsivkou","10":"product_tag-sacek-na-lneny-chleb","12":"first","13":"instock","14":"shipping-taxable","15":"purchasable","16":"product-type-variable"},"yoast_head":"<!-- This site is optimized with the Yoast SEO plugin v27.4 - https:\/\/yoast.com\/product\/yoast-seo-wordpress\/ -->\n<title>Pytl\u00edk na chl\u00e9b z ru\u010dn\u011b tkan\u00e9ho lnu &#8226; Lanaja-slovensk\u00e1 udr\u017eiteln\u00e1 zna\u010dka a v\u00fdrobce ln\u011bn\u00e9ho textilu<\/title>\n<meta name=\"description\" content=\"Popis: Pytl\u00edk na chl\u00e9b z ru\u010dn\u011b tkan\u00e9ho lnu Pod\u0161it\u00fd ln\u011bn\u00fd pytl\u00edk 3v1 na podlouhl\u00fd tvar vo\u0148av\u00e9ho chleba a pe\u010diva je ur\u010den nejen ke skladov\u00e1n\u00ed, ale i k serv\u00edrov\u00e1n\u00ed...\" \/>\n<meta name=\"robots\" content=\"index, follow, max-snippet:-1, max-image-preview:large, max-video-preview:-1\" \/>\n<link rel=\"canonical\" href=\"https:\/\/lanaja.sk\/cs\/obchod\/rucne-tkany-sacek-na-lneny-chleb\/\" \/>\n<meta property=\"og:locale\" content=\"cs_CZ\" \/>\n<meta property=\"og:type\" content=\"article\" \/>\n<meta property=\"og:title\" content=\"Pytl\u00edk na chl\u00e9b z ru\u010dn\u011b tkan\u00e9ho lnu &#8226; Lanaja-slovensk\u00e1 udr\u017eiteln\u00e1 zna\u010dka a v\u00fdrobce ln\u011bn\u00e9ho textilu\" \/>\n<meta property=\"og:description\" content=\"Popis: Pytl\u00edk na chl\u00e9b z ru\u010dn\u011b tkan\u00e9ho lnu Pod\u0161it\u00fd ln\u011bn\u00fd pytl\u00edk 3v1 na podlouhl\u00fd tvar vo\u0148av\u00e9ho chleba a pe\u010diva je ur\u010den nejen ke skladov\u00e1n\u00ed, ale i k serv\u00edrov\u00e1n\u00ed...\" \/>\n<meta property=\"og:url\" content=\"https:\/\/lanaja.sk\/cs\/obchod\/rucne-tkany-sacek-na-lneny-chleb\/\" \/>\n<meta property=\"og:site_name\" content=\"Lanaja-slovensk\u00e1 udr\u017eiteln\u00e1 zna\u010dka a v\u00fdrobce ln\u011bn\u00e9ho textilu\" \/>\n<meta property=\"article:publisher\" content=\"https:\/\/www.facebook.com\/Abreadbag\" \/>\n<meta property=\"article:modified_time\" content=\"2025-07-10T18:17:56+00:00\" \/>\n<meta property=\"og:image\" content=\"https:\/\/lanaja.sk\/wp-content\/uploads\/2017\/09\/Produkt19-e1597946579248-jpg.webp\" \/>\n\t<meta property=\"og:image:width\" content=\"750\" \/>\n\t<meta property=\"og:image:height\" content=\"574\" \/>\n\t<meta property=\"og:image:type\" content=\"image\/jpeg\" \/>\n<meta name=\"twitter:card\" content=\"summary_large_image\" \/>\n<meta name=\"twitter:label1\" content=\"Odhadovan\u00e1 doba \u010dten\u00ed\" \/>\n\t<meta name=\"twitter:data1\" content=\"4 minuty\" \/>\n<script type=\"application\/ld+json\" class=\"yoast-schema-graph\">{\"@context\":\"https:\\\/\\\/schema.org\",\"@graph\":[{\"@type\":\"WebPage\",\"@id\":\"https:\\\/\\\/lanaja.sk\\\/cs\\\/obchod\\\/rucne-tkany-sacek-na-lneny-chleb\\\/\",\"url\":\"https:\\\/\\\/lanaja.sk\\\/cs\\\/obchod\\\/rucne-tkany-sacek-na-lneny-chleb\\\/\",\"name\":\"Pytl\u00edk na chl\u00e9b z ru\u010dn\u011b tkan\u00e9ho lnu &#8226; Lanaja-slovensk\u00e1 udr\u017eiteln\u00e1 zna\u010dka a v\u00fdrobce ln\u011bn\u00e9ho textilu\",\"isPartOf\":{\"@id\":\"https:\\\/\\\/lanaja.sk\\\/cs\\\/#website\"},\"primaryImageOfPage\":{\"@id\":\"https:\\\/\\\/lanaja.sk\\\/cs\\\/obchod\\\/rucne-tkany-sacek-na-lneny-chleb\\\/#primaryimage\"},\"image\":{\"@id\":\"https:\\\/\\\/lanaja.sk\\\/cs\\\/obchod\\\/rucne-tkany-sacek-na-lneny-chleb\\\/#primaryimage\"},\"thumbnailUrl\":\"https:\\\/\\\/lanaja.sk\\\/wp-content\\\/uploads\\\/2017\\\/09\\\/Produkt19-e1597946579248-jpg.webp\",\"datePublished\":\"2017-09-05T13:40:50+00:00\",\"dateModified\":\"2025-07-10T18:17:56+00:00\",\"description\":\"Popis: Pytl\u00edk na chl\u00e9b z ru\u010dn\u011b tkan\u00e9ho lnu Pod\u0161it\u00fd ln\u011bn\u00fd pytl\u00edk 3v1 na podlouhl\u00fd tvar vo\u0148av\u00e9ho chleba a pe\u010diva je ur\u010den nejen ke skladov\u00e1n\u00ed, ale i k serv\u00edrov\u00e1n\u00ed...\",\"breadcrumb\":{\"@id\":\"https:\\\/\\\/lanaja.sk\\\/cs\\\/obchod\\\/rucne-tkany-sacek-na-lneny-chleb\\\/#breadcrumb\"},\"inLanguage\":\"cs\",\"potentialAction\":[{\"@type\":\"ReadAction\",\"target\":[\"https:\\\/\\\/lanaja.sk\\\/cs\\\/obchod\\\/rucne-tkany-sacek-na-lneny-chleb\\\/\"]}]},{\"@type\":\"ImageObject\",\"inLanguage\":\"cs\",\"@id\":\"https:\\\/\\\/lanaja.sk\\\/cs\\\/obchod\\\/rucne-tkany-sacek-na-lneny-chleb\\\/#primaryimage\",\"url\":\"https:\\\/\\\/lanaja.sk\\\/wp-content\\\/uploads\\\/2017\\\/09\\\/Produkt19-e1597946579248-jpg.webp\",\"contentUrl\":\"https:\\\/\\\/lanaja.sk\\\/wp-content\\\/uploads\\\/2017\\\/09\\\/Produkt19-e1597946579248-jpg.webp\",\"width\":750,\"height\":574,\"caption\":\"\u013eanov\u00e9 vrecko na chlieb\"},{\"@type\":\"BreadcrumbList\",\"@id\":\"https:\\\/\\\/lanaja.sk\\\/cs\\\/obchod\\\/rucne-tkany-sacek-na-lneny-chleb\\\/#breadcrumb\",\"itemListElement\":[{\"@type\":\"ListItem\",\"position\":1,\"name\":\"Home\",\"item\":\"https:\\\/\\\/lanaja.sk\\\/cs\\\/\"},{\"@type\":\"ListItem\",\"position\":2,\"name\":\"Obchod\",\"item\":\"https:\\\/\\\/lanaja.sk\\\/cs\\\/obchod-cz\\\/\"},{\"@type\":\"ListItem\",\"position\":3,\"name\":\"Pytl\u00edk na chl\u00e9b z ru\u010dn\u011b tkan\u00e9ho lnu\"}]},{\"@type\":\"WebSite\",\"@id\":\"https:\\\/\\\/lanaja.sk\\\/cs\\\/#website\",\"url\":\"https:\\\/\\\/lanaja.sk\\\/cs\\\/\",\"name\":\"Lanaja - bytov\u00fd textil z \u013eanu a \u013eanov\u00e9 v\u00fdrobky\",\"description\":\"Jedine\u010dn\u00fd bytov\u00fd textil, ln\u011bn\u00e9 pytl\u00edky, ln\u011bn\u00e9 ubrusy, ln\u011bn\u00e9 lo\u017en\u00ed povle\u010den\u00ed, ln\u011bn\u00e9 ut\u011brky, ln\u011bn\u00e9 prost\u00edr\u00e1n\u00ed vyroben\u00e9 a \u0161it\u00e9 na Slovensku\",\"publisher\":{\"@id\":\"https:\\\/\\\/lanaja.sk\\\/cs\\\/#organization\"},\"alternateName\":\"Lanaja - v\u00fdrobky z \u013eanu, \u013eanov\u00fd bytov\u00fd textil\",\"potentialAction\":[{\"@type\":\"SearchAction\",\"target\":{\"@type\":\"EntryPoint\",\"urlTemplate\":\"https:\\\/\\\/lanaja.sk\\\/cs\\\/?s={search_term_string}\"},\"query-input\":{\"@type\":\"PropertyValueSpecification\",\"valueRequired\":true,\"valueName\":\"search_term_string\"}}],\"inLanguage\":\"cs\"},{\"@type\":\"Organization\",\"@id\":\"https:\\\/\\\/lanaja.sk\\\/cs\\\/#organization\",\"name\":\"Lanaja\",\"alternateName\":\"Al\u017ebeta Andr\u00e1\u0161ikov\u00e1 - Lanaja\",\"url\":\"https:\\\/\\\/lanaja.sk\\\/cs\\\/\",\"logo\":{\"@type\":\"ImageObject\",\"inLanguage\":\"cs\",\"@id\":\"https:\\\/\\\/lanaja.sk\\\/cs\\\/#\\\/schema\\\/logo\\\/image\\\/\",\"url\":\"https:\\\/\\\/lanaja.sk\\\/wp-content\\\/uploads\\\/2024\\\/01\\\/Lanaja.sk-logo.png\",\"contentUrl\":\"https:\\\/\\\/lanaja.sk\\\/wp-content\\\/uploads\\\/2024\\\/01\\\/Lanaja.sk-logo.png\",\"width\":600,\"height\":300,\"caption\":\"Lanaja\"},\"image\":{\"@id\":\"https:\\\/\\\/lanaja.sk\\\/cs\\\/#\\\/schema\\\/logo\\\/image\\\/\"},\"sameAs\":[\"https:\\\/\\\/www.facebook.com\\\/Abreadbag\",\"https:\\\/\\\/www.instagram.com\\\/lanaja_sk\\\/\"]}]}<\/script>\n<!-- \/ Yoast SEO plugin. -->","yoast_head_json":{"title":"Pytl\u00edk na chl\u00e9b z ru\u010dn\u011b tkan\u00e9ho lnu &#8226; Lanaja-slovensk\u00e1 udr\u017eiteln\u00e1 zna\u010dka a v\u00fdrobce ln\u011bn\u00e9ho textilu","description":"Popis: Pytl\u00edk na chl\u00e9b z ru\u010dn\u011b tkan\u00e9ho lnu Pod\u0161it\u00fd ln\u011bn\u00fd pytl\u00edk 3v1 na podlouhl\u00fd tvar vo\u0148av\u00e9ho chleba a pe\u010diva je ur\u010den nejen ke skladov\u00e1n\u00ed, ale i k serv\u00edrov\u00e1n\u00ed...","robots":{"index":"index","follow":"follow","max-snippet":"max-snippet:-1","max-image-preview":"max-image-preview:large","max-video-preview":"max-video-preview:-1"},"canonical":"https:\/\/lanaja.sk\/cs\/obchod\/rucne-tkany-sacek-na-lneny-chleb\/","og_locale":"cs_CZ","og_type":"article","og_title":"Pytl\u00edk na chl\u00e9b z ru\u010dn\u011b tkan\u00e9ho lnu &#8226; Lanaja-slovensk\u00e1 udr\u017eiteln\u00e1 zna\u010dka a v\u00fdrobce ln\u011bn\u00e9ho textilu","og_description":"Popis: Pytl\u00edk na chl\u00e9b z ru\u010dn\u011b tkan\u00e9ho lnu Pod\u0161it\u00fd ln\u011bn\u00fd pytl\u00edk 3v1 na podlouhl\u00fd tvar vo\u0148av\u00e9ho chleba a pe\u010diva je ur\u010den nejen ke skladov\u00e1n\u00ed, ale i k serv\u00edrov\u00e1n\u00ed...","og_url":"https:\/\/lanaja.sk\/cs\/obchod\/rucne-tkany-sacek-na-lneny-chleb\/","og_site_name":"Lanaja-slovensk\u00e1 udr\u017eiteln\u00e1 zna\u010dka a v\u00fdrobce ln\u011bn\u00e9ho textilu","article_publisher":"https:\/\/www.facebook.com\/Abreadbag","article_modified_time":"2025-07-10T18:17:56+00:00","og_image":[{"width":750,"height":574,"url":"https:\/\/lanaja.sk\/wp-content\/uploads\/2017\/09\/Produkt19-e1597946579248-jpg.webp","type":"image\/jpeg"}],"twitter_card":"summary_large_image","twitter_misc":{"Odhadovan\u00e1 doba \u010dten\u00ed":"4 minuty"},"schema":{"@context":"https:\/\/schema.org","@graph":[{"@type":"WebPage","@id":"https:\/\/lanaja.sk\/cs\/obchod\/rucne-tkany-sacek-na-lneny-chleb\/","url":"https:\/\/lanaja.sk\/cs\/obchod\/rucne-tkany-sacek-na-lneny-chleb\/","name":"Pytl\u00edk na chl\u00e9b z ru\u010dn\u011b tkan\u00e9ho lnu &#8226; Lanaja-slovensk\u00e1 udr\u017eiteln\u00e1 zna\u010dka a v\u00fdrobce ln\u011bn\u00e9ho textilu","isPartOf":{"@id":"https:\/\/lanaja.sk\/cs\/#website"},"primaryImageOfPage":{"@id":"https:\/\/lanaja.sk\/cs\/obchod\/rucne-tkany-sacek-na-lneny-chleb\/#primaryimage"},"image":{"@id":"https:\/\/lanaja.sk\/cs\/obchod\/rucne-tkany-sacek-na-lneny-chleb\/#primaryimage"},"thumbnailUrl":"https:\/\/lanaja.sk\/wp-content\/uploads\/2017\/09\/Produkt19-e1597946579248-jpg.webp","datePublished":"2017-09-05T13:40:50+00:00","dateModified":"2025-07-10T18:17:56+00:00","description":"Popis: Pytl\u00edk na chl\u00e9b z ru\u010dn\u011b tkan\u00e9ho lnu Pod\u0161it\u00fd ln\u011bn\u00fd pytl\u00edk 3v1 na podlouhl\u00fd tvar vo\u0148av\u00e9ho chleba a pe\u010diva je ur\u010den nejen ke skladov\u00e1n\u00ed, ale i k serv\u00edrov\u00e1n\u00ed...","breadcrumb":{"@id":"https:\/\/lanaja.sk\/cs\/obchod\/rucne-tkany-sacek-na-lneny-chleb\/#breadcrumb"},"inLanguage":"cs","potentialAction":[{"@type":"ReadAction","target":["https:\/\/lanaja.sk\/cs\/obchod\/rucne-tkany-sacek-na-lneny-chleb\/"]}]},{"@type":"ImageObject","inLanguage":"cs","@id":"https:\/\/lanaja.sk\/cs\/obchod\/rucne-tkany-sacek-na-lneny-chleb\/#primaryimage","url":"https:\/\/lanaja.sk\/wp-content\/uploads\/2017\/09\/Produkt19-e1597946579248-jpg.webp","contentUrl":"https:\/\/lanaja.sk\/wp-content\/uploads\/2017\/09\/Produkt19-e1597946579248-jpg.webp","width":750,"height":574,"caption":"\u013eanov\u00e9 vrecko na chlieb"},{"@type":"BreadcrumbList","@id":"https:\/\/lanaja.sk\/cs\/obchod\/rucne-tkany-sacek-na-lneny-chleb\/#breadcrumb","itemListElement":[{"@type":"ListItem","position":1,"name":"Home","item":"https:\/\/lanaja.sk\/cs\/"},{"@type":"ListItem","position":2,"name":"Obchod","item":"https:\/\/lanaja.sk\/cs\/obchod-cz\/"},{"@type":"ListItem","position":3,"name":"Pytl\u00edk na chl\u00e9b z ru\u010dn\u011b tkan\u00e9ho lnu"}]},{"@type":"WebSite","@id":"https:\/\/lanaja.sk\/cs\/#website","url":"https:\/\/lanaja.sk\/cs\/","name":"Lanaja - bytov\u00fd textil z \u013eanu a \u013eanov\u00e9 v\u00fdrobky","description":"Jedine\u010dn\u00fd bytov\u00fd textil, ln\u011bn\u00e9 pytl\u00edky, ln\u011bn\u00e9 ubrusy, ln\u011bn\u00e9 lo\u017en\u00ed povle\u010den\u00ed, ln\u011bn\u00e9 ut\u011brky, ln\u011bn\u00e9 prost\u00edr\u00e1n\u00ed vyroben\u00e9 a \u0161it\u00e9 na Slovensku","publisher":{"@id":"https:\/\/lanaja.sk\/cs\/#organization"},"alternateName":"Lanaja - v\u00fdrobky z \u013eanu, \u013eanov\u00fd bytov\u00fd textil","potentialAction":[{"@type":"SearchAction","target":{"@type":"EntryPoint","urlTemplate":"https:\/\/lanaja.sk\/cs\/?s={search_term_string}"},"query-input":{"@type":"PropertyValueSpecification","valueRequired":true,"valueName":"search_term_string"}}],"inLanguage":"cs"},{"@type":"Organization","@id":"https:\/\/lanaja.sk\/cs\/#organization","name":"Lanaja","alternateName":"Al\u017ebeta Andr\u00e1\u0161ikov\u00e1 - Lanaja","url":"https:\/\/lanaja.sk\/cs\/","logo":{"@type":"ImageObject","inLanguage":"cs","@id":"https:\/\/lanaja.sk\/cs\/#\/schema\/logo\/image\/","url":"https:\/\/lanaja.sk\/wp-content\/uploads\/2024\/01\/Lanaja.sk-logo.png","contentUrl":"https:\/\/lanaja.sk\/wp-content\/uploads\/2024\/01\/Lanaja.sk-logo.png","width":600,"height":300,"caption":"Lanaja"},"image":{"@id":"https:\/\/lanaja.sk\/cs\/#\/schema\/logo\/image\/"},"sameAs":["https:\/\/www.facebook.com\/Abreadbag","https:\/\/www.instagram.com\/lanaja_sk\/"]}]}},"_links":{"self":[{"href":"https:\/\/lanaja.sk\/cs\/wp-json\/wp\/v2\/product\/13155","targetHints":{"allow":["GET"]}}],"collection":[{"href":"https:\/\/lanaja.sk\/cs\/wp-json\/wp\/v2\/product"}],"about":[{"href":"https:\/\/lanaja.sk\/cs\/wp-json\/wp\/v2\/types\/product"}],"version-history":[{"count":1,"href":"https:\/\/lanaja.sk\/cs\/wp-json\/wp\/v2\/product\/13155\/revisions"}],"predecessor-version":[{"id":16344,"href":"https:\/\/lanaja.sk\/cs\/wp-json\/wp\/v2\/product\/13155\/revisions\/16344"}],"wp:featuredmedia":[{"embeddable":true,"href":"https:\/\/lanaja.sk\/cs\/wp-json\/wp\/v2\/media\/6585"}],"wp:attachment":[{"href":"https:\/\/lanaja.sk\/cs\/wp-json\/wp\/v2\/media?parent=13155"}],"wp:term":[{"taxonomy":"product_brand","embeddable":true,"href":"https:\/\/lanaja.sk\/cs\/wp-json\/wp\/v2\/product_brand?post=13155"},{"taxonomy":"product_cat","embeddable":true,"href":"https:\/\/lanaja.sk\/cs\/wp-json\/wp\/v2\/product_cat?post=13155"},{"taxonomy":"product_tag","embeddable":true,"href":"https:\/\/lanaja.sk\/cs\/wp-json\/wp\/v2\/product_tag?post=13155"}],"curies":[{"name":"wp","href":"https:\/\/api.w.org\/{rel}","templated":true}]}}