{"id":13236,"date":"2017-09-06T15:12:10","date_gmt":"2017-09-06T13:12:10","guid":{"rendered":"https:\/\/lanaja.sk\/obchod\/neza\u0159azen\u00e9\/lnena-tkanina\/"},"modified":"2025-07-08T14:51:30","modified_gmt":"2025-07-08T12:51:30","slug":"lnena-tkanina","status":"publish","type":"product","link":"https:\/\/lanaja.sk\/cs\/obchod\/lnena-tkanina\/","title":{"rendered":"Ut\u011brka z ln\u011bn\u00e9ho pl\u00e1tna"},"content":{"rendered":"<h2>Ut\u011brka z ln\u011bn\u00e9ho pl\u00e1tna<\/h2>\n<p>&nbsp;<\/p>\n<p>Ut\u011brka z ln\u011bn\u00e9ho pl\u00e1tna je nejen kr\u00e1snou p\u0159\u00edrodn\u00ed dekorac\u00ed, kter\u00e1 zkr\u00e1\u0161l\u00ed svou non\u0161alantn\u00ed jednoduchost\u00ed se sladkou p\u0159\u00edchut\u00ed vzpom\u00ednek na roky minul\u00e9, ale sv\u00fdm pevn\u00fdm materi\u00e1lov\u00fdm slo\u017een\u00edm vydr\u017e\u00ed i to nejnam\u00e1hav\u011bj\u0161\u00ed pou\u017e\u00edv\u00e1n\u00ed. Umyt\u00edm se st\u00e1v\u00e1 m\u011bk\u010d\u00ed a kr\u00e1sn\u011bj\u0161\u00ed. V\u011b\u0159\u00edm, \u017ee pot\u011b\u0161\u00ed i va\u0161e dal\u0161\u00ed generace, tak jako m\u011b tkan\u00e9 ut\u011brky od m\u00e9 babi\u010dky. Ru\u010dn\u011b tkan\u00fd len se sv\u00fdmi p\u0159\u00edrodn\u00edmi vlastnostmi a po rozst\u0159\u00edh\u00e1n\u00ed na mal\u00e9 kousky v kompostu Z\u00e1rove\u0148 recyklujete a odm\u011b\u0148ujete sebe i sv\u00e9 d\u011bti zdrav\u011bj\u0161\u00edm prost\u0159ed\u00edm.<\/p>\n<h3>Pro\u010d len?<\/h3>\n<p>Na\u0161e ln\u011bn\u00e1 ut\u011brka je u\u0161ita z ln\u011bn\u00e9ho pl\u00e1tna, kter\u00e9 bylo utk\u00e1no ru\u010dn\u011b na stavech, \u010d\u00edm\u017e se zachovala autentick\u00e1 technika, kter\u00e1 se pou\u017e\u00edv\u00e1 ji\u017e po stalet\u00ed.<\/p>\n<p>Len je ekologickou tkaninou, proto\u017ee p\u0159i p\u011bstov\u00e1n\u00ed ln\u011bn\u00fdch rostlin nen\u00ed t\u0159eba pou\u017e\u00edvat pesticidy ani hnojiva (rostlina je nen\u00e1ro\u010dn\u00e1 a odoln\u00e1 v\u016f\u010di \u0161k\u016fdc\u016fm). P\u0159i v\u00fdrob\u011b ln\u011bn\u00e9 tkaniny nejsou nutn\u00e9 chemick\u00e9 \u00fapravy. Je p\u0159irozen\u011b antibakteri\u00e1ln\u00ed a 100% p\u0159\u00edrodn\u00ed, vhodn\u00fd pro alergiky. Neelektrizuje a nep\u0159itahuje prach. M\u00e1 vynikaj\u00edc\u00ed termoregula\u010dn\u00ed vlastnosti. Je prody\u0161n\u00fd, dob\u0159e odv\u00e1d\u00ed teplo a vlhkost, v l\u00e9t\u011b chlad\u00ed a v zim\u011b h\u0159eje. Ln\u011bn\u00e9 vl\u00e1kno je pevn\u00e9 a odoln\u00e9 v\u016f\u010di od\u011bru a i kdy\u017e je na dotek tvrd\u0161\u00ed, postupn\u00fdm pran\u00edm m\u011bkne a b\u011bl\u00ed. Len je nen\u00e1ro\u010dn\u00fd na \u00fadr\u017ebu, pere se p\u0159i teplot\u011b 40-90 stup\u0148\u016f. M\u00e1 zaj\u00edmavou nerovnom\u011brnou strukturu, kter\u00e1 vznik\u00e1 tkan\u00edm dlouh\u00fdch stonkov\u00fdch nebo l\u00fdkov\u00fdch vl\u00e1ken nepravideln\u00e9ho tvaru. Je \u0161truktur\u00e1ln\u011b pevn\u011bj\u0161\u00ed a hrub\u0161\u00ed ne\u017e pr\u016fmyslov\u011b vyroben\u00e1 ln\u011bn\u00e1 l\u00e1tka a z\u00e1rove\u0148 ekologi\u010dt\u011bj\u0161\u00ed.<\/p>\n<p>M\u00e1 p\u0159irozen\u00e9 antiseptick\u00e9 vlastnosti, z\u00e1rodky bakteri\u00ed nebo pl\u00edsn\u00ed se nezadr\u017euj\u00ed v tk\u00e1n\u00edch, a proto je ide\u00e1ln\u00ed pro pou\u017eit\u00ed v kuchyn\u00edch. Je ide\u00e1ln\u00ed na kuchy\u0148sk\u00e9 ut\u011brky, ta\u0161ky. Je vhodn\u00fd pro alergiky, proto\u017ee nevyvol\u00e1v\u00e1 alergick\u00e9 reakce.<span class=\"text_exposed_show\"> Len je nav\u00edc odoln\u00fd v\u016f\u010di mol\u016fm. M\u00e1 p\u0159irozenou schopnost odol\u00e1vat ne\u010distot\u00e1m a skvrn\u00e1m. Sni\u017euje UV z\u00e1\u0159en\u00ed na polovinu, a proto je tak obl\u00edben\u00fd v od\u011bvn\u00edm pr\u016fmyslu.<\/span><\/p>\n<p><strong>Ln\u011bn\u00e1 vl\u00e1kna jsou dut\u00e1, tak\u017ee absorbuj\u00ed vlhkost mnohem l\u00e9pe ne\u017e jin\u00e9 materi\u00e1ly a z\u00e1rove\u0148 rychleji vysychaj\u00ed.<\/strong><\/p>\n<p><strong>Tyto ru\u010dn\u00edky jsou u v\u00e1s velmi obl\u00edben\u00e9 jako samostatn\u00e9 obaly na chl\u00e9b m\u00edsto ln\u011bn\u00fdch pytl\u00edku. Pokud si pe\u010dete sv\u016fj kv\u00e1skov\u00fd chl\u00e9b, je to ide\u00e1ln\u00ed volba i na p\u0159ekryt\u00ed o\u0161atek.<\/strong><\/p>\n<p>Pl\u00e1tno je p\u0159edepran\u00e9 , tak\u017ee nen\u00ed t\u0159eba po\u010d\u00edtat s jeho sr\u00e1\u017elivost\u00ed. Nechte len p\u0159ikr\u010dit, je to jeho p\u0159irozen\u00e1 vlastnost, kdy\u017e jste p\u0159ece jen velc\u00ed p\u0159\u00e1tel\u00e9 se \u017eehli\u010dkou a \u017eehl\u00edte v\u0161e, co v\u00e1m p\u0159ijde pod ruku? Doporu\u010duji len \u017eehlit vlhk\u00fd, nebo jemn\u011b nakropen\u00fd.<\/p>\n<h4>Udr\u017eitelnost a smysluplnost na prvn\u00edm m\u00edst\u011b<\/h4>\n<p>A\u0165 u\u017e se rozhodnete pro ln\u011bn\u00e9 ru\u010dn\u00edky na chleba nebo ln\u011bn\u00e9 pytl\u00edky, bude to spr\u00e1vn\u00e1 volba nejen pro va\u0161e zdrav\u00ed, ale pom\u016f\u017eete chr\u00e1nit na\u0161e \u017eivotn\u00ed prost\u0159ed\u00ed, d\u011bkujeme, \u017ee n\u00e1m pom\u00e1h\u00e1te \u0161\u00ed\u0159it pov\u011bdom\u00ed o pot\u0159eb\u011b recyklace a spole\u010dn\u011b vym\u011bn\u00edme tis\u00edce um\u011bl\u00fdch s\u00e1\u010dk\u016f za ln\u011bn\u00e9 pytle.<\/p>\n<p>Foto: Ela Kr\u00eddlov\u00e1 \u2665<a href=\"https:\/\/www.zosrdcadohrnca.sk\/?fbclid=IwAR20ZtqdkmDcWTJSkPFpd5ZVq8lIDq8nnx-wZetnmJNp2qqGI_39o7oqEmU\" target=\"_blank\" rel=\"noopener noreferrer\"> Od srdce do hrnce<\/a> \u2665 Recept na tento fantastick\u00fd p\u0161eni\u010dno-kvaskov\u00fd bramborov\u00fd chl\u00e9b najdete mimo jin\u00e9 na blogu Ely <a href=\"https:\/\/www.zosrdcadohrnca.sk\/2018\/11\/28\/psenicny-zemiakovy-chlieb\/\" target=\"_blank\" rel=\"noopener noreferrer\">ZDE<\/a><\/p>\n<p><strong>V\u0161echny l\u00e1tky, se kter\u00fdmi pracujeme a \u0161ij\u00ed se z nich nejen s\u00e1\u010dky na chl\u00e9b, jsou p\u0159edem p\u0159edepran\u00e9, aby se k v\u00e1m dom\u016f dostal dokonale \u010dist\u00fd v\u00fdrobek.<\/strong><\/p>\n<p class=\"article\"><strong>Velikost: cca <\/strong>45&#215;60 cm<br \/>\npoutko na zav\u011b\u0161en\u00ed ut\u011brky<\/p>\n","protected":false},"excerpt":{"rendered":"<div class=\"\" data-block=\"true\" data-editor=\"4ffk0\" data-offset-key=\"t3vm-0-0\">\n<div class=\"_1mf _1mj\" data-offset-key=\"t3vm-0-0\"><span data-offset-key=\"t3vm-0-0\">Kuchy\u0148sk\u00e1 ut\u011brka z ru\u010dn\u011b tkan\u00e9 ln\u011bn\u00e9 l\u00e1tky m\u00e1 nenahraditelnou strukturu. Ka\u017ed\u00e9mu kuchy\u0148sk\u00e9mu prostoru dod\u00e1v\u00e1 jedine\u010dn\u00fd \u0161mrnc a estetick\u00fd rozm\u011br. Je symbolem p\u00e9\u010de o domov a rodinu. Je spojena s rodinn\u00fdmi oslavami, p\u0159\u00edpravou j\u00eddla a ka\u017edodenn\u00edmi ritu\u00e1ly. Je sv\u011bdkem d\u011bdictv\u00ed a tradic, kter\u00e9 se p\u0159ed\u00e1vaj\u00ed z generace na generaci. Jejich p\u0159\u00edtomnost ve va\u0161em domov\u011b p\u0159inese nejen praktick\u00e9 v\u00fdhody, ale tak\u00e9 pocit spojen\u00ed s p\u0159\u00edrodou a na\u0161\u00edm d\u011bdictv\u00edm.<\/span><\/div>\n<\/div>\n<div class=\"\" data-block=\"true\" data-editor=\"4ffk0\" data-offset-key=\"3i4b-0-0\">\n<div class=\"_1mf _1mj\" data-offset-key=\"3i4b-0-0\"><\/div>\n<\/div>\n","protected":false},"featured_media":6968,"template":"","meta":[],"product_brand":[],"product_cat":[181],"product_tag":[345,484],"class_list":{"0":"post-13236","1":"product","2":"type-product","3":"status-publish","4":"has-post-thumbnail","6":"product_cat-lnene-uterky","7":"product_tag-lnene-platno","8":"product_tag-uterka","10":"first","11":"instock","12":"shipping-taxable","13":"purchasable","14":"product-type-simple"},"yoast_head":"<!-- This site is optimized with the Yoast SEO plugin v27.4 - https:\/\/yoast.com\/product\/yoast-seo-wordpress\/ -->\n<title>Ut\u011brka z ln\u011bn\u00e9ho pl\u00e1tna &#8226; Lanaja-slovensk\u00e1 udr\u017eiteln\u00e1 zna\u010dka a v\u00fdrobce ln\u011bn\u00e9ho textilu<\/title>\n<meta name=\"description\" content=\"Ln\u011bn\u00e9 pl\u00e1tno. Ka\u017ed\u00e9mu kuchy\u0148sk\u00e9mu prostoru dod\u00e1v\u00e1 jedine\u010dn\u00fd \u0161mrnc a estetick\u00fd rozm\u011br. Je symbolem p\u00e9\u010de o domov a rodinu\" \/>\n<meta name=\"robots\" content=\"index, follow, max-snippet:-1, max-image-preview:large, max-video-preview:-1\" \/>\n<link rel=\"canonical\" href=\"https:\/\/lanaja.sk\/cs\/obchod\/lnena-tkanina\/\" \/>\n<meta property=\"og:locale\" content=\"cs_CZ\" \/>\n<meta property=\"og:type\" content=\"article\" \/>\n<meta property=\"og:title\" content=\"Ut\u011brka z ln\u011bn\u00e9ho pl\u00e1tna &#8226; Lanaja-slovensk\u00e1 udr\u017eiteln\u00e1 zna\u010dka a v\u00fdrobce ln\u011bn\u00e9ho textilu\" \/>\n<meta property=\"og:description\" content=\"Ln\u011bn\u00e9 pl\u00e1tno. Ka\u017ed\u00e9mu kuchy\u0148sk\u00e9mu prostoru dod\u00e1v\u00e1 jedine\u010dn\u00fd \u0161mrnc a estetick\u00fd rozm\u011br. Je symbolem p\u00e9\u010de o domov a rodinu\" \/>\n<meta property=\"og:url\" content=\"https:\/\/lanaja.sk\/cs\/obchod\/lnena-tkanina\/\" \/>\n<meta property=\"og:site_name\" content=\"Lanaja-slovensk\u00e1 udr\u017eiteln\u00e1 zna\u010dka a v\u00fdrobce ln\u011bn\u00e9ho textilu\" \/>\n<meta property=\"article:publisher\" content=\"https:\/\/www.facebook.com\/Abreadbag\" \/>\n<meta property=\"article:modified_time\" content=\"2025-07-08T12:51:30+00:00\" \/>\n<meta property=\"og:image\" content=\"https:\/\/lanaja.sk\/wp-content\/uploads\/2017\/09\/sashe3639-scaled-e1602087716499-jpg.webp\" \/>\n\t<meta property=\"og:image:width\" content=\"675\" \/>\n\t<meta property=\"og:image:height\" content=\"900\" \/>\n\t<meta property=\"og:image:type\" content=\"image\/jpeg\" \/>\n<meta name=\"twitter:card\" content=\"summary_large_image\" \/>\n<meta name=\"twitter:label1\" content=\"Odhadovan\u00e1 doba \u010dten\u00ed\" \/>\n\t<meta name=\"twitter:data1\" content=\"4 minuty\" \/>\n<script type=\"application\/ld+json\" class=\"yoast-schema-graph\">{\"@context\":\"https:\\\/\\\/schema.org\",\"@graph\":[{\"@type\":\"WebPage\",\"@id\":\"https:\\\/\\\/lanaja.sk\\\/cs\\\/obchod\\\/lnena-tkanina\\\/\",\"url\":\"https:\\\/\\\/lanaja.sk\\\/cs\\\/obchod\\\/lnena-tkanina\\\/\",\"name\":\"Ut\u011brka z ln\u011bn\u00e9ho pl\u00e1tna &#8226; Lanaja-slovensk\u00e1 udr\u017eiteln\u00e1 zna\u010dka a v\u00fdrobce ln\u011bn\u00e9ho textilu\",\"isPartOf\":{\"@id\":\"https:\\\/\\\/lanaja.sk\\\/cs\\\/#website\"},\"primaryImageOfPage\":{\"@id\":\"https:\\\/\\\/lanaja.sk\\\/cs\\\/obchod\\\/lnena-tkanina\\\/#primaryimage\"},\"image\":{\"@id\":\"https:\\\/\\\/lanaja.sk\\\/cs\\\/obchod\\\/lnena-tkanina\\\/#primaryimage\"},\"thumbnailUrl\":\"https:\\\/\\\/lanaja.sk\\\/wp-content\\\/uploads\\\/2017\\\/09\\\/sashe3639-scaled-e1602087716499-jpg.webp\",\"datePublished\":\"2017-09-06T13:12:10+00:00\",\"dateModified\":\"2025-07-08T12:51:30+00:00\",\"description\":\"Ln\u011bn\u00e9 pl\u00e1tno. Ka\u017ed\u00e9mu kuchy\u0148sk\u00e9mu prostoru dod\u00e1v\u00e1 jedine\u010dn\u00fd \u0161mrnc a estetick\u00fd rozm\u011br. Je symbolem p\u00e9\u010de o domov a rodinu\",\"breadcrumb\":{\"@id\":\"https:\\\/\\\/lanaja.sk\\\/cs\\\/obchod\\\/lnena-tkanina\\\/#breadcrumb\"},\"inLanguage\":\"cs\",\"potentialAction\":[{\"@type\":\"ReadAction\",\"target\":[\"https:\\\/\\\/lanaja.sk\\\/cs\\\/obchod\\\/lnena-tkanina\\\/\"]}]},{\"@type\":\"ImageObject\",\"inLanguage\":\"cs\",\"@id\":\"https:\\\/\\\/lanaja.sk\\\/cs\\\/obchod\\\/lnena-tkanina\\\/#primaryimage\",\"url\":\"https:\\\/\\\/lanaja.sk\\\/wp-content\\\/uploads\\\/2017\\\/09\\\/sashe3639-scaled-e1602087716499-jpg.webp\",\"contentUrl\":\"https:\\\/\\\/lanaja.sk\\\/wp-content\\\/uploads\\\/2017\\\/09\\\/sashe3639-scaled-e1602087716499-jpg.webp\",\"width\":675,\"height\":900,\"caption\":\"utierka z ru\u010dne tkan\u00e9ho pl\u00e1tna\"},{\"@type\":\"BreadcrumbList\",\"@id\":\"https:\\\/\\\/lanaja.sk\\\/cs\\\/obchod\\\/lnena-tkanina\\\/#breadcrumb\",\"itemListElement\":[{\"@type\":\"ListItem\",\"position\":1,\"name\":\"Home\",\"item\":\"https:\\\/\\\/lanaja.sk\\\/cs\\\/\"},{\"@type\":\"ListItem\",\"position\":2,\"name\":\"Obchod\",\"item\":\"https:\\\/\\\/lanaja.sk\\\/cs\\\/obchod-cz\\\/\"},{\"@type\":\"ListItem\",\"position\":3,\"name\":\"Ut\u011brka z ln\u011bn\u00e9ho pl\u00e1tna\"}]},{\"@type\":\"WebSite\",\"@id\":\"https:\\\/\\\/lanaja.sk\\\/cs\\\/#website\",\"url\":\"https:\\\/\\\/lanaja.sk\\\/cs\\\/\",\"name\":\"Lanaja - bytov\u00fd textil z \u013eanu a \u013eanov\u00e9 v\u00fdrobky\",\"description\":\"Jedine\u010dn\u00fd bytov\u00fd textil, ln\u011bn\u00e9 pytl\u00edky, ln\u011bn\u00e9 ubrusy, ln\u011bn\u00e9 lo\u017en\u00ed povle\u010den\u00ed, ln\u011bn\u00e9 ut\u011brky, ln\u011bn\u00e9 prost\u00edr\u00e1n\u00ed vyroben\u00e9 a \u0161it\u00e9 na Slovensku\",\"publisher\":{\"@id\":\"https:\\\/\\\/lanaja.sk\\\/cs\\\/#organization\"},\"alternateName\":\"Lanaja - v\u00fdrobky z \u013eanu, \u013eanov\u00fd bytov\u00fd textil\",\"potentialAction\":[{\"@type\":\"SearchAction\",\"target\":{\"@type\":\"EntryPoint\",\"urlTemplate\":\"https:\\\/\\\/lanaja.sk\\\/cs\\\/?s={search_term_string}\"},\"query-input\":{\"@type\":\"PropertyValueSpecification\",\"valueRequired\":true,\"valueName\":\"search_term_string\"}}],\"inLanguage\":\"cs\"},{\"@type\":\"Organization\",\"@id\":\"https:\\\/\\\/lanaja.sk\\\/cs\\\/#organization\",\"name\":\"Lanaja\",\"alternateName\":\"Al\u017ebeta Andr\u00e1\u0161ikov\u00e1 - Lanaja\",\"url\":\"https:\\\/\\\/lanaja.sk\\\/cs\\\/\",\"logo\":{\"@type\":\"ImageObject\",\"inLanguage\":\"cs\",\"@id\":\"https:\\\/\\\/lanaja.sk\\\/cs\\\/#\\\/schema\\\/logo\\\/image\\\/\",\"url\":\"https:\\\/\\\/lanaja.sk\\\/wp-content\\\/uploads\\\/2024\\\/01\\\/Lanaja.sk-logo.png\",\"contentUrl\":\"https:\\\/\\\/lanaja.sk\\\/wp-content\\\/uploads\\\/2024\\\/01\\\/Lanaja.sk-logo.png\",\"width\":600,\"height\":300,\"caption\":\"Lanaja\"},\"image\":{\"@id\":\"https:\\\/\\\/lanaja.sk\\\/cs\\\/#\\\/schema\\\/logo\\\/image\\\/\"},\"sameAs\":[\"https:\\\/\\\/www.facebook.com\\\/Abreadbag\",\"https:\\\/\\\/www.instagram.com\\\/lanaja_sk\\\/\"]}]}<\/script>\n<!-- \/ Yoast SEO plugin. -->","yoast_head_json":{"title":"Ut\u011brka z ln\u011bn\u00e9ho pl\u00e1tna &#8226; Lanaja-slovensk\u00e1 udr\u017eiteln\u00e1 zna\u010dka a v\u00fdrobce ln\u011bn\u00e9ho textilu","description":"Ln\u011bn\u00e9 pl\u00e1tno. Ka\u017ed\u00e9mu kuchy\u0148sk\u00e9mu prostoru dod\u00e1v\u00e1 jedine\u010dn\u00fd \u0161mrnc a estetick\u00fd rozm\u011br. Je symbolem p\u00e9\u010de o domov a rodinu","robots":{"index":"index","follow":"follow","max-snippet":"max-snippet:-1","max-image-preview":"max-image-preview:large","max-video-preview":"max-video-preview:-1"},"canonical":"https:\/\/lanaja.sk\/cs\/obchod\/lnena-tkanina\/","og_locale":"cs_CZ","og_type":"article","og_title":"Ut\u011brka z ln\u011bn\u00e9ho pl\u00e1tna &#8226; Lanaja-slovensk\u00e1 udr\u017eiteln\u00e1 zna\u010dka a v\u00fdrobce ln\u011bn\u00e9ho textilu","og_description":"Ln\u011bn\u00e9 pl\u00e1tno. Ka\u017ed\u00e9mu kuchy\u0148sk\u00e9mu prostoru dod\u00e1v\u00e1 jedine\u010dn\u00fd \u0161mrnc a estetick\u00fd rozm\u011br. Je symbolem p\u00e9\u010de o domov a rodinu","og_url":"https:\/\/lanaja.sk\/cs\/obchod\/lnena-tkanina\/","og_site_name":"Lanaja-slovensk\u00e1 udr\u017eiteln\u00e1 zna\u010dka a v\u00fdrobce ln\u011bn\u00e9ho textilu","article_publisher":"https:\/\/www.facebook.com\/Abreadbag","article_modified_time":"2025-07-08T12:51:30+00:00","og_image":[{"width":675,"height":900,"url":"https:\/\/lanaja.sk\/wp-content\/uploads\/2017\/09\/sashe3639-scaled-e1602087716499-jpg.webp","type":"image\/jpeg"}],"twitter_card":"summary_large_image","twitter_misc":{"Odhadovan\u00e1 doba \u010dten\u00ed":"4 minuty"},"schema":{"@context":"https:\/\/schema.org","@graph":[{"@type":"WebPage","@id":"https:\/\/lanaja.sk\/cs\/obchod\/lnena-tkanina\/","url":"https:\/\/lanaja.sk\/cs\/obchod\/lnena-tkanina\/","name":"Ut\u011brka z ln\u011bn\u00e9ho pl\u00e1tna &#8226; Lanaja-slovensk\u00e1 udr\u017eiteln\u00e1 zna\u010dka a v\u00fdrobce ln\u011bn\u00e9ho textilu","isPartOf":{"@id":"https:\/\/lanaja.sk\/cs\/#website"},"primaryImageOfPage":{"@id":"https:\/\/lanaja.sk\/cs\/obchod\/lnena-tkanina\/#primaryimage"},"image":{"@id":"https:\/\/lanaja.sk\/cs\/obchod\/lnena-tkanina\/#primaryimage"},"thumbnailUrl":"https:\/\/lanaja.sk\/wp-content\/uploads\/2017\/09\/sashe3639-scaled-e1602087716499-jpg.webp","datePublished":"2017-09-06T13:12:10+00:00","dateModified":"2025-07-08T12:51:30+00:00","description":"Ln\u011bn\u00e9 pl\u00e1tno. Ka\u017ed\u00e9mu kuchy\u0148sk\u00e9mu prostoru dod\u00e1v\u00e1 jedine\u010dn\u00fd \u0161mrnc a estetick\u00fd rozm\u011br. Je symbolem p\u00e9\u010de o domov a rodinu","breadcrumb":{"@id":"https:\/\/lanaja.sk\/cs\/obchod\/lnena-tkanina\/#breadcrumb"},"inLanguage":"cs","potentialAction":[{"@type":"ReadAction","target":["https:\/\/lanaja.sk\/cs\/obchod\/lnena-tkanina\/"]}]},{"@type":"ImageObject","inLanguage":"cs","@id":"https:\/\/lanaja.sk\/cs\/obchod\/lnena-tkanina\/#primaryimage","url":"https:\/\/lanaja.sk\/wp-content\/uploads\/2017\/09\/sashe3639-scaled-e1602087716499-jpg.webp","contentUrl":"https:\/\/lanaja.sk\/wp-content\/uploads\/2017\/09\/sashe3639-scaled-e1602087716499-jpg.webp","width":675,"height":900,"caption":"utierka z ru\u010dne tkan\u00e9ho pl\u00e1tna"},{"@type":"BreadcrumbList","@id":"https:\/\/lanaja.sk\/cs\/obchod\/lnena-tkanina\/#breadcrumb","itemListElement":[{"@type":"ListItem","position":1,"name":"Home","item":"https:\/\/lanaja.sk\/cs\/"},{"@type":"ListItem","position":2,"name":"Obchod","item":"https:\/\/lanaja.sk\/cs\/obchod-cz\/"},{"@type":"ListItem","position":3,"name":"Ut\u011brka z ln\u011bn\u00e9ho pl\u00e1tna"}]},{"@type":"WebSite","@id":"https:\/\/lanaja.sk\/cs\/#website","url":"https:\/\/lanaja.sk\/cs\/","name":"Lanaja - bytov\u00fd textil z \u013eanu a \u013eanov\u00e9 v\u00fdrobky","description":"Jedine\u010dn\u00fd bytov\u00fd textil, ln\u011bn\u00e9 pytl\u00edky, ln\u011bn\u00e9 ubrusy, ln\u011bn\u00e9 lo\u017en\u00ed povle\u010den\u00ed, ln\u011bn\u00e9 ut\u011brky, ln\u011bn\u00e9 prost\u00edr\u00e1n\u00ed vyroben\u00e9 a \u0161it\u00e9 na Slovensku","publisher":{"@id":"https:\/\/lanaja.sk\/cs\/#organization"},"alternateName":"Lanaja - v\u00fdrobky z \u013eanu, \u013eanov\u00fd bytov\u00fd textil","potentialAction":[{"@type":"SearchAction","target":{"@type":"EntryPoint","urlTemplate":"https:\/\/lanaja.sk\/cs\/?s={search_term_string}"},"query-input":{"@type":"PropertyValueSpecification","valueRequired":true,"valueName":"search_term_string"}}],"inLanguage":"cs"},{"@type":"Organization","@id":"https:\/\/lanaja.sk\/cs\/#organization","name":"Lanaja","alternateName":"Al\u017ebeta Andr\u00e1\u0161ikov\u00e1 - Lanaja","url":"https:\/\/lanaja.sk\/cs\/","logo":{"@type":"ImageObject","inLanguage":"cs","@id":"https:\/\/lanaja.sk\/cs\/#\/schema\/logo\/image\/","url":"https:\/\/lanaja.sk\/wp-content\/uploads\/2024\/01\/Lanaja.sk-logo.png","contentUrl":"https:\/\/lanaja.sk\/wp-content\/uploads\/2024\/01\/Lanaja.sk-logo.png","width":600,"height":300,"caption":"Lanaja"},"image":{"@id":"https:\/\/lanaja.sk\/cs\/#\/schema\/logo\/image\/"},"sameAs":["https:\/\/www.facebook.com\/Abreadbag","https:\/\/www.instagram.com\/lanaja_sk\/"]}]}},"_links":{"self":[{"href":"https:\/\/lanaja.sk\/cs\/wp-json\/wp\/v2\/product\/13236","targetHints":{"allow":["GET"]}}],"collection":[{"href":"https:\/\/lanaja.sk\/cs\/wp-json\/wp\/v2\/product"}],"about":[{"href":"https:\/\/lanaja.sk\/cs\/wp-json\/wp\/v2\/types\/product"}],"version-history":[{"count":1,"href":"https:\/\/lanaja.sk\/cs\/wp-json\/wp\/v2\/product\/13236\/revisions"}],"predecessor-version":[{"id":16324,"href":"https:\/\/lanaja.sk\/cs\/wp-json\/wp\/v2\/product\/13236\/revisions\/16324"}],"wp:featuredmedia":[{"embeddable":true,"href":"https:\/\/lanaja.sk\/cs\/wp-json\/wp\/v2\/media\/6968"}],"wp:attachment":[{"href":"https:\/\/lanaja.sk\/cs\/wp-json\/wp\/v2\/media?parent=13236"}],"wp:term":[{"taxonomy":"product_brand","embeddable":true,"href":"https:\/\/lanaja.sk\/cs\/wp-json\/wp\/v2\/product_brand?post=13236"},{"taxonomy":"product_cat","embeddable":true,"href":"https:\/\/lanaja.sk\/cs\/wp-json\/wp\/v2\/product_cat?post=13236"},{"taxonomy":"product_tag","embeddable":true,"href":"https:\/\/lanaja.sk\/cs\/wp-json\/wp\/v2\/product_tag?post=13236"}],"curies":[{"name":"wp","href":"https:\/\/api.w.org\/{rel}","templated":true}]}}