{"id":13243,"date":"2018-04-20T15:26:23","date_gmt":"2018-04-20T13:26:23","guid":{"rendered":"https:\/\/lanaja.sk\/obchod\/neza\u0159azen\u00e9\/damska-lnena-zastera\/"},"modified":"2025-07-21T17:56:23","modified_gmt":"2025-07-21T15:56:23","slug":"damska-lnena-zastera","status":"publish","type":"product","link":"https:\/\/lanaja.sk\/cs\/obchod\/damska-lnena-zastera\/","title":{"rendered":"D\u00e1msk\u00e1 ln\u011bn\u00e1 z\u00e1st\u011bra"},"content":{"rendered":"<h2><b>D\u00e1msk\u00e1 ln\u011bn\u00e1 z\u00e1st\u011bra<\/b><\/h2>\n<p>K ln\u011bn\u00fdm pytl\u00edk\u016fm, k dom\u00e1c\u00edmu chlebu a k samotn\u00e9mu pe\u010den\u00ed neodmysliteln\u011b pat\u0159\u00ed rodinn\u00e9 kuchy\u0148sk\u00e9 z\u00e1st\u011brky. A tak vznikla nov\u00e1 zahradn\u00ed kolekce ln\u011bn\u00fdch z\u00e1st\u011brek i pro mal\u00e9 i velk\u00e9 pomocn\u00edky. A\u0165 u\u017e s d\u011btmi pe\u010dete, grilujete, s\u00e1z\u00edte, sb\u00edr\u00e1te prvn\u00ed \u00farodu s tv\u00e1\u0159i\u010dkami zamazan\u00fdmi a vo\u0148av\u00fdmi od malin a jahod, nebo b\u011bh\u00e1te po zahrad\u011b, jsou p\u0159\u00edjemnou a praktickou sou\u010d\u00e1st\u00ed na\u0161eho i va\u0161eho domova.<\/p>\n<p>D\u00e1msk\u00e1 ln\u011bn\u00e1 z\u00e1st\u011bra je u\u0161ita ze 100% m\u011bk\u010den\u00e9ho, p\u0159edepran\u00e9ho lnu pr\u00e9miov\u00e9 kvality, 185g\/m2 Z\u00e1st\u011bra m\u00e1 na\u0161it\u00e9 dv\u011b velk\u00e9 kapsy, velikost je univerz\u00e1ln\u00ed. Je tak\u00e9 mo\u017en\u00e9 si ji personalizovat a vy\u0161\u00edt sv\u016fj text, jm\u00e9no strojovou v\u00fd\u0161ivkou, p\u0159i objedn\u00e1vce to pros\u00edm napi\u0161te do m\u00e9 pozn\u00e1mky a tak\u00e9 barvu v\u00fd\u0161ivky \u010cERVEN\u00c1, \u017dLUT\u00c1, MODR\u00c1, ZELEN\u00c1, B\u00cdL\u00c1, HN\u011aD\u00c1, R\u016e\u017dOV\u00c1, V\u00cdNOV\u00c1, \u0160ED\u00c1. P\u0159\u00edplatek za v\u00fd\u0161ivku je 5 \u20ac dle jej\u00ed obt\u00ed\u017enosti a velikosti.<\/p>\n<p>Je u\u0161ita se \u0161irok\u00fdmi k\u0159\u00ed\u017e\u00edc\u00edmi se popruhy na z\u00e1dech, sta\u010d\u00ed ji jen p\u0159et\u00e1hnout p\u0159es hlavu bez v\u00e1z\u00e1n\u00ed \u2013 zaru\u010den\u00e1 rychlovka. Popruhy jsou dostate\u010dn\u011b \u0161irok\u00e9, aby z\u00e1st\u011brka nesklouz\u00e1vala a pohodln\u011b se nosila klidn\u011b i po cel\u00fd den. Len nav\u00edc chr\u00e1n\u00ed sv\u00fdmi p\u0159irozen\u00fdmi vlastnostmi i v letn\u00edch vedrech, proto\u017ee chlad\u00ed a z\u00e1rove\u0148 chr\u00e1n\u00ed p\u0159ed UV z\u00e1\u0159en\u00edm.<\/p>\n<p>A\u0165 u\u017e pou\u017e\u00edv\u00e1te pl\u00e1t\u011bnou z\u00e1st\u011bru doma nebo venku na zahrad\u011b, bude to v\u00e1\u0161 v\u011brn\u00fd spole\u010dn\u00edk, len se snadno udr\u017euje, doporu\u010duji pran\u00ed na 40 st., po umyt\u00ed sta\u010d\u00ed z\u00e1st\u011bru d\u016fkladn\u011b prot\u0159epat a nechat uschnout a to je jen okam\u017eik, proto\u017ee schne velmi rychle, nemus\u00edte ji \u017eehlit, m\u00edrn\u011b vr\u00e1s\u010dit\u00e1 struktura po umyt\u00ed j\u00ed dod\u00e1 ten spr\u00e1vn\u00fd a kr\u00e1sn\u00fd vr\u00e1s\u010dit\u00fd efekt.<\/p>\n<p>BARVY: barvy 100% lnu si m\u016f\u017eete vybrat dle p\u0159ilo\u017een\u00e9ho vzorn\u00edku, sta\u010d\u00ed barvu napsat do pozn\u00e1mky p\u0159i objedn\u00e1vce<\/p>\n<p>Fotky z\u00e1st\u011br vznikly ve spolupr\u00e1ci se \u0161ikovnou food blogerkou a maminkou M\u00e1rii \u0160imkovou se kterou jsme se sezn\u00e1mily na IG a j\u00e1 jsem j\u00ed za jej\u00ed vst\u0159\u00edcnou spolupr\u00e1ci nesm\u00edrn\u011b vd\u011b\u010dn\u00e1. V\u0161echny recepty na zdravou m\u0148amku Majky najdete zde <a href=\"http:\/\/mariasimko.sk\/\" target=\"_blank\" rel=\"noopener\">M\u00e1ria \u0160imkov\u00e1<\/a><\/p>\n<p>Celou kolekci ln\u011bn\u00fdch rodinn\u00fdch z\u00e1st\u011br si m\u016f\u017eete prohl\u00e9dnout zde <a href=\"https:\/\/lanaja.sk\/cs\/kategorie-produktu\/kuchyne\/lnene-zastery\/\">LN\u011aN\u00c9 Z\u00c1ST\u011aRY<\/a><\/p>\n<p>D\u00e1mskou ln\u011bnou z\u00e1st\u011bru lze u\u0161\u00edt i s MAXI kapsami <a href=\"https:\/\/lanaja.sk\/cs\/obchod\/kuchyne\/lnene-zastery\/lnena-zastera-s-maxi-kapsami\/\" target=\"_blank\" rel=\"noopener noreferrer\">ZDE<\/a><\/p>\n<p><strong>Po\u010d\u00edtejte s dodac\u00ed lh\u016ftou 5-15 pracovn\u00edch dn\u016f, pokud nem\u00e1me produkt \u0161it\u00fd skladem, ru\u010dn\u00ed pr\u00e1ce vy\u017eaduje n\u00e1\u0161 \u010das. Ln\u011bn\u00e9 v\u00fdrobky \u0161ijeme v na\u0161\u00ed d\u00edln\u011b dle Va\u0161eho p\u0159\u00e1n\u00ed a na m\u00edru, dle konkr\u00e9tn\u00edho v\u00fdrobku.<\/strong><\/p>\n","protected":false},"excerpt":{"rendered":"<p><strong>Ln\u011bn\u00e9 z\u00e1st\u011bry jsou tradi\u010dn\u00edm a obl\u00edben\u00fdm dopl\u0148kem v kuchyn\u00edch a dom\u00e1cnostech po cel\u00e9m sv\u011bt\u011b. <\/strong>Tyto z\u00e1st\u011bry vyroben\u00e9 z p\u0159\u00edrodn\u00edch ln\u011bn\u00fdch vl\u00e1ken maj\u00ed mnoho v\u00fdhod, od estetick\u00e9 hodnoty a\u017e po praktick\u00e9 vyu\u017eit\u00ed. Na zahrad\u011b mohou b\u00fdt nepostradateln\u00fdm pomocn\u00edkem. Mohou v\u00e1s ochr\u00e1nit p\u0159ed slune\u010dn\u00edmi paprsky, proto\u017ee len absorbuje UV z\u00e1\u0159en\u00ed, nebo se budou skv\u011ble hodit na rodinn\u00e9 grilov\u00e1n\u00ed.<\/p>\n<p><strong>Pou\u017eit\u00ed ln\u011bn\u00fdch z\u00e1ster<\/strong> je \u0161irok\u00e9, nejen \u017ee ochr\u00e1n\u00ed va\u0161e oble\u010den\u00ed p\u0159ed skvrnami a ne\u010distotami p\u0159i va\u0159en\u00ed a pe\u010den\u00ed, ale z\u00e1rove\u0148 se v nich budete c\u00edtit pohodln\u011b a elegantn\u011b. D\u00edky sv\u00e9 jednoduchosti, minimalistick\u00e9mu designu a autentick\u00e9mu vzhledu p\u0159itahuj\u00ed pozornost a vytv\u00e1\u0159ej\u00ed nezam\u011bnitelnou atmosf\u00e9ru.<\/p>\n","protected":false},"featured_media":7487,"template":"","meta":[],"product_brand":[],"product_cat":[349],"product_tag":[350],"class_list":{"0":"post-13243","1":"product","2":"type-product","3":"status-publish","4":"has-post-thumbnail","6":"product_cat-lnene-zastery","7":"product_tag-lnena-zastera","9":"first","10":"onbackorder","11":"shipping-taxable","12":"purchasable","13":"product-type-variable"},"yoast_head":"<!-- This site is optimized with the Yoast SEO plugin v27.4 - https:\/\/yoast.com\/product\/yoast-seo-wordpress\/ -->\n<title>D\u00e1msk\u00e1 ln\u011bn\u00e1 z\u00e1st\u011bra &#8226; Lanaja-slovensk\u00e1 udr\u017eiteln\u00e1 zna\u010dka a v\u00fdrobce ln\u011bn\u00e9ho textilu<\/title>\n<meta name=\"description\" content=\"D\u00e1msk\u00e1 ln\u011bn\u00e1 z\u00e1st\u011bra je u\u0161ita ze 100% m\u011bk\u010den\u00e9ho, p\u0159edepran\u00e9ho lnu pr\u00e9miov\u00e9 kvality. Z\u00e1st\u011bra m\u00e1 na\u0161it\u00e9 dv\u011b velk\u00e9 kapsy, velikost je univerz\u00e1ln\u00ed.\" \/>\n<meta name=\"robots\" content=\"index, follow, max-snippet:-1, max-image-preview:large, max-video-preview:-1\" \/>\n<link rel=\"canonical\" href=\"https:\/\/lanaja.sk\/cs\/obchod\/damska-lnena-zastera\/\" \/>\n<meta property=\"og:locale\" content=\"cs_CZ\" \/>\n<meta property=\"og:type\" content=\"article\" \/>\n<meta property=\"og:title\" content=\"D\u00e1msk\u00e1 ln\u011bn\u00e1 z\u00e1st\u011bra &#8226; Lanaja-slovensk\u00e1 udr\u017eiteln\u00e1 zna\u010dka a v\u00fdrobce ln\u011bn\u00e9ho textilu\" \/>\n<meta property=\"og:description\" content=\"D\u00e1msk\u00e1 ln\u011bn\u00e1 z\u00e1st\u011bra je u\u0161ita ze 100% m\u011bk\u010den\u00e9ho, p\u0159edepran\u00e9ho lnu pr\u00e9miov\u00e9 kvality. Z\u00e1st\u011bra m\u00e1 na\u0161it\u00e9 dv\u011b velk\u00e9 kapsy, velikost je univerz\u00e1ln\u00ed.\" \/>\n<meta property=\"og:url\" content=\"https:\/\/lanaja.sk\/cs\/obchod\/damska-lnena-zastera\/\" \/>\n<meta property=\"og:site_name\" content=\"Lanaja-slovensk\u00e1 udr\u017eiteln\u00e1 zna\u010dka a v\u00fdrobce ln\u011bn\u00e9ho textilu\" \/>\n<meta property=\"article:publisher\" content=\"https:\/\/www.facebook.com\/Abreadbag\" \/>\n<meta property=\"article:modified_time\" content=\"2025-07-21T15:56:23+00:00\" \/>\n<meta property=\"og:image\" content=\"https:\/\/lanaja.sk\/wp-content\/uploads\/2018\/04\/IMG_0210-scaled-e1676467170483-jpg.webp\" \/>\n\t<meta property=\"og:image:width\" content=\"1200\" \/>\n\t<meta property=\"og:image:height\" content=\"1800\" \/>\n\t<meta property=\"og:image:type\" content=\"image\/jpeg\" \/>\n<meta name=\"twitter:card\" content=\"summary_large_image\" \/>\n<meta name=\"twitter:label1\" content=\"Odhadovan\u00e1 doba \u010dten\u00ed\" \/>\n\t<meta name=\"twitter:data1\" content=\"3 minuty\" \/>\n<script type=\"application\/ld+json\" class=\"yoast-schema-graph\">{\"@context\":\"https:\\\/\\\/schema.org\",\"@graph\":[{\"@type\":\"WebPage\",\"@id\":\"https:\\\/\\\/lanaja.sk\\\/cs\\\/obchod\\\/damska-lnena-zastera\\\/\",\"url\":\"https:\\\/\\\/lanaja.sk\\\/cs\\\/obchod\\\/damska-lnena-zastera\\\/\",\"name\":\"D\u00e1msk\u00e1 ln\u011bn\u00e1 z\u00e1st\u011bra &#8226; Lanaja-slovensk\u00e1 udr\u017eiteln\u00e1 zna\u010dka a v\u00fdrobce ln\u011bn\u00e9ho textilu\",\"isPartOf\":{\"@id\":\"https:\\\/\\\/lanaja.sk\\\/cs\\\/#website\"},\"primaryImageOfPage\":{\"@id\":\"https:\\\/\\\/lanaja.sk\\\/cs\\\/obchod\\\/damska-lnena-zastera\\\/#primaryimage\"},\"image\":{\"@id\":\"https:\\\/\\\/lanaja.sk\\\/cs\\\/obchod\\\/damska-lnena-zastera\\\/#primaryimage\"},\"thumbnailUrl\":\"https:\\\/\\\/lanaja.sk\\\/wp-content\\\/uploads\\\/2018\\\/04\\\/IMG_0210-scaled-e1676467170483-jpg.webp\",\"datePublished\":\"2018-04-20T13:26:23+00:00\",\"dateModified\":\"2025-07-21T15:56:23+00:00\",\"description\":\"D\u00e1msk\u00e1 ln\u011bn\u00e1 z\u00e1st\u011bra je u\u0161ita ze 100% m\u011bk\u010den\u00e9ho, p\u0159edepran\u00e9ho lnu pr\u00e9miov\u00e9 kvality. Z\u00e1st\u011bra m\u00e1 na\u0161it\u00e9 dv\u011b velk\u00e9 kapsy, velikost je univerz\u00e1ln\u00ed.\",\"breadcrumb\":{\"@id\":\"https:\\\/\\\/lanaja.sk\\\/cs\\\/obchod\\\/damska-lnena-zastera\\\/#breadcrumb\"},\"inLanguage\":\"cs\",\"potentialAction\":[{\"@type\":\"ReadAction\",\"target\":[\"https:\\\/\\\/lanaja.sk\\\/cs\\\/obchod\\\/damska-lnena-zastera\\\/\"]}]},{\"@type\":\"ImageObject\",\"inLanguage\":\"cs\",\"@id\":\"https:\\\/\\\/lanaja.sk\\\/cs\\\/obchod\\\/damska-lnena-zastera\\\/#primaryimage\",\"url\":\"https:\\\/\\\/lanaja.sk\\\/wp-content\\\/uploads\\\/2018\\\/04\\\/IMG_0210-scaled-e1676467170483-jpg.webp\",\"contentUrl\":\"https:\\\/\\\/lanaja.sk\\\/wp-content\\\/uploads\\\/2018\\\/04\\\/IMG_0210-scaled-e1676467170483-jpg.webp\",\"width\":1200,\"height\":1800,\"caption\":\"kuchynsk\u00e1 z\u00e1stera\"},{\"@type\":\"BreadcrumbList\",\"@id\":\"https:\\\/\\\/lanaja.sk\\\/cs\\\/obchod\\\/damska-lnena-zastera\\\/#breadcrumb\",\"itemListElement\":[{\"@type\":\"ListItem\",\"position\":1,\"name\":\"Home\",\"item\":\"https:\\\/\\\/lanaja.sk\\\/cs\\\/\"},{\"@type\":\"ListItem\",\"position\":2,\"name\":\"Obchod\",\"item\":\"https:\\\/\\\/lanaja.sk\\\/cs\\\/obchod-cz\\\/\"},{\"@type\":\"ListItem\",\"position\":3,\"name\":\"D\u00e1msk\u00e1 ln\u011bn\u00e1 z\u00e1st\u011bra\"}]},{\"@type\":\"WebSite\",\"@id\":\"https:\\\/\\\/lanaja.sk\\\/cs\\\/#website\",\"url\":\"https:\\\/\\\/lanaja.sk\\\/cs\\\/\",\"name\":\"Lanaja - bytov\u00fd textil z \u013eanu a \u013eanov\u00e9 v\u00fdrobky\",\"description\":\"Jedine\u010dn\u00fd bytov\u00fd textil, ln\u011bn\u00e9 pytl\u00edky, ln\u011bn\u00e9 ubrusy, ln\u011bn\u00e9 lo\u017en\u00ed povle\u010den\u00ed, ln\u011bn\u00e9 ut\u011brky, ln\u011bn\u00e9 prost\u00edr\u00e1n\u00ed vyroben\u00e9 a \u0161it\u00e9 na Slovensku\",\"publisher\":{\"@id\":\"https:\\\/\\\/lanaja.sk\\\/cs\\\/#organization\"},\"alternateName\":\"Lanaja - v\u00fdrobky z \u013eanu, \u013eanov\u00fd bytov\u00fd textil\",\"potentialAction\":[{\"@type\":\"SearchAction\",\"target\":{\"@type\":\"EntryPoint\",\"urlTemplate\":\"https:\\\/\\\/lanaja.sk\\\/cs\\\/?s={search_term_string}\"},\"query-input\":{\"@type\":\"PropertyValueSpecification\",\"valueRequired\":true,\"valueName\":\"search_term_string\"}}],\"inLanguage\":\"cs\"},{\"@type\":\"Organization\",\"@id\":\"https:\\\/\\\/lanaja.sk\\\/cs\\\/#organization\",\"name\":\"Lanaja\",\"alternateName\":\"Al\u017ebeta Andr\u00e1\u0161ikov\u00e1 - Lanaja\",\"url\":\"https:\\\/\\\/lanaja.sk\\\/cs\\\/\",\"logo\":{\"@type\":\"ImageObject\",\"inLanguage\":\"cs\",\"@id\":\"https:\\\/\\\/lanaja.sk\\\/cs\\\/#\\\/schema\\\/logo\\\/image\\\/\",\"url\":\"https:\\\/\\\/lanaja.sk\\\/wp-content\\\/uploads\\\/2024\\\/01\\\/Lanaja.sk-logo.png\",\"contentUrl\":\"https:\\\/\\\/lanaja.sk\\\/wp-content\\\/uploads\\\/2024\\\/01\\\/Lanaja.sk-logo.png\",\"width\":600,\"height\":300,\"caption\":\"Lanaja\"},\"image\":{\"@id\":\"https:\\\/\\\/lanaja.sk\\\/cs\\\/#\\\/schema\\\/logo\\\/image\\\/\"},\"sameAs\":[\"https:\\\/\\\/www.facebook.com\\\/Abreadbag\",\"https:\\\/\\\/www.instagram.com\\\/lanaja_sk\\\/\"]}]}<\/script>\n<!-- \/ Yoast SEO plugin. -->","yoast_head_json":{"title":"D\u00e1msk\u00e1 ln\u011bn\u00e1 z\u00e1st\u011bra &#8226; Lanaja-slovensk\u00e1 udr\u017eiteln\u00e1 zna\u010dka a v\u00fdrobce ln\u011bn\u00e9ho textilu","description":"D\u00e1msk\u00e1 ln\u011bn\u00e1 z\u00e1st\u011bra je u\u0161ita ze 100% m\u011bk\u010den\u00e9ho, p\u0159edepran\u00e9ho lnu pr\u00e9miov\u00e9 kvality. Z\u00e1st\u011bra m\u00e1 na\u0161it\u00e9 dv\u011b velk\u00e9 kapsy, velikost je univerz\u00e1ln\u00ed.","robots":{"index":"index","follow":"follow","max-snippet":"max-snippet:-1","max-image-preview":"max-image-preview:large","max-video-preview":"max-video-preview:-1"},"canonical":"https:\/\/lanaja.sk\/cs\/obchod\/damska-lnena-zastera\/","og_locale":"cs_CZ","og_type":"article","og_title":"D\u00e1msk\u00e1 ln\u011bn\u00e1 z\u00e1st\u011bra &#8226; Lanaja-slovensk\u00e1 udr\u017eiteln\u00e1 zna\u010dka a v\u00fdrobce ln\u011bn\u00e9ho textilu","og_description":"D\u00e1msk\u00e1 ln\u011bn\u00e1 z\u00e1st\u011bra je u\u0161ita ze 100% m\u011bk\u010den\u00e9ho, p\u0159edepran\u00e9ho lnu pr\u00e9miov\u00e9 kvality. Z\u00e1st\u011bra m\u00e1 na\u0161it\u00e9 dv\u011b velk\u00e9 kapsy, velikost je univerz\u00e1ln\u00ed.","og_url":"https:\/\/lanaja.sk\/cs\/obchod\/damska-lnena-zastera\/","og_site_name":"Lanaja-slovensk\u00e1 udr\u017eiteln\u00e1 zna\u010dka a v\u00fdrobce ln\u011bn\u00e9ho textilu","article_publisher":"https:\/\/www.facebook.com\/Abreadbag","article_modified_time":"2025-07-21T15:56:23+00:00","og_image":[{"width":1200,"height":1800,"url":"https:\/\/lanaja.sk\/wp-content\/uploads\/2018\/04\/IMG_0210-scaled-e1676467170483-jpg.webp","type":"image\/jpeg"}],"twitter_card":"summary_large_image","twitter_misc":{"Odhadovan\u00e1 doba \u010dten\u00ed":"3 minuty"},"schema":{"@context":"https:\/\/schema.org","@graph":[{"@type":"WebPage","@id":"https:\/\/lanaja.sk\/cs\/obchod\/damska-lnena-zastera\/","url":"https:\/\/lanaja.sk\/cs\/obchod\/damska-lnena-zastera\/","name":"D\u00e1msk\u00e1 ln\u011bn\u00e1 z\u00e1st\u011bra &#8226; Lanaja-slovensk\u00e1 udr\u017eiteln\u00e1 zna\u010dka a v\u00fdrobce ln\u011bn\u00e9ho textilu","isPartOf":{"@id":"https:\/\/lanaja.sk\/cs\/#website"},"primaryImageOfPage":{"@id":"https:\/\/lanaja.sk\/cs\/obchod\/damska-lnena-zastera\/#primaryimage"},"image":{"@id":"https:\/\/lanaja.sk\/cs\/obchod\/damska-lnena-zastera\/#primaryimage"},"thumbnailUrl":"https:\/\/lanaja.sk\/wp-content\/uploads\/2018\/04\/IMG_0210-scaled-e1676467170483-jpg.webp","datePublished":"2018-04-20T13:26:23+00:00","dateModified":"2025-07-21T15:56:23+00:00","description":"D\u00e1msk\u00e1 ln\u011bn\u00e1 z\u00e1st\u011bra je u\u0161ita ze 100% m\u011bk\u010den\u00e9ho, p\u0159edepran\u00e9ho lnu pr\u00e9miov\u00e9 kvality. Z\u00e1st\u011bra m\u00e1 na\u0161it\u00e9 dv\u011b velk\u00e9 kapsy, velikost je univerz\u00e1ln\u00ed.","breadcrumb":{"@id":"https:\/\/lanaja.sk\/cs\/obchod\/damska-lnena-zastera\/#breadcrumb"},"inLanguage":"cs","potentialAction":[{"@type":"ReadAction","target":["https:\/\/lanaja.sk\/cs\/obchod\/damska-lnena-zastera\/"]}]},{"@type":"ImageObject","inLanguage":"cs","@id":"https:\/\/lanaja.sk\/cs\/obchod\/damska-lnena-zastera\/#primaryimage","url":"https:\/\/lanaja.sk\/wp-content\/uploads\/2018\/04\/IMG_0210-scaled-e1676467170483-jpg.webp","contentUrl":"https:\/\/lanaja.sk\/wp-content\/uploads\/2018\/04\/IMG_0210-scaled-e1676467170483-jpg.webp","width":1200,"height":1800,"caption":"kuchynsk\u00e1 z\u00e1stera"},{"@type":"BreadcrumbList","@id":"https:\/\/lanaja.sk\/cs\/obchod\/damska-lnena-zastera\/#breadcrumb","itemListElement":[{"@type":"ListItem","position":1,"name":"Home","item":"https:\/\/lanaja.sk\/cs\/"},{"@type":"ListItem","position":2,"name":"Obchod","item":"https:\/\/lanaja.sk\/cs\/obchod-cz\/"},{"@type":"ListItem","position":3,"name":"D\u00e1msk\u00e1 ln\u011bn\u00e1 z\u00e1st\u011bra"}]},{"@type":"WebSite","@id":"https:\/\/lanaja.sk\/cs\/#website","url":"https:\/\/lanaja.sk\/cs\/","name":"Lanaja - bytov\u00fd textil z \u013eanu a \u013eanov\u00e9 v\u00fdrobky","description":"Jedine\u010dn\u00fd bytov\u00fd textil, ln\u011bn\u00e9 pytl\u00edky, ln\u011bn\u00e9 ubrusy, ln\u011bn\u00e9 lo\u017en\u00ed povle\u010den\u00ed, ln\u011bn\u00e9 ut\u011brky, ln\u011bn\u00e9 prost\u00edr\u00e1n\u00ed vyroben\u00e9 a \u0161it\u00e9 na Slovensku","publisher":{"@id":"https:\/\/lanaja.sk\/cs\/#organization"},"alternateName":"Lanaja - v\u00fdrobky z \u013eanu, \u013eanov\u00fd bytov\u00fd textil","potentialAction":[{"@type":"SearchAction","target":{"@type":"EntryPoint","urlTemplate":"https:\/\/lanaja.sk\/cs\/?s={search_term_string}"},"query-input":{"@type":"PropertyValueSpecification","valueRequired":true,"valueName":"search_term_string"}}],"inLanguage":"cs"},{"@type":"Organization","@id":"https:\/\/lanaja.sk\/cs\/#organization","name":"Lanaja","alternateName":"Al\u017ebeta Andr\u00e1\u0161ikov\u00e1 - Lanaja","url":"https:\/\/lanaja.sk\/cs\/","logo":{"@type":"ImageObject","inLanguage":"cs","@id":"https:\/\/lanaja.sk\/cs\/#\/schema\/logo\/image\/","url":"https:\/\/lanaja.sk\/wp-content\/uploads\/2024\/01\/Lanaja.sk-logo.png","contentUrl":"https:\/\/lanaja.sk\/wp-content\/uploads\/2024\/01\/Lanaja.sk-logo.png","width":600,"height":300,"caption":"Lanaja"},"image":{"@id":"https:\/\/lanaja.sk\/cs\/#\/schema\/logo\/image\/"},"sameAs":["https:\/\/www.facebook.com\/Abreadbag","https:\/\/www.instagram.com\/lanaja_sk\/"]}]}},"_links":{"self":[{"href":"https:\/\/lanaja.sk\/cs\/wp-json\/wp\/v2\/product\/13243","targetHints":{"allow":["GET"]}}],"collection":[{"href":"https:\/\/lanaja.sk\/cs\/wp-json\/wp\/v2\/product"}],"about":[{"href":"https:\/\/lanaja.sk\/cs\/wp-json\/wp\/v2\/types\/product"}],"version-history":[{"count":1,"href":"https:\/\/lanaja.sk\/cs\/wp-json\/wp\/v2\/product\/13243\/revisions"}],"predecessor-version":[{"id":16397,"href":"https:\/\/lanaja.sk\/cs\/wp-json\/wp\/v2\/product\/13243\/revisions\/16397"}],"wp:featuredmedia":[{"embeddable":true,"href":"https:\/\/lanaja.sk\/cs\/wp-json\/wp\/v2\/media\/7487"}],"wp:attachment":[{"href":"https:\/\/lanaja.sk\/cs\/wp-json\/wp\/v2\/media?parent=13243"}],"wp:term":[{"taxonomy":"product_brand","embeddable":true,"href":"https:\/\/lanaja.sk\/cs\/wp-json\/wp\/v2\/product_brand?post=13243"},{"taxonomy":"product_cat","embeddable":true,"href":"https:\/\/lanaja.sk\/cs\/wp-json\/wp\/v2\/product_cat?post=13243"},{"taxonomy":"product_tag","embeddable":true,"href":"https:\/\/lanaja.sk\/cs\/wp-json\/wp\/v2\/product_tag?post=13243"}],"curies":[{"name":"wp","href":"https:\/\/api.w.org\/{rel}","templated":true}]}}