{"id":13244,"date":"2019-04-17T18:02:01","date_gmt":"2019-04-17T16:02:01","guid":{"rendered":"https:\/\/lanaja.sk\/obchod\/neza\u0159azen\u00e9\/lneny-sacek-na-chleb-s-podsivkou\/"},"modified":"2019-04-17T18:02:01","modified_gmt":"2019-04-17T16:02:01","slug":"lneny-sacek-na-chleb-s-podsivkou","status":"publish","type":"product","link":"https:\/\/lanaja.sk\/cs\/obchod\/lneny-sacek-na-chleb-s-podsivkou\/","title":{"rendered":"Ln\u011bn\u00fd s\u00e1\u010dek na chl\u00e9b s pod\u0161\u00edvkou"},"content":{"rendered":"<h3>Ln\u011bn\u00fd s\u00e1\u010dek na chl\u00e9b s pod\u0161\u00edvkou<\/h3>\n<p>&nbsp;<\/p>\n<p>Pokud hled\u00e1te zp\u016fsob, jak ud\u011blat n\u011bco pro na\u0161i planetu a z\u00e1rove\u0148 si dop\u0159\u00e1t kousek kvality a udr\u017eitelnosti, doporu\u010dujeme zv\u00e1\u017eit n\u00e1kup ln\u011bn\u00e9ho pytl\u00edku na chl\u00e9b z na\u0161\u00ed d\u00edlny. Ka\u017ed\u00fd pl\u00e1t\u011bn\u00fd s\u00e1\u010dek je u\u0161it\u00fd z ru\u010dn\u011b tkan\u00e9 ln\u011bn\u00e9 l\u00e1tky, kter\u00e1 m\u00e1 \u00fa\u017easnou texturu a v\u016fni. Je to skute\u010dn\u011b vz\u00e1cn\u00fd materi\u00e1l, kter\u00fd n\u00e1m pom\u00e1h\u00e1te zachr\u00e1nit. Ka\u017ed\u00fd pod\u0161it\u00fd ln\u011bn\u00fd pytl\u00edk na chleba, kter\u00fd u n\u00e1s u\u0161ijeme, spolu s va\u0161\u00ed podporou a n\u00e1kupem mu d\u00e1v\u00e1 druhou \u0161anci na dal\u0161\u00ed \u017eivot. Jsme vd\u011b\u010dn\u00ed za ka\u017edou p\u0159\u00edle\u017eitost, abychom v\u00e1m uk\u00e1zali, \u017ee to m\u016f\u017ee b\u00fdt dobr\u00e9 rozhodnut\u00ed.<\/p>\n<p>Ln\u011bn\u00fd s\u00e1\u010dek na chl\u00e9b s pod\u0161\u00edvkou je v\u00edce ne\u017e jen praktick\u00fd dopln\u011bk pro v\u00e1\u0161 ka\u017edodenn\u00ed \u017eivot. Je to produkt, kter\u00fd v\u00e1m umo\u017en\u00ed spojit se s minulost\u00ed, s tradicemi a tradi\u010dn\u00ed technikou ru\u010dn\u00edho tkan\u00ed.<\/p>\n<h4>Jak\u00e9 jsou hlavn\u00ed v\u00fdhody pl\u00e1t\u011bn\u00e9 ta\u0161ky?<\/h4>\n<p>\u0160ili jsme ho pro v\u00e1s tak, aby se dal pou\u017e\u00edt nejen ke skladov\u00e1n\u00ed, ale tak\u00e9 k serv\u00edrov\u00e1n\u00ed a p\u0159en\u00e1\u0161en\u00ed pe\u010diva. Opakovan\u011b pou\u017eiteln\u00e9, pe\u010dliv\u011b vyroben\u00e9 hypoalergenn\u00ed s\u00e1\u010dky jsou nezbytnou sou\u010d\u00e1st\u00ed dne\u0161n\u00edch modern\u00edch domov\u016f. Kapsa z ru\u010dn\u011b tkan\u00e9ho ln\u011bn\u00e9ho pl\u00e1tna je odoln\u00e1 a p\u0159i spr\u00e1vn\u00e9 p\u00e9\u010di dok\u00e1\u017ee pot\u011b\u0161it generace. Ze zdravotn\u00edho a ekologick\u00e9ho hlediska je nesrovnateln\u011b v\u00fdhodn\u011bj\u0161\u00ed ne\u017e plastov\u00e9 ta\u0161ky a obaly. P\u0159\u00edrodn\u00ed ln\u011bn\u00e1 vazba je pevn\u00e1, nebarven\u00e1, bez chemick\u00fdch \u00faprav a prody\u0161n\u00e1.<\/p>\n<p>S\u00e1\u010dek na pe\u010divo je u\u0161it\u00fd ze siln\u011bj\u0161\u00ed p\u0159\u00edrodn\u00ed ln\u011bn\u00e9 l\u00e1tky. Je pod\u0161it\u00e1 100% bavlnou b\u00edl\u00e9 barvy. Proto\u017ee ln\u011bn\u00fd s\u00e1\u010dek m\u00e1 dv\u011b vrstvy, chl\u00e9b a pe\u010divo v n\u011bm vydr\u017e\u00ed d\u00e9le ne\u017e v pl\u00e1t\u011bn\u00e9m s\u00e1\u010dku s jednou vrstvou. Doporu\u010dujeme zejm\u00e9na v dom\u00e1cnostech, kde je such\u00fd vzduch. P\u0159i prost\u0159en\u00ed a pod\u00e1v\u00e1n\u00ed sn\u00eddan\u011b m\u016f\u017eete s\u00e1\u010dek srolovat do tvaru ko\u0161\u00edku. V\u00fdhodou je tvarovan\u00e9 dno a siln\u011bj\u0161\u00ed materi\u00e1l, proto kr\u00e1sn\u011b dr\u017e\u00ed tvar. Vyu\u017eijete ho nejen k ulo\u017een\u00ed pe\u010diva, ale tak\u00e9 jako kr\u00e1sn\u00fd p\u0159\u00edrodn\u00ed dopln\u011bk na prost\u0159en\u00fd st\u016fl.<\/p>\n<h4><strong>Pro v\u0161echny milovn\u00edky kv\u00e1skov\u00e9ho chleba<\/strong><\/h4>\n<p>Na\u0161e ln\u011bn\u00e9 ta\u0161ky jsou ur\u010deny pro ka\u017edodenn\u00ed pou\u017eit\u00ed. Jsou ide\u00e1ln\u00ed pro v\u0161echny, kte\u0159\u00ed si r\u00e1di pe\u010dou vlastn\u00ed kv\u00e1skov\u00fd chl\u00e9b. Jsou mrazuvzdorn\u00e9 a udr\u017e\u00ed kv\u00e1skov\u00fd chl\u00e9b d\u00e9le \u010derstv\u00fd. Jsou nepostradateln\u00fdmi pomocn\u00edky v kuchyni. Ocen\u00edte i prav\u00fd dom\u00e1c\u00ed chl\u00e9b? S ka\u017edou zakoupenou ta\u0161kou pom\u00e1h\u00e1te sni\u017eovat mno\u017estv\u00ed odpadu a \u0161et\u0159it p\u0159\u00edrodn\u00ed zdroje. Va\u0161e volba je nejen investic\u00ed do kvalitn\u00edho produktu, ale tak\u00e9 krokem k lep\u0161\u00ed budoucnosti pro n\u00e1s v\u0161echny. Va\u0161e volba je d\u016fle\u017eit\u00e1 a my jsme vd\u011b\u010dn\u00ed za ka\u017edou d\u016fv\u011bru, kterou do n\u00e1s vkl\u00e1d\u00e1te. Spole\u010dn\u011b m\u016f\u017eeme ud\u011blat sv\u011bt lep\u0161\u00edm m\u00edstem.<\/p>\n<p>Ln\u011bnou l\u00e1tku jsme p\u0159edeprali na 90 st., tak\u017ee u\u017e nemus\u00edte po\u010d\u00edtat s t\u00edm, \u017ee se b\u011bhem pran\u00ed sraz\u00ed. Nechte len p\u0159ikr\u010dit, to je jeho p\u0159irozen\u00e1 vlastnost. Pokud jste velk\u00fd kamar\u00e1d se \u017eehli\u010dkou a \u017eehl\u00edte v\u0161e, co v\u00e1m p\u0159ijde pod ruku, doporu\u010duji \u017eehlit len je\u0161t\u011b mokr\u00fd nebo jemn\u011b posypan\u00fd.<\/p>\n<h4>D\u00e1rkov\u00e9 balen\u00ed do krabi\u010dky je samoz\u0159ejmost\u00ed.<\/h4>\n<p>Pokud ji\u017e m\u00e1te zku\u0161enosti s ln\u011bn\u00edm a ln\u011bn\u00fdm pl\u00e1tnem, nebo u\u017e takovou ta\u0161ku m\u00e1te doma, pokud st\u00e1le uva\u017eujete o jej\u00ed koupi, doporu\u010duji p\u0159e\u010d\u00edst si \u010dl\u00e1nek: <a href=\"https:\/\/lanaja.sk\/vyschyna-vam-chlebik-v-lane\" target=\"_blank\" rel=\"noopener\">Vysych\u00e1 v\u00e1m chl\u00e9b ve lnu?<\/a><\/p>\n<p>Fotografie vznikly ve spolupr\u00e1ci s chytrou \u017eenou Elou Kr\u00eddlovou a j\u00e1 jsem j\u00ed za tuto spolupr\u00e1ci nesm\u00edrn\u011b vd\u011b\u010dn\u00e1. Ela je l\u00e9ka\u0159ka, m\u00e1ma na pln\u00fd \u00favazek a foodblogerka. Jej\u00ed inspirativn\u00ed a chutn\u00e9 recepty najdete na jej\u00edm blogu, jeho\u017e n\u00e1zev ji vystihuje do punt\u00edku \u2665 Od <a href=\"https:\/\/www.zosrdcadohrnca.sk\/?fbclid=IwAR20ZtqdkmDcWTJSkPFpd5ZVq8lIDq8nnx-wZetnmJNp2qqGI_39o7oqEmU\" target=\"_blank\" rel=\"noopener noreferrer\">srdce do hrnce<\/a> \u2665 a tento kv\u00e1skov\u00fd chl\u00e9b na fotce je Elin ru\u010dn\u011b pe\u010den\u00fd, recepty na chleb\u00ed\u010dky, pe\u010divo a v\u011b\u0159te, \u017ee je opravdu z \u010deho vyb\u00edrat, najdete p\u0159\u00edmo <a href=\"https:\/\/www.zosrdcadohrnca.sk\/category\/pecivo\/\" target=\"_blank\" rel=\"noopener noreferrer\">ZDE<\/a><\/p>\n<p>M\u016f\u017eete tak\u00e9 vid\u011bt v\u00edce o n\u00e1s, o Lanaji, z ka\u017edodenn\u00edho \u017eivota v na\u0161em studiu, recenze spokojen\u00fdch z\u00e1kazn\u00edk\u016f na na\u0161ich soci\u00e1ln\u00edch s\u00edt\u00edch <a href=\"https:\/\/www.instagram.com\/lanaja_sk\/\" target=\"_blank\" rel=\"noopener\">Lanaja na Instagramu<\/a> a <a href=\"https:\/\/www.facebook.com\/Abreadbag\/\" target=\"_blank\" rel=\"noopener\">Lanaja na Facebooku<\/a><\/p>\n<p><strong>Po\u010d\u00edtejte s dodac\u00ed lh\u016ftou 2-3 t\u00fddny, pokud nem\u00e1me produkt u\u0161it\u00fd a skladem, ru\u010dn\u00ed pr\u00e1ce vy\u017eaduje n\u00e1\u0161 \u010das. Ln\u011bn\u00e9 v\u00fdrobky \u0161ijeme v na\u0161\u00ed d\u00edln\u011b dle Va\u0161eho p\u0159\u00e1n\u00ed a na m\u00edru, dle konkr\u00e9tn\u00edho v\u00fdrobku.<\/strong><\/p>\n<p>&nbsp;<\/p>\n","protected":false},"excerpt":{"rendered":"<p>V\u00edtejte ve sv\u011bt\u011b udr\u017eitelnosti, kde ka\u017ed\u00fd produkt m\u00e1 sv\u016fj p\u0159\u00edb\u011bh. Ln\u011bn\u00fd s\u00e1\u010dek na chl\u00e9b, kter\u00fd v\u00e1m p\u0159in\u00e1\u0161\u00edme z na\u0161\u00ed d\u00edlny Lanaja, je v\u00edce ne\u017e jen praktick\u00fdm dopl\u0148kem va\u0161eho ka\u017edodenn\u00edho \u017eivota. Je symbolem na\u0161eho z\u00e1vazku k udr\u017eitelnosti a odpov\u011bdnosti v\u016f\u010di p\u0159\u00edrod\u011b. Ln\u011bn\u00e9 pl\u00e1tno vdechneme druhou \u0161anc\u00ed pro jeho dal\u0161\u00ed \u017eivot. Je to tak vz\u00e1cn\u00fd a ekologick\u00fd materi\u00e1l, kter\u00fd n\u00e1m pom\u00e1h\u00e1te \u0161et\u0159it. Jeho schopnost slou\u017eit v\u00e1m a va\u0161\u00ed rodin\u011b opakovan\u011b p\u0159in\u00e1\u0161\u00ed m\u00e9n\u011b odpadu a men\u0161\u00ed z\u00e1t\u011b\u017e pro na\u0161i planetu. Je to p\u0159\u00edb\u011bh, kter\u00fd se odehr\u00e1v\u00e1 ka\u017ed\u00fd den, kdy vezmete ta\u0161ku do rukou.<\/p>\n","protected":false},"featured_media":6789,"template":"","meta":[],"product_brand":[],"product_cat":[177,331],"product_tag":[347,342],"class_list":{"0":"post-13244","1":"product","2":"type-product","3":"status-publish","4":"has-post-thumbnail","6":"product_cat-lnene-pytliky","7":"product_cat-lnene-pytliky-podsite","8":"product_tag-lneny-sacek-na-chleb-s-podsivkou","9":"product_tag-platena-kapsa","11":"first","12":"instock","13":"shipping-taxable","14":"purchasable","15":"product-type-variable"},"yoast_head":"<!-- This site is optimized with the Yoast SEO plugin v27.4 - https:\/\/yoast.com\/product\/yoast-seo-wordpress\/ -->\n<title>Ln\u011bn\u00fd s\u00e1\u010dek na chl\u00e9b s pod\u0161\u00edvkou &#8226; Lanaja-slovensk\u00e1 udr\u017eiteln\u00e1 zna\u010dka a v\u00fdrobce ln\u011bn\u00e9ho textilu<\/title>\n<meta name=\"description\" content=\"Ln\u011bn\u00fd s\u00e1\u010dek na pe\u010divo s pod\u0161\u00edvkou je ur\u010den nejen pro skladov\u00e1n\u00ed, ale tak\u00e9 serv\u00edrov\u00e1n\u00ed a p\u0159en\u00e1\u0161en\u00ed. Opakovan\u011b pou\u017eiteln\u00e9, pe\u010dliv\u011b \u0161it\u00e9 hypoalergenn\u00ed\" \/>\n<meta name=\"robots\" content=\"index, follow, max-snippet:-1, max-image-preview:large, max-video-preview:-1\" \/>\n<link rel=\"canonical\" href=\"https:\/\/lanaja.sk\/cs\/obchod\/lneny-sacek-na-chleb-s-podsivkou\/\" \/>\n<meta property=\"og:locale\" content=\"cs_CZ\" \/>\n<meta property=\"og:type\" content=\"article\" \/>\n<meta property=\"og:title\" content=\"Ln\u011bn\u00fd s\u00e1\u010dek na chl\u00e9b s pod\u0161\u00edvkou &#8226; Lanaja-slovensk\u00e1 udr\u017eiteln\u00e1 zna\u010dka a v\u00fdrobce ln\u011bn\u00e9ho textilu\" \/>\n<meta property=\"og:description\" content=\"Ln\u011bn\u00fd s\u00e1\u010dek na pe\u010divo s pod\u0161\u00edvkou je ur\u010den nejen pro skladov\u00e1n\u00ed, ale tak\u00e9 serv\u00edrov\u00e1n\u00ed a p\u0159en\u00e1\u0161en\u00ed. Opakovan\u011b pou\u017eiteln\u00e9, pe\u010dliv\u011b \u0161it\u00e9 hypoalergenn\u00ed\" \/>\n<meta property=\"og:url\" content=\"https:\/\/lanaja.sk\/cs\/obchod\/lneny-sacek-na-chleb-s-podsivkou\/\" \/>\n<meta property=\"og:site_name\" content=\"Lanaja-slovensk\u00e1 udr\u017eiteln\u00e1 zna\u010dka a v\u00fdrobce ln\u011bn\u00e9ho textilu\" \/>\n<meta property=\"article:publisher\" content=\"https:\/\/www.facebook.com\/Abreadbag\" \/>\n<meta property=\"og:image\" content=\"https:\/\/lanaja.sk\/wp-content\/uploads\/2019\/04\/vrecko-na-chlieb-e1596695157561-jpg.webp\" \/>\n\t<meta property=\"og:image:width\" content=\"563\" \/>\n\t<meta property=\"og:image:height\" content=\"750\" \/>\n\t<meta property=\"og:image:type\" content=\"image\/jpeg\" \/>\n<meta name=\"twitter:card\" content=\"summary_large_image\" \/>\n<meta name=\"twitter:label1\" content=\"Odhadovan\u00e1 doba \u010dten\u00ed\" \/>\n\t<meta name=\"twitter:data1\" content=\"4 minuty\" \/>\n<script type=\"application\/ld+json\" class=\"yoast-schema-graph\">{\"@context\":\"https:\\\/\\\/schema.org\",\"@graph\":[{\"@type\":\"WebPage\",\"@id\":\"https:\\\/\\\/lanaja.sk\\\/cs\\\/obchod\\\/lneny-sacek-na-chleb-s-podsivkou\\\/\",\"url\":\"https:\\\/\\\/lanaja.sk\\\/cs\\\/obchod\\\/lneny-sacek-na-chleb-s-podsivkou\\\/\",\"name\":\"Ln\u011bn\u00fd s\u00e1\u010dek na chl\u00e9b s pod\u0161\u00edvkou &#8226; Lanaja-slovensk\u00e1 udr\u017eiteln\u00e1 zna\u010dka a v\u00fdrobce ln\u011bn\u00e9ho textilu\",\"isPartOf\":{\"@id\":\"https:\\\/\\\/lanaja.sk\\\/cs\\\/#website\"},\"primaryImageOfPage\":{\"@id\":\"https:\\\/\\\/lanaja.sk\\\/cs\\\/obchod\\\/lneny-sacek-na-chleb-s-podsivkou\\\/#primaryimage\"},\"image\":{\"@id\":\"https:\\\/\\\/lanaja.sk\\\/cs\\\/obchod\\\/lneny-sacek-na-chleb-s-podsivkou\\\/#primaryimage\"},\"thumbnailUrl\":\"https:\\\/\\\/lanaja.sk\\\/wp-content\\\/uploads\\\/2019\\\/04\\\/vrecko-na-chlieb-e1596695157561-jpg.webp\",\"datePublished\":\"2019-04-17T16:02:01+00:00\",\"description\":\"Ln\u011bn\u00fd s\u00e1\u010dek na pe\u010divo s pod\u0161\u00edvkou je ur\u010den nejen pro skladov\u00e1n\u00ed, ale tak\u00e9 serv\u00edrov\u00e1n\u00ed a p\u0159en\u00e1\u0161en\u00ed. Opakovan\u011b pou\u017eiteln\u00e9, pe\u010dliv\u011b \u0161it\u00e9 hypoalergenn\u00ed\",\"breadcrumb\":{\"@id\":\"https:\\\/\\\/lanaja.sk\\\/cs\\\/obchod\\\/lneny-sacek-na-chleb-s-podsivkou\\\/#breadcrumb\"},\"inLanguage\":\"cs\",\"potentialAction\":[{\"@type\":\"ReadAction\",\"target\":[\"https:\\\/\\\/lanaja.sk\\\/cs\\\/obchod\\\/lneny-sacek-na-chleb-s-podsivkou\\\/\"]}]},{\"@type\":\"ImageObject\",\"inLanguage\":\"cs\",\"@id\":\"https:\\\/\\\/lanaja.sk\\\/cs\\\/obchod\\\/lneny-sacek-na-chleb-s-podsivkou\\\/#primaryimage\",\"url\":\"https:\\\/\\\/lanaja.sk\\\/wp-content\\\/uploads\\\/2019\\\/04\\\/vrecko-na-chlieb-e1596695157561-jpg.webp\",\"contentUrl\":\"https:\\\/\\\/lanaja.sk\\\/wp-content\\\/uploads\\\/2019\\\/04\\\/vrecko-na-chlieb-e1596695157561-jpg.webp\",\"width\":563,\"height\":750,\"caption\":\"\u013danov\u00e9 vrecko na pe\u010divo\"},{\"@type\":\"BreadcrumbList\",\"@id\":\"https:\\\/\\\/lanaja.sk\\\/cs\\\/obchod\\\/lneny-sacek-na-chleb-s-podsivkou\\\/#breadcrumb\",\"itemListElement\":[{\"@type\":\"ListItem\",\"position\":1,\"name\":\"Home\",\"item\":\"https:\\\/\\\/lanaja.sk\\\/cs\\\/\"},{\"@type\":\"ListItem\",\"position\":2,\"name\":\"Obchod\",\"item\":\"https:\\\/\\\/lanaja.sk\\\/cs\\\/obchod-cz\\\/\"},{\"@type\":\"ListItem\",\"position\":3,\"name\":\"Ln\u011bn\u00fd s\u00e1\u010dek na chl\u00e9b s pod\u0161\u00edvkou\"}]},{\"@type\":\"WebSite\",\"@id\":\"https:\\\/\\\/lanaja.sk\\\/cs\\\/#website\",\"url\":\"https:\\\/\\\/lanaja.sk\\\/cs\\\/\",\"name\":\"Lanaja - bytov\u00fd textil z \u013eanu a \u013eanov\u00e9 v\u00fdrobky\",\"description\":\"Jedine\u010dn\u00fd bytov\u00fd textil, ln\u011bn\u00e9 pytl\u00edky, ln\u011bn\u00e9 ubrusy, ln\u011bn\u00e9 lo\u017en\u00ed povle\u010den\u00ed, ln\u011bn\u00e9 ut\u011brky, ln\u011bn\u00e9 prost\u00edr\u00e1n\u00ed vyroben\u00e9 a \u0161it\u00e9 na Slovensku\",\"publisher\":{\"@id\":\"https:\\\/\\\/lanaja.sk\\\/cs\\\/#organization\"},\"alternateName\":\"Lanaja - v\u00fdrobky z \u013eanu, \u013eanov\u00fd bytov\u00fd textil\",\"potentialAction\":[{\"@type\":\"SearchAction\",\"target\":{\"@type\":\"EntryPoint\",\"urlTemplate\":\"https:\\\/\\\/lanaja.sk\\\/cs\\\/?s={search_term_string}\"},\"query-input\":{\"@type\":\"PropertyValueSpecification\",\"valueRequired\":true,\"valueName\":\"search_term_string\"}}],\"inLanguage\":\"cs\"},{\"@type\":\"Organization\",\"@id\":\"https:\\\/\\\/lanaja.sk\\\/cs\\\/#organization\",\"name\":\"Lanaja\",\"alternateName\":\"Al\u017ebeta Andr\u00e1\u0161ikov\u00e1 - Lanaja\",\"url\":\"https:\\\/\\\/lanaja.sk\\\/cs\\\/\",\"logo\":{\"@type\":\"ImageObject\",\"inLanguage\":\"cs\",\"@id\":\"https:\\\/\\\/lanaja.sk\\\/cs\\\/#\\\/schema\\\/logo\\\/image\\\/\",\"url\":\"https:\\\/\\\/lanaja.sk\\\/wp-content\\\/uploads\\\/2024\\\/01\\\/Lanaja.sk-logo.png\",\"contentUrl\":\"https:\\\/\\\/lanaja.sk\\\/wp-content\\\/uploads\\\/2024\\\/01\\\/Lanaja.sk-logo.png\",\"width\":600,\"height\":300,\"caption\":\"Lanaja\"},\"image\":{\"@id\":\"https:\\\/\\\/lanaja.sk\\\/cs\\\/#\\\/schema\\\/logo\\\/image\\\/\"},\"sameAs\":[\"https:\\\/\\\/www.facebook.com\\\/Abreadbag\",\"https:\\\/\\\/www.instagram.com\\\/lanaja_sk\\\/\"]}]}<\/script>\n<!-- \/ Yoast SEO plugin. -->","yoast_head_json":{"title":"Ln\u011bn\u00fd s\u00e1\u010dek na chl\u00e9b s pod\u0161\u00edvkou &#8226; Lanaja-slovensk\u00e1 udr\u017eiteln\u00e1 zna\u010dka a v\u00fdrobce ln\u011bn\u00e9ho textilu","description":"Ln\u011bn\u00fd s\u00e1\u010dek na pe\u010divo s pod\u0161\u00edvkou je ur\u010den nejen pro skladov\u00e1n\u00ed, ale tak\u00e9 serv\u00edrov\u00e1n\u00ed a p\u0159en\u00e1\u0161en\u00ed. Opakovan\u011b pou\u017eiteln\u00e9, pe\u010dliv\u011b \u0161it\u00e9 hypoalergenn\u00ed","robots":{"index":"index","follow":"follow","max-snippet":"max-snippet:-1","max-image-preview":"max-image-preview:large","max-video-preview":"max-video-preview:-1"},"canonical":"https:\/\/lanaja.sk\/cs\/obchod\/lneny-sacek-na-chleb-s-podsivkou\/","og_locale":"cs_CZ","og_type":"article","og_title":"Ln\u011bn\u00fd s\u00e1\u010dek na chl\u00e9b s pod\u0161\u00edvkou &#8226; Lanaja-slovensk\u00e1 udr\u017eiteln\u00e1 zna\u010dka a v\u00fdrobce ln\u011bn\u00e9ho textilu","og_description":"Ln\u011bn\u00fd s\u00e1\u010dek na pe\u010divo s pod\u0161\u00edvkou je ur\u010den nejen pro skladov\u00e1n\u00ed, ale tak\u00e9 serv\u00edrov\u00e1n\u00ed a p\u0159en\u00e1\u0161en\u00ed. Opakovan\u011b pou\u017eiteln\u00e9, pe\u010dliv\u011b \u0161it\u00e9 hypoalergenn\u00ed","og_url":"https:\/\/lanaja.sk\/cs\/obchod\/lneny-sacek-na-chleb-s-podsivkou\/","og_site_name":"Lanaja-slovensk\u00e1 udr\u017eiteln\u00e1 zna\u010dka a v\u00fdrobce ln\u011bn\u00e9ho textilu","article_publisher":"https:\/\/www.facebook.com\/Abreadbag","og_image":[{"width":563,"height":750,"url":"https:\/\/lanaja.sk\/wp-content\/uploads\/2019\/04\/vrecko-na-chlieb-e1596695157561-jpg.webp","type":"image\/jpeg"}],"twitter_card":"summary_large_image","twitter_misc":{"Odhadovan\u00e1 doba \u010dten\u00ed":"4 minuty"},"schema":{"@context":"https:\/\/schema.org","@graph":[{"@type":"WebPage","@id":"https:\/\/lanaja.sk\/cs\/obchod\/lneny-sacek-na-chleb-s-podsivkou\/","url":"https:\/\/lanaja.sk\/cs\/obchod\/lneny-sacek-na-chleb-s-podsivkou\/","name":"Ln\u011bn\u00fd s\u00e1\u010dek na chl\u00e9b s pod\u0161\u00edvkou &#8226; Lanaja-slovensk\u00e1 udr\u017eiteln\u00e1 zna\u010dka a v\u00fdrobce ln\u011bn\u00e9ho textilu","isPartOf":{"@id":"https:\/\/lanaja.sk\/cs\/#website"},"primaryImageOfPage":{"@id":"https:\/\/lanaja.sk\/cs\/obchod\/lneny-sacek-na-chleb-s-podsivkou\/#primaryimage"},"image":{"@id":"https:\/\/lanaja.sk\/cs\/obchod\/lneny-sacek-na-chleb-s-podsivkou\/#primaryimage"},"thumbnailUrl":"https:\/\/lanaja.sk\/wp-content\/uploads\/2019\/04\/vrecko-na-chlieb-e1596695157561-jpg.webp","datePublished":"2019-04-17T16:02:01+00:00","description":"Ln\u011bn\u00fd s\u00e1\u010dek na pe\u010divo s pod\u0161\u00edvkou je ur\u010den nejen pro skladov\u00e1n\u00ed, ale tak\u00e9 serv\u00edrov\u00e1n\u00ed a p\u0159en\u00e1\u0161en\u00ed. Opakovan\u011b pou\u017eiteln\u00e9, pe\u010dliv\u011b \u0161it\u00e9 hypoalergenn\u00ed","breadcrumb":{"@id":"https:\/\/lanaja.sk\/cs\/obchod\/lneny-sacek-na-chleb-s-podsivkou\/#breadcrumb"},"inLanguage":"cs","potentialAction":[{"@type":"ReadAction","target":["https:\/\/lanaja.sk\/cs\/obchod\/lneny-sacek-na-chleb-s-podsivkou\/"]}]},{"@type":"ImageObject","inLanguage":"cs","@id":"https:\/\/lanaja.sk\/cs\/obchod\/lneny-sacek-na-chleb-s-podsivkou\/#primaryimage","url":"https:\/\/lanaja.sk\/wp-content\/uploads\/2019\/04\/vrecko-na-chlieb-e1596695157561-jpg.webp","contentUrl":"https:\/\/lanaja.sk\/wp-content\/uploads\/2019\/04\/vrecko-na-chlieb-e1596695157561-jpg.webp","width":563,"height":750,"caption":"\u013danov\u00e9 vrecko na pe\u010divo"},{"@type":"BreadcrumbList","@id":"https:\/\/lanaja.sk\/cs\/obchod\/lneny-sacek-na-chleb-s-podsivkou\/#breadcrumb","itemListElement":[{"@type":"ListItem","position":1,"name":"Home","item":"https:\/\/lanaja.sk\/cs\/"},{"@type":"ListItem","position":2,"name":"Obchod","item":"https:\/\/lanaja.sk\/cs\/obchod-cz\/"},{"@type":"ListItem","position":3,"name":"Ln\u011bn\u00fd s\u00e1\u010dek na chl\u00e9b s pod\u0161\u00edvkou"}]},{"@type":"WebSite","@id":"https:\/\/lanaja.sk\/cs\/#website","url":"https:\/\/lanaja.sk\/cs\/","name":"Lanaja - bytov\u00fd textil z \u013eanu a \u013eanov\u00e9 v\u00fdrobky","description":"Jedine\u010dn\u00fd bytov\u00fd textil, ln\u011bn\u00e9 pytl\u00edky, ln\u011bn\u00e9 ubrusy, ln\u011bn\u00e9 lo\u017en\u00ed povle\u010den\u00ed, ln\u011bn\u00e9 ut\u011brky, ln\u011bn\u00e9 prost\u00edr\u00e1n\u00ed vyroben\u00e9 a \u0161it\u00e9 na Slovensku","publisher":{"@id":"https:\/\/lanaja.sk\/cs\/#organization"},"alternateName":"Lanaja - v\u00fdrobky z \u013eanu, \u013eanov\u00fd bytov\u00fd textil","potentialAction":[{"@type":"SearchAction","target":{"@type":"EntryPoint","urlTemplate":"https:\/\/lanaja.sk\/cs\/?s={search_term_string}"},"query-input":{"@type":"PropertyValueSpecification","valueRequired":true,"valueName":"search_term_string"}}],"inLanguage":"cs"},{"@type":"Organization","@id":"https:\/\/lanaja.sk\/cs\/#organization","name":"Lanaja","alternateName":"Al\u017ebeta Andr\u00e1\u0161ikov\u00e1 - Lanaja","url":"https:\/\/lanaja.sk\/cs\/","logo":{"@type":"ImageObject","inLanguage":"cs","@id":"https:\/\/lanaja.sk\/cs\/#\/schema\/logo\/image\/","url":"https:\/\/lanaja.sk\/wp-content\/uploads\/2024\/01\/Lanaja.sk-logo.png","contentUrl":"https:\/\/lanaja.sk\/wp-content\/uploads\/2024\/01\/Lanaja.sk-logo.png","width":600,"height":300,"caption":"Lanaja"},"image":{"@id":"https:\/\/lanaja.sk\/cs\/#\/schema\/logo\/image\/"},"sameAs":["https:\/\/www.facebook.com\/Abreadbag","https:\/\/www.instagram.com\/lanaja_sk\/"]}]}},"_links":{"self":[{"href":"https:\/\/lanaja.sk\/cs\/wp-json\/wp\/v2\/product\/13244","targetHints":{"allow":["GET"]}}],"collection":[{"href":"https:\/\/lanaja.sk\/cs\/wp-json\/wp\/v2\/product"}],"about":[{"href":"https:\/\/lanaja.sk\/cs\/wp-json\/wp\/v2\/types\/product"}],"version-history":[{"count":0,"href":"https:\/\/lanaja.sk\/cs\/wp-json\/wp\/v2\/product\/13244\/revisions"}],"wp:featuredmedia":[{"embeddable":true,"href":"https:\/\/lanaja.sk\/cs\/wp-json\/wp\/v2\/media\/6789"}],"wp:attachment":[{"href":"https:\/\/lanaja.sk\/cs\/wp-json\/wp\/v2\/media?parent=13244"}],"wp:term":[{"taxonomy":"product_brand","embeddable":true,"href":"https:\/\/lanaja.sk\/cs\/wp-json\/wp\/v2\/product_brand?post=13244"},{"taxonomy":"product_cat","embeddable":true,"href":"https:\/\/lanaja.sk\/cs\/wp-json\/wp\/v2\/product_cat?post=13244"},{"taxonomy":"product_tag","embeddable":true,"href":"https:\/\/lanaja.sk\/cs\/wp-json\/wp\/v2\/product_tag?post=13244"}],"curies":[{"name":"wp","href":"https:\/\/api.w.org\/{rel}","templated":true}]}}