{"id":13245,"date":"2025-08-03T13:25:33","date_gmt":"2025-08-03T11:25:33","guid":{"rendered":"https:\/\/lanaja.sk\/obchod\/neza\u0159azen\u00e9\/lneny-pytel-na-chleb-a-pecivo\/"},"modified":"2025-07-09T20:58:56","modified_gmt":"2025-07-09T18:58:56","slug":"lneny-pytel-na-chleb-a-pecivo","status":"publish","type":"product","link":"https:\/\/lanaja.sk\/cs\/obchod\/lneny-pytel-na-chleb-a-pecivo\/","title":{"rendered":"Ln\u011bn\u00fd pytl\u00edk na chl\u00e9b"},"content":{"rendered":"<h2>Pytl\u00edk na chl\u00e9b z ru\u010dn\u011b tkan\u00e9ho ln\u011bn\u00e9ho pl\u00e1tna<\/h2>\n<p><b>Pytl\u00edk na chl\u00e9b<\/b> z ru\u010dn\u011b tkan\u00e9ho ln\u011bn\u00e9ho pl\u00e1tna je ur\u010den nejen ke skladov\u00e1n\u00ed, ale tak\u00e9 k serv\u00edrov\u00e1n\u00ed a p\u0159en\u00e1\u0161en\u00ed dom\u00e1c\u00edho pe\u010diva, bylinek. Opakovan\u011b pou\u017eiteln\u00e9, pe\u010dliv\u011b a s l\u00e1skou vyroben\u00e9 hypoalergenn\u00ed s\u00e1\u010dky jsou neodmyslitelnou sou\u010d\u00e1st\u00ed dne\u0161n\u00edch modern\u00edch dom\u00e1cnost\u00ed. Ln\u011bn\u00e9 pytl\u00edky jsou odoln\u00e9 a pokud se o n\u011b spr\u00e1vn\u011b postar\u00e1te, mohou pot\u011b\u0161it cel\u00e9 generace. Ze zdravotn\u00edho a ekologick\u00e9ho hlediska neporovnateln\u011b vhodn\u011bj\u0161\u00ed ne\u017e plastov\u00e9 s\u00e1\u010dky a obaly. P\u0159\u00edrodn\u00ed ln\u011bn\u00e1 vazba je pevn\u00e1, nebarven\u00e1, bez chemick\u00e9 \u00fapravy, ale prody\u0161n\u00e1, udr\u017e\u00ed chl\u00e9b d\u00e9le s k\u0159upavou k\u016frkou.<\/p>\n<p><strong>Pro v\u0161echny milovn\u00edky kv\u00e1skov\u00e9ho chleba<\/strong><\/p>\n<p>Na\u0161e ln\u011bn\u00e9 pytl\u00edky jsou ur\u010deny pro ka\u017edodenn\u00ed pou\u017eit\u00ed. Jsou ide\u00e1ln\u00ed pro v\u0161echny, kte\u0159\u00ed si r\u00e1di pe\u010dou vlastn\u00ed kv\u00e1skov\u00fd chl\u00e9b. Jejich odolnost a schopnost udr\u017eet kv\u00e1skov\u00fd chl\u00e9b d\u00e9le \u010derstv\u00fd z nich d\u011bl\u00e1 nepostradateln\u00e9 pomocn\u00edky v kuchyni. I vy si v\u00e1\u017e\u00edte prav\u00fd dom\u00e1c\u00ed chl\u00e9b? S ka\u017ed\u00fdm pytl\u00edkem, kter\u00fd si koup\u00edte, pom\u00e1h\u00e1te sn\u00ed\u017eit mno\u017estv\u00ed odpadu a \u0161et\u0159it p\u0159\u00edrodn\u00ed zdroje. Va\u0161e volba je nejen investic\u00ed do kvalitn\u00edho produktu, ale tak\u00e9 krokem k lep\u0161\u00ed budoucnosti pro n\u00e1s v\u0161echny. Va\u0161e volba je d\u016fle\u017eit\u00e1 a my jsme vd\u011b\u010dn\u00ed za ka\u017edou d\u016fv\u011bru, kterou do n\u00e1s vkl\u00e1d\u00e1te. Spole\u010dn\u011b m\u016f\u017eeme ud\u011blat sv\u011bt lep\u0161\u00edm m\u00edstem.<\/p>\n<h4><strong>Kvalita a udr\u017eitelnost ve va\u0161\u00ed kuchyni<\/strong><\/h4>\n<p>Nech u\u017e je to p\u0159i pe\u010den\u00ed dom\u00e1c\u00edho chleba, nebo p\u0159i p\u0159en\u00e1\u0161en\u00ed pe\u010diva do pr\u00e1ce \u010di na piknik, na\u0161e ln\u011bn\u00e9 s\u00e1\u010dky jsou spole\u010dn\u00edkem, na kter\u00e9ho se m\u016f\u017eete spolehnout. Jejich kvalita a udr\u017eitelnost z nich d\u011blaj\u00ed smyslupln\u00e9 dopl\u0148ky v ka\u017ed\u00e9 modern\u00ed kuchyni.<\/p>\n<p><strong>Ln\u011bn\u00e9 pl\u00e1tno je p\u0159edepran\u00e9<\/strong>, proto u\u017e nen\u00ed t\u0159eba po\u010d\u00edtat s jeho sr\u00e1\u017elivost\u00ed. Dovolte lnu kr\u010dit se, je to jeho p\u0159irozen\u00e1 vlastnost. Pokud jste p\u0159esto velc\u00ed kamar\u00e1di s \u017eehli\u010dkou a \u017eehl\u00edte v\u0161e, co v\u00e1m p\u0159ijde pod ruce, doporu\u010duji len \u017eehlit vlhk\u00fd, nebo jemn\u011b nakropen\u00fd.<\/p>\n<p><strong>Ln\u011bn\u00fd s\u00e1\u010dek je u\u0161it\u00fd z ru\u010dn\u011b tkan\u00e9ho pl\u00e1tna, zdoben\u00fd strojovou v\u00fd\u0161ivkou v \u010derven\u00e9 barv\u011b, zatahovac\u00ed ta\u0161ka je bavln\u011bn\u00fdm prov\u00e1zkem.<\/strong><\/p>\n<p>\u010ci se u\u017e rozhodnete pro ln\u011bn\u00e9 ut\u011brky na chl\u00e9b, nebo ln\u011bn\u00e9 pytl\u00edky, bude to spr\u00e1vn\u00e1 volba nejen pro va\u0161e zdrav\u00ed, ale pom\u016f\u017eete chr\u00e1nit na\u0161e \u017eivotn\u00ed prost\u0159ed\u00ed. D\u011bkujeme v\u00e1m, \u017ee n\u00e1m pom\u00e1h\u00e1te \u0161\u00ed\u0159it my\u0161lenku o pot\u0159eb\u011b recyklov\u00e1n\u00ed a spole\u010dn\u011b vym\u011b\u0148ujeme tis\u00edce um\u011bl\u00fdch s\u00e1\u010dk\u016f za ln\u011bn\u00e9 \u2665<\/p>\n<p>Len je ide\u00e1ln\u00ed materi\u00e1l pro skladov\u00e1n\u00ed kv\u00e1skov\u00e9ho chleba, pokud doma bojujete se such\u00fdm vzduchem, v tom p\u0159\u00edpad\u011b v\u00e1m doporu\u010duji ln\u011bn\u00e9 dvouvrstv\u00e9 pytl\u00edky. Doporu\u010dujeme v\u00e1m p\u0159e\u010d\u00edst si i \u010dl\u00e1nek na na\u0161em blogu: <a href=\"https:\/\/lanaja.sk\/cs\/?p=7583&#038;swcfpc=1\" target=\"_blank\" rel=\"noopener noreferrer\">Vysych\u00e1 v\u00e1m chl\u00e9b ve lnu?<\/a><\/p>\n<p><strong>Po\u010d\u00edtejte s dodac\u00ed lh\u016ftou 2-3 t\u00fddny, pokud nem\u00e1me produkt u\u0161it\u00fd a skladem, ru\u010dn\u00ed pr\u00e1ce vy\u017eaduje n\u00e1\u0161 \u010das. Ln\u011bn\u00e9 v\u00fdrobky \u0161ijeme v na\u0161\u00ed d\u00edln\u011b dle Va\u0161eho p\u0159\u00e1n\u00ed a na m\u00edru, dle konkr\u00e9tn\u00edho v\u00fdrobku.<\/strong><\/p>\n<p>M\u016f\u017eete tak\u00e9 vid\u011bt v\u00edce o n\u00e1s, o Lanaji, z ka\u017edodenn\u00edho \u017eivota v na\u0161em studiu, recenze spokojen\u00fdch z\u00e1kazn\u00edk\u016f na na\u0161ich soci\u00e1ln\u00edch s\u00edt\u00edch <a href=\"https:\/\/www.instagram.com\/lanaja_sk\/\" target=\"_blank\" rel=\"noopener\">Lanaja na Instagramu<\/a> a <a href=\"https:\/\/www.facebook.com\/Abreadbag\" target=\"_blank\" rel=\"noopener\">Lanaja na Facebook-u<\/a><\/p>\n","protected":false},"excerpt":{"rendered":"<p>V\u00e1\u0161 ka\u017edodenn\u00ed chl\u00e9b si zaslou\u017e\u00ed speci\u00e1ln\u00ed pytl\u00edk. Nechte svou kuchyni vybavit kvalitn\u00edmi a udr\u017eiteln\u00fdmi dopl\u0148ky. Na\u0161e ln\u011bn\u00e9 pytl\u00edky na chl\u00e9b jsou pr\u00e1v\u011b takov\u00fdm produktem, kter\u00fd v\u00e1m nejen u\u0161et\u0159\u00ed \u010das a pen\u00edze, ale tak\u00e9 pom\u016f\u017ee chr\u00e1nit \u017eivotn\u00ed prost\u0159ed\u00ed. Spole\u010dn\u011b m\u016f\u017eeme zm\u011bnit sv\u011bt k lep\u0161\u00edmu \u2013 chl\u00e9b po chlebu, krok za krokem.<\/p>\n","protected":false},"featured_media":15918,"template":"","meta":[],"product_brand":[],"product_cat":[177,340,335],"product_tag":[],"class_list":{"0":"post-13245","1":"product","2":"type-product","3":"status-publish","4":"has-post-thumbnail","6":"product_cat-lnene-pytliky","7":"product_cat-lnene-pytliky-bez-podsivky","8":"product_cat-lnene-pytliky-s-vysivkou","10":"first","11":"onbackorder","12":"shipping-taxable","13":"purchasable","14":"product-type-variable"},"yoast_head":"<!-- This site is optimized with the Yoast SEO plugin v27.4 - https:\/\/yoast.com\/product\/yoast-seo-wordpress\/ -->\n<title>Ln\u011bn\u00fd pytl\u00edk na chl\u00e9b &#8226; Lanaja-slovensk\u00e1 udr\u017eiteln\u00e1 zna\u010dka a v\u00fdrobce ln\u011bn\u00e9ho textilu<\/title>\n<meta name=\"description\" content=\"Ln\u011bn\u00fd s\u00e1\u010dek na chl\u00e9b a pe\u010divo je ide\u00e1ln\u00ed pro skladov\u00e1n\u00ed kv\u00e1skov\u00e9ho pe\u010diva, pokud si kv\u00e1skov\u00fd chl\u00e9b pe\u010dete sami doma, jsou jeho ide\u00e1ln\u00edm obalem.\" \/>\n<meta name=\"robots\" content=\"index, follow, max-snippet:-1, max-image-preview:large, max-video-preview:-1\" \/>\n<link rel=\"canonical\" href=\"https:\/\/lanaja.sk\/cs\/obchod\/lneny-pytel-na-chleb-a-pecivo\/\" \/>\n<meta property=\"og:locale\" content=\"cs_CZ\" \/>\n<meta property=\"og:type\" content=\"article\" \/>\n<meta property=\"og:title\" content=\"Ln\u011bn\u00fd pytl\u00edk na chl\u00e9b &#8226; Lanaja-slovensk\u00e1 udr\u017eiteln\u00e1 zna\u010dka a v\u00fdrobce ln\u011bn\u00e9ho textilu\" \/>\n<meta property=\"og:description\" content=\"Ln\u011bn\u00fd s\u00e1\u010dek na chl\u00e9b a pe\u010divo je ide\u00e1ln\u00ed pro skladov\u00e1n\u00ed kv\u00e1skov\u00e9ho pe\u010diva, pokud si kv\u00e1skov\u00fd chl\u00e9b pe\u010dete sami doma, jsou jeho ide\u00e1ln\u00edm obalem.\" \/>\n<meta property=\"og:url\" content=\"https:\/\/lanaja.sk\/cs\/obchod\/lneny-pytel-na-chleb-a-pecivo\/\" \/>\n<meta property=\"og:site_name\" content=\"Lanaja-slovensk\u00e1 udr\u017eiteln\u00e1 zna\u010dka a v\u00fdrobce ln\u011bn\u00e9ho textilu\" \/>\n<meta property=\"article:publisher\" content=\"https:\/\/www.facebook.com\/Abreadbag\" \/>\n<meta property=\"og:image\" content=\"https:\/\/lanaja.sk\/wp-content\/uploads\/2018\/01\/lanove-vrecko-na-chlieb-lanaja.jpg\" \/>\n\t<meta property=\"og:image:width\" content=\"1080\" \/>\n\t<meta property=\"og:image:height\" content=\"1920\" \/>\n\t<meta property=\"og:image:type\" content=\"image\/jpeg\" \/>\n<meta name=\"twitter:card\" content=\"summary_large_image\" \/>\n<meta name=\"twitter:label1\" content=\"Odhadovan\u00e1 doba \u010dten\u00ed\" \/>\n\t<meta name=\"twitter:data1\" content=\"3 minuty\" \/>\n<script type=\"application\/ld+json\" class=\"yoast-schema-graph\">{\"@context\":\"https:\\\/\\\/schema.org\",\"@graph\":[{\"@type\":\"WebPage\",\"@id\":\"https:\\\/\\\/lanaja.sk\\\/cs\\\/obchod\\\/lneny-pytel-na-chleb-a-pecivo\\\/\",\"url\":\"https:\\\/\\\/lanaja.sk\\\/cs\\\/obchod\\\/lneny-pytel-na-chleb-a-pecivo\\\/\",\"name\":\"Ln\u011bn\u00fd pytl\u00edk na chl\u00e9b &#8226; Lanaja-slovensk\u00e1 udr\u017eiteln\u00e1 zna\u010dka a v\u00fdrobce ln\u011bn\u00e9ho textilu\",\"isPartOf\":{\"@id\":\"https:\\\/\\\/lanaja.sk\\\/cs\\\/#website\"},\"primaryImageOfPage\":{\"@id\":\"https:\\\/\\\/lanaja.sk\\\/cs\\\/obchod\\\/lneny-pytel-na-chleb-a-pecivo\\\/#primaryimage\"},\"image\":{\"@id\":\"https:\\\/\\\/lanaja.sk\\\/cs\\\/obchod\\\/lneny-pytel-na-chleb-a-pecivo\\\/#primaryimage\"},\"thumbnailUrl\":\"https:\\\/\\\/lanaja.sk\\\/wp-content\\\/uploads\\\/2018\\\/01\\\/lanove-vrecko-na-chlieb-lanaja.jpg\",\"datePublished\":\"2025-08-03T11:25:33+00:00\",\"description\":\"Ln\u011bn\u00fd s\u00e1\u010dek na chl\u00e9b a pe\u010divo je ide\u00e1ln\u00ed pro skladov\u00e1n\u00ed kv\u00e1skov\u00e9ho pe\u010diva, pokud si kv\u00e1skov\u00fd chl\u00e9b pe\u010dete sami doma, jsou jeho ide\u00e1ln\u00edm obalem.\",\"breadcrumb\":{\"@id\":\"https:\\\/\\\/lanaja.sk\\\/cs\\\/obchod\\\/lneny-pytel-na-chleb-a-pecivo\\\/#breadcrumb\"},\"inLanguage\":\"cs\",\"potentialAction\":[{\"@type\":\"ReadAction\",\"target\":[\"https:\\\/\\\/lanaja.sk\\\/cs\\\/obchod\\\/lneny-pytel-na-chleb-a-pecivo\\\/\"]}]},{\"@type\":\"ImageObject\",\"inLanguage\":\"cs\",\"@id\":\"https:\\\/\\\/lanaja.sk\\\/cs\\\/obchod\\\/lneny-pytel-na-chleb-a-pecivo\\\/#primaryimage\",\"url\":\"https:\\\/\\\/lanaja.sk\\\/wp-content\\\/uploads\\\/2018\\\/01\\\/lanove-vrecko-na-chlieb-lanaja.jpg\",\"contentUrl\":\"https:\\\/\\\/lanaja.sk\\\/wp-content\\\/uploads\\\/2018\\\/01\\\/lanove-vrecko-na-chlieb-lanaja.jpg\",\"width\":1080,\"height\":1920,\"caption\":\"Vrec\u00fa\u0161ko na chlieb z ru\u010dne tkan\u00e9ho \u013eanov\u00e9ho pl\u00e1tna s v\u00fd\u0161ivkou\"},{\"@type\":\"BreadcrumbList\",\"@id\":\"https:\\\/\\\/lanaja.sk\\\/cs\\\/obchod\\\/lneny-pytel-na-chleb-a-pecivo\\\/#breadcrumb\",\"itemListElement\":[{\"@type\":\"ListItem\",\"position\":1,\"name\":\"Home\",\"item\":\"https:\\\/\\\/lanaja.sk\\\/cs\\\/\"},{\"@type\":\"ListItem\",\"position\":2,\"name\":\"Obchod\",\"item\":\"https:\\\/\\\/lanaja.sk\\\/cs\\\/obchod-cz\\\/\"},{\"@type\":\"ListItem\",\"position\":3,\"name\":\"Ln\u011bn\u00fd pytl\u00edk na chl\u00e9b\"}]},{\"@type\":\"WebSite\",\"@id\":\"https:\\\/\\\/lanaja.sk\\\/cs\\\/#website\",\"url\":\"https:\\\/\\\/lanaja.sk\\\/cs\\\/\",\"name\":\"Lanaja - bytov\u00fd textil z \u013eanu a \u013eanov\u00e9 v\u00fdrobky\",\"description\":\"Jedine\u010dn\u00fd bytov\u00fd textil, ln\u011bn\u00e9 pytl\u00edky, ln\u011bn\u00e9 ubrusy, ln\u011bn\u00e9 lo\u017en\u00ed povle\u010den\u00ed, ln\u011bn\u00e9 ut\u011brky, ln\u011bn\u00e9 prost\u00edr\u00e1n\u00ed vyroben\u00e9 a \u0161it\u00e9 na Slovensku\",\"publisher\":{\"@id\":\"https:\\\/\\\/lanaja.sk\\\/cs\\\/#organization\"},\"alternateName\":\"Lanaja - v\u00fdrobky z \u013eanu, \u013eanov\u00fd bytov\u00fd textil\",\"potentialAction\":[{\"@type\":\"SearchAction\",\"target\":{\"@type\":\"EntryPoint\",\"urlTemplate\":\"https:\\\/\\\/lanaja.sk\\\/cs\\\/?s={search_term_string}\"},\"query-input\":{\"@type\":\"PropertyValueSpecification\",\"valueRequired\":true,\"valueName\":\"search_term_string\"}}],\"inLanguage\":\"cs\"},{\"@type\":\"Organization\",\"@id\":\"https:\\\/\\\/lanaja.sk\\\/cs\\\/#organization\",\"name\":\"Lanaja\",\"alternateName\":\"Al\u017ebeta Andr\u00e1\u0161ikov\u00e1 - Lanaja\",\"url\":\"https:\\\/\\\/lanaja.sk\\\/cs\\\/\",\"logo\":{\"@type\":\"ImageObject\",\"inLanguage\":\"cs\",\"@id\":\"https:\\\/\\\/lanaja.sk\\\/cs\\\/#\\\/schema\\\/logo\\\/image\\\/\",\"url\":\"https:\\\/\\\/lanaja.sk\\\/wp-content\\\/uploads\\\/2024\\\/01\\\/Lanaja.sk-logo.png\",\"contentUrl\":\"https:\\\/\\\/lanaja.sk\\\/wp-content\\\/uploads\\\/2024\\\/01\\\/Lanaja.sk-logo.png\",\"width\":600,\"height\":300,\"caption\":\"Lanaja\"},\"image\":{\"@id\":\"https:\\\/\\\/lanaja.sk\\\/cs\\\/#\\\/schema\\\/logo\\\/image\\\/\"},\"sameAs\":[\"https:\\\/\\\/www.facebook.com\\\/Abreadbag\",\"https:\\\/\\\/www.instagram.com\\\/lanaja_sk\\\/\"]}]}<\/script>\n<!-- \/ Yoast SEO plugin. -->","yoast_head_json":{"title":"Ln\u011bn\u00fd pytl\u00edk na chl\u00e9b &#8226; Lanaja-slovensk\u00e1 udr\u017eiteln\u00e1 zna\u010dka a v\u00fdrobce ln\u011bn\u00e9ho textilu","description":"Ln\u011bn\u00fd s\u00e1\u010dek na chl\u00e9b a pe\u010divo je ide\u00e1ln\u00ed pro skladov\u00e1n\u00ed kv\u00e1skov\u00e9ho pe\u010diva, pokud si kv\u00e1skov\u00fd chl\u00e9b pe\u010dete sami doma, jsou jeho ide\u00e1ln\u00edm obalem.","robots":{"index":"index","follow":"follow","max-snippet":"max-snippet:-1","max-image-preview":"max-image-preview:large","max-video-preview":"max-video-preview:-1"},"canonical":"https:\/\/lanaja.sk\/cs\/obchod\/lneny-pytel-na-chleb-a-pecivo\/","og_locale":"cs_CZ","og_type":"article","og_title":"Ln\u011bn\u00fd pytl\u00edk na chl\u00e9b &#8226; Lanaja-slovensk\u00e1 udr\u017eiteln\u00e1 zna\u010dka a v\u00fdrobce ln\u011bn\u00e9ho textilu","og_description":"Ln\u011bn\u00fd s\u00e1\u010dek na chl\u00e9b a pe\u010divo je ide\u00e1ln\u00ed pro skladov\u00e1n\u00ed kv\u00e1skov\u00e9ho pe\u010diva, pokud si kv\u00e1skov\u00fd chl\u00e9b pe\u010dete sami doma, jsou jeho ide\u00e1ln\u00edm obalem.","og_url":"https:\/\/lanaja.sk\/cs\/obchod\/lneny-pytel-na-chleb-a-pecivo\/","og_site_name":"Lanaja-slovensk\u00e1 udr\u017eiteln\u00e1 zna\u010dka a v\u00fdrobce ln\u011bn\u00e9ho textilu","article_publisher":"https:\/\/www.facebook.com\/Abreadbag","og_image":[{"width":1080,"height":1920,"url":"https:\/\/lanaja.sk\/wp-content\/uploads\/2018\/01\/lanove-vrecko-na-chlieb-lanaja.jpg","type":"image\/jpeg"}],"twitter_card":"summary_large_image","twitter_misc":{"Odhadovan\u00e1 doba \u010dten\u00ed":"3 minuty"},"schema":{"@context":"https:\/\/schema.org","@graph":[{"@type":"WebPage","@id":"https:\/\/lanaja.sk\/cs\/obchod\/lneny-pytel-na-chleb-a-pecivo\/","url":"https:\/\/lanaja.sk\/cs\/obchod\/lneny-pytel-na-chleb-a-pecivo\/","name":"Ln\u011bn\u00fd pytl\u00edk na chl\u00e9b &#8226; Lanaja-slovensk\u00e1 udr\u017eiteln\u00e1 zna\u010dka a v\u00fdrobce ln\u011bn\u00e9ho textilu","isPartOf":{"@id":"https:\/\/lanaja.sk\/cs\/#website"},"primaryImageOfPage":{"@id":"https:\/\/lanaja.sk\/cs\/obchod\/lneny-pytel-na-chleb-a-pecivo\/#primaryimage"},"image":{"@id":"https:\/\/lanaja.sk\/cs\/obchod\/lneny-pytel-na-chleb-a-pecivo\/#primaryimage"},"thumbnailUrl":"https:\/\/lanaja.sk\/wp-content\/uploads\/2018\/01\/lanove-vrecko-na-chlieb-lanaja.jpg","datePublished":"2025-08-03T11:25:33+00:00","description":"Ln\u011bn\u00fd s\u00e1\u010dek na chl\u00e9b a pe\u010divo je ide\u00e1ln\u00ed pro skladov\u00e1n\u00ed kv\u00e1skov\u00e9ho pe\u010diva, pokud si kv\u00e1skov\u00fd chl\u00e9b pe\u010dete sami doma, jsou jeho ide\u00e1ln\u00edm obalem.","breadcrumb":{"@id":"https:\/\/lanaja.sk\/cs\/obchod\/lneny-pytel-na-chleb-a-pecivo\/#breadcrumb"},"inLanguage":"cs","potentialAction":[{"@type":"ReadAction","target":["https:\/\/lanaja.sk\/cs\/obchod\/lneny-pytel-na-chleb-a-pecivo\/"]}]},{"@type":"ImageObject","inLanguage":"cs","@id":"https:\/\/lanaja.sk\/cs\/obchod\/lneny-pytel-na-chleb-a-pecivo\/#primaryimage","url":"https:\/\/lanaja.sk\/wp-content\/uploads\/2018\/01\/lanove-vrecko-na-chlieb-lanaja.jpg","contentUrl":"https:\/\/lanaja.sk\/wp-content\/uploads\/2018\/01\/lanove-vrecko-na-chlieb-lanaja.jpg","width":1080,"height":1920,"caption":"Vrec\u00fa\u0161ko na chlieb z ru\u010dne tkan\u00e9ho \u013eanov\u00e9ho pl\u00e1tna s v\u00fd\u0161ivkou"},{"@type":"BreadcrumbList","@id":"https:\/\/lanaja.sk\/cs\/obchod\/lneny-pytel-na-chleb-a-pecivo\/#breadcrumb","itemListElement":[{"@type":"ListItem","position":1,"name":"Home","item":"https:\/\/lanaja.sk\/cs\/"},{"@type":"ListItem","position":2,"name":"Obchod","item":"https:\/\/lanaja.sk\/cs\/obchod-cz\/"},{"@type":"ListItem","position":3,"name":"Ln\u011bn\u00fd pytl\u00edk na chl\u00e9b"}]},{"@type":"WebSite","@id":"https:\/\/lanaja.sk\/cs\/#website","url":"https:\/\/lanaja.sk\/cs\/","name":"Lanaja - bytov\u00fd textil z \u013eanu a \u013eanov\u00e9 v\u00fdrobky","description":"Jedine\u010dn\u00fd bytov\u00fd textil, ln\u011bn\u00e9 pytl\u00edky, ln\u011bn\u00e9 ubrusy, ln\u011bn\u00e9 lo\u017en\u00ed povle\u010den\u00ed, ln\u011bn\u00e9 ut\u011brky, ln\u011bn\u00e9 prost\u00edr\u00e1n\u00ed vyroben\u00e9 a \u0161it\u00e9 na Slovensku","publisher":{"@id":"https:\/\/lanaja.sk\/cs\/#organization"},"alternateName":"Lanaja - v\u00fdrobky z \u013eanu, \u013eanov\u00fd bytov\u00fd textil","potentialAction":[{"@type":"SearchAction","target":{"@type":"EntryPoint","urlTemplate":"https:\/\/lanaja.sk\/cs\/?s={search_term_string}"},"query-input":{"@type":"PropertyValueSpecification","valueRequired":true,"valueName":"search_term_string"}}],"inLanguage":"cs"},{"@type":"Organization","@id":"https:\/\/lanaja.sk\/cs\/#organization","name":"Lanaja","alternateName":"Al\u017ebeta Andr\u00e1\u0161ikov\u00e1 - Lanaja","url":"https:\/\/lanaja.sk\/cs\/","logo":{"@type":"ImageObject","inLanguage":"cs","@id":"https:\/\/lanaja.sk\/cs\/#\/schema\/logo\/image\/","url":"https:\/\/lanaja.sk\/wp-content\/uploads\/2024\/01\/Lanaja.sk-logo.png","contentUrl":"https:\/\/lanaja.sk\/wp-content\/uploads\/2024\/01\/Lanaja.sk-logo.png","width":600,"height":300,"caption":"Lanaja"},"image":{"@id":"https:\/\/lanaja.sk\/cs\/#\/schema\/logo\/image\/"},"sameAs":["https:\/\/www.facebook.com\/Abreadbag","https:\/\/www.instagram.com\/lanaja_sk\/"]}]}},"_links":{"self":[{"href":"https:\/\/lanaja.sk\/cs\/wp-json\/wp\/v2\/product\/13245","targetHints":{"allow":["GET"]}}],"collection":[{"href":"https:\/\/lanaja.sk\/cs\/wp-json\/wp\/v2\/product"}],"about":[{"href":"https:\/\/lanaja.sk\/cs\/wp-json\/wp\/v2\/types\/product"}],"version-history":[{"count":2,"href":"https:\/\/lanaja.sk\/cs\/wp-json\/wp\/v2\/product\/13245\/revisions"}],"predecessor-version":[{"id":16471,"href":"https:\/\/lanaja.sk\/cs\/wp-json\/wp\/v2\/product\/13245\/revisions\/16471"}],"wp:featuredmedia":[{"embeddable":true,"href":"https:\/\/lanaja.sk\/cs\/wp-json\/wp\/v2\/media\/15918"}],"wp:attachment":[{"href":"https:\/\/lanaja.sk\/cs\/wp-json\/wp\/v2\/media?parent=13245"}],"wp:term":[{"taxonomy":"product_brand","embeddable":true,"href":"https:\/\/lanaja.sk\/cs\/wp-json\/wp\/v2\/product_brand?post=13245"},{"taxonomy":"product_cat","embeddable":true,"href":"https:\/\/lanaja.sk\/cs\/wp-json\/wp\/v2\/product_cat?post=13245"},{"taxonomy":"product_tag","embeddable":true,"href":"https:\/\/lanaja.sk\/cs\/wp-json\/wp\/v2\/product_tag?post=13245"}],"curies":[{"name":"wp","href":"https:\/\/api.w.org\/{rel}","templated":true}]}}