{"id":13250,"date":"2018-06-14T20:35:55","date_gmt":"2018-06-14T18:35:55","guid":{"rendered":"https:\/\/lanaja.sk\/obchod\/neza\u0159azen\u00e9\/lneny-ubrus-s-krajkou\/"},"modified":"2025-08-02T21:17:25","modified_gmt":"2025-08-02T19:17:25","slug":"lneny-ubrus-s-krajkou","status":"publish","type":"product","link":"https:\/\/lanaja.sk\/cs\/obchod\/lneny-ubrus-s-krajkou\/","title":{"rendered":"Ln\u011bn\u00fd ubrus s krajkou"},"content":{"rendered":"<h2 data-sourcepos=\"1:1-1:52\">Ln\u011bn\u00fd ubrus s krajkou: Kr\u00e1sa a tradice v jednom<\/h2>\n<p data-sourcepos=\"3:1-3:315\">P\u0159edstavte si: Slunce se prol\u00edn\u00e1 p\u0159es okno a dopad\u00e1 na v\u00e1\u0161 st\u016fl, kter\u00fd je p\u0159ekryt\u00fd ln\u011bn\u00fdm ubrusem s jemnou krajkou. V\u016fn\u011b \u010derstv\u011b upe\u010den\u00e9ho chleba se m\u00eds\u00ed s v\u016fn\u00ed lnu a vytv\u00e1\u0159\u00ed atmosf\u00e9ru domova a klidu. Ln\u011bn\u00fd ubrus s krajkou nen\u00ed jen kr\u00e1sn\u00fdm dekora\u010dn\u00edm prvkem, ale tak\u00e9 symbolem tradice a ekologick\u00e9ho p\u0159\u00edstupu k \u017eivotu.<\/p>\n<p data-sourcepos=\"5:1-5:43\"><strong>Pro\u010d si vybrat ln\u011bn\u00fd ubrus?<\/strong><\/p>\n<ul data-sourcepos=\"7:1-11:0\">\n<li data-sourcepos=\"7:1-7:342\"><strong>Estetick\u00e1 hodnota: <\/strong>Jemn\u00e1 krajka dod\u00e1v\u00e1 ubrusu romantick\u00fd n\u00e1dech, \u010d\u00edm\u017e vnese do va\u0161eho interi\u00e9ru elegantn\u00ed a sofistikovan\u00fd vzhled. Ubrus je k dispozici ve dvou barv\u00e1ch \u2013 hn\u011bd\u00e9 a b\u00e9\u017eov\u00e9 \u2013 kter\u00e9 lze snadno kombinovat s r\u016fzn\u00fdmi styly interi\u00e9ru. Na p\u0159\u00e1n\u00ed m\u016f\u017eeme ubrus u\u0161\u00edt i v jin\u00e9 barv\u011b, aby dokonale odpov\u00eddal va\u0161im p\u0159edstav\u00e1m.<\/li>\n<li data-sourcepos=\"8:1-8:321\"><strong>Praktick\u00e9 vlastnosti:<\/strong> Len je sav\u00fd a odoln\u00fd materi\u00e1l, d\u00edky kter\u00e9mu je ubrus ide\u00e1ln\u00ed pro ka\u017edodenn\u00ed pou\u017eit\u00ed. Snadno se udr\u017euje a lze jej pr\u00e1t v pra\u010dce na 40 \u00b0C. Ne\u010distoty se z n\u011bj dob\u0159e \u010dist\u00ed a perou, z\u016fst\u00e1vaj\u00ed na povrchu vl\u00e1ken. D\u00edky termoregula\u010dn\u00edm vlastnostem lnu je ubrus p\u0159\u00edjemn\u00fd na dotek v l\u00e9t\u011b i v zim\u011b.<\/li>\n<li data-sourcepos=\"9:1-9:288\"><strong>Ekologick\u00e1 odpov\u011bdnost:<\/strong> Len je p\u0159\u00edrodn\u00ed materi\u00e1l p\u011bstovan\u00fd bez pou\u017eit\u00ed pesticid\u016f a zavla\u017eov\u00e1n\u00ed. Je pln\u011b biologicky odbourateln\u00fd, a tedy \u0161etrn\u00fd k \u017eivotn\u00edmu prost\u0159ed\u00ed.<\/li>\n<li data-sourcepos=\"10:1-11:0\"><strong>V\u0161estrannost:<\/strong> Ln\u011bn\u00fd ubrus s krajkou je vhodn\u00fd pro r\u016fzn\u00e9 p\u0159\u00edle\u017eitosti, od neform\u00e1ln\u00edho stolov\u00e1n\u00ed a\u017e po slavnostn\u00ed chv\u00edle. Vyu\u017eijete ho na svatb\u00e1ch, k\u0159tin\u00e1ch, narozeninov\u00fdch oslav\u00e1ch nebo v\u00e1no\u010dn\u00edch setk\u00e1n\u00edch. Ubrus bude kr\u00e1sn\u00fdm a praktick\u00fdm dopl\u0148kem ka\u017ed\u00e9ho stolu.<\/li>\n<\/ul>\n<h4 data-sourcepos=\"13:1-13:31\"><strong>N\u00e1\u0161 ln\u011bn\u00fd ubrus s krajkou:<\/strong><\/h4>\n<ul data-sourcepos=\"15:1-21:0\">\n<li data-sourcepos=\"15:1-15:40\">Je u\u0161it\u00fd ze 100% lnu.<\/li>\n<li data-sourcepos=\"16:1-16:44\">Je zdoben\u00fd bavln\u011bnou krajkou o \u0161\u00ed\u0159ce 3 cm.<\/li>\n<li data-sourcepos=\"17:1-17:46\">Je k dispozici ve dvou barv\u00e1ch: hn\u011bd\u00e9 a b\u00e9\u017eov\u00e9.<\/li>\n<li data-sourcepos=\"18:1-18:60\">M\u016f\u017eete si jej objednat i v jin\u00e9 barv\u011b dle va\u0161eho p\u0159\u00e1n\u00ed.<\/li>\n<li data-sourcepos=\"19:1-19:41\">Je detailn\u011b pro\u0161it\u00fd a vypracovan\u00fd.<\/li>\n<li data-sourcepos=\"20:1-21:0\">Snadn\u00e1 \u00fadr\u017eba.<\/li>\n<\/ul>\n<h4 data-sourcepos=\"22:1-22:10\"><strong>Bonus:<\/strong><\/h4>\n<ul data-sourcepos=\"24:1-26:0\">\n<li data-sourcepos=\"24:1-24:96\">Ln\u011bn\u00e9 prost\u00edr\u00e1n\u00ed, ubrousky, \u0161t\u00f3ly, ko\u0161\u00edky a ta\u0161ky m\u016f\u017eete tak\u00e9 doladit ln\u011bn\u00fdm ubrusem.<\/li>\n<li data-sourcepos=\"25:1-26:0\">V\u0161echny na\u0161e ln\u011bn\u00e9 v\u00fdrobky jsou 100% kompostovateln\u00e9.<\/li>\n<\/ul>\n<h4 data-sourcepos=\"27:1-27:100\"><strong>Investujte do ln\u011bn\u00e9ho ubrusu s krajkou a ud\u011blejte n\u011bco dobr\u00e9ho pro sebe i \u017eivotn\u00ed prost\u0159ed\u00ed!<\/strong><\/h4>\n<p><strong>Po\u010d\u00edtejte s dodac\u00ed lh\u016ftou 5-15 pracovn\u00edch dn\u016f, pokud nem\u00e1me produkt \u0161it\u00fd skladem, ru\u010dn\u00ed pr\u00e1ce vy\u017eaduje n\u00e1\u0161 \u010das. Ln\u011bn\u00e9 v\u00fdrobky \u0161ijeme v na\u0161\u00ed d\u00edln\u011b dle Va\u0161eho p\u0159\u00e1n\u00ed a na m\u00edru v z\u00e1vislosti na konkr\u00e9tn\u00edm v\u00fdrobku.<\/strong><\/p>\n","protected":false},"excerpt":{"rendered":"<p>Hled\u00e1te elegantn\u00ed a z\u00e1rove\u0148 praktick\u00fd ubrus, kter\u00fd dod\u00e1 va\u0161emu stolov\u00e1n\u00ed \u0161mrnc? Ln\u011bn\u00fd ubrus s krajkou od n\u00e1s je perfektn\u00ed volbou! \u0160it\u00fd ze 100% lnu a zdoben\u00fd jemnou bavln\u011bnou krajkou se stane klenotem va\u0161eho interi\u00e9ru.<\/p>\n","protected":false},"featured_media":6728,"template":"","meta":[],"product_brand":[],"product_cat":[351],"product_tag":[352],"class_list":{"0":"post-13250","1":"product","2":"type-product","3":"status-publish","4":"has-post-thumbnail","6":"product_cat-lnene-ubrusy-a-prostirani","7":"product_tag-lneny-ubrus","9":"first","10":"onbackorder","11":"shipping-taxable","12":"purchasable","13":"product-type-variable"},"yoast_head":"<!-- This site is optimized with the Yoast SEO plugin v27.4 - https:\/\/yoast.com\/product\/yoast-seo-wordpress\/ -->\n<title>Ln\u011bn\u00fd ubrus s krajkou &#8226; Lanaja-slovensk\u00e1 udr\u017eiteln\u00e1 zna\u010dka a v\u00fdrobce ln\u011bn\u00e9ho textilu<\/title>\n<meta name=\"description\" content=\"Ln\u011bn\u00fd ubrus s krajkou je nejen kr\u00e1sn\u00fdm dekorativn\u00edm prvkem, ale tak\u00e9 symbolem tradice a ekologick\u00e9ho p\u0159\u00edstupu k \u017eivotu. Je detailn\u011b pro\u0161it\u00fd...\" \/>\n<meta name=\"robots\" content=\"index, follow, max-snippet:-1, max-image-preview:large, max-video-preview:-1\" \/>\n<link rel=\"canonical\" href=\"https:\/\/lanaja.sk\/cs\/obchod\/lneny-ubrus-s-krajkou\/\" \/>\n<meta property=\"og:locale\" content=\"cs_CZ\" \/>\n<meta property=\"og:type\" content=\"article\" \/>\n<meta property=\"og:title\" content=\"Ln\u011bn\u00fd ubrus s krajkou &#8226; Lanaja-slovensk\u00e1 udr\u017eiteln\u00e1 zna\u010dka a v\u00fdrobce ln\u011bn\u00e9ho textilu\" \/>\n<meta property=\"og:description\" content=\"Ln\u011bn\u00fd ubrus s krajkou je nejen kr\u00e1sn\u00fdm dekorativn\u00edm prvkem, ale tak\u00e9 symbolem tradice a ekologick\u00e9ho p\u0159\u00edstupu k \u017eivotu. Je detailn\u011b pro\u0161it\u00fd...\" \/>\n<meta property=\"og:url\" content=\"https:\/\/lanaja.sk\/cs\/obchod\/lneny-ubrus-s-krajkou\/\" \/>\n<meta property=\"og:site_name\" content=\"Lanaja-slovensk\u00e1 udr\u017eiteln\u00e1 zna\u010dka a v\u00fdrobce ln\u011bn\u00e9ho textilu\" \/>\n<meta property=\"article:publisher\" content=\"https:\/\/www.facebook.com\/Abreadbag\" \/>\n<meta property=\"article:modified_time\" content=\"2025-08-02T19:17:25+00:00\" \/>\n<meta property=\"og:image\" content=\"https:\/\/lanaja.sk\/wp-content\/uploads\/2018\/06\/sashe3304-e1586806964987-jpeg.webp\" \/>\n\t<meta property=\"og:image:width\" content=\"616\" \/>\n\t<meta property=\"og:image:height\" content=\"800\" \/>\n\t<meta property=\"og:image:type\" content=\"image\/jpeg\" \/>\n<meta name=\"twitter:card\" content=\"summary_large_image\" \/>\n<meta name=\"twitter:label1\" content=\"Odhadovan\u00e1 doba \u010dten\u00ed\" \/>\n\t<meta name=\"twitter:data1\" content=\"2 minuty\" \/>\n<script type=\"application\/ld+json\" class=\"yoast-schema-graph\">{\"@context\":\"https:\\\/\\\/schema.org\",\"@graph\":[{\"@type\":\"WebPage\",\"@id\":\"https:\\\/\\\/lanaja.sk\\\/cs\\\/obchod\\\/lneny-ubrus-s-krajkou\\\/\",\"url\":\"https:\\\/\\\/lanaja.sk\\\/cs\\\/obchod\\\/lneny-ubrus-s-krajkou\\\/\",\"name\":\"Ln\u011bn\u00fd ubrus s krajkou &#8226; Lanaja-slovensk\u00e1 udr\u017eiteln\u00e1 zna\u010dka a v\u00fdrobce ln\u011bn\u00e9ho textilu\",\"isPartOf\":{\"@id\":\"https:\\\/\\\/lanaja.sk\\\/cs\\\/#website\"},\"primaryImageOfPage\":{\"@id\":\"https:\\\/\\\/lanaja.sk\\\/cs\\\/obchod\\\/lneny-ubrus-s-krajkou\\\/#primaryimage\"},\"image\":{\"@id\":\"https:\\\/\\\/lanaja.sk\\\/cs\\\/obchod\\\/lneny-ubrus-s-krajkou\\\/#primaryimage\"},\"thumbnailUrl\":\"https:\\\/\\\/lanaja.sk\\\/wp-content\\\/uploads\\\/2018\\\/06\\\/sashe3304-e1586806964987-jpeg.webp\",\"datePublished\":\"2018-06-14T18:35:55+00:00\",\"dateModified\":\"2025-08-02T19:17:25+00:00\",\"description\":\"Ln\u011bn\u00fd ubrus s krajkou je nejen kr\u00e1sn\u00fdm dekorativn\u00edm prvkem, ale tak\u00e9 symbolem tradice a ekologick\u00e9ho p\u0159\u00edstupu k \u017eivotu. Je detailn\u011b pro\u0161it\u00fd...\",\"breadcrumb\":{\"@id\":\"https:\\\/\\\/lanaja.sk\\\/cs\\\/obchod\\\/lneny-ubrus-s-krajkou\\\/#breadcrumb\"},\"inLanguage\":\"cs\",\"potentialAction\":[{\"@type\":\"ReadAction\",\"target\":[\"https:\\\/\\\/lanaja.sk\\\/cs\\\/obchod\\\/lneny-ubrus-s-krajkou\\\/\"]}]},{\"@type\":\"ImageObject\",\"inLanguage\":\"cs\",\"@id\":\"https:\\\/\\\/lanaja.sk\\\/cs\\\/obchod\\\/lneny-ubrus-s-krajkou\\\/#primaryimage\",\"url\":\"https:\\\/\\\/lanaja.sk\\\/wp-content\\\/uploads\\\/2018\\\/06\\\/sashe3304-e1586806964987-jpeg.webp\",\"contentUrl\":\"https:\\\/\\\/lanaja.sk\\\/wp-content\\\/uploads\\\/2018\\\/06\\\/sashe3304-e1586806964987-jpeg.webp\",\"width\":616,\"height\":800,\"caption\":\"kuchynsk\u00e9 obrusy\"},{\"@type\":\"BreadcrumbList\",\"@id\":\"https:\\\/\\\/lanaja.sk\\\/cs\\\/obchod\\\/lneny-ubrus-s-krajkou\\\/#breadcrumb\",\"itemListElement\":[{\"@type\":\"ListItem\",\"position\":1,\"name\":\"Home\",\"item\":\"https:\\\/\\\/lanaja.sk\\\/cs\\\/\"},{\"@type\":\"ListItem\",\"position\":2,\"name\":\"Obchod\",\"item\":\"https:\\\/\\\/lanaja.sk\\\/cs\\\/obchod-cz\\\/\"},{\"@type\":\"ListItem\",\"position\":3,\"name\":\"Ln\u011bn\u00fd ubrus s krajkou\"}]},{\"@type\":\"WebSite\",\"@id\":\"https:\\\/\\\/lanaja.sk\\\/cs\\\/#website\",\"url\":\"https:\\\/\\\/lanaja.sk\\\/cs\\\/\",\"name\":\"Lanaja - bytov\u00fd textil z \u013eanu a \u013eanov\u00e9 v\u00fdrobky\",\"description\":\"Jedine\u010dn\u00fd bytov\u00fd textil, ln\u011bn\u00e9 pytl\u00edky, ln\u011bn\u00e9 ubrusy, ln\u011bn\u00e9 lo\u017en\u00ed povle\u010den\u00ed, ln\u011bn\u00e9 ut\u011brky, ln\u011bn\u00e9 prost\u00edr\u00e1n\u00ed vyroben\u00e9 a \u0161it\u00e9 na Slovensku\",\"publisher\":{\"@id\":\"https:\\\/\\\/lanaja.sk\\\/cs\\\/#organization\"},\"alternateName\":\"Lanaja - v\u00fdrobky z \u013eanu, \u013eanov\u00fd bytov\u00fd textil\",\"potentialAction\":[{\"@type\":\"SearchAction\",\"target\":{\"@type\":\"EntryPoint\",\"urlTemplate\":\"https:\\\/\\\/lanaja.sk\\\/cs\\\/?s={search_term_string}\"},\"query-input\":{\"@type\":\"PropertyValueSpecification\",\"valueRequired\":true,\"valueName\":\"search_term_string\"}}],\"inLanguage\":\"cs\"},{\"@type\":\"Organization\",\"@id\":\"https:\\\/\\\/lanaja.sk\\\/cs\\\/#organization\",\"name\":\"Lanaja\",\"alternateName\":\"Al\u017ebeta Andr\u00e1\u0161ikov\u00e1 - Lanaja\",\"url\":\"https:\\\/\\\/lanaja.sk\\\/cs\\\/\",\"logo\":{\"@type\":\"ImageObject\",\"inLanguage\":\"cs\",\"@id\":\"https:\\\/\\\/lanaja.sk\\\/cs\\\/#\\\/schema\\\/logo\\\/image\\\/\",\"url\":\"https:\\\/\\\/lanaja.sk\\\/wp-content\\\/uploads\\\/2024\\\/01\\\/Lanaja.sk-logo.png\",\"contentUrl\":\"https:\\\/\\\/lanaja.sk\\\/wp-content\\\/uploads\\\/2024\\\/01\\\/Lanaja.sk-logo.png\",\"width\":600,\"height\":300,\"caption\":\"Lanaja\"},\"image\":{\"@id\":\"https:\\\/\\\/lanaja.sk\\\/cs\\\/#\\\/schema\\\/logo\\\/image\\\/\"},\"sameAs\":[\"https:\\\/\\\/www.facebook.com\\\/Abreadbag\",\"https:\\\/\\\/www.instagram.com\\\/lanaja_sk\\\/\"]}]}<\/script>\n<!-- \/ Yoast SEO plugin. -->","yoast_head_json":{"title":"Ln\u011bn\u00fd ubrus s krajkou &#8226; Lanaja-slovensk\u00e1 udr\u017eiteln\u00e1 zna\u010dka a v\u00fdrobce ln\u011bn\u00e9ho textilu","description":"Ln\u011bn\u00fd ubrus s krajkou je nejen kr\u00e1sn\u00fdm dekorativn\u00edm prvkem, ale tak\u00e9 symbolem tradice a ekologick\u00e9ho p\u0159\u00edstupu k \u017eivotu. Je detailn\u011b pro\u0161it\u00fd...","robots":{"index":"index","follow":"follow","max-snippet":"max-snippet:-1","max-image-preview":"max-image-preview:large","max-video-preview":"max-video-preview:-1"},"canonical":"https:\/\/lanaja.sk\/cs\/obchod\/lneny-ubrus-s-krajkou\/","og_locale":"cs_CZ","og_type":"article","og_title":"Ln\u011bn\u00fd ubrus s krajkou &#8226; Lanaja-slovensk\u00e1 udr\u017eiteln\u00e1 zna\u010dka a v\u00fdrobce ln\u011bn\u00e9ho textilu","og_description":"Ln\u011bn\u00fd ubrus s krajkou je nejen kr\u00e1sn\u00fdm dekorativn\u00edm prvkem, ale tak\u00e9 symbolem tradice a ekologick\u00e9ho p\u0159\u00edstupu k \u017eivotu. Je detailn\u011b pro\u0161it\u00fd...","og_url":"https:\/\/lanaja.sk\/cs\/obchod\/lneny-ubrus-s-krajkou\/","og_site_name":"Lanaja-slovensk\u00e1 udr\u017eiteln\u00e1 zna\u010dka a v\u00fdrobce ln\u011bn\u00e9ho textilu","article_publisher":"https:\/\/www.facebook.com\/Abreadbag","article_modified_time":"2025-08-02T19:17:25+00:00","og_image":[{"width":616,"height":800,"url":"https:\/\/lanaja.sk\/wp-content\/uploads\/2018\/06\/sashe3304-e1586806964987-jpeg.webp","type":"image\/jpeg"}],"twitter_card":"summary_large_image","twitter_misc":{"Odhadovan\u00e1 doba \u010dten\u00ed":"2 minuty"},"schema":{"@context":"https:\/\/schema.org","@graph":[{"@type":"WebPage","@id":"https:\/\/lanaja.sk\/cs\/obchod\/lneny-ubrus-s-krajkou\/","url":"https:\/\/lanaja.sk\/cs\/obchod\/lneny-ubrus-s-krajkou\/","name":"Ln\u011bn\u00fd ubrus s krajkou &#8226; Lanaja-slovensk\u00e1 udr\u017eiteln\u00e1 zna\u010dka a v\u00fdrobce ln\u011bn\u00e9ho textilu","isPartOf":{"@id":"https:\/\/lanaja.sk\/cs\/#website"},"primaryImageOfPage":{"@id":"https:\/\/lanaja.sk\/cs\/obchod\/lneny-ubrus-s-krajkou\/#primaryimage"},"image":{"@id":"https:\/\/lanaja.sk\/cs\/obchod\/lneny-ubrus-s-krajkou\/#primaryimage"},"thumbnailUrl":"https:\/\/lanaja.sk\/wp-content\/uploads\/2018\/06\/sashe3304-e1586806964987-jpeg.webp","datePublished":"2018-06-14T18:35:55+00:00","dateModified":"2025-08-02T19:17:25+00:00","description":"Ln\u011bn\u00fd ubrus s krajkou je nejen kr\u00e1sn\u00fdm dekorativn\u00edm prvkem, ale tak\u00e9 symbolem tradice a ekologick\u00e9ho p\u0159\u00edstupu k \u017eivotu. Je detailn\u011b pro\u0161it\u00fd...","breadcrumb":{"@id":"https:\/\/lanaja.sk\/cs\/obchod\/lneny-ubrus-s-krajkou\/#breadcrumb"},"inLanguage":"cs","potentialAction":[{"@type":"ReadAction","target":["https:\/\/lanaja.sk\/cs\/obchod\/lneny-ubrus-s-krajkou\/"]}]},{"@type":"ImageObject","inLanguage":"cs","@id":"https:\/\/lanaja.sk\/cs\/obchod\/lneny-ubrus-s-krajkou\/#primaryimage","url":"https:\/\/lanaja.sk\/wp-content\/uploads\/2018\/06\/sashe3304-e1586806964987-jpeg.webp","contentUrl":"https:\/\/lanaja.sk\/wp-content\/uploads\/2018\/06\/sashe3304-e1586806964987-jpeg.webp","width":616,"height":800,"caption":"kuchynsk\u00e9 obrusy"},{"@type":"BreadcrumbList","@id":"https:\/\/lanaja.sk\/cs\/obchod\/lneny-ubrus-s-krajkou\/#breadcrumb","itemListElement":[{"@type":"ListItem","position":1,"name":"Home","item":"https:\/\/lanaja.sk\/cs\/"},{"@type":"ListItem","position":2,"name":"Obchod","item":"https:\/\/lanaja.sk\/cs\/obchod-cz\/"},{"@type":"ListItem","position":3,"name":"Ln\u011bn\u00fd ubrus s krajkou"}]},{"@type":"WebSite","@id":"https:\/\/lanaja.sk\/cs\/#website","url":"https:\/\/lanaja.sk\/cs\/","name":"Lanaja - bytov\u00fd textil z \u013eanu a \u013eanov\u00e9 v\u00fdrobky","description":"Jedine\u010dn\u00fd bytov\u00fd textil, ln\u011bn\u00e9 pytl\u00edky, ln\u011bn\u00e9 ubrusy, ln\u011bn\u00e9 lo\u017en\u00ed povle\u010den\u00ed, ln\u011bn\u00e9 ut\u011brky, ln\u011bn\u00e9 prost\u00edr\u00e1n\u00ed vyroben\u00e9 a \u0161it\u00e9 na Slovensku","publisher":{"@id":"https:\/\/lanaja.sk\/cs\/#organization"},"alternateName":"Lanaja - v\u00fdrobky z \u013eanu, \u013eanov\u00fd bytov\u00fd textil","potentialAction":[{"@type":"SearchAction","target":{"@type":"EntryPoint","urlTemplate":"https:\/\/lanaja.sk\/cs\/?s={search_term_string}"},"query-input":{"@type":"PropertyValueSpecification","valueRequired":true,"valueName":"search_term_string"}}],"inLanguage":"cs"},{"@type":"Organization","@id":"https:\/\/lanaja.sk\/cs\/#organization","name":"Lanaja","alternateName":"Al\u017ebeta Andr\u00e1\u0161ikov\u00e1 - Lanaja","url":"https:\/\/lanaja.sk\/cs\/","logo":{"@type":"ImageObject","inLanguage":"cs","@id":"https:\/\/lanaja.sk\/cs\/#\/schema\/logo\/image\/","url":"https:\/\/lanaja.sk\/wp-content\/uploads\/2024\/01\/Lanaja.sk-logo.png","contentUrl":"https:\/\/lanaja.sk\/wp-content\/uploads\/2024\/01\/Lanaja.sk-logo.png","width":600,"height":300,"caption":"Lanaja"},"image":{"@id":"https:\/\/lanaja.sk\/cs\/#\/schema\/logo\/image\/"},"sameAs":["https:\/\/www.facebook.com\/Abreadbag","https:\/\/www.instagram.com\/lanaja_sk\/"]}]}},"_links":{"self":[{"href":"https:\/\/lanaja.sk\/cs\/wp-json\/wp\/v2\/product\/13250","targetHints":{"allow":["GET"]}}],"collection":[{"href":"https:\/\/lanaja.sk\/cs\/wp-json\/wp\/v2\/product"}],"about":[{"href":"https:\/\/lanaja.sk\/cs\/wp-json\/wp\/v2\/types\/product"}],"version-history":[{"count":1,"href":"https:\/\/lanaja.sk\/cs\/wp-json\/wp\/v2\/product\/13250\/revisions"}],"predecessor-version":[{"id":16464,"href":"https:\/\/lanaja.sk\/cs\/wp-json\/wp\/v2\/product\/13250\/revisions\/16464"}],"wp:featuredmedia":[{"embeddable":true,"href":"https:\/\/lanaja.sk\/cs\/wp-json\/wp\/v2\/media\/6728"}],"wp:attachment":[{"href":"https:\/\/lanaja.sk\/cs\/wp-json\/wp\/v2\/media?parent=13250"}],"wp:term":[{"taxonomy":"product_brand","embeddable":true,"href":"https:\/\/lanaja.sk\/cs\/wp-json\/wp\/v2\/product_brand?post=13250"},{"taxonomy":"product_cat","embeddable":true,"href":"https:\/\/lanaja.sk\/cs\/wp-json\/wp\/v2\/product_cat?post=13250"},{"taxonomy":"product_tag","embeddable":true,"href":"https:\/\/lanaja.sk\/cs\/wp-json\/wp\/v2\/product_tag?post=13250"}],"curies":[{"name":"wp","href":"https:\/\/api.w.org\/{rel}","templated":true}]}}