{"id":13271,"date":"2020-04-13T20:24:29","date_gmt":"2020-04-13T18:24:29","guid":{"rendered":"https:\/\/lanaja.sk\/obchod\/neza\u0159azen\u00e9\/povleceni-s-volanem\/"},"modified":"2025-08-02T20:08:08","modified_gmt":"2025-08-02T18:08:08","slug":"povleceni-s-volanem","status":"publish","type":"product","link":"https:\/\/lanaja.sk\/cs\/obchod\/povleceni-s-volanem\/","title":{"rendered":"Ln\u011bn\u00e1 \u0161t\u00f3la s vol\u00e1nem"},"content":{"rendered":"<h2>Ln\u011bn\u00e1 \u0161t\u00f3la s vol\u00e1nem<\/h2>\n<p>Ln\u011bn\u00e1 \u0161t\u00f3la s vol\u00e1nem p\u0159edstavuje dokonalou kombinaci elegance, funk\u010dnosti a \u0161etrnosti k \u017eivotn\u00edmu prost\u0159ed\u00ed. U\u0161ita z p\u0159edepran\u00e9ho a m\u011bk\u010den\u00e9ho 100% lnu, p\u0159in\u00e1\u0161\u00ed do va\u0161\u00ed dom\u00e1cnosti p\u0159\u00edrodn\u00ed kr\u00e1su a eleganci.<\/p>\n<p>Len je zn\u00e1m\u00fd svou schopnost\u00ed zjem\u0148ovat se s ka\u017ed\u00fdm pran\u00edm a bez starost\u00ed se m\u016f\u017eete t\u011b\u0161it z jeho p\u0159irozen\u00e9 ma\u010dkavosti, kter\u00e1 dod\u00e1v\u00e1 \u0161tole autentick\u00fd rustik\u00e1ln\u00ed vzhled. Pokud jste milovn\u00edkem pomal\u00e9ho \u017eivota a db\u00e1te na udr\u017eitelnost, ln\u011bn\u00e1 \u0161t\u00f3la je pro v\u00e1s tou spr\u00e1vnou volbou.<\/p>\n<p>P\u0159i v\u00fdb\u011bru ln\u011bn\u00fdch v\u00fdrobk\u016f si m\u016f\u017eete b\u00fdt jisti, \u017ee investujete do udr\u017eiteln\u00e9ho a ekologick\u00e9ho materi\u00e1lu. Ln\u011bnou \u0161t\u00f3lu m\u016f\u017eete kombinovat s dal\u0161\u00edmi ln\u011bn\u00fdmi dopl\u0148ky, jako jsou prost\u00edr\u00e1n\u00ed, ko\u0161\u00edky, pytl\u00edky na pe\u010divo, obaly na p\u0159\u00edbory nebo z\u00e1st\u011bry. Pokud m\u00e1te n\u011bjak\u00e9 speci\u00e1ln\u00ed po\u017eadavky na velikost nebo design, nev\u00e1hejte n\u00e1m napsat nebo vyu\u017e\u00edt na\u0161i online konzultaci.<\/p>\n<p>Jako bonus v\u00e1m p\u0159ijdou v\u0161echny v\u00fdrobky kr\u00e1sn\u011b zabalen\u00e9 a my v\u00e1s tak zbav\u00edme starost\u00ed s vym\u00fd\u0161len\u00edm d\u00e1rkov\u00e9ho balen\u00ed. Bal\u00ed\u010dek m\u016f\u017eete rovnou darovat a\u0165 u\u017e k sv\u00e1tku, nebo k V\u00e1noc\u016fm, sestavte si vlastn\u00ed kombinaci barev, p\u0159ijde k v\u00e1m kr\u00e1sn\u00e1 a vo\u0148av\u00e1 krabi\u010dka.<\/p>\n<p><strong>Po\u010d\u00edtejte s dodac\u00ed lh\u016ftou 5-15 pracovn\u00edch dn\u016f, pokud nem\u00e1me produkt \u0161it\u00fd skladem, ru\u010dn\u00ed pr\u00e1ce vy\u017eaduje n\u00e1\u0161 \u010das. Ln\u011bn\u00e9 v\u00fdrobky \u0161ijeme v na\u0161\u00ed d\u00edln\u011b dle Va\u0161eho p\u0159\u00e1n\u00ed a na m\u00edru v z\u00e1vislosti na konkr\u00e9tn\u00edm v\u00fdrobku.<\/strong><\/p>\n","protected":false},"excerpt":{"rendered":"<p>Ln\u011bn\u00e1 \u0161t\u00f3la s vol\u00e1nem p\u0159edstavuje dokonalou kombinaci elegance, funk\u010dnosti a \u0161etrnosti k \u017eivotn\u00edmu prost\u0159ed\u00ed. U\u0161ita z p\u0159edepran\u00e9ho m\u011bk\u010den\u00e9ho 100% lnu, je nejen dekorativn\u00edm prvkem va\u0161eho domova, ale tak\u00e9 praktick\u00fdm dopl\u0148kem.<\/p>\n","protected":false},"featured_media":6899,"template":"","meta":[],"product_brand":[],"product_cat":[351],"product_tag":[373],"class_list":{"0":"post-13271","1":"product","2":"type-product","3":"status-publish","4":"has-post-thumbnail","6":"product_cat-lnene-ubrusy-a-prostirani","7":"product_tag-lnena-stola","9":"first","10":"onbackorder","11":"shipping-taxable","12":"purchasable","13":"product-type-variable"},"yoast_head":"<!-- This site is optimized with the Yoast SEO plugin v27.4 - https:\/\/yoast.com\/product\/yoast-seo-wordpress\/ -->\n<title>Ln\u011bn\u00e1 \u0161t\u00f3la s vol\u00e1nem &#8226; Lanaja-slovensk\u00e1 udr\u017eiteln\u00e1 zna\u010dka a v\u00fdrobce ln\u011bn\u00e9ho textilu<\/title>\n<meta name=\"description\" content=\"Ln\u011bn\u00e1 \u0161t\u00f3la s vol\u00e1nem je u\u0161ita z p\u0159edepran\u00e9ho m\u011bk\u010den\u00e9ho evropsk\u00e9ho 100% lnu. V na\u0161\u00ed d\u00edln\u011b Lanaja \u0161ijeme v\u00fdrobky na m\u00edru\" \/>\n<meta name=\"robots\" content=\"index, follow, max-snippet:-1, max-image-preview:large, max-video-preview:-1\" \/>\n<link rel=\"canonical\" href=\"https:\/\/lanaja.sk\/cs\/obchod\/povleceni-s-volanem\/\" \/>\n<meta property=\"og:locale\" content=\"cs_CZ\" \/>\n<meta property=\"og:type\" content=\"article\" \/>\n<meta property=\"og:title\" content=\"Ln\u011bn\u00e1 \u0161t\u00f3la s vol\u00e1nem &#8226; Lanaja-slovensk\u00e1 udr\u017eiteln\u00e1 zna\u010dka a v\u00fdrobce ln\u011bn\u00e9ho textilu\" \/>\n<meta property=\"og:description\" content=\"Ln\u011bn\u00e1 \u0161t\u00f3la s vol\u00e1nem je u\u0161ita z p\u0159edepran\u00e9ho m\u011bk\u010den\u00e9ho evropsk\u00e9ho 100% lnu. V na\u0161\u00ed d\u00edln\u011b Lanaja \u0161ijeme v\u00fdrobky na m\u00edru\" \/>\n<meta property=\"og:url\" content=\"https:\/\/lanaja.sk\/cs\/obchod\/povleceni-s-volanem\/\" \/>\n<meta property=\"og:site_name\" content=\"Lanaja-slovensk\u00e1 udr\u017eiteln\u00e1 zna\u010dka a v\u00fdrobce ln\u011bn\u00e9ho textilu\" \/>\n<meta property=\"article:publisher\" content=\"https:\/\/www.facebook.com\/Abreadbag\" \/>\n<meta property=\"article:modified_time\" content=\"2025-08-02T18:08:08+00:00\" \/>\n<meta property=\"og:image\" content=\"https:\/\/lanaja.sk\/wp-content\/uploads\/2020\/04\/obrus13-e1596724623725-jpg.webp\" \/>\n\t<meta property=\"og:image:width\" content=\"850\" \/>\n\t<meta property=\"og:image:height\" content=\"645\" \/>\n\t<meta property=\"og:image:type\" content=\"image\/jpeg\" \/>\n<meta name=\"twitter:card\" content=\"summary_large_image\" \/>\n<meta name=\"twitter:label1\" content=\"Odhadovan\u00e1 doba \u010dten\u00ed\" \/>\n\t<meta name=\"twitter:data1\" content=\"2 minuty\" \/>\n<script type=\"application\/ld+json\" class=\"yoast-schema-graph\">{\"@context\":\"https:\\\/\\\/schema.org\",\"@graph\":[{\"@type\":\"WebPage\",\"@id\":\"https:\\\/\\\/lanaja.sk\\\/cs\\\/obchod\\\/povleceni-s-volanem\\\/\",\"url\":\"https:\\\/\\\/lanaja.sk\\\/cs\\\/obchod\\\/povleceni-s-volanem\\\/\",\"name\":\"Ln\u011bn\u00e1 \u0161t\u00f3la s vol\u00e1nem &#8226; Lanaja-slovensk\u00e1 udr\u017eiteln\u00e1 zna\u010dka a v\u00fdrobce ln\u011bn\u00e9ho textilu\",\"isPartOf\":{\"@id\":\"https:\\\/\\\/lanaja.sk\\\/cs\\\/#website\"},\"primaryImageOfPage\":{\"@id\":\"https:\\\/\\\/lanaja.sk\\\/cs\\\/obchod\\\/povleceni-s-volanem\\\/#primaryimage\"},\"image\":{\"@id\":\"https:\\\/\\\/lanaja.sk\\\/cs\\\/obchod\\\/povleceni-s-volanem\\\/#primaryimage\"},\"thumbnailUrl\":\"https:\\\/\\\/lanaja.sk\\\/wp-content\\\/uploads\\\/2020\\\/04\\\/obrus13-e1596724623725-jpg.webp\",\"datePublished\":\"2020-04-13T18:24:29+00:00\",\"dateModified\":\"2025-08-02T18:08:08+00:00\",\"description\":\"Ln\u011bn\u00e1 \u0161t\u00f3la s vol\u00e1nem je u\u0161ita z p\u0159edepran\u00e9ho m\u011bk\u010den\u00e9ho evropsk\u00e9ho 100% lnu. V na\u0161\u00ed d\u00edln\u011b Lanaja \u0161ijeme v\u00fdrobky na m\u00edru\",\"breadcrumb\":{\"@id\":\"https:\\\/\\\/lanaja.sk\\\/cs\\\/obchod\\\/povleceni-s-volanem\\\/#breadcrumb\"},\"inLanguage\":\"cs\",\"potentialAction\":[{\"@type\":\"ReadAction\",\"target\":[\"https:\\\/\\\/lanaja.sk\\\/cs\\\/obchod\\\/povleceni-s-volanem\\\/\"]}]},{\"@type\":\"ImageObject\",\"inLanguage\":\"cs\",\"@id\":\"https:\\\/\\\/lanaja.sk\\\/cs\\\/obchod\\\/povleceni-s-volanem\\\/#primaryimage\",\"url\":\"https:\\\/\\\/lanaja.sk\\\/wp-content\\\/uploads\\\/2020\\\/04\\\/obrus13-e1596724623725-jpg.webp\",\"contentUrl\":\"https:\\\/\\\/lanaja.sk\\\/wp-content\\\/uploads\\\/2020\\\/04\\\/obrus13-e1596724623725-jpg.webp\",\"width\":850,\"height\":645,\"caption\":\"\u013eanov\u00e9 obrus\"},{\"@type\":\"BreadcrumbList\",\"@id\":\"https:\\\/\\\/lanaja.sk\\\/cs\\\/obchod\\\/povleceni-s-volanem\\\/#breadcrumb\",\"itemListElement\":[{\"@type\":\"ListItem\",\"position\":1,\"name\":\"Home\",\"item\":\"https:\\\/\\\/lanaja.sk\\\/cs\\\/\"},{\"@type\":\"ListItem\",\"position\":2,\"name\":\"Obchod\",\"item\":\"https:\\\/\\\/lanaja.sk\\\/cs\\\/obchod-cz\\\/\"},{\"@type\":\"ListItem\",\"position\":3,\"name\":\"Ln\u011bn\u00e1 \u0161t\u00f3la s vol\u00e1nem\"}]},{\"@type\":\"WebSite\",\"@id\":\"https:\\\/\\\/lanaja.sk\\\/cs\\\/#website\",\"url\":\"https:\\\/\\\/lanaja.sk\\\/cs\\\/\",\"name\":\"Lanaja - bytov\u00fd textil z \u013eanu a \u013eanov\u00e9 v\u00fdrobky\",\"description\":\"Jedine\u010dn\u00fd bytov\u00fd textil, ln\u011bn\u00e9 pytl\u00edky, ln\u011bn\u00e9 ubrusy, ln\u011bn\u00e9 lo\u017en\u00ed povle\u010den\u00ed, ln\u011bn\u00e9 ut\u011brky, ln\u011bn\u00e9 prost\u00edr\u00e1n\u00ed vyroben\u00e9 a \u0161it\u00e9 na Slovensku\",\"publisher\":{\"@id\":\"https:\\\/\\\/lanaja.sk\\\/cs\\\/#organization\"},\"alternateName\":\"Lanaja - v\u00fdrobky z \u013eanu, \u013eanov\u00fd bytov\u00fd textil\",\"potentialAction\":[{\"@type\":\"SearchAction\",\"target\":{\"@type\":\"EntryPoint\",\"urlTemplate\":\"https:\\\/\\\/lanaja.sk\\\/cs\\\/?s={search_term_string}\"},\"query-input\":{\"@type\":\"PropertyValueSpecification\",\"valueRequired\":true,\"valueName\":\"search_term_string\"}}],\"inLanguage\":\"cs\"},{\"@type\":\"Organization\",\"@id\":\"https:\\\/\\\/lanaja.sk\\\/cs\\\/#organization\",\"name\":\"Lanaja\",\"alternateName\":\"Al\u017ebeta Andr\u00e1\u0161ikov\u00e1 - Lanaja\",\"url\":\"https:\\\/\\\/lanaja.sk\\\/cs\\\/\",\"logo\":{\"@type\":\"ImageObject\",\"inLanguage\":\"cs\",\"@id\":\"https:\\\/\\\/lanaja.sk\\\/cs\\\/#\\\/schema\\\/logo\\\/image\\\/\",\"url\":\"https:\\\/\\\/lanaja.sk\\\/wp-content\\\/uploads\\\/2024\\\/01\\\/Lanaja.sk-logo.png\",\"contentUrl\":\"https:\\\/\\\/lanaja.sk\\\/wp-content\\\/uploads\\\/2024\\\/01\\\/Lanaja.sk-logo.png\",\"width\":600,\"height\":300,\"caption\":\"Lanaja\"},\"image\":{\"@id\":\"https:\\\/\\\/lanaja.sk\\\/cs\\\/#\\\/schema\\\/logo\\\/image\\\/\"},\"sameAs\":[\"https:\\\/\\\/www.facebook.com\\\/Abreadbag\",\"https:\\\/\\\/www.instagram.com\\\/lanaja_sk\\\/\"]}]}<\/script>\n<!-- \/ Yoast SEO plugin. -->","yoast_head_json":{"title":"Ln\u011bn\u00e1 \u0161t\u00f3la s vol\u00e1nem &#8226; Lanaja-slovensk\u00e1 udr\u017eiteln\u00e1 zna\u010dka a v\u00fdrobce ln\u011bn\u00e9ho textilu","description":"Ln\u011bn\u00e1 \u0161t\u00f3la s vol\u00e1nem je u\u0161ita z p\u0159edepran\u00e9ho m\u011bk\u010den\u00e9ho evropsk\u00e9ho 100% lnu. V na\u0161\u00ed d\u00edln\u011b Lanaja \u0161ijeme v\u00fdrobky na m\u00edru","robots":{"index":"index","follow":"follow","max-snippet":"max-snippet:-1","max-image-preview":"max-image-preview:large","max-video-preview":"max-video-preview:-1"},"canonical":"https:\/\/lanaja.sk\/cs\/obchod\/povleceni-s-volanem\/","og_locale":"cs_CZ","og_type":"article","og_title":"Ln\u011bn\u00e1 \u0161t\u00f3la s vol\u00e1nem &#8226; Lanaja-slovensk\u00e1 udr\u017eiteln\u00e1 zna\u010dka a v\u00fdrobce ln\u011bn\u00e9ho textilu","og_description":"Ln\u011bn\u00e1 \u0161t\u00f3la s vol\u00e1nem je u\u0161ita z p\u0159edepran\u00e9ho m\u011bk\u010den\u00e9ho evropsk\u00e9ho 100% lnu. V na\u0161\u00ed d\u00edln\u011b Lanaja \u0161ijeme v\u00fdrobky na m\u00edru","og_url":"https:\/\/lanaja.sk\/cs\/obchod\/povleceni-s-volanem\/","og_site_name":"Lanaja-slovensk\u00e1 udr\u017eiteln\u00e1 zna\u010dka a v\u00fdrobce ln\u011bn\u00e9ho textilu","article_publisher":"https:\/\/www.facebook.com\/Abreadbag","article_modified_time":"2025-08-02T18:08:08+00:00","og_image":[{"width":850,"height":645,"url":"https:\/\/lanaja.sk\/wp-content\/uploads\/2020\/04\/obrus13-e1596724623725-jpg.webp","type":"image\/jpeg"}],"twitter_card":"summary_large_image","twitter_misc":{"Odhadovan\u00e1 doba \u010dten\u00ed":"2 minuty"},"schema":{"@context":"https:\/\/schema.org","@graph":[{"@type":"WebPage","@id":"https:\/\/lanaja.sk\/cs\/obchod\/povleceni-s-volanem\/","url":"https:\/\/lanaja.sk\/cs\/obchod\/povleceni-s-volanem\/","name":"Ln\u011bn\u00e1 \u0161t\u00f3la s vol\u00e1nem &#8226; Lanaja-slovensk\u00e1 udr\u017eiteln\u00e1 zna\u010dka a v\u00fdrobce ln\u011bn\u00e9ho textilu","isPartOf":{"@id":"https:\/\/lanaja.sk\/cs\/#website"},"primaryImageOfPage":{"@id":"https:\/\/lanaja.sk\/cs\/obchod\/povleceni-s-volanem\/#primaryimage"},"image":{"@id":"https:\/\/lanaja.sk\/cs\/obchod\/povleceni-s-volanem\/#primaryimage"},"thumbnailUrl":"https:\/\/lanaja.sk\/wp-content\/uploads\/2020\/04\/obrus13-e1596724623725-jpg.webp","datePublished":"2020-04-13T18:24:29+00:00","dateModified":"2025-08-02T18:08:08+00:00","description":"Ln\u011bn\u00e1 \u0161t\u00f3la s vol\u00e1nem je u\u0161ita z p\u0159edepran\u00e9ho m\u011bk\u010den\u00e9ho evropsk\u00e9ho 100% lnu. V na\u0161\u00ed d\u00edln\u011b Lanaja \u0161ijeme v\u00fdrobky na m\u00edru","breadcrumb":{"@id":"https:\/\/lanaja.sk\/cs\/obchod\/povleceni-s-volanem\/#breadcrumb"},"inLanguage":"cs","potentialAction":[{"@type":"ReadAction","target":["https:\/\/lanaja.sk\/cs\/obchod\/povleceni-s-volanem\/"]}]},{"@type":"ImageObject","inLanguage":"cs","@id":"https:\/\/lanaja.sk\/cs\/obchod\/povleceni-s-volanem\/#primaryimage","url":"https:\/\/lanaja.sk\/wp-content\/uploads\/2020\/04\/obrus13-e1596724623725-jpg.webp","contentUrl":"https:\/\/lanaja.sk\/wp-content\/uploads\/2020\/04\/obrus13-e1596724623725-jpg.webp","width":850,"height":645,"caption":"\u013eanov\u00e9 obrus"},{"@type":"BreadcrumbList","@id":"https:\/\/lanaja.sk\/cs\/obchod\/povleceni-s-volanem\/#breadcrumb","itemListElement":[{"@type":"ListItem","position":1,"name":"Home","item":"https:\/\/lanaja.sk\/cs\/"},{"@type":"ListItem","position":2,"name":"Obchod","item":"https:\/\/lanaja.sk\/cs\/obchod-cz\/"},{"@type":"ListItem","position":3,"name":"Ln\u011bn\u00e1 \u0161t\u00f3la s vol\u00e1nem"}]},{"@type":"WebSite","@id":"https:\/\/lanaja.sk\/cs\/#website","url":"https:\/\/lanaja.sk\/cs\/","name":"Lanaja - bytov\u00fd textil z \u013eanu a \u013eanov\u00e9 v\u00fdrobky","description":"Jedine\u010dn\u00fd bytov\u00fd textil, ln\u011bn\u00e9 pytl\u00edky, ln\u011bn\u00e9 ubrusy, ln\u011bn\u00e9 lo\u017en\u00ed povle\u010den\u00ed, ln\u011bn\u00e9 ut\u011brky, ln\u011bn\u00e9 prost\u00edr\u00e1n\u00ed vyroben\u00e9 a \u0161it\u00e9 na Slovensku","publisher":{"@id":"https:\/\/lanaja.sk\/cs\/#organization"},"alternateName":"Lanaja - v\u00fdrobky z \u013eanu, \u013eanov\u00fd bytov\u00fd textil","potentialAction":[{"@type":"SearchAction","target":{"@type":"EntryPoint","urlTemplate":"https:\/\/lanaja.sk\/cs\/?s={search_term_string}"},"query-input":{"@type":"PropertyValueSpecification","valueRequired":true,"valueName":"search_term_string"}}],"inLanguage":"cs"},{"@type":"Organization","@id":"https:\/\/lanaja.sk\/cs\/#organization","name":"Lanaja","alternateName":"Al\u017ebeta Andr\u00e1\u0161ikov\u00e1 - Lanaja","url":"https:\/\/lanaja.sk\/cs\/","logo":{"@type":"ImageObject","inLanguage":"cs","@id":"https:\/\/lanaja.sk\/cs\/#\/schema\/logo\/image\/","url":"https:\/\/lanaja.sk\/wp-content\/uploads\/2024\/01\/Lanaja.sk-logo.png","contentUrl":"https:\/\/lanaja.sk\/wp-content\/uploads\/2024\/01\/Lanaja.sk-logo.png","width":600,"height":300,"caption":"Lanaja"},"image":{"@id":"https:\/\/lanaja.sk\/cs\/#\/schema\/logo\/image\/"},"sameAs":["https:\/\/www.facebook.com\/Abreadbag","https:\/\/www.instagram.com\/lanaja_sk\/"]}]}},"_links":{"self":[{"href":"https:\/\/lanaja.sk\/cs\/wp-json\/wp\/v2\/product\/13271","targetHints":{"allow":["GET"]}}],"collection":[{"href":"https:\/\/lanaja.sk\/cs\/wp-json\/wp\/v2\/product"}],"about":[{"href":"https:\/\/lanaja.sk\/cs\/wp-json\/wp\/v2\/types\/product"}],"version-history":[{"count":1,"href":"https:\/\/lanaja.sk\/cs\/wp-json\/wp\/v2\/product\/13271\/revisions"}],"predecessor-version":[{"id":16457,"href":"https:\/\/lanaja.sk\/cs\/wp-json\/wp\/v2\/product\/13271\/revisions\/16457"}],"wp:featuredmedia":[{"embeddable":true,"href":"https:\/\/lanaja.sk\/cs\/wp-json\/wp\/v2\/media\/6899"}],"wp:attachment":[{"href":"https:\/\/lanaja.sk\/cs\/wp-json\/wp\/v2\/media?parent=13271"}],"wp:term":[{"taxonomy":"product_brand","embeddable":true,"href":"https:\/\/lanaja.sk\/cs\/wp-json\/wp\/v2\/product_brand?post=13271"},{"taxonomy":"product_cat","embeddable":true,"href":"https:\/\/lanaja.sk\/cs\/wp-json\/wp\/v2\/product_cat?post=13271"},{"taxonomy":"product_tag","embeddable":true,"href":"https:\/\/lanaja.sk\/cs\/wp-json\/wp\/v2\/product_tag?post=13271"}],"curies":[{"name":"wp","href":"https:\/\/api.w.org\/{rel}","templated":true}]}}