{"id":13280,"date":"2020-04-13T21:08:54","date_gmt":"2020-04-13T19:08:54","guid":{"rendered":"https:\/\/lanaja.sk\/obchod\/neza\u0159azen\u00e9\/prostirani-lneneho-stolu-s-volanem\/"},"modified":"2025-08-02T20:54:56","modified_gmt":"2025-08-02T18:54:56","slug":"prostirani-lneneho-stolu-s-volanem","status":"publish","type":"product","link":"https:\/\/lanaja.sk\/cs\/obchod\/prostirani-lneneho-stolu-s-volanem\/","title":{"rendered":"Ln\u011bn\u00e9 prost\u00edr\u00e1n\u00ed s vol\u00e1nkem"},"content":{"rendered":"<h2>Ln\u011bn\u00e9 prost\u00edr\u00e1n\u00ed s vol\u00e1nkem<\/h2>\n<p>Prost\u00edr\u00e1n\u00ed je d\u016fle\u017eitou sou\u010d\u00e1st\u00ed ka\u017ed\u00e9ho stolov\u00e1n\u00ed. Krom\u011b sv\u00e9 funk\u010dnosti vytv\u00e1\u0159\u00ed tak\u00e9 atmosf\u00e9ru a dod\u00e1v\u00e1 jedine\u010dn\u00fd dotek do ka\u017ed\u00e9 m\u00edstnosti. Na\u0161e ln\u011bn\u00e9 prost\u00edr\u00e1n\u00ed s vol\u00e1nem je speci\u00e1ln\u011b navr\u017eeno s ohledem na va\u0161e pot\u0159eby a \u017eivotn\u00ed styl. U\u0161it\u00e9 z p\u0159edepran\u00e9ho a m\u011bk\u010den\u00e9ho 100% lnu, p\u0159in\u00e1\u0161\u00ed do va\u0161\u00ed dom\u00e1cnosti p\u0159\u00edrodn\u00ed kr\u00e1su a eleganci.<\/p>\n<p>Pokud jste zast\u00e1ncem filozofie \u201eslow living\u201c, je na\u0161e prost\u00edr\u00e1n\u00ed pro v\u00e1s tou pravou volbou. Jeho p\u0159irozen\u00fd vzhled a kvalitn\u00ed zpracov\u00e1n\u00ed se dokonale hod\u00ed k \u017eivotn\u00edmu stylu, kter\u00fd se zam\u011b\u0159uje na jednoduchost, kvalitu a udr\u017eitelnost. Prost\u00edr\u00e1n\u00ed se d\u00e1 pou\u017e\u00edt a prost\u0159\u00edt v\u00e1\u0161 st\u016fl na v\u00edcero zp\u016fsob\u016f, ne\u017e jen klasicky pod tal\u00ed\u0159 s vol\u00e1nem navrchu. M\u016f\u017eete ho nechat p\u0159evisnout p\u0159es okraj stolu, \u010d\u00edm\u017e vytvo\u0159\u00edte efektn\u00ed a neobvykl\u00fd detail, nebo ho um\u00edstit p\u0159es tal\u00ed\u0159 a nechat jeho vol\u00e1novou \u010d\u00e1st viset nad okrajem. P\u0159id\u00e1v\u00e1 to va\u0161im stolovac\u00edm ritu\u00e1l\u016fm je\u0161t\u011b v\u00edce stylu a osobn\u00edho doteku.<\/p>\n<p>Len je materi\u00e1lem, kter\u00fd p\u0159in\u00e1\u0161\u00ed nejen estetick\u00e9 kvality, ale i praktick\u00e9 v\u00fdhody. Jeho p\u0159irozen\u00e1 schopnost absorbovat vlhkost a odolnost v\u016f\u010di skvrn\u00e1m d\u011bl\u00e1 z na\u0161eho prost\u00edr\u00e1n\u00ed ide\u00e1ln\u00ed volbu pro ka\u017edodenn\u00ed pou\u017e\u00edv\u00e1n\u00ed. \u010casem z\u00edsk\u00e1v\u00e1 len na kr\u00e1se a je m\u011bk\u010d\u00ed, \u010d\u00edm\u017e se st\u00e1v\u00e1 je\u0161t\u011b p\u0159\u00edjemn\u011bj\u0161\u00edm na dotek.<\/p>\n<p>Len je p\u0159edepran\u00fd na 40 \u00b0C. Proto u\u017e nemus\u00edte po\u010d\u00edtat s jeho sr\u00e1\u017elivost\u00ed. Dovolte lnu, aby se ma\u010dkal, je to jeho p\u0159irozen\u00e1 vlastnost. Pokud jste p\u0159esto velc\u00ed kamar\u00e1di s \u017eehli\u010dkou a \u017eehl\u00edte v\u0161e, co se v\u00e1m dostane pod ruce, doporu\u010dujeme len \u017eehlit vlhk\u00fd, nebo jemn\u011b nakropen\u00fd.<\/p>\n<p>Pokud hled\u00e1te zp\u016fsob, jak vytvo\u0159it udr\u017eiteln\u011bj\u0161\u00ed a ekologi\u010dt\u011bj\u0161\u00ed prost\u0159ed\u00ed ve va\u0161em domov\u011b, ekologick\u00e9 spojen\u00ed 100% lnu je ur\u010dit\u011b materi\u00e1lem, do kter\u00e9ho se v\u00e1m vyplat\u00ed investovat. 100% len je \u0161etrn\u00fd k \u017eivotn\u00edmu prost\u0159ed\u00ed, z\u00e1rove\u0148 je obnoviteln\u00fdm zdrojem. P\u0159i jeho p\u011bstov\u00e1n\u00ed se nepou\u017e\u00edvaj\u00ed \u017e\u00e1dn\u00e1 hnojiva a nepot\u0159ebuje \u017e\u00e1dn\u00e9 zavla\u017eov\u00e1n\u00ed. Len je tak\u00e9 pln\u011b biologicky odbourateln\u00fd.<\/p>\n<p>Jako bonus v\u00e1m p\u0159ijdou v\u0161echny v\u00fdrobky kr\u00e1sn\u011b zabalen\u00e9 a my v\u00e1s tak zbav\u00edme starost\u00ed s vym\u00fd\u0161len\u00edm d\u00e1rkov\u00fdch balen\u00ed. Bal\u00ed\u010dek m\u016f\u017eete rovnou darovat, a\u0165 u\u017e k sv\u00e1tku, nebo k V\u00e1noc\u016fm. Sestavte si vlastn\u00ed kombinaci barev a p\u0159ijde v\u00e1m kr\u00e1sn\u00e1 a vo\u0148av\u00e1 krabi\u010dka.<\/p>\n<p>K ln\u011bn\u00e9mu prost\u00edr\u00e1n\u00ed si m\u016f\u017eete kr\u00e1sn\u011b sladit st\u0159edovou \u0161tolu <a href=\"https:\/\/lanaja.sk\/cs\/obchod\/kuchyne\/lnene-ubrusy-a-prostirani\/povleceni-s-volanem\/\" target=\"_blank\" rel=\"noopener noreferrer\">ZDE.<\/a><\/p>\n<p>ROZM\u011aRY: cca 42&#215;38 cm<\/p>\n<p><strong>Po\u010d\u00edtejte s dodac\u00ed lh\u016ftou 5-15 pracovn\u00edch dn\u016f, pokud nem\u00e1me produkt \u0161it\u00fd skladem, ru\u010dn\u00ed pr\u00e1ce vy\u017eaduje n\u00e1\u0161 \u010das. Ln\u011bn\u00e9 v\u00fdrobky \u0161ijeme v na\u0161\u00ed d\u00edln\u011b dle Va\u0161eho p\u0159\u00e1n\u00ed a na m\u00edru v z\u00e1vislosti na konkr\u00e9tn\u00edm v\u00fdrobku.<\/strong><\/p>\n","protected":false},"excerpt":{"rendered":"<p>Prost\u00edr\u00e1n\u00ed je d\u016fle\u017eitou sou\u010d\u00e1st\u00ed ka\u017ed\u00e9ho stolov\u00e1n\u00ed. Krom\u011b sv\u00e9 funk\u010dnosti tak\u00e9 vytv\u00e1\u0159\u00ed atmosf\u00e9ru a dod\u00e1v\u00e1 jedine\u010dn\u00fd n\u00e1dech. Na\u0161e ln\u011bn\u00e9 prost\u00edr\u00e1n\u00ed s vol\u00e1nem je speci\u00e1ln\u011b navr\u017eeno s ohledem na va\u0161e pot\u0159eby a \u017eivotn\u00ed styl. U\u0161it\u00e9 z p\u0159edepran\u00e9ho a m\u011bk\u010den\u00e9ho 100% lnu, p\u0159in\u00e1\u0161\u00ed do va\u0161\u00ed dom\u00e1cnosti p\u0159\u00edrodn\u00ed kr\u00e1su a eleganci.<\/p>\n","protected":false},"featured_media":6903,"template":"","meta":[],"product_brand":[],"product_cat":[351,163],"product_tag":[378],"class_list":{"0":"post-13280","1":"product","2":"type-product","3":"status-publish","4":"has-post-thumbnail","6":"product_cat-lnene-ubrusy-a-prostirani","7":"product_cat-uncategorized-cs","8":"product_tag-prostirani-lneneho-stolu","10":"first","11":"onbackorder","12":"shipping-taxable","13":"purchasable","14":"product-type-variable"},"yoast_head":"<!-- This site is optimized with the Yoast SEO plugin v27.4 - https:\/\/yoast.com\/product\/yoast-seo-wordpress\/ -->\n<title>Ln\u011bn\u00e9 prost\u00edr\u00e1n\u00ed s vol\u00e1nkem &#8226; Lanaja-slovensk\u00e1 udr\u017eiteln\u00e1 zna\u010dka a v\u00fdrobce ln\u011bn\u00e9ho textilu<\/title>\n<meta name=\"description\" content=\"Ln\u011bn\u00e9 prost\u00edr\u00e1n\u00ed s vol\u00e1nem se d\u00e1 pou\u017e\u00edt a prost\u0159\u00edt v\u00e1\u0161 st\u016fl na v\u00edce zp\u016fsob\u016f. Je \u0161it\u00fd v na\u0161\u00ed d\u00edln\u011b Lanaja z evropsk\u00e9ho lnu\" \/>\n<meta name=\"robots\" content=\"index, follow, max-snippet:-1, max-image-preview:large, max-video-preview:-1\" \/>\n<link rel=\"canonical\" href=\"https:\/\/lanaja.sk\/cs\/obchod\/prostirani-lneneho-stolu-s-volanem\/\" \/>\n<meta property=\"og:locale\" content=\"cs_CZ\" \/>\n<meta property=\"og:type\" content=\"article\" \/>\n<meta property=\"og:title\" content=\"Ln\u011bn\u00e9 prost\u00edr\u00e1n\u00ed s vol\u00e1nkem &#8226; Lanaja-slovensk\u00e1 udr\u017eiteln\u00e1 zna\u010dka a v\u00fdrobce ln\u011bn\u00e9ho textilu\" \/>\n<meta property=\"og:description\" content=\"Ln\u011bn\u00e9 prost\u00edr\u00e1n\u00ed s vol\u00e1nem se d\u00e1 pou\u017e\u00edt a prost\u0159\u00edt v\u00e1\u0161 st\u016fl na v\u00edce zp\u016fsob\u016f. Je \u0161it\u00fd v na\u0161\u00ed d\u00edln\u011b Lanaja z evropsk\u00e9ho lnu\" \/>\n<meta property=\"og:url\" content=\"https:\/\/lanaja.sk\/cs\/obchod\/prostirani-lneneho-stolu-s-volanem\/\" \/>\n<meta property=\"og:site_name\" content=\"Lanaja-slovensk\u00e1 udr\u017eiteln\u00e1 zna\u010dka a v\u00fdrobce ln\u011bn\u00e9ho textilu\" \/>\n<meta property=\"article:publisher\" content=\"https:\/\/www.facebook.com\/Abreadbag\" \/>\n<meta property=\"article:modified_time\" content=\"2025-08-02T18:54:56+00:00\" \/>\n<meta property=\"og:image\" content=\"https:\/\/lanaja.sk\/wp-content\/uploads\/2020\/04\/obrus51-e1596724521782-jpg.webp\" \/>\n\t<meta property=\"og:image:width\" content=\"850\" \/>\n\t<meta property=\"og:image:height\" content=\"735\" \/>\n\t<meta property=\"og:image:type\" content=\"image\/jpeg\" \/>\n<meta name=\"twitter:card\" content=\"summary_large_image\" \/>\n<meta name=\"twitter:label1\" content=\"Odhadovan\u00e1 doba \u010dten\u00ed\" \/>\n\t<meta name=\"twitter:data1\" content=\"3 minuty\" \/>\n<script type=\"application\/ld+json\" class=\"yoast-schema-graph\">{\"@context\":\"https:\\\/\\\/schema.org\",\"@graph\":[{\"@type\":\"WebPage\",\"@id\":\"https:\\\/\\\/lanaja.sk\\\/cs\\\/obchod\\\/prostirani-lneneho-stolu-s-volanem\\\/\",\"url\":\"https:\\\/\\\/lanaja.sk\\\/cs\\\/obchod\\\/prostirani-lneneho-stolu-s-volanem\\\/\",\"name\":\"Ln\u011bn\u00e9 prost\u00edr\u00e1n\u00ed s vol\u00e1nkem &#8226; Lanaja-slovensk\u00e1 udr\u017eiteln\u00e1 zna\u010dka a v\u00fdrobce ln\u011bn\u00e9ho textilu\",\"isPartOf\":{\"@id\":\"https:\\\/\\\/lanaja.sk\\\/cs\\\/#website\"},\"primaryImageOfPage\":{\"@id\":\"https:\\\/\\\/lanaja.sk\\\/cs\\\/obchod\\\/prostirani-lneneho-stolu-s-volanem\\\/#primaryimage\"},\"image\":{\"@id\":\"https:\\\/\\\/lanaja.sk\\\/cs\\\/obchod\\\/prostirani-lneneho-stolu-s-volanem\\\/#primaryimage\"},\"thumbnailUrl\":\"https:\\\/\\\/lanaja.sk\\\/wp-content\\\/uploads\\\/2020\\\/04\\\/obrus51-e1596724521782-jpg.webp\",\"datePublished\":\"2020-04-13T19:08:54+00:00\",\"dateModified\":\"2025-08-02T18:54:56+00:00\",\"description\":\"Ln\u011bn\u00e9 prost\u00edr\u00e1n\u00ed s vol\u00e1nem se d\u00e1 pou\u017e\u00edt a prost\u0159\u00edt v\u00e1\u0161 st\u016fl na v\u00edce zp\u016fsob\u016f. Je \u0161it\u00fd v na\u0161\u00ed d\u00edln\u011b Lanaja z evropsk\u00e9ho lnu\",\"breadcrumb\":{\"@id\":\"https:\\\/\\\/lanaja.sk\\\/cs\\\/obchod\\\/prostirani-lneneho-stolu-s-volanem\\\/#breadcrumb\"},\"inLanguage\":\"cs\",\"potentialAction\":[{\"@type\":\"ReadAction\",\"target\":[\"https:\\\/\\\/lanaja.sk\\\/cs\\\/obchod\\\/prostirani-lneneho-stolu-s-volanem\\\/\"]}]},{\"@type\":\"ImageObject\",\"inLanguage\":\"cs\",\"@id\":\"https:\\\/\\\/lanaja.sk\\\/cs\\\/obchod\\\/prostirani-lneneho-stolu-s-volanem\\\/#primaryimage\",\"url\":\"https:\\\/\\\/lanaja.sk\\\/wp-content\\\/uploads\\\/2020\\\/04\\\/obrus51-e1596724521782-jpg.webp\",\"contentUrl\":\"https:\\\/\\\/lanaja.sk\\\/wp-content\\\/uploads\\\/2020\\\/04\\\/obrus51-e1596724521782-jpg.webp\",\"width\":850,\"height\":735,\"caption\":\"kuchynsk\u00e9 prestieranie\"},{\"@type\":\"BreadcrumbList\",\"@id\":\"https:\\\/\\\/lanaja.sk\\\/cs\\\/obchod\\\/prostirani-lneneho-stolu-s-volanem\\\/#breadcrumb\",\"itemListElement\":[{\"@type\":\"ListItem\",\"position\":1,\"name\":\"Home\",\"item\":\"https:\\\/\\\/lanaja.sk\\\/cs\\\/\"},{\"@type\":\"ListItem\",\"position\":2,\"name\":\"Obchod\",\"item\":\"https:\\\/\\\/lanaja.sk\\\/cs\\\/obchod-cz\\\/\"},{\"@type\":\"ListItem\",\"position\":3,\"name\":\"Ln\u011bn\u00e9 prost\u00edr\u00e1n\u00ed s vol\u00e1nkem\"}]},{\"@type\":\"WebSite\",\"@id\":\"https:\\\/\\\/lanaja.sk\\\/cs\\\/#website\",\"url\":\"https:\\\/\\\/lanaja.sk\\\/cs\\\/\",\"name\":\"Lanaja - bytov\u00fd textil z \u013eanu a \u013eanov\u00e9 v\u00fdrobky\",\"description\":\"Jedine\u010dn\u00fd bytov\u00fd textil, ln\u011bn\u00e9 pytl\u00edky, ln\u011bn\u00e9 ubrusy, ln\u011bn\u00e9 lo\u017en\u00ed povle\u010den\u00ed, ln\u011bn\u00e9 ut\u011brky, ln\u011bn\u00e9 prost\u00edr\u00e1n\u00ed vyroben\u00e9 a \u0161it\u00e9 na Slovensku\",\"publisher\":{\"@id\":\"https:\\\/\\\/lanaja.sk\\\/cs\\\/#organization\"},\"alternateName\":\"Lanaja - v\u00fdrobky z \u013eanu, \u013eanov\u00fd bytov\u00fd textil\",\"potentialAction\":[{\"@type\":\"SearchAction\",\"target\":{\"@type\":\"EntryPoint\",\"urlTemplate\":\"https:\\\/\\\/lanaja.sk\\\/cs\\\/?s={search_term_string}\"},\"query-input\":{\"@type\":\"PropertyValueSpecification\",\"valueRequired\":true,\"valueName\":\"search_term_string\"}}],\"inLanguage\":\"cs\"},{\"@type\":\"Organization\",\"@id\":\"https:\\\/\\\/lanaja.sk\\\/cs\\\/#organization\",\"name\":\"Lanaja\",\"alternateName\":\"Al\u017ebeta Andr\u00e1\u0161ikov\u00e1 - Lanaja\",\"url\":\"https:\\\/\\\/lanaja.sk\\\/cs\\\/\",\"logo\":{\"@type\":\"ImageObject\",\"inLanguage\":\"cs\",\"@id\":\"https:\\\/\\\/lanaja.sk\\\/cs\\\/#\\\/schema\\\/logo\\\/image\\\/\",\"url\":\"https:\\\/\\\/lanaja.sk\\\/wp-content\\\/uploads\\\/2024\\\/01\\\/Lanaja.sk-logo.png\",\"contentUrl\":\"https:\\\/\\\/lanaja.sk\\\/wp-content\\\/uploads\\\/2024\\\/01\\\/Lanaja.sk-logo.png\",\"width\":600,\"height\":300,\"caption\":\"Lanaja\"},\"image\":{\"@id\":\"https:\\\/\\\/lanaja.sk\\\/cs\\\/#\\\/schema\\\/logo\\\/image\\\/\"},\"sameAs\":[\"https:\\\/\\\/www.facebook.com\\\/Abreadbag\",\"https:\\\/\\\/www.instagram.com\\\/lanaja_sk\\\/\"]}]}<\/script>\n<!-- \/ Yoast SEO plugin. -->","yoast_head_json":{"title":"Ln\u011bn\u00e9 prost\u00edr\u00e1n\u00ed s vol\u00e1nkem &#8226; Lanaja-slovensk\u00e1 udr\u017eiteln\u00e1 zna\u010dka a v\u00fdrobce ln\u011bn\u00e9ho textilu","description":"Ln\u011bn\u00e9 prost\u00edr\u00e1n\u00ed s vol\u00e1nem se d\u00e1 pou\u017e\u00edt a prost\u0159\u00edt v\u00e1\u0161 st\u016fl na v\u00edce zp\u016fsob\u016f. Je \u0161it\u00fd v na\u0161\u00ed d\u00edln\u011b Lanaja z evropsk\u00e9ho lnu","robots":{"index":"index","follow":"follow","max-snippet":"max-snippet:-1","max-image-preview":"max-image-preview:large","max-video-preview":"max-video-preview:-1"},"canonical":"https:\/\/lanaja.sk\/cs\/obchod\/prostirani-lneneho-stolu-s-volanem\/","og_locale":"cs_CZ","og_type":"article","og_title":"Ln\u011bn\u00e9 prost\u00edr\u00e1n\u00ed s vol\u00e1nkem &#8226; Lanaja-slovensk\u00e1 udr\u017eiteln\u00e1 zna\u010dka a v\u00fdrobce ln\u011bn\u00e9ho textilu","og_description":"Ln\u011bn\u00e9 prost\u00edr\u00e1n\u00ed s vol\u00e1nem se d\u00e1 pou\u017e\u00edt a prost\u0159\u00edt v\u00e1\u0161 st\u016fl na v\u00edce zp\u016fsob\u016f. Je \u0161it\u00fd v na\u0161\u00ed d\u00edln\u011b Lanaja z evropsk\u00e9ho lnu","og_url":"https:\/\/lanaja.sk\/cs\/obchod\/prostirani-lneneho-stolu-s-volanem\/","og_site_name":"Lanaja-slovensk\u00e1 udr\u017eiteln\u00e1 zna\u010dka a v\u00fdrobce ln\u011bn\u00e9ho textilu","article_publisher":"https:\/\/www.facebook.com\/Abreadbag","article_modified_time":"2025-08-02T18:54:56+00:00","og_image":[{"width":850,"height":735,"url":"https:\/\/lanaja.sk\/wp-content\/uploads\/2020\/04\/obrus51-e1596724521782-jpg.webp","type":"image\/jpeg"}],"twitter_card":"summary_large_image","twitter_misc":{"Odhadovan\u00e1 doba \u010dten\u00ed":"3 minuty"},"schema":{"@context":"https:\/\/schema.org","@graph":[{"@type":"WebPage","@id":"https:\/\/lanaja.sk\/cs\/obchod\/prostirani-lneneho-stolu-s-volanem\/","url":"https:\/\/lanaja.sk\/cs\/obchod\/prostirani-lneneho-stolu-s-volanem\/","name":"Ln\u011bn\u00e9 prost\u00edr\u00e1n\u00ed s vol\u00e1nkem &#8226; Lanaja-slovensk\u00e1 udr\u017eiteln\u00e1 zna\u010dka a v\u00fdrobce ln\u011bn\u00e9ho textilu","isPartOf":{"@id":"https:\/\/lanaja.sk\/cs\/#website"},"primaryImageOfPage":{"@id":"https:\/\/lanaja.sk\/cs\/obchod\/prostirani-lneneho-stolu-s-volanem\/#primaryimage"},"image":{"@id":"https:\/\/lanaja.sk\/cs\/obchod\/prostirani-lneneho-stolu-s-volanem\/#primaryimage"},"thumbnailUrl":"https:\/\/lanaja.sk\/wp-content\/uploads\/2020\/04\/obrus51-e1596724521782-jpg.webp","datePublished":"2020-04-13T19:08:54+00:00","dateModified":"2025-08-02T18:54:56+00:00","description":"Ln\u011bn\u00e9 prost\u00edr\u00e1n\u00ed s vol\u00e1nem se d\u00e1 pou\u017e\u00edt a prost\u0159\u00edt v\u00e1\u0161 st\u016fl na v\u00edce zp\u016fsob\u016f. Je \u0161it\u00fd v na\u0161\u00ed d\u00edln\u011b Lanaja z evropsk\u00e9ho lnu","breadcrumb":{"@id":"https:\/\/lanaja.sk\/cs\/obchod\/prostirani-lneneho-stolu-s-volanem\/#breadcrumb"},"inLanguage":"cs","potentialAction":[{"@type":"ReadAction","target":["https:\/\/lanaja.sk\/cs\/obchod\/prostirani-lneneho-stolu-s-volanem\/"]}]},{"@type":"ImageObject","inLanguage":"cs","@id":"https:\/\/lanaja.sk\/cs\/obchod\/prostirani-lneneho-stolu-s-volanem\/#primaryimage","url":"https:\/\/lanaja.sk\/wp-content\/uploads\/2020\/04\/obrus51-e1596724521782-jpg.webp","contentUrl":"https:\/\/lanaja.sk\/wp-content\/uploads\/2020\/04\/obrus51-e1596724521782-jpg.webp","width":850,"height":735,"caption":"kuchynsk\u00e9 prestieranie"},{"@type":"BreadcrumbList","@id":"https:\/\/lanaja.sk\/cs\/obchod\/prostirani-lneneho-stolu-s-volanem\/#breadcrumb","itemListElement":[{"@type":"ListItem","position":1,"name":"Home","item":"https:\/\/lanaja.sk\/cs\/"},{"@type":"ListItem","position":2,"name":"Obchod","item":"https:\/\/lanaja.sk\/cs\/obchod-cz\/"},{"@type":"ListItem","position":3,"name":"Ln\u011bn\u00e9 prost\u00edr\u00e1n\u00ed s vol\u00e1nkem"}]},{"@type":"WebSite","@id":"https:\/\/lanaja.sk\/cs\/#website","url":"https:\/\/lanaja.sk\/cs\/","name":"Lanaja - bytov\u00fd textil z \u013eanu a \u013eanov\u00e9 v\u00fdrobky","description":"Jedine\u010dn\u00fd bytov\u00fd textil, ln\u011bn\u00e9 pytl\u00edky, ln\u011bn\u00e9 ubrusy, ln\u011bn\u00e9 lo\u017en\u00ed povle\u010den\u00ed, ln\u011bn\u00e9 ut\u011brky, ln\u011bn\u00e9 prost\u00edr\u00e1n\u00ed vyroben\u00e9 a \u0161it\u00e9 na Slovensku","publisher":{"@id":"https:\/\/lanaja.sk\/cs\/#organization"},"alternateName":"Lanaja - v\u00fdrobky z \u013eanu, \u013eanov\u00fd bytov\u00fd textil","potentialAction":[{"@type":"SearchAction","target":{"@type":"EntryPoint","urlTemplate":"https:\/\/lanaja.sk\/cs\/?s={search_term_string}"},"query-input":{"@type":"PropertyValueSpecification","valueRequired":true,"valueName":"search_term_string"}}],"inLanguage":"cs"},{"@type":"Organization","@id":"https:\/\/lanaja.sk\/cs\/#organization","name":"Lanaja","alternateName":"Al\u017ebeta Andr\u00e1\u0161ikov\u00e1 - Lanaja","url":"https:\/\/lanaja.sk\/cs\/","logo":{"@type":"ImageObject","inLanguage":"cs","@id":"https:\/\/lanaja.sk\/cs\/#\/schema\/logo\/image\/","url":"https:\/\/lanaja.sk\/wp-content\/uploads\/2024\/01\/Lanaja.sk-logo.png","contentUrl":"https:\/\/lanaja.sk\/wp-content\/uploads\/2024\/01\/Lanaja.sk-logo.png","width":600,"height":300,"caption":"Lanaja"},"image":{"@id":"https:\/\/lanaja.sk\/cs\/#\/schema\/logo\/image\/"},"sameAs":["https:\/\/www.facebook.com\/Abreadbag","https:\/\/www.instagram.com\/lanaja_sk\/"]}]}},"_links":{"self":[{"href":"https:\/\/lanaja.sk\/cs\/wp-json\/wp\/v2\/product\/13280","targetHints":{"allow":["GET"]}}],"collection":[{"href":"https:\/\/lanaja.sk\/cs\/wp-json\/wp\/v2\/product"}],"about":[{"href":"https:\/\/lanaja.sk\/cs\/wp-json\/wp\/v2\/types\/product"}],"version-history":[{"count":2,"href":"https:\/\/lanaja.sk\/cs\/wp-json\/wp\/v2\/product\/13280\/revisions"}],"predecessor-version":[{"id":16458,"href":"https:\/\/lanaja.sk\/cs\/wp-json\/wp\/v2\/product\/13280\/revisions\/16458"}],"wp:featuredmedia":[{"embeddable":true,"href":"https:\/\/lanaja.sk\/cs\/wp-json\/wp\/v2\/media\/6903"}],"wp:attachment":[{"href":"https:\/\/lanaja.sk\/cs\/wp-json\/wp\/v2\/media?parent=13280"}],"wp:term":[{"taxonomy":"product_brand","embeddable":true,"href":"https:\/\/lanaja.sk\/cs\/wp-json\/wp\/v2\/product_brand?post=13280"},{"taxonomy":"product_cat","embeddable":true,"href":"https:\/\/lanaja.sk\/cs\/wp-json\/wp\/v2\/product_cat?post=13280"},{"taxonomy":"product_tag","embeddable":true,"href":"https:\/\/lanaja.sk\/cs\/wp-json\/wp\/v2\/product_tag?post=13280"}],"curies":[{"name":"wp","href":"https:\/\/api.w.org\/{rel}","templated":true}]}}