{"id":13283,"date":"2024-05-16T17:00:36","date_gmt":"2024-05-16T15:00:36","guid":{"rendered":"https:\/\/lanaja.sk\/obchod\/neza\u0159azen\u00e9\/martina-lneny-len-ve-2-barvach\/"},"modified":"2026-04-30T22:08:33","modified_gmt":"2026-04-30T20:08:33","slug":"martina-lneny-len-ve-2-barvach","status":"publish","type":"product","link":"https:\/\/lanaja.sk\/cs\/obchod\/martina-lneny-len-ve-2-barvach\/","title":{"rendered":"Ln\u011bn\u00e9 povle\u010den\u00ed MARTINA ve 2 barv\u00e1ch"},"content":{"rendered":"<h2><strong>Ln\u011bn\u00e9 povle\u010den\u00ed MARTINA ve 2 barv\u00e1ch a zdrav\u00fd sp\u00e1nek<\/strong><\/h2>\n<p>Ln\u011bn\u00e9 povle\u010den\u00ed Martina v\u00e1m p\u0159in\u00e1\u0161\u00ed neodolatelnou kombinaci p\u0159\u00edrodn\u00ed elegance a zdrav\u00e9ho sp\u00e1nku. Ka\u017ed\u00e1 lo\u017en\u00ed souprava je \u0161it\u00e1 s l\u00e1skou a p\u00e9\u010d\u00ed p\u0159\u00edmo v na\u0161\u00ed d\u00edln\u011b na Slovensku. Dop\u0159ejte si kvalitn\u00ed sp\u00e1nek, proto\u017ee ka\u017ed\u00fd den je nov\u00e9 dobrodru\u017estv\u00ed. Odpo\u010di\u0148te si a p\u0159ipravte se na dal\u0161\u00ed dobrodru\u017estv\u00ed, kter\u00e1 na v\u00e1s \u010dekaj\u00ed.<\/p>\n<h4>Hlavn\u00ed benefity sp\u00e1nku ve lnu<\/h4>\n<p>P\u0159i kontaktu s poko\u017ekou poskytuj\u00ed p\u0159\u00edjemn\u00fd pocit hebkosti a maj\u00ed relaxa\u010dn\u00ed \u00fa\u010dinek, co\u017e p\u0159isp\u00edv\u00e1 k lep\u0161\u00edmu sp\u00e1nku. Ln\u011bn\u00e9 povle\u010den\u00ed nepot\u0159ebuje \u017eehlen\u00ed, jejich p\u0159irozen\u00e9 zvr\u00e1sn\u011bn\u00ed jim dod\u00e1v\u00e1 stylov\u00fd vzhled a z\u00e1rove\u0148 \u0161et\u0159\u00ed v\u00e1\u0161 \u010das. Odpo\u010di\u0148te si po n\u00e1ro\u010dn\u00e9m dni a pono\u0159te se do m\u011bkk\u00e9ho objet\u00ed lnu. Ka\u017ed\u00fd nov\u00fd den je nov\u00fdm dobrodru\u017estv\u00edm. Proto je d\u016fle\u017eit\u00e9 m\u00edt kvalitn\u00ed a zdrav\u00fd sp\u00e1nek, abychom byli p\u0159ipraveni na v\u0161e, co n\u00e1s \u010dek\u00e1. Ln\u011bn\u00e9 povle\u010den\u00ed Martina v\u00e1m poskytne pr\u00e1v\u011b tuto mo\u017enost \u2013 odpo\u010dinout si a na\u010derpat nov\u00e9 s\u00edly.<\/p>\n<p>V\u00fdhody pou\u017e\u00edv\u00e1n\u00ed lo\u017en\u00edho pr\u00e1dla ze 100% lnu jsou nepopirateln\u00e9. Jeho jedine\u010dn\u00e1 schopnost regulovat teplotu, absorbovat vlhkost a odol\u00e1vat bakteri\u00edm a rozto\u010d\u016fm z n\u011bj d\u011bl\u00e1 ide\u00e1ln\u00ed \u0159e\u0161en\u00ed pro lidi se zdravotn\u00edmi probl\u00e9my, ale i pro ty, kter\u00fdm z\u00e1le\u017e\u00ed na zdrav\u00e9m sp\u00e1nku a pohodl\u00ed. Ln\u011bn\u00e1 tkanina je antialergick\u00e1, odol\u00e1v\u00e1 prachu a m\u00e1 prody\u0161nost, co\u017e zaji\u0161\u0165uje st\u00e1lou cirkulaci vzduchu a zabra\u0148uje p\u0159eh\u0159\u00e1t\u00ed b\u011bhem sp\u00e1nku.<\/p>\n<p>D\u00edky sv\u00e9 molekul\u00e1rn\u00ed struktu\u0159e dok\u00e1\u017ee ln\u011bn\u00e9 povle\u010den\u00ed absorbovat a\u017e 20 % sv\u00e9 hmotnosti vlhkosti, co\u017e zaru\u010duje su\u0161\u0161\u00ed a zdrav\u011bj\u0161\u00ed sp\u00e1nek. D\u00edky sv\u00e9 p\u0159irozen\u00e9 tepeln\u00e9 vodivosti v\u00e1s v zim\u011b zah\u0159ej\u00ed a v l\u00e9t\u011b ochlad\u00ed, \u010d\u00edm\u017e p\u0159isp\u00edvaj\u00ed k celkov\u00e9mu komfortu a relaxaci. Jejich trvanliv\u00e1 struktura zaru\u010duje dlouhodobou \u017eivotnost, tak\u017ee investice do ln\u011bn\u00e9ho povle\u010den\u00ed se vyplat\u00ed nejen z pohledu pohodl\u00ed, ale i z hlediska trvanlivosti.<\/p>\n<p>Ln\u011bn\u00e9 povle\u010den\u00ed Martina je z\u00e1rukou kvality, stylu a zdrav\u00ed, kter\u00e9 si va\u0161e rodina zaslou\u017e\u00ed. Investujte do sv\u00e9ho sp\u00e1nku a zajist\u011bte si zdrav\u011bj\u0161\u00ed a kvalitn\u011bj\u0161\u00ed \u017eivot.<\/p>\n<h3>Ln\u011bn\u00e9 povle\u010den\u00ed v\u00e1m u\u0161ijeme i na m\u00edru<\/h3>\n<p>Pokud si p\u0159ejete ln\u011bn\u00e9 povle\u010den\u00ed prodlou\u017eit, napi\u0161te n\u00e1m, r\u00e1di v\u00e1m porad\u00edme a uprav\u00edme p\u0159esn\u011b podle va\u0161ich po\u017eadavk\u016f a na m\u00edru. Doporu\u010dujeme tak\u00e9 vyu\u017e\u00edt na\u0161e online konzultace.<\/p>\n<p>Volbou vn\u011bj\u0161\u00edho pro\u0161it\u00ed po obvodu zaru\u010duje tvarovou st\u00e1lost p\u0159i pran\u00ed. Povle\u010den\u00ed se nekrout\u00ed a po vypr\u00e1n\u00ed je sta\u010d\u00ed vyt\u0159epat a nechat uschnout. P\u0159ed \u0161it\u00edm se l\u00e1tka vypere a vy\u017eehl\u00ed, tak\u017ee se nemus\u00edte b\u00e1t, \u017ee by se p\u0159i dal\u0161\u00edm pran\u00ed srazila. Chceme v\u00e1m p\u0159in\u00e9st kvalitn\u00ed lo\u017en\u00ed pr\u00e1dlo, kter\u00e9 je pln\u011b funk\u010dn\u00ed, zdravotn\u011b nez\u00e1vadn\u00e9 a s individu\u00e1ln\u00edmi ln\u011bn\u00fdmi benefity i zdrav\u00ed prosp\u011b\u0161n\u00e9.<\/p>\n<p>Jako bonus dostanete povle\u010den\u00ed Martina zabalen\u00e9 v d\u00e1rkov\u00e9 krabi\u010dce ur\u010den\u00e9 k dal\u0161\u00edmu pou\u017eit\u00ed a my v\u00e1m ulev\u00edme od starost\u00ed a vym\u00fd\u0161len\u00ed d\u00e1rkov\u00e9ho balen\u00ed. Bal\u00ed\u010dek m\u016f\u017eete darovat p\u0159\u00edmo k sv\u00e1tku, jako svatebn\u00ed dar nebo k V\u00e1noc\u016fm. Sestavte si vlastn\u00ed kombinaci barev, p\u0159ijde k v\u00e1m kr\u00e1sn\u00e1 a vo\u0148av\u00e1 krabi\u010dka.<\/p>\n<h3>Zap\u00edn\u00e1n\u00ed<\/h3>\n<p>Zap\u00edn\u00e1n\u00ed na ln\u011bn\u00e9m povle\u010den\u00ed je \u0159e\u0161eno s knofl\u00edky. M\u016f\u017eete si vybrat tyto typy knofl\u00edk\u016f: D\u0158EV\u011aN\u00c9 NEBO KOKOSOV\u00c9, s viditeln\u00fdm zap\u00edn\u00e1n\u00edm nebo se skryt\u00fdmi knofl\u00edky. Zap\u00edn\u00e1n\u00ed SE ZIPSEM (upozorn\u011bn\u00ed pro na\u0161e mil\u00e9 z\u00e1kazn\u00edky: v\u0161\u00edv\u00e1me do ln\u011bn\u00e9ho povle\u010den\u00ed kvalitn\u00ed zipy, ale m\u00e1me dlouholet\u00e9 zku\u0161enosti s t\u00edm, \u017ee jezdce na zipech nevydr\u017e\u00ed tak dlouho jako klasick\u00e9 knofl\u00edkov\u00e9 zap\u00edn\u00e1n\u00ed, co\u017e nem\u016f\u017eeme ovlivnit.) Proto doporu\u010dujeme vybrat si klasick\u00e9 zap\u00edn\u00e1n\u00ed na knofl\u00edky.<\/p>\n<p><strong>V\u0161echny ln\u011bn\u00e9 tkaniny jsou certifikov\u00e1ny <\/strong>OEKO-TEX STANDART 100. vyrobeno v Evrop\u011b.<\/p>\n<p>V\u00edce o v\u00fdhod\u00e1ch ln\u011bn\u00e9ho pr\u00e1dla se do\u010dtete na na\u0161em blogu <a href=\"https:\/\/lanaja.sk\/cs\/?p=7582\" rel=\"noopener\">LEN A JEHO \u00da\u010cINKY Pro zdrav\u00fd a plnohodnotn\u00fd sp\u00e1nek, <\/a> <\/p>\n<p>Jak se starat o ln\u011bn\u00e9 v\u00fdrobky <a href=\"https:\/\/lanaja.sk\/cs\/?p=7580\" rel=\"noopener\">P\u00c9\u010cE O LN\u011aN\u00c9 V\u00ddROBKY<\/a><\/p>\n<p>Ln\u011bn\u00e9 povle\u010den\u00ed m\u016f\u017eete tak\u00e9 sladit s ln\u011bn\u00fdm prost\u011bradlem <a href=\"https:\/\/lanaja.sk\/cs\/kategorie-produktu\/loznice\/lnene-prosteradla\/\" rel=\"noopener noreferrer\">ZDE<\/a><\/p>\n<p>Ln\u011bn\u00fdm povle\u010den\u00edm <a href=\"https:\/\/lanaja.sk\/cs\/kategorie-produktu\/loznice\/lnene-prosteradla\/\" rel=\"noopener noreferrer\">ZDE<\/a><\/p>\n<p><strong>Po\u010d\u00edtejte s dodac\u00ed lh\u016ftou 5-15 pracovn\u00edch dn\u016f, pokud nem\u00e1me produkt \u0161it\u00fd skladem, ru\u010dn\u00ed pr\u00e1ce vy\u017eaduje n\u00e1\u0161 \u010das. Ln\u011bn\u00e9 v\u00fdrobky \u0161ijeme v na\u0161\u00ed d\u00edln\u011b dle Va\u0161eho p\u0159\u00e1n\u00ed a na m\u00edru v z\u00e1vislosti na konkr\u00e9tn\u00edm v\u00fdrobku.<\/strong><\/p>\n<p><strong>BARVA + gram\u00e1\u017e lnu 185g: <\/strong><\/p>\n<p>1. ml\u00e9\u010dn\u011b b\u00edl\u00e1 (na fotk\u00e1ch)<\/p>\n<p>2. b\u00edl\u00e1, pro porovn\u00e1n\u00ed je posledn\u00ed fotka, kde je vid\u011bt barevn\u00fd rozd\u00edl mezi ln\u011bn\u00fdm prost\u011bradlem (b\u00edl\u00e1 barva lnu) a ln\u011bn\u00fdm povle\u010den\u00edm (ml\u00e9\u010dn\u011b b\u00edl\u00e1 barva)<\/p>\n<p>Ln\u011bn\u00e9 povle\u010den\u00ed m\u016f\u017eete tak\u00e9 sladit s ln\u011bn\u00fdm prost\u011bradlem <a href=\"https:\/\/lanaja.sk\/cs\/kategorie-produktu\/loznice\/lnene-prosteradla\/\" rel=\"noopener noreferrer\">ZDE<\/a><\/p>\n<p>Ln\u011bn\u00fdm povle\u010den\u00edm <a href=\"https:\/\/lanaja.sk\/cs\/kategorie-produktu\/loznice\/lnene-prosteradla\/\" rel=\"noopener noreferrer\">ZDE<\/a><\/p>\n<p><strong>Po\u010d\u00edtejte s dodac\u00ed lh\u016ftou 5-15 pracovn\u00edch dn\u016f, pokud nem\u00e1me produkt \u0161it\u00fd skladem, ru\u010dn\u00ed pr\u00e1ce vy\u017eaduje n\u00e1\u0161 \u010das. Ln\u011bn\u00e9 v\u00fdrobky \u0161ijeme v na\u0161\u00ed d\u00edln\u011b dle Va\u0161eho p\u0159\u00e1n\u00ed a na m\u00edru v z\u00e1vislosti na konkr\u00e9tn\u00edm v\u00fdrobku.<\/strong><\/p>\n","protected":false},"excerpt":{"rendered":"<p>V\u00edtejte ve sv\u011bt\u011b sp\u00e1nku, kde udr\u017eitelnost a slovensk\u00e1 kvalita jdou ruku v ruce. Povle\u010den\u00ed Martina v\u00e1m p\u0159in\u00e1\u0161\u00ed neodolatelnou kombinaci p\u0159irozen\u00e9 elegance a zdrav\u00e9ho sp\u00e1nku. Ka\u017ed\u00e1 lo\u017en\u00ed souprava je \u0161it\u00e1 s l\u00e1skou a p\u00e9\u010d\u00ed p\u0159\u00edmo v na\u0161\u00ed d\u00edln\u011b na Slovensku. Dop\u0159ejte si kvalitn\u00ed sp\u00e1nek, proto\u017ee ka\u017ed\u00fd den je nov\u00e9 dobrodru\u017estv\u00ed. Odpo\u010di\u0148te si a p\u0159ipravte se na dal\u0161\u00ed dobrodru\u017estv\u00ed, kter\u00e1 na v\u00e1s \u010dekaj\u00ed.<\/p>\n","protected":false},"featured_media":10767,"template":"","meta":[],"product_brand":[],"product_cat":[365,366,363,364],"product_tag":[367],"class_list":{"0":"post-13283","1":"product","2":"type-product","3":"status-publish","4":"has-post-thumbnail","6":"product_cat-lnena-prosteradla-ve-standardnich-velikostech","7":"product_cat-lnene-povlaky-na-prikryvky","8":"product_cat-lnene-povleceni-cs","9":"product_cat-lnene-povleceni-do-detske-postylky","10":"product_tag-lnene-povleceni","12":"first","13":"onbackorder","14":"shipping-taxable","15":"purchasable","16":"product-type-variable"},"yoast_head":"<!-- This site is optimized with the Yoast SEO plugin v27.4 - https:\/\/yoast.com\/product\/yoast-seo-wordpress\/ -->\n<title>Ln\u011bn\u00e9 povle\u010den\u00ed Martina je u\u0161ito p\u0159\u00edmo na Slovensku<\/title>\n<meta name=\"description\" content=\"Ln\u011bn\u00e9 Povle\u010den\u00ed Martina \u0161ijeme s l\u00e1skou a p\u00e9\u010d\u00ed p\u0159\u00edmo v na\u0161\u00ed d\u00edln\u011b na Slovensku. Dop\u0159ejte si kvalitn\u00ed sp\u00e1nek...\" \/>\n<meta name=\"robots\" content=\"index, follow, max-snippet:-1, max-image-preview:large, max-video-preview:-1\" \/>\n<link rel=\"canonical\" href=\"https:\/\/lanaja.sk\/cs\/obchod\/martina-lneny-len-ve-2-barvach\/\" \/>\n<meta property=\"og:locale\" content=\"cs_CZ\" \/>\n<meta property=\"og:type\" content=\"article\" \/>\n<meta property=\"og:title\" content=\"Ln\u011bn\u00e9 povle\u010den\u00ed Martina je u\u0161ito p\u0159\u00edmo na Slovensku\" \/>\n<meta property=\"og:description\" content=\"Ln\u011bn\u00e9 Povle\u010den\u00ed Martina \u0161ijeme s l\u00e1skou a p\u00e9\u010d\u00ed p\u0159\u00edmo v na\u0161\u00ed d\u00edln\u011b na Slovensku. Dop\u0159ejte si kvalitn\u00ed sp\u00e1nek...\" \/>\n<meta property=\"og:url\" content=\"https:\/\/lanaja.sk\/cs\/obchod\/martina-lneny-len-ve-2-barvach\/\" \/>\n<meta property=\"og:site_name\" content=\"Lanaja-slovensk\u00e1 udr\u017eiteln\u00e1 zna\u010dka a v\u00fdrobce ln\u011bn\u00e9ho textilu\" \/>\n<meta property=\"article:publisher\" content=\"https:\/\/www.facebook.com\/Abreadbag\" \/>\n<meta property=\"article:modified_time\" content=\"2026-04-30T20:08:33+00:00\" \/>\n<meta property=\"og:image\" content=\"https:\/\/lanaja.sk\/wp-content\/uploads\/2024\/02\/lanove-obliecky-lanaja-jpg.webp\" \/>\n\t<meta property=\"og:image:width\" content=\"821\" \/>\n\t<meta property=\"og:image:height\" content=\"822\" \/>\n\t<meta property=\"og:image:type\" content=\"image\/jpeg\" \/>\n<meta name=\"twitter:card\" content=\"summary_large_image\" \/>\n<meta name=\"twitter:label1\" content=\"Odhadovan\u00e1 doba \u010dten\u00ed\" \/>\n\t<meta name=\"twitter:data1\" content=\"4 minuty\" \/>\n<script type=\"application\/ld+json\" class=\"yoast-schema-graph\">{\"@context\":\"https:\\\/\\\/schema.org\",\"@graph\":[{\"@type\":\"WebPage\",\"@id\":\"https:\\\/\\\/lanaja.sk\\\/cs\\\/obchod\\\/martina-lneny-len-ve-2-barvach\\\/\",\"url\":\"https:\\\/\\\/lanaja.sk\\\/cs\\\/obchod\\\/martina-lneny-len-ve-2-barvach\\\/\",\"name\":\"Ln\u011bn\u00e9 povle\u010den\u00ed Martina je u\u0161ito p\u0159\u00edmo na Slovensku\",\"isPartOf\":{\"@id\":\"https:\\\/\\\/lanaja.sk\\\/cs\\\/#website\"},\"primaryImageOfPage\":{\"@id\":\"https:\\\/\\\/lanaja.sk\\\/cs\\\/obchod\\\/martina-lneny-len-ve-2-barvach\\\/#primaryimage\"},\"image\":{\"@id\":\"https:\\\/\\\/lanaja.sk\\\/cs\\\/obchod\\\/martina-lneny-len-ve-2-barvach\\\/#primaryimage\"},\"thumbnailUrl\":\"https:\\\/\\\/lanaja.sk\\\/wp-content\\\/uploads\\\/2024\\\/02\\\/lanove-obliecky-lanaja-jpg.webp\",\"datePublished\":\"2024-05-16T15:00:36+00:00\",\"dateModified\":\"2026-04-30T20:08:33+00:00\",\"description\":\"Ln\u011bn\u00e9 Povle\u010den\u00ed Martina \u0161ijeme s l\u00e1skou a p\u00e9\u010d\u00ed p\u0159\u00edmo v na\u0161\u00ed d\u00edln\u011b na Slovensku. Dop\u0159ejte si kvalitn\u00ed sp\u00e1nek...\",\"breadcrumb\":{\"@id\":\"https:\\\/\\\/lanaja.sk\\\/cs\\\/obchod\\\/martina-lneny-len-ve-2-barvach\\\/#breadcrumb\"},\"inLanguage\":\"cs\",\"potentialAction\":[{\"@type\":\"ReadAction\",\"target\":[\"https:\\\/\\\/lanaja.sk\\\/cs\\\/obchod\\\/martina-lneny-len-ve-2-barvach\\\/\"]}]},{\"@type\":\"ImageObject\",\"inLanguage\":\"cs\",\"@id\":\"https:\\\/\\\/lanaja.sk\\\/cs\\\/obchod\\\/martina-lneny-len-ve-2-barvach\\\/#primaryimage\",\"url\":\"https:\\\/\\\/lanaja.sk\\\/wp-content\\\/uploads\\\/2024\\\/02\\\/lanove-obliecky-lanaja-jpg.webp\",\"contentUrl\":\"https:\\\/\\\/lanaja.sk\\\/wp-content\\\/uploads\\\/2024\\\/02\\\/lanove-obliecky-lanaja-jpg.webp\",\"width\":821,\"height\":822,\"caption\":\"biele \u013eanov\u00e9 oblie\u010dky a svetlo\u0161ed\u00fd \u013eanov\u00fd prehoz v sp\u00e1lni\"},{\"@type\":\"BreadcrumbList\",\"@id\":\"https:\\\/\\\/lanaja.sk\\\/cs\\\/obchod\\\/martina-lneny-len-ve-2-barvach\\\/#breadcrumb\",\"itemListElement\":[{\"@type\":\"ListItem\",\"position\":1,\"name\":\"Home\",\"item\":\"https:\\\/\\\/lanaja.sk\\\/cs\\\/\"},{\"@type\":\"ListItem\",\"position\":2,\"name\":\"Obchod\",\"item\":\"https:\\\/\\\/lanaja.sk\\\/cs\\\/obchod-cz\\\/\"},{\"@type\":\"ListItem\",\"position\":3,\"name\":\"Ln\u011bn\u00e9 povle\u010den\u00ed MARTINA ve 2 barv\u00e1ch\"}]},{\"@type\":\"WebSite\",\"@id\":\"https:\\\/\\\/lanaja.sk\\\/cs\\\/#website\",\"url\":\"https:\\\/\\\/lanaja.sk\\\/cs\\\/\",\"name\":\"Lanaja - bytov\u00fd textil z \u013eanu a \u013eanov\u00e9 v\u00fdrobky\",\"description\":\"Jedine\u010dn\u00fd bytov\u00fd textil, ln\u011bn\u00e9 pytl\u00edky, ln\u011bn\u00e9 ubrusy, ln\u011bn\u00e9 lo\u017en\u00ed povle\u010den\u00ed, ln\u011bn\u00e9 ut\u011brky, ln\u011bn\u00e9 prost\u00edr\u00e1n\u00ed vyroben\u00e9 a \u0161it\u00e9 na Slovensku\",\"publisher\":{\"@id\":\"https:\\\/\\\/lanaja.sk\\\/cs\\\/#organization\"},\"alternateName\":\"Lanaja - v\u00fdrobky z \u013eanu, \u013eanov\u00fd bytov\u00fd textil\",\"potentialAction\":[{\"@type\":\"SearchAction\",\"target\":{\"@type\":\"EntryPoint\",\"urlTemplate\":\"https:\\\/\\\/lanaja.sk\\\/cs\\\/?s={search_term_string}\"},\"query-input\":{\"@type\":\"PropertyValueSpecification\",\"valueRequired\":true,\"valueName\":\"search_term_string\"}}],\"inLanguage\":\"cs\"},{\"@type\":\"Organization\",\"@id\":\"https:\\\/\\\/lanaja.sk\\\/cs\\\/#organization\",\"name\":\"Lanaja\",\"alternateName\":\"Al\u017ebeta Andr\u00e1\u0161ikov\u00e1 - Lanaja\",\"url\":\"https:\\\/\\\/lanaja.sk\\\/cs\\\/\",\"logo\":{\"@type\":\"ImageObject\",\"inLanguage\":\"cs\",\"@id\":\"https:\\\/\\\/lanaja.sk\\\/cs\\\/#\\\/schema\\\/logo\\\/image\\\/\",\"url\":\"https:\\\/\\\/lanaja.sk\\\/wp-content\\\/uploads\\\/2024\\\/01\\\/Lanaja.sk-logo.png\",\"contentUrl\":\"https:\\\/\\\/lanaja.sk\\\/wp-content\\\/uploads\\\/2024\\\/01\\\/Lanaja.sk-logo.png\",\"width\":600,\"height\":300,\"caption\":\"Lanaja\"},\"image\":{\"@id\":\"https:\\\/\\\/lanaja.sk\\\/cs\\\/#\\\/schema\\\/logo\\\/image\\\/\"},\"sameAs\":[\"https:\\\/\\\/www.facebook.com\\\/Abreadbag\",\"https:\\\/\\\/www.instagram.com\\\/lanaja_sk\\\/\"]}]}<\/script>\n<!-- \/ Yoast SEO plugin. -->","yoast_head_json":{"title":"Ln\u011bn\u00e9 povle\u010den\u00ed Martina je u\u0161ito p\u0159\u00edmo na Slovensku","description":"Ln\u011bn\u00e9 Povle\u010den\u00ed Martina \u0161ijeme s l\u00e1skou a p\u00e9\u010d\u00ed p\u0159\u00edmo v na\u0161\u00ed d\u00edln\u011b na Slovensku. Dop\u0159ejte si kvalitn\u00ed sp\u00e1nek...","robots":{"index":"index","follow":"follow","max-snippet":"max-snippet:-1","max-image-preview":"max-image-preview:large","max-video-preview":"max-video-preview:-1"},"canonical":"https:\/\/lanaja.sk\/cs\/obchod\/martina-lneny-len-ve-2-barvach\/","og_locale":"cs_CZ","og_type":"article","og_title":"Ln\u011bn\u00e9 povle\u010den\u00ed Martina je u\u0161ito p\u0159\u00edmo na Slovensku","og_description":"Ln\u011bn\u00e9 Povle\u010den\u00ed Martina \u0161ijeme s l\u00e1skou a p\u00e9\u010d\u00ed p\u0159\u00edmo v na\u0161\u00ed d\u00edln\u011b na Slovensku. Dop\u0159ejte si kvalitn\u00ed sp\u00e1nek...","og_url":"https:\/\/lanaja.sk\/cs\/obchod\/martina-lneny-len-ve-2-barvach\/","og_site_name":"Lanaja-slovensk\u00e1 udr\u017eiteln\u00e1 zna\u010dka a v\u00fdrobce ln\u011bn\u00e9ho textilu","article_publisher":"https:\/\/www.facebook.com\/Abreadbag","article_modified_time":"2026-04-30T20:08:33+00:00","og_image":[{"width":821,"height":822,"url":"https:\/\/lanaja.sk\/wp-content\/uploads\/2024\/02\/lanove-obliecky-lanaja-jpg.webp","type":"image\/jpeg"}],"twitter_card":"summary_large_image","twitter_misc":{"Odhadovan\u00e1 doba \u010dten\u00ed":"4 minuty"},"schema":{"@context":"https:\/\/schema.org","@graph":[{"@type":"WebPage","@id":"https:\/\/lanaja.sk\/cs\/obchod\/martina-lneny-len-ve-2-barvach\/","url":"https:\/\/lanaja.sk\/cs\/obchod\/martina-lneny-len-ve-2-barvach\/","name":"Ln\u011bn\u00e9 povle\u010den\u00ed Martina je u\u0161ito p\u0159\u00edmo na Slovensku","isPartOf":{"@id":"https:\/\/lanaja.sk\/cs\/#website"},"primaryImageOfPage":{"@id":"https:\/\/lanaja.sk\/cs\/obchod\/martina-lneny-len-ve-2-barvach\/#primaryimage"},"image":{"@id":"https:\/\/lanaja.sk\/cs\/obchod\/martina-lneny-len-ve-2-barvach\/#primaryimage"},"thumbnailUrl":"https:\/\/lanaja.sk\/wp-content\/uploads\/2024\/02\/lanove-obliecky-lanaja-jpg.webp","datePublished":"2024-05-16T15:00:36+00:00","dateModified":"2026-04-30T20:08:33+00:00","description":"Ln\u011bn\u00e9 Povle\u010den\u00ed Martina \u0161ijeme s l\u00e1skou a p\u00e9\u010d\u00ed p\u0159\u00edmo v na\u0161\u00ed d\u00edln\u011b na Slovensku. Dop\u0159ejte si kvalitn\u00ed sp\u00e1nek...","breadcrumb":{"@id":"https:\/\/lanaja.sk\/cs\/obchod\/martina-lneny-len-ve-2-barvach\/#breadcrumb"},"inLanguage":"cs","potentialAction":[{"@type":"ReadAction","target":["https:\/\/lanaja.sk\/cs\/obchod\/martina-lneny-len-ve-2-barvach\/"]}]},{"@type":"ImageObject","inLanguage":"cs","@id":"https:\/\/lanaja.sk\/cs\/obchod\/martina-lneny-len-ve-2-barvach\/#primaryimage","url":"https:\/\/lanaja.sk\/wp-content\/uploads\/2024\/02\/lanove-obliecky-lanaja-jpg.webp","contentUrl":"https:\/\/lanaja.sk\/wp-content\/uploads\/2024\/02\/lanove-obliecky-lanaja-jpg.webp","width":821,"height":822,"caption":"biele \u013eanov\u00e9 oblie\u010dky a svetlo\u0161ed\u00fd \u013eanov\u00fd prehoz v sp\u00e1lni"},{"@type":"BreadcrumbList","@id":"https:\/\/lanaja.sk\/cs\/obchod\/martina-lneny-len-ve-2-barvach\/#breadcrumb","itemListElement":[{"@type":"ListItem","position":1,"name":"Home","item":"https:\/\/lanaja.sk\/cs\/"},{"@type":"ListItem","position":2,"name":"Obchod","item":"https:\/\/lanaja.sk\/cs\/obchod-cz\/"},{"@type":"ListItem","position":3,"name":"Ln\u011bn\u00e9 povle\u010den\u00ed MARTINA ve 2 barv\u00e1ch"}]},{"@type":"WebSite","@id":"https:\/\/lanaja.sk\/cs\/#website","url":"https:\/\/lanaja.sk\/cs\/","name":"Lanaja - bytov\u00fd textil z \u013eanu a \u013eanov\u00e9 v\u00fdrobky","description":"Jedine\u010dn\u00fd bytov\u00fd textil, ln\u011bn\u00e9 pytl\u00edky, ln\u011bn\u00e9 ubrusy, ln\u011bn\u00e9 lo\u017en\u00ed povle\u010den\u00ed, ln\u011bn\u00e9 ut\u011brky, ln\u011bn\u00e9 prost\u00edr\u00e1n\u00ed vyroben\u00e9 a \u0161it\u00e9 na Slovensku","publisher":{"@id":"https:\/\/lanaja.sk\/cs\/#organization"},"alternateName":"Lanaja - v\u00fdrobky z \u013eanu, \u013eanov\u00fd bytov\u00fd textil","potentialAction":[{"@type":"SearchAction","target":{"@type":"EntryPoint","urlTemplate":"https:\/\/lanaja.sk\/cs\/?s={search_term_string}"},"query-input":{"@type":"PropertyValueSpecification","valueRequired":true,"valueName":"search_term_string"}}],"inLanguage":"cs"},{"@type":"Organization","@id":"https:\/\/lanaja.sk\/cs\/#organization","name":"Lanaja","alternateName":"Al\u017ebeta Andr\u00e1\u0161ikov\u00e1 - Lanaja","url":"https:\/\/lanaja.sk\/cs\/","logo":{"@type":"ImageObject","inLanguage":"cs","@id":"https:\/\/lanaja.sk\/cs\/#\/schema\/logo\/image\/","url":"https:\/\/lanaja.sk\/wp-content\/uploads\/2024\/01\/Lanaja.sk-logo.png","contentUrl":"https:\/\/lanaja.sk\/wp-content\/uploads\/2024\/01\/Lanaja.sk-logo.png","width":600,"height":300,"caption":"Lanaja"},"image":{"@id":"https:\/\/lanaja.sk\/cs\/#\/schema\/logo\/image\/"},"sameAs":["https:\/\/www.facebook.com\/Abreadbag","https:\/\/www.instagram.com\/lanaja_sk\/"]}]}},"_links":{"self":[{"href":"https:\/\/lanaja.sk\/cs\/wp-json\/wp\/v2\/product\/13283","targetHints":{"allow":["GET"]}}],"collection":[{"href":"https:\/\/lanaja.sk\/cs\/wp-json\/wp\/v2\/product"}],"about":[{"href":"https:\/\/lanaja.sk\/cs\/wp-json\/wp\/v2\/types\/product"}],"version-history":[{"count":5,"href":"https:\/\/lanaja.sk\/cs\/wp-json\/wp\/v2\/product\/13283\/revisions"}],"predecessor-version":[{"id":16981,"href":"https:\/\/lanaja.sk\/cs\/wp-json\/wp\/v2\/product\/13283\/revisions\/16981"}],"wp:featuredmedia":[{"embeddable":true,"href":"https:\/\/lanaja.sk\/cs\/wp-json\/wp\/v2\/media\/10767"}],"wp:attachment":[{"href":"https:\/\/lanaja.sk\/cs\/wp-json\/wp\/v2\/media?parent=13283"}],"wp:term":[{"taxonomy":"product_brand","embeddable":true,"href":"https:\/\/lanaja.sk\/cs\/wp-json\/wp\/v2\/product_brand?post=13283"},{"taxonomy":"product_cat","embeddable":true,"href":"https:\/\/lanaja.sk\/cs\/wp-json\/wp\/v2\/product_cat?post=13283"},{"taxonomy":"product_tag","embeddable":true,"href":"https:\/\/lanaja.sk\/cs\/wp-json\/wp\/v2\/product_tag?post=13283"}],"curies":[{"name":"wp","href":"https:\/\/api.w.org\/{rel}","templated":true}]}}