{"id":13317,"date":"2021-10-23T15:07:12","date_gmt":"2021-10-23T13:07:12","guid":{"rendered":"https:\/\/lanaja.sk\/obchod\/neza\u0159azen\u00e9\/povleceni-lucia\/"},"modified":"2025-09-27T14:24:15","modified_gmt":"2025-09-27T12:24:15","slug":"povleceni-lucia","status":"publish","type":"product","link":"https:\/\/lanaja.sk\/cs\/obchod\/povleceni-lucia\/","title":{"rendered":"Ln\u011bn\u00e9 povle\u010den\u00ed Lucia"},"content":{"rendered":"<h2><strong>Ln\u011bn\u00e9 povle\u010den\u00ed Lucia<\/strong><\/h2>\n<p><strong>Ln\u011bn\u00e9 povle\u010den\u00ed LUCIA<\/strong> je dokonal\u00fdm spojen\u00edm p\u0159\u00edrodn\u00edho lnu a zp\u016fsobu, jak si u\u017e\u00edt p\u0159\u00edjemn\u00fd a pohodln\u00fd sp\u00e1nek nejen v zim\u011b. Pokud hled\u00e1te kvalitn\u00ed povle\u010den\u00ed, kter\u00e9 v\u00e1m vydr\u017e\u00ed roky, povle\u010den\u00ed Lucia jsou skv\u011blou volbou. Siln\u011bj\u0161\u00ed len m\u00e1 n\u011bkolik v\u00fdhod. Je odoln\u011bj\u0161\u00ed proti od\u011bru a tolik se nema\u010dk\u00e1. Povle\u010den\u00ed s vy\u0161\u0161\u00ed gram\u00e1\u017e\u00ed 245 g\/m\u00b2 je ide\u00e1ln\u00ed pro celoro\u010dn\u00ed pou\u017e\u00edv\u00e1n\u00ed.<\/p>\n<h4>Pro\u010d si vybrat ln\u011bn\u00e1 prost\u011bradla Lucia s vy\u0161\u0161\u00ed gram\u00e1\u017e\u00ed?<\/h4>\n<p>Dovolte mi p\u0159edstavit v\u00e1m na\u0161i kolekci ln\u011bn\u00e9ho povle\u010den\u00ed Lucia, kter\u00e1 je navr\u017eena s ohledem na va\u0161e pohodl\u00ed a uspokoj\u00ed i ten nejn\u00e1ro\u010dn\u011bj\u0161\u00ed vkus.<\/p>\n<h4>Zima s eleganc\u00ed<\/h4>\n<p>Ln\u011bn\u00e9 povle\u010den\u00ed LUCIA jsou o spojen\u00ed p\u0159\u00edjemn\u00e9ho s u\u017eite\u010dn\u00fdm. Je to spojen\u00ed p\u0159\u00edrodn\u00edho a funk\u010dn\u00edho, kter\u00e9 v\u00e1s zah\u0159\u00edv\u00e1 nejen svoj\u00ed hustotou ln\u011bn\u00fdch vl\u00e1ken.<\/p>\n<h4><strong>Hmotnost, kter\u00e1 h\u0159eje<\/strong><\/h4>\n<p>Vy\u0161\u0161\u00ed gram\u00e1\u017e (245 g\/m\u00b2) znamen\u00e1 h\u0159ejiv\u00fd objem v zim\u011b, chladiv\u00fd v l\u00e9t\u011b. Kolekce Lucia v\u00e1m zaru\u010d\u00ed maxim\u00e1ln\u00ed pohodl\u00ed a poskytne v\u00e1m p\u0159\u00edjemn\u00fd pocit objet\u00ed, nejen kdy\u017e venku klesaj\u00ed teploty. <\/p>\n<h4><strong>Len d\u00fdch\u00e1<\/strong><\/h4>\n<p>Len je zn\u00e1m\u00fd svou schopnost\u00ed absorbovat, ale tak\u00e9 odv\u00e1d\u011bt vlhkost. I kdy\u017e venku teploty klesaj\u00ed, len udr\u017euje va\u0161e t\u011blo v suchu a teple. V letn\u00edch m\u011bs\u00edc\u00edch v\u00e1s p\u0159ekvap\u00ed svou termoregula\u010dn\u00ed schopnost\u00ed a p\u0159\u00edjemn\u011b v\u00e1m ochlad\u00ed poko\u017eku. V\u011bd\u011bli jste, \u017ee se ve lnu a\u017e tak nepot\u00edme? Termoregulace lnu odvede skv\u011blou pr\u00e1ci. Ln\u011bn\u00e9 povle\u010den\u00ed je prody\u0161n\u00e9, cirkuluje vzduch, nezvy\u0161uje t\u011blesnou teplotu a pr\u00e1v\u011b toto zdrav\u00e9 prost\u0159ed\u00ed je pot\u0159ebn\u00e9 pro plnohodnotn\u00fd a klidn\u00fd sp\u00e1nek po cel\u00fd rok.    <\/p>\n<h4><strong>P\u0159irozen\u00e1 odolnost v\u016f\u010di bakteri\u00edm a alergen\u016fm<\/strong><\/h4>\n<p>Len p\u0159irozen\u00fdm zp\u016fsobem odol\u00e1v\u00e1 bakteri\u00edm a alergen\u016fm, a tak va\u0161e povle\u010den\u00ed bude nejen pohodln\u00e9, ale i p\u0159\u00e1telsk\u00e9 k va\u0161emu zdrav\u00ed.<\/p>\n<h4><strong>P\u0159\u00edjemn\u00fd dotek<\/strong><\/h4>\n<p>Ln\u011bn\u00e9 povle\u010den\u00ed Lucia s gram\u00e1\u017e\u00ed 245 g\/m\u00b2 nab\u00edz\u00ed nejen teplo, ale tak\u00e9 p\u0159\u00edjemn\u00fd dotek. Ln\u011bn\u00e1 tkanina je dostate\u010dn\u011b m\u011bkk\u00e1, abyste se v n\u00ed c\u00edtili pohodln\u011b. Je zm\u011bk\u010den\u00fd, zm\u011bk\u010den\u00fd a vymyt\u00fd um\u011bl\u00fdm kamenemumyt\u00fd Z\u00e1rove\u0148 je dostate\u010dn\u011b pevn\u00fd, aby vydr\u017eel ka\u017edodenn\u00ed no\u0161en\u00ed. Ln\u011bn\u00e9 povle\u010den\u00ed Lucia nejsou tvrd\u00e1, jsou velmi p\u0159\u00edjemn\u00e1 a m\u011bkk\u00e1 na prvn\u00ed pohlazen\u00ed.<\/p>\n<h4><strong>V\u00fdjime\u010dn\u00e1 kvalita<\/strong><\/h4>\n<p>Na\u0161e ln\u011bn\u00e9 povle\u010den\u00ed je u\u0161it\u00e9 se z\u0159etelem na detaily a s d\u016frazem na kvalitu. Jejich precizn\u00ed \u0161it\u00ed a zpracov\u00e1n\u00ed zaru\u010d\u00ed jejich trvanlivost. To je d\u016fle\u017eit\u00e9 zejm\u00e9na v zimn\u00edch m\u011bs\u00edc\u00edch, kdy je lo\u017en\u00ed pr\u00e1dlo v\u00edce vystaveno opot\u0159eben\u00ed. Zvolili jsme vn\u011bj\u0161\u00ed pro\u0161it\u00ed a roubov\u00e1n\u00ed na 1 mm po obvodu arch\u016f. To v\u00e1m zaru\u010d\u00ed stabiln\u00ed tvar i po n\u011bkolika vypr\u00e1n\u00edch. Va\u0161e lo\u017en\u00ed pr\u00e1dlo se nekrout\u00ed a sta\u010d\u00ed ho po vypr\u00e1n\u00ed vyt\u0159epat a nechat uschnout. P\u0159ed \u0161it\u00edm jsme l\u00e1tku vyprali a vy\u017eehlili, nemus\u00edte se b\u00e1t, \u017ee by se prost\u011bradla dal\u0161\u00edm pran\u00edm srazila. Chceme v\u00e1m p\u0159in\u00e9st kvalitn\u00ed lo\u017en\u00ed pr\u00e1dlo, kter\u00e9 je pln\u011b funk\u010dn\u00ed, zdravotn\u011b nez\u00e1vadn\u00e9 a s individu\u00e1ln\u00edmi ln\u011bn\u00fdmi benefity i zdrav\u00ed prosp\u011b\u0161n\u00e9.<\/p>\n<h4><strong>Ekologicky udr\u017eiteln\u00fd  <\/strong><\/h4>\n<p>Z\u00e1le\u017e\u00ed n\u00e1m na udr\u017eitelnosti. Ln\u011bn\u00e1 l\u00e1tka je ekologicky p\u0159ijateln\u00e1 volba, proto\u017ee je vyrobena z p\u0159\u00edrodn\u00edch vl\u00e1ken a m\u00e1 men\u0161\u00ed ekologickou stopu.<\/p>\n<h4><strong>D\u00e1rkov\u00e9 balen\u00ed<\/strong><\/h4>\n<p>Jako bonus v\u00e1m na\u0161e ln\u011bn\u00e9 v\u00fdrobky zabal\u00edme do d\u00e1rkov\u00e9 krabi\u010dky, kter\u00e1 je ur\u010dena i k dal\u0161\u00edmu pou\u017eit\u00ed. Zbav\u00edme v\u00e1s starost\u00ed a vym\u00fd\u0161len\u00ed d\u00e1rkov\u00e9ho balen\u00ed. Bal\u00ed\u010dek m\u016f\u017eete darovat ihned, a\u0165 u\u017e k sv\u00e1tku, jako svatebn\u00ed dar nebo k V\u00e1noc\u016fm. Sestavte si vlastn\u00ed kombinaci barev, po\u0161leme v\u00e1m kr\u00e1snou a vo\u0148avou krabici.<\/p>\n<h4>Personalizace strojovou v\u00fd\u0161ivkou<\/h4>\n<p>Ln\u011bn\u00e1 prost\u011bradla personalizujeme a vy\u0161\u00edv\u00e1me na n\u011b monogram nebo cel\u00e9 jm\u00e9no vy\u0161\u00edvac\u00edm strojem. Cena v\u00fd\u0161ivky se odv\u00edj\u00ed od jej\u00ed velikosti. Pokud m\u00e1te z\u00e1jem o personalizaci, napi\u0161te n\u00e1m pros\u00edm p\u0159ed objedn\u00e1n\u00edm e-mail. R\u00e1di v\u00e1m porad\u00edme s v\u00fdb\u011brem vhodn\u00e9 velikosti a barvy v\u00fd\u0161ivky.<\/p>\n<h4>Ln\u011bn\u00e1 prost\u011bradla tak\u00e9 \u0161ijeme a upravujeme na m\u00edru<\/h4>\n<p>Pokud si p\u0159ejete ln\u011bn\u00e9 povle\u010den\u00ed prodlou\u017eit, napi\u0161te n\u00e1m, r\u00e1di v\u00e1m porad\u00edme a uprav\u00edme p\u0159esn\u011b podle va\u0161ich po\u017eadavk\u016f a na m\u00edru. Doporu\u010dujeme tak\u00e9 vyu\u017e\u00edt na\u0161e online konzultace.<\/p>\n<p>Ln\u011bn\u00e9 povle\u010den\u00ed LUCIA \u0161ijeme ze 100% certifikovan\u00e9ho lnu 245 g\/m\u00b2 pr\u00e9miov\u00e9 kvality. Pokud hled\u00e1te zp\u016fsob, jak vytvo\u0159it v lo\u017enici prost\u0159ed\u00ed \u0161etrn\u00e9 k \u017eivotn\u00edmu prost\u0159ed\u00ed a z\u00e1rove\u0148 pohodln\u00e9, pak je 100% len spr\u00e1vn\u00e1 volba. Nechte len p\u0159ikr\u010dit, je to jeho p\u0159irozen\u00e1 vlastnost a dod\u00e1v\u00e1 mu autenticitu a kr\u00e1snou p\u0159irozenou texturu, kter\u00e1 je mu tak vlastn\u00ed. Zapome\u0148te na \u017eehli\u010dku a nechte pr\u00e1dlo vyniknout v cel\u00e9 sv\u00e9 kr\u00e1se.<\/p>\n<p class=\"article\">V\u00edce o v\u00fdhod\u00e1ch ln\u011bn\u00e9ho pr\u00e1dla se do\u010dtete na na\u0161em blogu <a href=\"https:\/\/lanaja.sk\/lan-a-jeho-ucinky-pre-zdravy-a-plnohodnotny-spanok\/\" rel=\"noopener\">LEN a jeho \u00da\u010cINKY pro zdrav\u00fd a plnohodnotn\u00fd sp\u00e1nek<\/a><\/p>\n<h4>Ru\u010dn\u011b na\u0161\u00edvan\u00e9 knofl\u00edky jsou samoz\u0159ejmost\u00ed.<\/h4>\n<p>Zap\u00edn\u00e1n\u00ed na ln\u011bn\u00e1 prost\u011bradla Lucia je \u0159e\u0161eno mal\u00fdmi d\u0159ev\u011bn\u00fdmi knofl\u00edky. M\u016f\u017eete si vybrat tyto typy knofl\u00edk\u016f: D\u0158EV\u011aN\u00c9 NEBO KOKOSOV\u00c9, s viditeln\u00fdm zap\u00edn\u00e1n\u00edm nebo se skryt\u00fdmi knofl\u00edky Typ zap\u00edn\u00e1n\u00ed: viditeln\u00e9 knofl\u00edkov\u00e9 zap\u00edn\u00e1n\u00ed nebo zap\u00edn\u00e1n\u00ed se skryt\u00fdmi knofl\u00edky. Zap\u00edn\u00e1n\u00ed na zip (D\u016fle\u017eit\u00e9 upozorn\u011bn\u00ed pro na\u0161e mil\u00e9 z\u00e1kazn\u00edky): v\u0161\u00edv\u00e1me do ln\u011bn\u00e9ho povle\u010den\u00ed kvalitn\u00ed zipy, ale m\u00e1me dlouholet\u00e9 zku\u0161enosti s t\u00edm, \u017ee jezdce na zipech nevydr\u017e\u00ed tak dlouho jako klasick\u00e9 knofl\u00edkov\u00e9 zap\u00edn\u00e1n\u00ed, co\u017e nem\u016f\u017eeme ovlivnit). Proto doporu\u010dujeme rad\u011bji si vybrat klasick\u00e9 zap\u00edn\u00e1n\u00ed na knofl\u00edky.<\/p>\n<p><strong>LN\u011aN\u00c9 POVLE\u010cEN\u00cd LUCIA<\/strong>: jemn\u00e1 p\u00edskov\u00e1 barva, identick\u00e1 barv\u011b na posledn\u00ed fotografii p\u0159i nep\u0159\u00edm\u00e9m sv\u011btle, p\u0159i p\u0159\u00edm\u00e9m sv\u011btle, slunci i dopadaj\u00edc\u00edm st\u00ednu. Toto pr\u00e1dlo m\u011bn\u00ed barvu a vy tak budete m\u00edt pocit, \u017ee m\u00e1te je\u0161t\u011b dal\u0161\u00ed ln\u011bn\u00e1 prost\u011bradla. M\u016f\u017eete to vid\u011bt na fotk\u00e1ch, ale nen\u00ed to skv\u011bl\u00e9? Posledn\u00ed dv\u011b fotografie pl\u00e1tna p\u00edskov\u00e9 barvy jsou po\u0159\u00edzeny 1. P\u0159\u00edm\u00e9 sv\u011btlo bez slunce 2. Na p\u0159\u00edm\u00e9m sv\u011btle ve st\u00ednu.<\/p>\n<p>Ln\u011bn\u00e1 prost\u011bradla LUCIA jsou \u0161it\u00e1 v \u0161esti barv\u00e1ch, viz p\u0159ilo\u017een\u00fd vzorn\u00edk.<\/p>\n<p><strong>Po\u010d\u00edtejte s dodac\u00ed lh\u016ftou a\u017e 2-3 t\u00fddny, manu\u00e1ln\u00ed pr\u00e1ce vy\u017eaduje n\u00e1\u0161 \u010das. Ln\u011bn\u00e9 v\u00fdrobky \u0161ijeme v na\u0161\u00ed d\u00edln\u011b dle Va\u0161eho p\u0159\u00e1n\u00ed a na m\u00edru, dle konkr\u00e9tn\u00edho v\u00fdrobku.<\/strong><\/p>\n","protected":false},"excerpt":{"rendered":"<p><strong>Ln\u011bn\u00e9 povle\u010den\u00ed LUCIA<\/strong> je dokonal\u00fdm spojen\u00edm p\u0159\u00edrodn\u00edho lnu a zp\u016fsobu, jak si u\u017e\u00edt p\u0159\u00edjemn\u00fd a pohodln\u00fd sp\u00e1nek nejen v zim\u011b. Pokud hled\u00e1te kvalitn\u00ed povle\u010den\u00ed, kter\u00e9 v\u00e1m vydr\u017e\u00ed roky, povle\u010den\u00ed Michaela jsou skv\u011blou volbou. Siln\u011bj\u0161\u00ed len m\u00e1 n\u011bkolik v\u00fdhod. Je odoln\u011bj\u0161\u00ed proti od\u011bru a tolik se nema\u010dk\u00e1. Vy\u0161\u0161\u00ed gram\u00e1\u017e (245 g\/m\u00b2) znamen\u00e1 h\u0159ejiv\u00fd objem v zim\u011b, chladiv\u00fd v l\u00e9t\u011b. Kolekce Lucia je p\u0159edev\u0161\u00edm funk\u010dnost a pohodl\u00ed. Poskytne v\u00e1m p\u0159\u00edjemn\u00fd pocit objet\u00ed, kdy\u017e venku klesaj\u00ed teploty a v l\u00e9t\u011b hled\u00e1te m\u00edsto pro spolehliv\u00e9 ochlazen\u00ed.<\/p>\n","protected":false},"featured_media":7135,"template":"","meta":[],"product_brand":[],"product_cat":[365,363,364],"product_tag":[367],"class_list":{"0":"post-13317","1":"product","2":"type-product","3":"status-publish","4":"has-post-thumbnail","6":"product_cat-lnena-prosteradla-ve-standardnich-velikostech","7":"product_cat-lnene-povleceni-cs","8":"product_cat-lnene-povleceni-do-detske-postylky","9":"product_tag-lnene-povleceni","11":"first","12":"onbackorder","13":"shipping-taxable","14":"purchasable","15":"product-type-variable"},"yoast_head":"<!-- This site is optimized with the Yoast SEO plugin v27.4 - https:\/\/yoast.com\/product\/yoast-seo-wordpress\/ -->\n<title>Ln\u011bn\u00e9 povle\u010den\u00ed Lucia &#8226; Lanaja-slovensk\u00e1 udr\u017eiteln\u00e1 zna\u010dka a v\u00fdrobce ln\u011bn\u00e9ho textilu<\/title>\n<meta name=\"description\" content=\"Ln\u011bn\u00e9 povle\u010den\u00ed LUCIA je \u0161it\u00e9 ze 100% certifikovan\u00e9ho lnu 245g\/m2 pr\u00e9miov\u00e9 kvality, toto povle\u010den\u00ed je m\u011bk\u010den\u00e9, ide\u00e1ln\u00ed na lo\u017en\u00ed pr\u00e1dlo\" \/>\n<meta name=\"robots\" content=\"index, follow, max-snippet:-1, max-image-preview:large, max-video-preview:-1\" \/>\n<link rel=\"canonical\" href=\"https:\/\/lanaja.sk\/cs\/obchod\/povleceni-lucia\/\" \/>\n<meta property=\"og:locale\" content=\"cs_CZ\" \/>\n<meta property=\"og:type\" content=\"article\" \/>\n<meta property=\"og:title\" content=\"Ln\u011bn\u00e9 povle\u010den\u00ed Lucia &#8226; Lanaja-slovensk\u00e1 udr\u017eiteln\u00e1 zna\u010dka a v\u00fdrobce ln\u011bn\u00e9ho textilu\" \/>\n<meta property=\"og:description\" content=\"Ln\u011bn\u00e9 povle\u010den\u00ed LUCIA je \u0161it\u00e9 ze 100% certifikovan\u00e9ho lnu 245g\/m2 pr\u00e9miov\u00e9 kvality, toto povle\u010den\u00ed je m\u011bk\u010den\u00e9, ide\u00e1ln\u00ed na lo\u017en\u00ed pr\u00e1dlo\" \/>\n<meta property=\"og:url\" content=\"https:\/\/lanaja.sk\/cs\/obchod\/povleceni-lucia\/\" \/>\n<meta property=\"og:site_name\" content=\"Lanaja-slovensk\u00e1 udr\u017eiteln\u00e1 zna\u010dka a v\u00fdrobce ln\u011bn\u00e9ho textilu\" \/>\n<meta property=\"article:publisher\" content=\"https:\/\/www.facebook.com\/Abreadbag\" \/>\n<meta property=\"article:modified_time\" content=\"2025-09-27T12:24:15+00:00\" \/>\n<meta property=\"og:image\" content=\"https:\/\/lanaja.sk\/wp-content\/uploads\/2021\/10\/lanove-obliecky-karamel-jpg.webp\" \/>\n\t<meta property=\"og:image:width\" content=\"950\" \/>\n\t<meta property=\"og:image:height\" content=\"633\" \/>\n\t<meta property=\"og:image:type\" content=\"image\/jpeg\" \/>\n<meta name=\"twitter:card\" content=\"summary_large_image\" \/>\n<meta name=\"twitter:label1\" content=\"Odhadovan\u00e1 doba \u010dten\u00ed\" \/>\n\t<meta name=\"twitter:data1\" content=\"6 minut\" \/>\n<script type=\"application\/ld+json\" class=\"yoast-schema-graph\">{\"@context\":\"https:\\\/\\\/schema.org\",\"@graph\":[{\"@type\":\"WebPage\",\"@id\":\"https:\\\/\\\/lanaja.sk\\\/cs\\\/obchod\\\/povleceni-lucia\\\/\",\"url\":\"https:\\\/\\\/lanaja.sk\\\/cs\\\/obchod\\\/povleceni-lucia\\\/\",\"name\":\"Ln\u011bn\u00e9 povle\u010den\u00ed Lucia &#8226; Lanaja-slovensk\u00e1 udr\u017eiteln\u00e1 zna\u010dka a v\u00fdrobce ln\u011bn\u00e9ho textilu\",\"isPartOf\":{\"@id\":\"https:\\\/\\\/lanaja.sk\\\/cs\\\/#website\"},\"primaryImageOfPage\":{\"@id\":\"https:\\\/\\\/lanaja.sk\\\/cs\\\/obchod\\\/povleceni-lucia\\\/#primaryimage\"},\"image\":{\"@id\":\"https:\\\/\\\/lanaja.sk\\\/cs\\\/obchod\\\/povleceni-lucia\\\/#primaryimage\"},\"thumbnailUrl\":\"https:\\\/\\\/lanaja.sk\\\/wp-content\\\/uploads\\\/2021\\\/10\\\/lanove-obliecky-karamel-jpg.webp\",\"datePublished\":\"2021-10-23T13:07:12+00:00\",\"dateModified\":\"2025-09-27T12:24:15+00:00\",\"description\":\"Ln\u011bn\u00e9 povle\u010den\u00ed LUCIA je \u0161it\u00e9 ze 100% certifikovan\u00e9ho lnu 245g\\\/m2 pr\u00e9miov\u00e9 kvality, toto povle\u010den\u00ed je m\u011bk\u010den\u00e9, ide\u00e1ln\u00ed na lo\u017en\u00ed pr\u00e1dlo\",\"breadcrumb\":{\"@id\":\"https:\\\/\\\/lanaja.sk\\\/cs\\\/obchod\\\/povleceni-lucia\\\/#breadcrumb\"},\"inLanguage\":\"cs\",\"potentialAction\":[{\"@type\":\"ReadAction\",\"target\":[\"https:\\\/\\\/lanaja.sk\\\/cs\\\/obchod\\\/povleceni-lucia\\\/\"]}]},{\"@type\":\"ImageObject\",\"inLanguage\":\"cs\",\"@id\":\"https:\\\/\\\/lanaja.sk\\\/cs\\\/obchod\\\/povleceni-lucia\\\/#primaryimage\",\"url\":\"https:\\\/\\\/lanaja.sk\\\/wp-content\\\/uploads\\\/2021\\\/10\\\/lanove-obliecky-karamel-jpg.webp\",\"contentUrl\":\"https:\\\/\\\/lanaja.sk\\\/wp-content\\\/uploads\\\/2021\\\/10\\\/lanove-obliecky-karamel-jpg.webp\",\"width\":950,\"height\":633,\"caption\":\"slovensk\u00e9 poste\u013en\u00e9 oblie\u010dky\"},{\"@type\":\"BreadcrumbList\",\"@id\":\"https:\\\/\\\/lanaja.sk\\\/cs\\\/obchod\\\/povleceni-lucia\\\/#breadcrumb\",\"itemListElement\":[{\"@type\":\"ListItem\",\"position\":1,\"name\":\"Home\",\"item\":\"https:\\\/\\\/lanaja.sk\\\/cs\\\/\"},{\"@type\":\"ListItem\",\"position\":2,\"name\":\"Obchod\",\"item\":\"https:\\\/\\\/lanaja.sk\\\/cs\\\/obchod-cz\\\/\"},{\"@type\":\"ListItem\",\"position\":3,\"name\":\"Ln\u011bn\u00e9 povle\u010den\u00ed Lucia\"}]},{\"@type\":\"WebSite\",\"@id\":\"https:\\\/\\\/lanaja.sk\\\/cs\\\/#website\",\"url\":\"https:\\\/\\\/lanaja.sk\\\/cs\\\/\",\"name\":\"Lanaja - bytov\u00fd textil z \u013eanu a \u013eanov\u00e9 v\u00fdrobky\",\"description\":\"Jedine\u010dn\u00fd bytov\u00fd textil, ln\u011bn\u00e9 pytl\u00edky, ln\u011bn\u00e9 ubrusy, ln\u011bn\u00e9 lo\u017en\u00ed povle\u010den\u00ed, ln\u011bn\u00e9 ut\u011brky, ln\u011bn\u00e9 prost\u00edr\u00e1n\u00ed vyroben\u00e9 a \u0161it\u00e9 na Slovensku\",\"publisher\":{\"@id\":\"https:\\\/\\\/lanaja.sk\\\/cs\\\/#organization\"},\"alternateName\":\"Lanaja - v\u00fdrobky z \u013eanu, \u013eanov\u00fd bytov\u00fd textil\",\"potentialAction\":[{\"@type\":\"SearchAction\",\"target\":{\"@type\":\"EntryPoint\",\"urlTemplate\":\"https:\\\/\\\/lanaja.sk\\\/cs\\\/?s={search_term_string}\"},\"query-input\":{\"@type\":\"PropertyValueSpecification\",\"valueRequired\":true,\"valueName\":\"search_term_string\"}}],\"inLanguage\":\"cs\"},{\"@type\":\"Organization\",\"@id\":\"https:\\\/\\\/lanaja.sk\\\/cs\\\/#organization\",\"name\":\"Lanaja\",\"alternateName\":\"Al\u017ebeta Andr\u00e1\u0161ikov\u00e1 - Lanaja\",\"url\":\"https:\\\/\\\/lanaja.sk\\\/cs\\\/\",\"logo\":{\"@type\":\"ImageObject\",\"inLanguage\":\"cs\",\"@id\":\"https:\\\/\\\/lanaja.sk\\\/cs\\\/#\\\/schema\\\/logo\\\/image\\\/\",\"url\":\"https:\\\/\\\/lanaja.sk\\\/wp-content\\\/uploads\\\/2024\\\/01\\\/Lanaja.sk-logo.png\",\"contentUrl\":\"https:\\\/\\\/lanaja.sk\\\/wp-content\\\/uploads\\\/2024\\\/01\\\/Lanaja.sk-logo.png\",\"width\":600,\"height\":300,\"caption\":\"Lanaja\"},\"image\":{\"@id\":\"https:\\\/\\\/lanaja.sk\\\/cs\\\/#\\\/schema\\\/logo\\\/image\\\/\"},\"sameAs\":[\"https:\\\/\\\/www.facebook.com\\\/Abreadbag\",\"https:\\\/\\\/www.instagram.com\\\/lanaja_sk\\\/\"]}]}<\/script>\n<!-- \/ Yoast SEO plugin. -->","yoast_head_json":{"title":"Ln\u011bn\u00e9 povle\u010den\u00ed Lucia &#8226; Lanaja-slovensk\u00e1 udr\u017eiteln\u00e1 zna\u010dka a v\u00fdrobce ln\u011bn\u00e9ho textilu","description":"Ln\u011bn\u00e9 povle\u010den\u00ed LUCIA je \u0161it\u00e9 ze 100% certifikovan\u00e9ho lnu 245g\/m2 pr\u00e9miov\u00e9 kvality, toto povle\u010den\u00ed je m\u011bk\u010den\u00e9, ide\u00e1ln\u00ed na lo\u017en\u00ed pr\u00e1dlo","robots":{"index":"index","follow":"follow","max-snippet":"max-snippet:-1","max-image-preview":"max-image-preview:large","max-video-preview":"max-video-preview:-1"},"canonical":"https:\/\/lanaja.sk\/cs\/obchod\/povleceni-lucia\/","og_locale":"cs_CZ","og_type":"article","og_title":"Ln\u011bn\u00e9 povle\u010den\u00ed Lucia &#8226; Lanaja-slovensk\u00e1 udr\u017eiteln\u00e1 zna\u010dka a v\u00fdrobce ln\u011bn\u00e9ho textilu","og_description":"Ln\u011bn\u00e9 povle\u010den\u00ed LUCIA je \u0161it\u00e9 ze 100% certifikovan\u00e9ho lnu 245g\/m2 pr\u00e9miov\u00e9 kvality, toto povle\u010den\u00ed je m\u011bk\u010den\u00e9, ide\u00e1ln\u00ed na lo\u017en\u00ed pr\u00e1dlo","og_url":"https:\/\/lanaja.sk\/cs\/obchod\/povleceni-lucia\/","og_site_name":"Lanaja-slovensk\u00e1 udr\u017eiteln\u00e1 zna\u010dka a v\u00fdrobce ln\u011bn\u00e9ho textilu","article_publisher":"https:\/\/www.facebook.com\/Abreadbag","article_modified_time":"2025-09-27T12:24:15+00:00","og_image":[{"width":950,"height":633,"url":"https:\/\/lanaja.sk\/wp-content\/uploads\/2021\/10\/lanove-obliecky-karamel-jpg.webp","type":"image\/jpeg"}],"twitter_card":"summary_large_image","twitter_misc":{"Odhadovan\u00e1 doba \u010dten\u00ed":"6 minut"},"schema":{"@context":"https:\/\/schema.org","@graph":[{"@type":"WebPage","@id":"https:\/\/lanaja.sk\/cs\/obchod\/povleceni-lucia\/","url":"https:\/\/lanaja.sk\/cs\/obchod\/povleceni-lucia\/","name":"Ln\u011bn\u00e9 povle\u010den\u00ed Lucia &#8226; Lanaja-slovensk\u00e1 udr\u017eiteln\u00e1 zna\u010dka a v\u00fdrobce ln\u011bn\u00e9ho textilu","isPartOf":{"@id":"https:\/\/lanaja.sk\/cs\/#website"},"primaryImageOfPage":{"@id":"https:\/\/lanaja.sk\/cs\/obchod\/povleceni-lucia\/#primaryimage"},"image":{"@id":"https:\/\/lanaja.sk\/cs\/obchod\/povleceni-lucia\/#primaryimage"},"thumbnailUrl":"https:\/\/lanaja.sk\/wp-content\/uploads\/2021\/10\/lanove-obliecky-karamel-jpg.webp","datePublished":"2021-10-23T13:07:12+00:00","dateModified":"2025-09-27T12:24:15+00:00","description":"Ln\u011bn\u00e9 povle\u010den\u00ed LUCIA je \u0161it\u00e9 ze 100% certifikovan\u00e9ho lnu 245g\/m2 pr\u00e9miov\u00e9 kvality, toto povle\u010den\u00ed je m\u011bk\u010den\u00e9, ide\u00e1ln\u00ed na lo\u017en\u00ed pr\u00e1dlo","breadcrumb":{"@id":"https:\/\/lanaja.sk\/cs\/obchod\/povleceni-lucia\/#breadcrumb"},"inLanguage":"cs","potentialAction":[{"@type":"ReadAction","target":["https:\/\/lanaja.sk\/cs\/obchod\/povleceni-lucia\/"]}]},{"@type":"ImageObject","inLanguage":"cs","@id":"https:\/\/lanaja.sk\/cs\/obchod\/povleceni-lucia\/#primaryimage","url":"https:\/\/lanaja.sk\/wp-content\/uploads\/2021\/10\/lanove-obliecky-karamel-jpg.webp","contentUrl":"https:\/\/lanaja.sk\/wp-content\/uploads\/2021\/10\/lanove-obliecky-karamel-jpg.webp","width":950,"height":633,"caption":"slovensk\u00e9 poste\u013en\u00e9 oblie\u010dky"},{"@type":"BreadcrumbList","@id":"https:\/\/lanaja.sk\/cs\/obchod\/povleceni-lucia\/#breadcrumb","itemListElement":[{"@type":"ListItem","position":1,"name":"Home","item":"https:\/\/lanaja.sk\/cs\/"},{"@type":"ListItem","position":2,"name":"Obchod","item":"https:\/\/lanaja.sk\/cs\/obchod-cz\/"},{"@type":"ListItem","position":3,"name":"Ln\u011bn\u00e9 povle\u010den\u00ed Lucia"}]},{"@type":"WebSite","@id":"https:\/\/lanaja.sk\/cs\/#website","url":"https:\/\/lanaja.sk\/cs\/","name":"Lanaja - bytov\u00fd textil z \u013eanu a \u013eanov\u00e9 v\u00fdrobky","description":"Jedine\u010dn\u00fd bytov\u00fd textil, ln\u011bn\u00e9 pytl\u00edky, ln\u011bn\u00e9 ubrusy, ln\u011bn\u00e9 lo\u017en\u00ed povle\u010den\u00ed, ln\u011bn\u00e9 ut\u011brky, ln\u011bn\u00e9 prost\u00edr\u00e1n\u00ed vyroben\u00e9 a \u0161it\u00e9 na Slovensku","publisher":{"@id":"https:\/\/lanaja.sk\/cs\/#organization"},"alternateName":"Lanaja - v\u00fdrobky z \u013eanu, \u013eanov\u00fd bytov\u00fd textil","potentialAction":[{"@type":"SearchAction","target":{"@type":"EntryPoint","urlTemplate":"https:\/\/lanaja.sk\/cs\/?s={search_term_string}"},"query-input":{"@type":"PropertyValueSpecification","valueRequired":true,"valueName":"search_term_string"}}],"inLanguage":"cs"},{"@type":"Organization","@id":"https:\/\/lanaja.sk\/cs\/#organization","name":"Lanaja","alternateName":"Al\u017ebeta Andr\u00e1\u0161ikov\u00e1 - Lanaja","url":"https:\/\/lanaja.sk\/cs\/","logo":{"@type":"ImageObject","inLanguage":"cs","@id":"https:\/\/lanaja.sk\/cs\/#\/schema\/logo\/image\/","url":"https:\/\/lanaja.sk\/wp-content\/uploads\/2024\/01\/Lanaja.sk-logo.png","contentUrl":"https:\/\/lanaja.sk\/wp-content\/uploads\/2024\/01\/Lanaja.sk-logo.png","width":600,"height":300,"caption":"Lanaja"},"image":{"@id":"https:\/\/lanaja.sk\/cs\/#\/schema\/logo\/image\/"},"sameAs":["https:\/\/www.facebook.com\/Abreadbag","https:\/\/www.instagram.com\/lanaja_sk\/"]}]}},"_links":{"self":[{"href":"https:\/\/lanaja.sk\/cs\/wp-json\/wp\/v2\/product\/13317","targetHints":{"allow":["GET"]}}],"collection":[{"href":"https:\/\/lanaja.sk\/cs\/wp-json\/wp\/v2\/product"}],"about":[{"href":"https:\/\/lanaja.sk\/cs\/wp-json\/wp\/v2\/types\/product"}],"version-history":[{"count":2,"href":"https:\/\/lanaja.sk\/cs\/wp-json\/wp\/v2\/product\/13317\/revisions"}],"predecessor-version":[{"id":16667,"href":"https:\/\/lanaja.sk\/cs\/wp-json\/wp\/v2\/product\/13317\/revisions\/16667"}],"wp:featuredmedia":[{"embeddable":true,"href":"https:\/\/lanaja.sk\/cs\/wp-json\/wp\/v2\/media\/7135"}],"wp:attachment":[{"href":"https:\/\/lanaja.sk\/cs\/wp-json\/wp\/v2\/media?parent=13317"}],"wp:term":[{"taxonomy":"product_brand","embeddable":true,"href":"https:\/\/lanaja.sk\/cs\/wp-json\/wp\/v2\/product_brand?post=13317"},{"taxonomy":"product_cat","embeddable":true,"href":"https:\/\/lanaja.sk\/cs\/wp-json\/wp\/v2\/product_cat?post=13317"},{"taxonomy":"product_tag","embeddable":true,"href":"https:\/\/lanaja.sk\/cs\/wp-json\/wp\/v2\/product_tag?post=13317"}],"curies":[{"name":"wp","href":"https:\/\/api.w.org\/{rel}","templated":true}]}}