{"id":13323,"date":"2021-11-11T13:33:40","date_gmt":"2021-11-11T12:33:40","guid":{"rendered":"https:\/\/lanaja.sk\/obchod\/neza\u0159azen\u00e9\/povleceni-ve-2-barvach\/"},"modified":"2025-08-12T20:41:50","modified_gmt":"2025-08-12T18:41:50","slug":"povleceni-ve-2-barvach","status":"publish","type":"product","link":"https:\/\/lanaja.sk\/cs\/obchod\/povleceni-ve-2-barvach\/","title":{"rendered":"Ln\u011bn\u00e1 prost\u011bradla ve 2 barv\u00e1ch"},"content":{"rendered":"<h2>Ln\u011bn\u00e1 prost\u011bradla ve dvou barv\u00e1ch s gumi\u010dkou<\/h2>\n<p>Na\u0161e mal\u00e1 rodinn\u00e1 slovensk\u00e1 zna\u010dka Lanaja se zam\u011b\u0159uje na va\u0161e individu\u00e1ln\u00ed pot\u0159eby. Ln\u011bn\u00e1 prost\u011bradla \u0161ijeme p\u0159esn\u011b podle va\u0161ich po\u017eadavk\u016f. S na\u0161\u00edm ln\u011bn\u00fdm povle\u010den\u00edm si m\u016f\u017eete b\u00fdt jisti nejen jeho kvalitou, ale tak\u00e9 dokonal\u00fdm p\u0159izp\u016fsoben\u00edm va\u0161im pot\u0159eb\u00e1m. P\u0159i n\u00e1kupu si m\u016f\u017eete vybrat z r\u016fzn\u00fdch barev a styl\u016f, abyste dos\u00e1hli dokonal\u00e9ho vzhledu a pohodl\u00ed ve va\u0161\u00ed lo\u017enici.<\/p>\n<p>Ln\u011bn\u00e9 prost\u011bradlo s gumi\u010dkou pat\u0159\u00ed mezi nejobl\u00edben\u011bj\u0161\u00ed v\u00fdrobky pro sv\u00e9 vynikaj\u00edc\u00ed vlastnosti, kter\u00e9 v\u00e1m zaru\u010d\u00ed nejen pohodl\u00ed, ale i zdrav\u00ed. Jeho filtra\u010dn\u00ed schopnosti jsou jedine\u010dn\u00e9 a \u00fa\u010dinn\u00e9 v boji proti alergen\u016fm a choroboplodn\u00fdm z\u00e1rodk\u016fm. D\u00edky sv\u00e9 schopnosti regulovat vlhkost umo\u017e\u0148uje optim\u00e1ln\u00ed cirkulaci vzduchu d\u00edky dut\u00fdm vl\u00e1kn\u016fm. T\u00edm se sni\u017euje riziko p\u0159eh\u0159\u00e1t\u00ed a zvy\u0161uje se pohodl\u00ed b\u011bhem sp\u00e1nku.<\/p>\n<h4><strong>\u010c\u00edm jsou na\u0161e ln\u011bn\u00e1 prost\u011bradla v\u00fdjime\u010dn\u00e1? <\/strong><\/h4>\n<p><strong>Ln\u011bn\u00e9 prost\u011bradlo m\u00e1 jedine\u010dn\u00e9 filtra\u010dn\u00ed vlastnosti, kter\u00e9 mohou sn\u00ed\u017eit po\u010det alergen\u016f a choroboplodn\u00fdch z\u00e1rodk\u016f.<\/strong> D\u00edky sv\u00e9 schopnosti redukovat vlhkost umo\u017e\u0148uje maxim\u00e1ln\u00ed prody\u0161nost d\u00edky dut\u00fdm vl\u00e1kn\u016fm. T\u00edm se sni\u017euje v\u00fdskyt alergick\u00fdch p\u0159\u00edznak\u016f nebo jin\u00fdch d\u00fdchac\u00edch pot\u00ed\u017e\u00ed.<br \/>\nLen je tak\u00e9 antistatick\u00fd, co\u017e umo\u017e\u0148uje poko\u017ece a t\u011blu udr\u017eovat p\u0159irozenou hodnotu pH. M\u016f\u017ee b\u00fdt prosp\u011b\u0161n\u00fd pro ty, kte\u0159\u00ed trp\u00ed zv\u00fd\u0161enou citlivost\u00ed poko\u017eky.<\/p>\n<p><strong>Ln\u011bn\u00e1 prost\u011bradla se u\u017e dlouho pova\u017euj\u00ed za jednu z nejekologi\u010dt\u011bj\u0161\u00edch mo\u017enost\u00ed<\/strong> z d\u016fvodu jejich dlouh\u00e9 \u017eivotnosti a samotn\u00e9 v\u00fdroby 100% ln\u011bn\u00e9 l\u00e1tky ze ln\u011bn\u00fdch semen, kter\u00e1 se pova\u017euj\u00ed za obnoviteln\u00fd zdroj a z\u00e1rove\u0148 za biologicky odbourateln\u00e1.<\/p>\n<p>Len reguluje teplotu, je <strong>antistatick\u00fd, antibakteri\u00e1ln\u00ed<\/strong> a p\u016fsob\u00ed jako p\u0159\u00edrodn\u00ed izolant. To znamen\u00e1, \u017ee <strong>m\u00e1 vlastnosti reguluj\u00edc\u00ed teplotu<\/strong> a v l\u00e9t\u011b v\u00e1s ochlazuje a v zim\u011b v\u00e1s zah\u0159\u00edv\u00e1 d\u00edky dut\u00fdm vl\u00e1kn\u016fm, ani\u017e by do\u0161lo k p\u0159eh\u0159\u00e1t\u00ed.<\/p>\n<p>Len je d\u00edky sv\u00fdm p\u0159\u00edrodn\u00edm vl\u00e1kn\u016fm zn\u00e1m\u00fd t\u00edm, jak dotv\u00e1\u0159\u00ed prostor z estetick\u00e9ho hlediska. Bez probl\u00e9m\u016f se hod\u00ed do ka\u017ed\u00e9ho prostoru.<\/p>\n<p><strong>Celoro\u010dn\u00ed ln\u011bn\u00e9 povle\u010den\u00ed a ln\u011bn\u00e9 prost\u011bradlo rychle schnou<\/strong>, tak\u017ee v teplej\u0161\u00edch m\u011bs\u00edc\u00edch p\u016fsob\u00ed jako \u00fa\u010dinn\u00e9 antiperspiranty. Len dok\u00e1\u017ee doslova zadr\u017eet a\u017e 20n\u00e1sobek sv\u00e9 hmotnosti ve vlhkosti. Je to ide\u00e1ln\u00ed materi\u00e1l pro nep\u0159etr\u017eit\u00fd a zdrav\u00fd sp\u00e1nek.<\/p>\n<p><strong>\u013danov\u00e9 pr\u00e1dlo v\u00e1m m\u016f\u017ee slou\u017eit po cel\u00fd \u017eivot, pokud se o n\u011bj budete spr\u00e1vn\u011b starat.<\/strong> Nepou\u017e\u00edvejte \u010distic\u00ed prost\u0159edky, kter\u00e9 obsahuj\u00ed zjas\u0148ova\u010de barev. Oslabuj\u00ed vl\u00e1kna a mohou potenci\u00e1ln\u011b zm\u011bnit barvu va\u0161eho pr\u00e1dla. V\u017edy se ujist\u011bte, \u017ee ln\u011bn\u00e9 pr\u00e1dlo je d\u016fkladn\u011b vym\u00e1chan\u00e9 vodou, aby se odstranily v\u0161echny stopy prac\u00edho prost\u0159edku, kter\u00fd m\u016f\u017ee pozd\u011bji zp\u016fsobit skvrny oxidac\u00ed. P\u0159ed n\u00e1kupem se ujist\u011bte, \u017ee investujete do 100% lnu a ne do sm\u011bsi s jin\u00fdm vl\u00e1knem.<\/p>\n<h4><strong>Spr\u00e1vn\u00e1 velikost je d\u016fle\u017eit\u00e1, jak ji zm\u011b\u0159it?<\/strong><\/h4>\n<p><strong>Doporu\u010dujeme p\u0159edem zm\u011b\u0159it nejen v\u00fd\u0161ku, \u0161\u00ed\u0159ku matrace, ale tak\u00e9 v\u00fd\u0161ku<\/strong>, dle zku\u0161enost\u00ed v\u00edme, \u017ee jsou matrace opravdu r\u016fzn\u00e9, s v\u00fd\u0161kou od 15 cm do 40 cm, a proto se prost\u011bradlo p\u0159izp\u016fsobuje p\u0159esn\u011b na m\u00edru. V albu je najdete ve standardn\u00edch velikostech, kde je v\u00fd\u0161ka matrace do 20 cm. Nev\u00e1hejte n\u00e1m proto p\u0159ed objedn\u00e1vkou napsat. R\u00e1di v\u00e1m porad\u00edme a vy si budete jisti, \u017ee m\u00e1te ln\u011bn\u00e9 prost\u011bradlo, kter\u00e9 v\u00e1m padne jako ulit\u00e9. Ln\u011bn\u00e1 prost\u011bradla v jin\u00fdch barv\u00e1ch m\u016f\u017eete naj\u00edt a barevn\u011b sladit s lo\u017en\u00edm povle\u010den\u00edm, kter\u00e9 se dokonale hod\u00ed a p\u0159\u00edrodn\u011b lad\u00ed. <a href=\"https:\/\/lanaja.sk\/cs\/kategorie-produktu\/loznice\/lnene-povleceni-cs\/\" target=\"_blank\" rel=\"noopener\">TU<\/a><\/p>\n<p>Ln\u011bn\u00e1 prost\u011bradla v tmav\u011b zelen\u00e9 a m\u00e1tov\u011b zelen\u00e9 barv\u011b jsou u\u0161ita z m\u011bk\u010den\u00e9ho p\u0159edepran\u00e9ho lnu, kter\u00fd je vym\u00fdv\u00e1n pomoc\u00ed kamene, tzv. stone washing, nebo s ozna\u010den\u00edm STONEWASHED. Ln\u011bn\u00e1 l\u00e1tka tak z\u00edsk\u00e1 obl\u00edben\u00fd jemn\u011bj\u0161\u00ed vzhled, p\u0159irozen\u011b a rovnom\u011brn\u011b ma\u010dkan\u00fd, a p\u0159i pou\u017e\u00edv\u00e1n\u00ed v\u00e1s odm\u011bn\u00ed p\u0159\u00edjemn\u00fdm pocitem jemnosti. B\u011bhem sp\u00e1nku v\u00e1m prokrv\u00ed a jemn\u011b promas\u00edruje poko\u017eku. Podpo\u0159\u00ed jej\u00ed relaxaci, \u010d\u00edm\u017e ji zjemn\u00ed a ochr\u00e1n\u00ed d\u00edky sv\u00e9mu p\u0159irozen\u00e9mu pH. Tento len nen\u00ed t\u0159eba \u017eehlit, je p\u0159ekr\u00e1sn\u011b zvr\u00e1sn\u011bn\u00fd po vypr\u00e1n\u00ed.<\/p>\n<p><strong>BARVY: <\/strong>1. TMAV\u011a ZELEN\u00c1 BARVA gram\u00e1\u017e lnu 175g\/m2<\/p>\n<p>2. M\u00c1TOV\u011a ZELEN\u00c1 BARVA (odst\u00edn jako na povle\u010den\u00ed) 175g\/m2<\/p>\n<p>Na\u0161e ln\u011bn\u00e1 prost\u011bradla nejsou jen o pohodl\u00ed a prakti\u010dnosti, ale tak\u00e9 o stylu a eleganci. Ln\u011bn\u00e1 tkanina m\u00e1 p\u0159irozen\u00fd p\u0159\u00edrodn\u00ed vzhled, kter\u00fd dod\u00e1 va\u0161emu interi\u00e9ru kouzlo a kouzlo p\u0159\u00edrody. Jsou k dispozici v r\u016fzn\u00fdch odst\u00ednech, od p\u0159\u00edrodn\u00edch neutr\u00e1ln\u00edch a\u017e po \u017eiv\u00e9 a syt\u00e9 barvy, a m\u016f\u017eete si vybrat ln\u011bn\u00e9 prost\u011bradlo, kter\u00e9 nejl\u00e9pe vyhovuje va\u0161emu stylu a n\u00e1lad\u011b.<\/p>\n<p><strong>Ln\u011bn\u00e9 v\u00fdrobky \u0161ijeme v na\u0161\u00ed d\u00edln\u011b dle Va\u0161eho p\u0159\u00e1n\u00ed a na m\u00edru, proto je pot\u0159eba po\u010d\u00edtat s dod\u00e1n\u00edm do 5-15 pracovn\u00edch dn\u016f, v z\u00e1vislosti na konkr\u00e9tn\u00edm produktu.<\/strong><\/p>\n<p>&nbsp;<\/p>\n","protected":false},"excerpt":{"rendered":"<p>V\u00edtejte v na\u0161em ateli\u00e9ru Lanaja, kde pro v\u00e1s s l\u00e1skou \u0161ijeme ln\u011bn\u00e9 v\u00fdrobky i prost\u011bradla. Ka\u017ed\u00fd kus l\u00e1tky, kter\u00fd pou\u017e\u00edv\u00e1me, je pe\u010dliv\u011b vyb\u00edr\u00e1n a s l\u00e1skou zpracov\u00e1v\u00e1n, aby v\u00e1m p\u0159inesl jen to nejlep\u0161\u00ed.<\/p>\n<p>Na\u0161e ln\u011bn\u00e1 prost\u011bradla jsou \u0161it\u00e1 s maxim\u00e1ln\u00ed p\u00e9\u010d\u00ed a pozornost\u00ed ke ka\u017ed\u00e9mu detailu, ka\u017ed\u00fd \u0161ev je pe\u010dliv\u011b promy\u0161len\u00fd, ka\u017ed\u00fd roh je precizn\u011b slad\u011bn tak, aby va\u0161e ln\u011bn\u00e9 pr\u00e1dlo nejen vypadalo perfektn\u011b, ale bylo funk\u010dn\u00ed a dlouho v\u00e1m slou\u017eilo.<\/p>\n<p>V \u010dem jsou na\u0161e ln\u011bn\u00e1 prost\u011bradla jedine\u010dn\u00e1? Na\u0161e schopnost p\u0159izp\u016fsobit je va\u0161im pot\u0159eb\u00e1m a rozm\u011br\u016fm matrace. D\u00e1v\u00e1 v\u00e1m pocit bezpe\u010d\u00ed a pohodl\u00ed b\u011bhem sp\u00e1nku. N\u00e1\u0161 len je tkan\u00fd a zpracov\u00e1van\u00fd v Evrop\u011b, poch\u00e1z\u00ed z pobaltsk\u00fdch zem\u00ed, kter\u00e9 jsou celosv\u011btov\u011b zn\u00e1m\u00e9 p\u011bstov\u00e1n\u00edm, zpracov\u00e1n\u00edm a produkc\u00ed kvalitn\u00edho lnu.<\/p>\n","protected":false},"featured_media":7168,"template":"","meta":[],"product_brand":[],"product_cat":[182,355,357],"product_tag":[183],"class_list":{"0":"post-13323","1":"product","2":"type-product","3":"status-publish","4":"has-post-thumbnail","6":"product_cat-lnene-prosteradla","7":"product_cat-prosteradlo-na-jednoluzko","8":"product_cat-prosteradlo-na-manzelskou-postel","9":"product_tag-lnene-prosteradlo-s-gumickou","11":"first","12":"onbackorder","13":"shipping-taxable","14":"purchasable","15":"product-type-variable"},"yoast_head":"<!-- This site is optimized with the Yoast SEO plugin v27.4 - https:\/\/yoast.com\/product\/yoast-seo-wordpress\/ -->\n<title>Ln\u011bn\u00e1 prost\u011bradla ve 2 barv\u00e1ch &#8226; Lanaja-slovensk\u00e1 udr\u017eiteln\u00e1 zna\u010dka a v\u00fdrobce ln\u011bn\u00e9ho textilu<\/title>\n<meta name=\"description\" content=\"Ln\u011bn\u00e1 prost\u011bradla maj\u00ed jedine\u010dn\u00e9 filtra\u010dn\u00ed vlastnosti, kter\u00e9 mohou sn\u00ed\u017eit po\u010det alergen\u016f a choroboplodn\u00fdch z\u00e1rodk\u016f, \u0161ijeme je na m\u00edru a velikost matrac\u00ed...\" \/>\n<meta name=\"robots\" content=\"index, follow, max-snippet:-1, max-image-preview:large, max-video-preview:-1\" \/>\n<link rel=\"canonical\" href=\"https:\/\/lanaja.sk\/cs\/obchod\/povleceni-ve-2-barvach\/\" \/>\n<meta property=\"og:locale\" content=\"cs_CZ\" \/>\n<meta property=\"og:type\" content=\"article\" \/>\n<meta property=\"og:title\" content=\"Ln\u011bn\u00e1 prost\u011bradla ve 2 barv\u00e1ch &#8226; Lanaja-slovensk\u00e1 udr\u017eiteln\u00e1 zna\u010dka a v\u00fdrobce ln\u011bn\u00e9ho textilu\" \/>\n<meta property=\"og:description\" content=\"Ln\u011bn\u00e1 prost\u011bradla maj\u00ed jedine\u010dn\u00e9 filtra\u010dn\u00ed vlastnosti, kter\u00e9 mohou sn\u00ed\u017eit po\u010det alergen\u016f a choroboplodn\u00fdch z\u00e1rodk\u016f, \u0161ijeme je na m\u00edru a velikost matrac\u00ed...\" \/>\n<meta property=\"og:url\" content=\"https:\/\/lanaja.sk\/cs\/obchod\/povleceni-ve-2-barvach\/\" \/>\n<meta property=\"og:site_name\" content=\"Lanaja-slovensk\u00e1 udr\u017eiteln\u00e1 zna\u010dka a v\u00fdrobce ln\u011bn\u00e9ho textilu\" \/>\n<meta property=\"article:publisher\" content=\"https:\/\/www.facebook.com\/Abreadbag\" \/>\n<meta property=\"article:modified_time\" content=\"2025-08-12T18:41:50+00:00\" \/>\n<meta property=\"og:image\" content=\"https:\/\/lanaja.sk\/wp-content\/uploads\/2021\/11\/l\u030canova\u0301-plachta-zelena\u03012-scaled-e1636633919509-jpg.webp\" \/>\n\t<meta property=\"og:image:width\" content=\"600\" \/>\n\t<meta property=\"og:image:height\" content=\"900\" \/>\n\t<meta property=\"og:image:type\" content=\"image\/jpeg\" \/>\n<meta name=\"twitter:card\" content=\"summary_large_image\" \/>\n<meta name=\"twitter:label1\" content=\"Odhadovan\u00e1 doba \u010dten\u00ed\" \/>\n\t<meta name=\"twitter:data1\" content=\"5 minut\" \/>\n<script type=\"application\/ld+json\" class=\"yoast-schema-graph\">{\"@context\":\"https:\\\/\\\/schema.org\",\"@graph\":[{\"@type\":\"WebPage\",\"@id\":\"https:\\\/\\\/lanaja.sk\\\/cs\\\/obchod\\\/povleceni-ve-2-barvach\\\/\",\"url\":\"https:\\\/\\\/lanaja.sk\\\/cs\\\/obchod\\\/povleceni-ve-2-barvach\\\/\",\"name\":\"Ln\u011bn\u00e1 prost\u011bradla ve 2 barv\u00e1ch &#8226; Lanaja-slovensk\u00e1 udr\u017eiteln\u00e1 zna\u010dka a v\u00fdrobce ln\u011bn\u00e9ho textilu\",\"isPartOf\":{\"@id\":\"https:\\\/\\\/lanaja.sk\\\/cs\\\/#website\"},\"primaryImageOfPage\":{\"@id\":\"https:\\\/\\\/lanaja.sk\\\/cs\\\/obchod\\\/povleceni-ve-2-barvach\\\/#primaryimage\"},\"image\":{\"@id\":\"https:\\\/\\\/lanaja.sk\\\/cs\\\/obchod\\\/povleceni-ve-2-barvach\\\/#primaryimage\"},\"thumbnailUrl\":\"https:\\\/\\\/lanaja.sk\\\/wp-content\\\/uploads\\\/2021\\\/11\\\/l\u030canova\u0301-plachta-zelena\u03012-scaled-e1636633919509-jpg.webp\",\"datePublished\":\"2021-11-11T12:33:40+00:00\",\"dateModified\":\"2025-08-12T18:41:50+00:00\",\"description\":\"Ln\u011bn\u00e1 prost\u011bradla maj\u00ed jedine\u010dn\u00e9 filtra\u010dn\u00ed vlastnosti, kter\u00e9 mohou sn\u00ed\u017eit po\u010det alergen\u016f a choroboplodn\u00fdch z\u00e1rodk\u016f, \u0161ijeme je na m\u00edru a velikost matrac\u00ed...\",\"breadcrumb\":{\"@id\":\"https:\\\/\\\/lanaja.sk\\\/cs\\\/obchod\\\/povleceni-ve-2-barvach\\\/#breadcrumb\"},\"inLanguage\":\"cs\",\"potentialAction\":[{\"@type\":\"ReadAction\",\"target\":[\"https:\\\/\\\/lanaja.sk\\\/cs\\\/obchod\\\/povleceni-ve-2-barvach\\\/\"]}]},{\"@type\":\"ImageObject\",\"inLanguage\":\"cs\",\"@id\":\"https:\\\/\\\/lanaja.sk\\\/cs\\\/obchod\\\/povleceni-ve-2-barvach\\\/#primaryimage\",\"url\":\"https:\\\/\\\/lanaja.sk\\\/wp-content\\\/uploads\\\/2021\\\/11\\\/l\u030canova\u0301-plachta-zelena\u03012-scaled-e1636633919509-jpg.webp\",\"contentUrl\":\"https:\\\/\\\/lanaja.sk\\\/wp-content\\\/uploads\\\/2021\\\/11\\\/l\u030canova\u0301-plachta-zelena\u03012-scaled-e1636633919509-jpg.webp\",\"width\":600,\"height\":900,\"caption\":\"\u013eanov\u00e1 plachta s gumi\u010dkou\"},{\"@type\":\"BreadcrumbList\",\"@id\":\"https:\\\/\\\/lanaja.sk\\\/cs\\\/obchod\\\/povleceni-ve-2-barvach\\\/#breadcrumb\",\"itemListElement\":[{\"@type\":\"ListItem\",\"position\":1,\"name\":\"Home\",\"item\":\"https:\\\/\\\/lanaja.sk\\\/cs\\\/\"},{\"@type\":\"ListItem\",\"position\":2,\"name\":\"Obchod\",\"item\":\"https:\\\/\\\/lanaja.sk\\\/cs\\\/obchod-cz\\\/\"},{\"@type\":\"ListItem\",\"position\":3,\"name\":\"Ln\u011bn\u00e1 prost\u011bradla ve 2 barv\u00e1ch\"}]},{\"@type\":\"WebSite\",\"@id\":\"https:\\\/\\\/lanaja.sk\\\/cs\\\/#website\",\"url\":\"https:\\\/\\\/lanaja.sk\\\/cs\\\/\",\"name\":\"Lanaja - bytov\u00fd textil z \u013eanu a \u013eanov\u00e9 v\u00fdrobky\",\"description\":\"Jedine\u010dn\u00fd bytov\u00fd textil, ln\u011bn\u00e9 pytl\u00edky, ln\u011bn\u00e9 ubrusy, ln\u011bn\u00e9 lo\u017en\u00ed povle\u010den\u00ed, ln\u011bn\u00e9 ut\u011brky, ln\u011bn\u00e9 prost\u00edr\u00e1n\u00ed vyroben\u00e9 a \u0161it\u00e9 na Slovensku\",\"publisher\":{\"@id\":\"https:\\\/\\\/lanaja.sk\\\/cs\\\/#organization\"},\"alternateName\":\"Lanaja - v\u00fdrobky z \u013eanu, \u013eanov\u00fd bytov\u00fd textil\",\"potentialAction\":[{\"@type\":\"SearchAction\",\"target\":{\"@type\":\"EntryPoint\",\"urlTemplate\":\"https:\\\/\\\/lanaja.sk\\\/cs\\\/?s={search_term_string}\"},\"query-input\":{\"@type\":\"PropertyValueSpecification\",\"valueRequired\":true,\"valueName\":\"search_term_string\"}}],\"inLanguage\":\"cs\"},{\"@type\":\"Organization\",\"@id\":\"https:\\\/\\\/lanaja.sk\\\/cs\\\/#organization\",\"name\":\"Lanaja\",\"alternateName\":\"Al\u017ebeta Andr\u00e1\u0161ikov\u00e1 - Lanaja\",\"url\":\"https:\\\/\\\/lanaja.sk\\\/cs\\\/\",\"logo\":{\"@type\":\"ImageObject\",\"inLanguage\":\"cs\",\"@id\":\"https:\\\/\\\/lanaja.sk\\\/cs\\\/#\\\/schema\\\/logo\\\/image\\\/\",\"url\":\"https:\\\/\\\/lanaja.sk\\\/wp-content\\\/uploads\\\/2024\\\/01\\\/Lanaja.sk-logo.png\",\"contentUrl\":\"https:\\\/\\\/lanaja.sk\\\/wp-content\\\/uploads\\\/2024\\\/01\\\/Lanaja.sk-logo.png\",\"width\":600,\"height\":300,\"caption\":\"Lanaja\"},\"image\":{\"@id\":\"https:\\\/\\\/lanaja.sk\\\/cs\\\/#\\\/schema\\\/logo\\\/image\\\/\"},\"sameAs\":[\"https:\\\/\\\/www.facebook.com\\\/Abreadbag\",\"https:\\\/\\\/www.instagram.com\\\/lanaja_sk\\\/\"]}]}<\/script>\n<!-- \/ Yoast SEO plugin. -->","yoast_head_json":{"title":"Ln\u011bn\u00e1 prost\u011bradla ve 2 barv\u00e1ch &#8226; Lanaja-slovensk\u00e1 udr\u017eiteln\u00e1 zna\u010dka a v\u00fdrobce ln\u011bn\u00e9ho textilu","description":"Ln\u011bn\u00e1 prost\u011bradla maj\u00ed jedine\u010dn\u00e9 filtra\u010dn\u00ed vlastnosti, kter\u00e9 mohou sn\u00ed\u017eit po\u010det alergen\u016f a choroboplodn\u00fdch z\u00e1rodk\u016f, \u0161ijeme je na m\u00edru a velikost matrac\u00ed...","robots":{"index":"index","follow":"follow","max-snippet":"max-snippet:-1","max-image-preview":"max-image-preview:large","max-video-preview":"max-video-preview:-1"},"canonical":"https:\/\/lanaja.sk\/cs\/obchod\/povleceni-ve-2-barvach\/","og_locale":"cs_CZ","og_type":"article","og_title":"Ln\u011bn\u00e1 prost\u011bradla ve 2 barv\u00e1ch &#8226; Lanaja-slovensk\u00e1 udr\u017eiteln\u00e1 zna\u010dka a v\u00fdrobce ln\u011bn\u00e9ho textilu","og_description":"Ln\u011bn\u00e1 prost\u011bradla maj\u00ed jedine\u010dn\u00e9 filtra\u010dn\u00ed vlastnosti, kter\u00e9 mohou sn\u00ed\u017eit po\u010det alergen\u016f a choroboplodn\u00fdch z\u00e1rodk\u016f, \u0161ijeme je na m\u00edru a velikost matrac\u00ed...","og_url":"https:\/\/lanaja.sk\/cs\/obchod\/povleceni-ve-2-barvach\/","og_site_name":"Lanaja-slovensk\u00e1 udr\u017eiteln\u00e1 zna\u010dka a v\u00fdrobce ln\u011bn\u00e9ho textilu","article_publisher":"https:\/\/www.facebook.com\/Abreadbag","article_modified_time":"2025-08-12T18:41:50+00:00","og_image":[{"width":600,"height":900,"url":"https:\/\/lanaja.sk\/wp-content\/uploads\/2021\/11\/l\u030canova\u0301-plachta-zelena\u03012-scaled-e1636633919509-jpg.webp","type":"image\/jpeg"}],"twitter_card":"summary_large_image","twitter_misc":{"Odhadovan\u00e1 doba \u010dten\u00ed":"5 minut"},"schema":{"@context":"https:\/\/schema.org","@graph":[{"@type":"WebPage","@id":"https:\/\/lanaja.sk\/cs\/obchod\/povleceni-ve-2-barvach\/","url":"https:\/\/lanaja.sk\/cs\/obchod\/povleceni-ve-2-barvach\/","name":"Ln\u011bn\u00e1 prost\u011bradla ve 2 barv\u00e1ch &#8226; Lanaja-slovensk\u00e1 udr\u017eiteln\u00e1 zna\u010dka a v\u00fdrobce ln\u011bn\u00e9ho textilu","isPartOf":{"@id":"https:\/\/lanaja.sk\/cs\/#website"},"primaryImageOfPage":{"@id":"https:\/\/lanaja.sk\/cs\/obchod\/povleceni-ve-2-barvach\/#primaryimage"},"image":{"@id":"https:\/\/lanaja.sk\/cs\/obchod\/povleceni-ve-2-barvach\/#primaryimage"},"thumbnailUrl":"https:\/\/lanaja.sk\/wp-content\/uploads\/2021\/11\/l\u030canova\u0301-plachta-zelena\u03012-scaled-e1636633919509-jpg.webp","datePublished":"2021-11-11T12:33:40+00:00","dateModified":"2025-08-12T18:41:50+00:00","description":"Ln\u011bn\u00e1 prost\u011bradla maj\u00ed jedine\u010dn\u00e9 filtra\u010dn\u00ed vlastnosti, kter\u00e9 mohou sn\u00ed\u017eit po\u010det alergen\u016f a choroboplodn\u00fdch z\u00e1rodk\u016f, \u0161ijeme je na m\u00edru a velikost matrac\u00ed...","breadcrumb":{"@id":"https:\/\/lanaja.sk\/cs\/obchod\/povleceni-ve-2-barvach\/#breadcrumb"},"inLanguage":"cs","potentialAction":[{"@type":"ReadAction","target":["https:\/\/lanaja.sk\/cs\/obchod\/povleceni-ve-2-barvach\/"]}]},{"@type":"ImageObject","inLanguage":"cs","@id":"https:\/\/lanaja.sk\/cs\/obchod\/povleceni-ve-2-barvach\/#primaryimage","url":"https:\/\/lanaja.sk\/wp-content\/uploads\/2021\/11\/l\u030canova\u0301-plachta-zelena\u03012-scaled-e1636633919509-jpg.webp","contentUrl":"https:\/\/lanaja.sk\/wp-content\/uploads\/2021\/11\/l\u030canova\u0301-plachta-zelena\u03012-scaled-e1636633919509-jpg.webp","width":600,"height":900,"caption":"\u013eanov\u00e1 plachta s gumi\u010dkou"},{"@type":"BreadcrumbList","@id":"https:\/\/lanaja.sk\/cs\/obchod\/povleceni-ve-2-barvach\/#breadcrumb","itemListElement":[{"@type":"ListItem","position":1,"name":"Home","item":"https:\/\/lanaja.sk\/cs\/"},{"@type":"ListItem","position":2,"name":"Obchod","item":"https:\/\/lanaja.sk\/cs\/obchod-cz\/"},{"@type":"ListItem","position":3,"name":"Ln\u011bn\u00e1 prost\u011bradla ve 2 barv\u00e1ch"}]},{"@type":"WebSite","@id":"https:\/\/lanaja.sk\/cs\/#website","url":"https:\/\/lanaja.sk\/cs\/","name":"Lanaja - bytov\u00fd textil z \u013eanu a \u013eanov\u00e9 v\u00fdrobky","description":"Jedine\u010dn\u00fd bytov\u00fd textil, ln\u011bn\u00e9 pytl\u00edky, ln\u011bn\u00e9 ubrusy, ln\u011bn\u00e9 lo\u017en\u00ed povle\u010den\u00ed, ln\u011bn\u00e9 ut\u011brky, ln\u011bn\u00e9 prost\u00edr\u00e1n\u00ed vyroben\u00e9 a \u0161it\u00e9 na Slovensku","publisher":{"@id":"https:\/\/lanaja.sk\/cs\/#organization"},"alternateName":"Lanaja - v\u00fdrobky z \u013eanu, \u013eanov\u00fd bytov\u00fd textil","potentialAction":[{"@type":"SearchAction","target":{"@type":"EntryPoint","urlTemplate":"https:\/\/lanaja.sk\/cs\/?s={search_term_string}"},"query-input":{"@type":"PropertyValueSpecification","valueRequired":true,"valueName":"search_term_string"}}],"inLanguage":"cs"},{"@type":"Organization","@id":"https:\/\/lanaja.sk\/cs\/#organization","name":"Lanaja","alternateName":"Al\u017ebeta Andr\u00e1\u0161ikov\u00e1 - Lanaja","url":"https:\/\/lanaja.sk\/cs\/","logo":{"@type":"ImageObject","inLanguage":"cs","@id":"https:\/\/lanaja.sk\/cs\/#\/schema\/logo\/image\/","url":"https:\/\/lanaja.sk\/wp-content\/uploads\/2024\/01\/Lanaja.sk-logo.png","contentUrl":"https:\/\/lanaja.sk\/wp-content\/uploads\/2024\/01\/Lanaja.sk-logo.png","width":600,"height":300,"caption":"Lanaja"},"image":{"@id":"https:\/\/lanaja.sk\/cs\/#\/schema\/logo\/image\/"},"sameAs":["https:\/\/www.facebook.com\/Abreadbag","https:\/\/www.instagram.com\/lanaja_sk\/"]}]}},"_links":{"self":[{"href":"https:\/\/lanaja.sk\/cs\/wp-json\/wp\/v2\/product\/13323","targetHints":{"allow":["GET"]}}],"collection":[{"href":"https:\/\/lanaja.sk\/cs\/wp-json\/wp\/v2\/product"}],"about":[{"href":"https:\/\/lanaja.sk\/cs\/wp-json\/wp\/v2\/types\/product"}],"version-history":[{"count":1,"href":"https:\/\/lanaja.sk\/cs\/wp-json\/wp\/v2\/product\/13323\/revisions"}],"predecessor-version":[{"id":16544,"href":"https:\/\/lanaja.sk\/cs\/wp-json\/wp\/v2\/product\/13323\/revisions\/16544"}],"wp:featuredmedia":[{"embeddable":true,"href":"https:\/\/lanaja.sk\/cs\/wp-json\/wp\/v2\/media\/7168"}],"wp:attachment":[{"href":"https:\/\/lanaja.sk\/cs\/wp-json\/wp\/v2\/media?parent=13323"}],"wp:term":[{"taxonomy":"product_brand","embeddable":true,"href":"https:\/\/lanaja.sk\/cs\/wp-json\/wp\/v2\/product_brand?post=13323"},{"taxonomy":"product_cat","embeddable":true,"href":"https:\/\/lanaja.sk\/cs\/wp-json\/wp\/v2\/product_cat?post=13323"},{"taxonomy":"product_tag","embeddable":true,"href":"https:\/\/lanaja.sk\/cs\/wp-json\/wp\/v2\/product_tag?post=13323"}],"curies":[{"name":"wp","href":"https:\/\/api.w.org\/{rel}","templated":true}]}}