{"id":13333,"date":"2021-10-23T17:10:26","date_gmt":"2021-10-23T15:10:26","guid":{"rendered":"https:\/\/lanaja.sk\/obchod\/neza\u0159azen\u00e9\/lneny-povlak-na-polstar\/"},"modified":"2021-10-23T17:10:26","modified_gmt":"2021-10-23T15:10:26","slug":"lneny-povlak-na-polstar","status":"publish","type":"product","link":"https:\/\/lanaja.sk\/cs\/obchod\/lneny-povlak-na-polstar\/","title":{"rendered":"Ln\u011bn\u00fd povlak na pol\u0161t\u00e1\u0159"},"content":{"rendered":"<h2>Ln\u011bn\u00fd povlak na pol\u0161t\u00e1\u0159<\/h2>\n<p>&nbsp;<\/p>\n<p>Ln\u011bn\u00e1 prost\u011bradla jsou z\u00e1rukou nejen kvalitn\u00edho sp\u00e1nku, ale tak\u00e9 udr\u017eiteln\u00e9ho a ekologick\u00e9ho p\u0159\u00edstupu k dom\u00e1cnosti. Pokud hled\u00e1te zp\u016fsob, jak si v lo\u017enici vytvo\u0159it prost\u0159ed\u00ed, kter\u00e9 je \u0161etrn\u00e9 k \u017eivotn\u00edmu prost\u0159ed\u00ed a z\u00e1rove\u0148 nab\u00edz\u00ed pohodl\u00ed, pak je 100% len tou spr\u00e1vnou volbou.<\/p>\n<p>Z\u00e1le\u017e\u00ed na tom, z jak\u00e9ho materi\u00e1lu pro v\u00e1s pr\u00e1dlo \u0161ijeme, kde a za jak\u00fdch podm\u00ednek bylo pr\u00e1dlo vyrobeno. Lo\u017en\u00ed pr\u00e1dlo k v\u00e1m p\u0159ijde p\u0159edepran\u00e9, vo\u0148av\u00e9 a u\u017e se nemus\u00edte b\u00e1t, \u017ee \u010dasem zm\u011bn\u00ed tvar a sraz\u00ed se.<\/p>\n<p>V\u00fdhody pou\u017e\u00edv\u00e1n\u00ed lo\u017en\u00edho pr\u00e1dla ze 100% lnu jsou nepopirateln\u00e9. Jeho jedine\u010dn\u00e1 schopnost regulovat teplotu, absorbovat vlhkost a odol\u00e1vat bakteri\u00edm a rozto\u010d\u016fm z n\u011bj d\u011bl\u00e1 ide\u00e1ln\u00ed \u0159e\u0161en\u00ed pro lidi se zdravotn\u00edmi probl\u00e9my, ale i pro ty, kter\u00fdm z\u00e1le\u017e\u00ed na zdrav\u00e9m sp\u00e1nku a pohodl\u00ed. Ln\u011bn\u00e1 tkanina je antialergick\u00e1, odol\u00e1v\u00e1 prachu a m\u00e1 prody\u0161nost, co\u017e zaji\u0161\u0165uje st\u00e1lou cirkulaci vzduchu a zabra\u0148uje p\u0159eh\u0159\u00e1t\u00ed b\u011bhem sp\u00e1nku.<\/p>\n<h4>Ln\u011bn\u00e1 prost\u011bradla tak\u00e9 \u0161ijeme a upravujeme na m\u00edru<\/h4>\n<p>Pokud si p\u0159ejete ln\u011bn\u00e9 povle\u010den\u00ed prodlou\u017eit, napi\u0161te n\u00e1m, r\u00e1di v\u00e1m porad\u00edme a uprav\u00edme p\u0159esn\u011b podle va\u0161ich po\u017eadavk\u016f a na m\u00edru. Doporu\u010dujeme tak\u00e9 vyu\u017e\u00edt na\u0161e online konzultace.<\/p>\n<h4>Balen\u00ed d\u00e1rk\u016f<\/h4>\n<p>Jako bonus obdr\u017e\u00edte na\u0161e ln\u011bn\u00e9 v\u00fdrobky zabalen\u00e9 v d\u00e1rkov\u00e9 krabi\u010dce ur\u010den\u00e9 k dal\u0161\u00edmu pou\u017eit\u00ed. Zbav\u00edme v\u00e1s starost\u00ed a vym\u00fd\u0161len\u00ed d\u00e1rkov\u00e9ho balen\u00ed. Bal\u00ed\u010dek m\u016f\u017eete darovat ihned, a\u0165 u\u017e k sv\u00e1tku, jako svatebn\u00ed dar nebo k V\u00e1noc\u016fm. Sestavte si vlastn\u00ed kombinaci barev, p\u0159ijde k v\u00e1m kr\u00e1sn\u00e1 a vo\u0148av\u00e1 krabi\u010dka.<\/p>\n<h4>Personalizace pomoc\u00ed strojov\u00e9ho vy\u0161\u00edv\u00e1n\u00ed<\/h4>\n<p>Ln\u011bn\u00e1 prost\u011bradla lze tak\u00e9 personalizovat a vy\u0161\u00edvat monogramem nebo cel\u00fdm jm\u00e9nem pomoc\u00ed vy\u0161\u00edvac\u00edho stroje. Cena se odv\u00edj\u00ed od velikosti v\u00fd\u0161ivky. Pokud m\u00e1te z\u00e1jem o personalizaci, napi\u0161te n\u00e1m p\u0159ed objedn\u00e1n\u00edm e-mail, r\u00e1di v\u00e1m porad\u00edme s v\u00fdb\u011brem vhodn\u00e9 velikosti a barvy v\u00fd\u0161ivky.<\/p>\n<p><a href=\"https:\/\/lanaja.sk\/kategoria-produktu\/lanove-plachty\">Ln\u011bn\u00e1 prost\u011bradla m\u016f\u017eete tak\u00e9 sladit s na\u0161imi ln\u011bn\u00fdmi prost\u011bradly<\/a>. Pokud jste majitelem velk\u00fdch dvojit\u00fdch povlak\u016f na p\u0159ikr\u00fdvky, doubleking size, \u0161ijeme ln\u011bn\u00e1 prost\u011bradla jak na m\u00edru, tak na velk\u00e9 velikosti.<\/p>\n<p>Vzor ln\u011bn\u00fdch povlak\u016f na pol\u0161t\u00e1\u0159e:<\/p>\n<p>1. ln\u011bn\u00fd povlak na pol\u0161t\u00e1\u0159 STRIP<\/p>\n<p>2. ln\u011bn\u00fd povlak na pol\u0161t\u00e1\u0159 K\u00c1RO<\/p>\n<h4>Samoz\u0159ejmost\u00ed jsou ru\u010dn\u011b \u0161it\u00e9 knofl\u00edky<\/h4>\n<p>Na ln\u011bn\u00fdch prost\u011bradlech se ru\u010dn\u011b \u0161ij\u00ed nebarven\u00e9 knofl\u00edky z p\u0159\u00edrodn\u00edho d\u0159eva. Ln\u011bn\u00e1 prost\u011bradla Victoria jsou \u0161it\u00e1 skryt\u00fdm zap\u00edn\u00e1n\u00edm, knofl\u00edky jsou pro oko neviditeln\u00e9.<\/p>\n<p>Pruhovan\u00e9 a kostkovan\u00e9 povlaky na pol\u0161t\u00e1\u0159e jsou \u0161it\u00e9 ze 100% lnu 185g\/m2 pr\u00e9miov\u00e9 kvality, tento len je vyroben v Evrop\u011b, m\u011bk\u010den\u00fd a certifikovan\u00fd z\u00e1rove\u0148.<\/p>\n<p><strong>Po\u010d\u00edtejte s dodac\u00ed lh\u016ftou a\u017e 2-3 t\u00fddny, manu\u00e1ln\u00ed pr\u00e1ce vy\u017eaduje n\u00e1\u0161 \u010das. Ln\u011bn\u00e9 v\u00fdrobky \u0161ijeme v na\u0161\u00ed d\u00edln\u011b dle Va\u0161eho p\u0159\u00e1n\u00ed a na m\u00edru, dle konkr\u00e9tn\u00edho v\u00fdrobku.<\/strong><\/p>\n","protected":false},"excerpt":{"rendered":"<p>Pruhy nebo pruhy jsou nad\u010dasov\u00fdm vzorem, hod\u00ed se ke v\u0161em ln\u011bn\u00fdm prost\u011bradl\u016fm, ln\u011bn\u00fdm p\u0159ehoz\u016fm, nebo mohou slou\u017eit jako funk\u010dn\u00ed dopln\u011bk. Od velk\u00fdch a v\u00fdrazn\u00fdch a\u017e po drobn\u00e9 tenk\u00e9 linie, pruhy vytv\u00e1\u0159ej\u00ed strukturu a ve spojen\u00ed s kr\u00e1sn\u00fdmi kontrastn\u00edmi barvami a dal\u0161\u00edmi texturami mohou b\u00fdt hlavn\u00edm dopl\u0148kem p\u0159i kombinov\u00e1n\u00ed cel\u00e9ho interi\u00e9ru. Pruhovan\u00fd povlak na pol\u0161t\u00e1\u0159 m\u016f\u017eete doplnit kostkovan\u00fdm vzorem, kde je zachov\u00e1n odst\u00edn p\u0159\u00edrodn\u00edch barev, \u010d\u00edm\u017e vznik\u00e1 dokonal\u00e1 souhra vzor\u016f, m\u016f\u017eete je doplnit jednobarevn\u00fdmi ln\u011bn\u00fdmi povlaky na pol\u0161t\u00e1\u0159e, kter\u00e9 v\u00e1m u\u0161ijeme v r\u016fzn\u00fdch velikostech. Tato kombinace jemn\u00e1 na dotek a p\u0159\u00edjemn\u00e1 na pohled zjemn\u00ed prostor svou nen\u00e1padnost\u00ed.<\/p>\n<p>1. ln\u011bn\u00fd povlak na pol\u0161t\u00e1\u0159 STRIP<\/p>\n<p>2. ln\u011bn\u00fd povlak na pol\u0161t\u00e1\u0159 K\u00c1RO<\/p>\n","protected":false},"featured_media":7130,"template":"","meta":[],"product_brand":[],"product_cat":[392,363],"product_tag":[],"class_list":{"0":"post-13333","1":"product","2":"type-product","3":"status-publish","4":"has-post-thumbnail","6":"product_cat-lnene-povlaky-na-polstare","7":"product_cat-lnene-povleceni-cs","9":"first","10":"onbackorder","11":"shipping-taxable","12":"purchasable","13":"product-type-variable"},"yoast_head":"<!-- This site is optimized with the Yoast SEO plugin v27.4 - https:\/\/yoast.com\/product\/yoast-seo-wordpress\/ -->\n<title>Ln\u011bn\u00fd povlak na pol\u0161t\u00e1\u0159 &#8226; Lanaja-slovensk\u00e1 udr\u017eiteln\u00e1 zna\u010dka a v\u00fdrobce ln\u011bn\u00e9ho textilu<\/title>\n<meta name=\"description\" content=\"ln\u011bn\u00fd povlak na pol\u0161t\u00e1\u0159, z\u00e1le\u017e\u00ed na tom, z jak\u00e9ho materi\u00e1lu pro v\u00e1s pr\u00e1dlo u\u0161ijeme, kde a za jak\u00fdch podm\u00ednek bylo pr\u00e1dlo vyrobeno, lo\u017en\u00ed pr\u00e1dlo v\u00e1m p\u0159ijde vypran\u00e9\" \/>\n<meta name=\"robots\" content=\"index, follow, max-snippet:-1, max-image-preview:large, max-video-preview:-1\" \/>\n<link rel=\"canonical\" href=\"https:\/\/lanaja.sk\/cs\/obchod\/lneny-povlak-na-polstar\/\" \/>\n<meta property=\"og:locale\" content=\"cs_CZ\" \/>\n<meta property=\"og:type\" content=\"article\" \/>\n<meta property=\"og:title\" content=\"Ln\u011bn\u00fd povlak na pol\u0161t\u00e1\u0159 &#8226; Lanaja-slovensk\u00e1 udr\u017eiteln\u00e1 zna\u010dka a v\u00fdrobce ln\u011bn\u00e9ho textilu\" \/>\n<meta property=\"og:description\" content=\"ln\u011bn\u00fd povlak na pol\u0161t\u00e1\u0159, z\u00e1le\u017e\u00ed na tom, z jak\u00e9ho materi\u00e1lu pro v\u00e1s pr\u00e1dlo u\u0161ijeme, kde a za jak\u00fdch podm\u00ednek bylo pr\u00e1dlo vyrobeno, lo\u017en\u00ed pr\u00e1dlo v\u00e1m p\u0159ijde vypran\u00e9\" \/>\n<meta property=\"og:url\" content=\"https:\/\/lanaja.sk\/cs\/obchod\/lneny-povlak-na-polstar\/\" \/>\n<meta property=\"og:site_name\" content=\"Lanaja-slovensk\u00e1 udr\u017eiteln\u00e1 zna\u010dka a v\u00fdrobce ln\u011bn\u00e9ho textilu\" \/>\n<meta property=\"article:publisher\" content=\"https:\/\/www.facebook.com\/Abreadbag\" \/>\n<meta property=\"og:image\" content=\"https:\/\/lanaja.sk\/wp-content\/uploads\/2021\/10\/lanove-obliecky-karamel51-e1634995013595-jpg.webp\" \/>\n\t<meta property=\"og:image:width\" content=\"706\" \/>\n\t<meta property=\"og:image:height\" content=\"900\" \/>\n\t<meta property=\"og:image:type\" content=\"image\/jpeg\" \/>\n<meta name=\"twitter:card\" content=\"summary_large_image\" \/>\n<meta name=\"twitter:label1\" content=\"Odhadovan\u00e1 doba \u010dten\u00ed\" \/>\n\t<meta name=\"twitter:data1\" content=\"3 minuty\" \/>\n<script type=\"application\/ld+json\" class=\"yoast-schema-graph\">{\"@context\":\"https:\\\/\\\/schema.org\",\"@graph\":[{\"@type\":\"WebPage\",\"@id\":\"https:\\\/\\\/lanaja.sk\\\/cs\\\/obchod\\\/lneny-povlak-na-polstar\\\/\",\"url\":\"https:\\\/\\\/lanaja.sk\\\/cs\\\/obchod\\\/lneny-povlak-na-polstar\\\/\",\"name\":\"Ln\u011bn\u00fd povlak na pol\u0161t\u00e1\u0159 &#8226; Lanaja-slovensk\u00e1 udr\u017eiteln\u00e1 zna\u010dka a v\u00fdrobce ln\u011bn\u00e9ho textilu\",\"isPartOf\":{\"@id\":\"https:\\\/\\\/lanaja.sk\\\/cs\\\/#website\"},\"primaryImageOfPage\":{\"@id\":\"https:\\\/\\\/lanaja.sk\\\/cs\\\/obchod\\\/lneny-povlak-na-polstar\\\/#primaryimage\"},\"image\":{\"@id\":\"https:\\\/\\\/lanaja.sk\\\/cs\\\/obchod\\\/lneny-povlak-na-polstar\\\/#primaryimage\"},\"thumbnailUrl\":\"https:\\\/\\\/lanaja.sk\\\/wp-content\\\/uploads\\\/2021\\\/10\\\/lanove-obliecky-karamel51-e1634995013595-jpg.webp\",\"datePublished\":\"2021-10-23T15:10:26+00:00\",\"description\":\"ln\u011bn\u00fd povlak na pol\u0161t\u00e1\u0159, z\u00e1le\u017e\u00ed na tom, z jak\u00e9ho materi\u00e1lu pro v\u00e1s pr\u00e1dlo u\u0161ijeme, kde a za jak\u00fdch podm\u00ednek bylo pr\u00e1dlo vyrobeno, lo\u017en\u00ed pr\u00e1dlo v\u00e1m p\u0159ijde vypran\u00e9\",\"breadcrumb\":{\"@id\":\"https:\\\/\\\/lanaja.sk\\\/cs\\\/obchod\\\/lneny-povlak-na-polstar\\\/#breadcrumb\"},\"inLanguage\":\"cs\",\"potentialAction\":[{\"@type\":\"ReadAction\",\"target\":[\"https:\\\/\\\/lanaja.sk\\\/cs\\\/obchod\\\/lneny-povlak-na-polstar\\\/\"]}]},{\"@type\":\"ImageObject\",\"inLanguage\":\"cs\",\"@id\":\"https:\\\/\\\/lanaja.sk\\\/cs\\\/obchod\\\/lneny-povlak-na-polstar\\\/#primaryimage\",\"url\":\"https:\\\/\\\/lanaja.sk\\\/wp-content\\\/uploads\\\/2021\\\/10\\\/lanove-obliecky-karamel51-e1634995013595-jpg.webp\",\"contentUrl\":\"https:\\\/\\\/lanaja.sk\\\/wp-content\\\/uploads\\\/2021\\\/10\\\/lanove-obliecky-karamel51-e1634995013595-jpg.webp\",\"width\":706,\"height\":900,\"caption\":\"\u013eanov\u00e1 oblie\u010dka na vank\u00fa\u0161\"},{\"@type\":\"BreadcrumbList\",\"@id\":\"https:\\\/\\\/lanaja.sk\\\/cs\\\/obchod\\\/lneny-povlak-na-polstar\\\/#breadcrumb\",\"itemListElement\":[{\"@type\":\"ListItem\",\"position\":1,\"name\":\"Home\",\"item\":\"https:\\\/\\\/lanaja.sk\\\/cs\\\/\"},{\"@type\":\"ListItem\",\"position\":2,\"name\":\"Obchod\",\"item\":\"https:\\\/\\\/lanaja.sk\\\/cs\\\/obchod-cz\\\/\"},{\"@type\":\"ListItem\",\"position\":3,\"name\":\"Ln\u011bn\u00fd povlak na pol\u0161t\u00e1\u0159\"}]},{\"@type\":\"WebSite\",\"@id\":\"https:\\\/\\\/lanaja.sk\\\/cs\\\/#website\",\"url\":\"https:\\\/\\\/lanaja.sk\\\/cs\\\/\",\"name\":\"Lanaja - bytov\u00fd textil z \u013eanu a \u013eanov\u00e9 v\u00fdrobky\",\"description\":\"Jedine\u010dn\u00fd bytov\u00fd textil, ln\u011bn\u00e9 pytl\u00edky, ln\u011bn\u00e9 ubrusy, ln\u011bn\u00e9 lo\u017en\u00ed povle\u010den\u00ed, ln\u011bn\u00e9 ut\u011brky, ln\u011bn\u00e9 prost\u00edr\u00e1n\u00ed vyroben\u00e9 a \u0161it\u00e9 na Slovensku\",\"publisher\":{\"@id\":\"https:\\\/\\\/lanaja.sk\\\/cs\\\/#organization\"},\"alternateName\":\"Lanaja - v\u00fdrobky z \u013eanu, \u013eanov\u00fd bytov\u00fd textil\",\"potentialAction\":[{\"@type\":\"SearchAction\",\"target\":{\"@type\":\"EntryPoint\",\"urlTemplate\":\"https:\\\/\\\/lanaja.sk\\\/cs\\\/?s={search_term_string}\"},\"query-input\":{\"@type\":\"PropertyValueSpecification\",\"valueRequired\":true,\"valueName\":\"search_term_string\"}}],\"inLanguage\":\"cs\"},{\"@type\":\"Organization\",\"@id\":\"https:\\\/\\\/lanaja.sk\\\/cs\\\/#organization\",\"name\":\"Lanaja\",\"alternateName\":\"Al\u017ebeta Andr\u00e1\u0161ikov\u00e1 - Lanaja\",\"url\":\"https:\\\/\\\/lanaja.sk\\\/cs\\\/\",\"logo\":{\"@type\":\"ImageObject\",\"inLanguage\":\"cs\",\"@id\":\"https:\\\/\\\/lanaja.sk\\\/cs\\\/#\\\/schema\\\/logo\\\/image\\\/\",\"url\":\"https:\\\/\\\/lanaja.sk\\\/wp-content\\\/uploads\\\/2024\\\/01\\\/Lanaja.sk-logo.png\",\"contentUrl\":\"https:\\\/\\\/lanaja.sk\\\/wp-content\\\/uploads\\\/2024\\\/01\\\/Lanaja.sk-logo.png\",\"width\":600,\"height\":300,\"caption\":\"Lanaja\"},\"image\":{\"@id\":\"https:\\\/\\\/lanaja.sk\\\/cs\\\/#\\\/schema\\\/logo\\\/image\\\/\"},\"sameAs\":[\"https:\\\/\\\/www.facebook.com\\\/Abreadbag\",\"https:\\\/\\\/www.instagram.com\\\/lanaja_sk\\\/\"]}]}<\/script>\n<!-- \/ Yoast SEO plugin. -->","yoast_head_json":{"title":"Ln\u011bn\u00fd povlak na pol\u0161t\u00e1\u0159 &#8226; Lanaja-slovensk\u00e1 udr\u017eiteln\u00e1 zna\u010dka a v\u00fdrobce ln\u011bn\u00e9ho textilu","description":"ln\u011bn\u00fd povlak na pol\u0161t\u00e1\u0159, z\u00e1le\u017e\u00ed na tom, z jak\u00e9ho materi\u00e1lu pro v\u00e1s pr\u00e1dlo u\u0161ijeme, kde a za jak\u00fdch podm\u00ednek bylo pr\u00e1dlo vyrobeno, lo\u017en\u00ed pr\u00e1dlo v\u00e1m p\u0159ijde vypran\u00e9","robots":{"index":"index","follow":"follow","max-snippet":"max-snippet:-1","max-image-preview":"max-image-preview:large","max-video-preview":"max-video-preview:-1"},"canonical":"https:\/\/lanaja.sk\/cs\/obchod\/lneny-povlak-na-polstar\/","og_locale":"cs_CZ","og_type":"article","og_title":"Ln\u011bn\u00fd povlak na pol\u0161t\u00e1\u0159 &#8226; Lanaja-slovensk\u00e1 udr\u017eiteln\u00e1 zna\u010dka a v\u00fdrobce ln\u011bn\u00e9ho textilu","og_description":"ln\u011bn\u00fd povlak na pol\u0161t\u00e1\u0159, z\u00e1le\u017e\u00ed na tom, z jak\u00e9ho materi\u00e1lu pro v\u00e1s pr\u00e1dlo u\u0161ijeme, kde a za jak\u00fdch podm\u00ednek bylo pr\u00e1dlo vyrobeno, lo\u017en\u00ed pr\u00e1dlo v\u00e1m p\u0159ijde vypran\u00e9","og_url":"https:\/\/lanaja.sk\/cs\/obchod\/lneny-povlak-na-polstar\/","og_site_name":"Lanaja-slovensk\u00e1 udr\u017eiteln\u00e1 zna\u010dka a v\u00fdrobce ln\u011bn\u00e9ho textilu","article_publisher":"https:\/\/www.facebook.com\/Abreadbag","og_image":[{"width":706,"height":900,"url":"https:\/\/lanaja.sk\/wp-content\/uploads\/2021\/10\/lanove-obliecky-karamel51-e1634995013595-jpg.webp","type":"image\/jpeg"}],"twitter_card":"summary_large_image","twitter_misc":{"Odhadovan\u00e1 doba \u010dten\u00ed":"3 minuty"},"schema":{"@context":"https:\/\/schema.org","@graph":[{"@type":"WebPage","@id":"https:\/\/lanaja.sk\/cs\/obchod\/lneny-povlak-na-polstar\/","url":"https:\/\/lanaja.sk\/cs\/obchod\/lneny-povlak-na-polstar\/","name":"Ln\u011bn\u00fd povlak na pol\u0161t\u00e1\u0159 &#8226; Lanaja-slovensk\u00e1 udr\u017eiteln\u00e1 zna\u010dka a v\u00fdrobce ln\u011bn\u00e9ho textilu","isPartOf":{"@id":"https:\/\/lanaja.sk\/cs\/#website"},"primaryImageOfPage":{"@id":"https:\/\/lanaja.sk\/cs\/obchod\/lneny-povlak-na-polstar\/#primaryimage"},"image":{"@id":"https:\/\/lanaja.sk\/cs\/obchod\/lneny-povlak-na-polstar\/#primaryimage"},"thumbnailUrl":"https:\/\/lanaja.sk\/wp-content\/uploads\/2021\/10\/lanove-obliecky-karamel51-e1634995013595-jpg.webp","datePublished":"2021-10-23T15:10:26+00:00","description":"ln\u011bn\u00fd povlak na pol\u0161t\u00e1\u0159, z\u00e1le\u017e\u00ed na tom, z jak\u00e9ho materi\u00e1lu pro v\u00e1s pr\u00e1dlo u\u0161ijeme, kde a za jak\u00fdch podm\u00ednek bylo pr\u00e1dlo vyrobeno, lo\u017en\u00ed pr\u00e1dlo v\u00e1m p\u0159ijde vypran\u00e9","breadcrumb":{"@id":"https:\/\/lanaja.sk\/cs\/obchod\/lneny-povlak-na-polstar\/#breadcrumb"},"inLanguage":"cs","potentialAction":[{"@type":"ReadAction","target":["https:\/\/lanaja.sk\/cs\/obchod\/lneny-povlak-na-polstar\/"]}]},{"@type":"ImageObject","inLanguage":"cs","@id":"https:\/\/lanaja.sk\/cs\/obchod\/lneny-povlak-na-polstar\/#primaryimage","url":"https:\/\/lanaja.sk\/wp-content\/uploads\/2021\/10\/lanove-obliecky-karamel51-e1634995013595-jpg.webp","contentUrl":"https:\/\/lanaja.sk\/wp-content\/uploads\/2021\/10\/lanove-obliecky-karamel51-e1634995013595-jpg.webp","width":706,"height":900,"caption":"\u013eanov\u00e1 oblie\u010dka na vank\u00fa\u0161"},{"@type":"BreadcrumbList","@id":"https:\/\/lanaja.sk\/cs\/obchod\/lneny-povlak-na-polstar\/#breadcrumb","itemListElement":[{"@type":"ListItem","position":1,"name":"Home","item":"https:\/\/lanaja.sk\/cs\/"},{"@type":"ListItem","position":2,"name":"Obchod","item":"https:\/\/lanaja.sk\/cs\/obchod-cz\/"},{"@type":"ListItem","position":3,"name":"Ln\u011bn\u00fd povlak na pol\u0161t\u00e1\u0159"}]},{"@type":"WebSite","@id":"https:\/\/lanaja.sk\/cs\/#website","url":"https:\/\/lanaja.sk\/cs\/","name":"Lanaja - bytov\u00fd textil z \u013eanu a \u013eanov\u00e9 v\u00fdrobky","description":"Jedine\u010dn\u00fd bytov\u00fd textil, ln\u011bn\u00e9 pytl\u00edky, ln\u011bn\u00e9 ubrusy, ln\u011bn\u00e9 lo\u017en\u00ed povle\u010den\u00ed, ln\u011bn\u00e9 ut\u011brky, ln\u011bn\u00e9 prost\u00edr\u00e1n\u00ed vyroben\u00e9 a \u0161it\u00e9 na Slovensku","publisher":{"@id":"https:\/\/lanaja.sk\/cs\/#organization"},"alternateName":"Lanaja - v\u00fdrobky z \u013eanu, \u013eanov\u00fd bytov\u00fd textil","potentialAction":[{"@type":"SearchAction","target":{"@type":"EntryPoint","urlTemplate":"https:\/\/lanaja.sk\/cs\/?s={search_term_string}"},"query-input":{"@type":"PropertyValueSpecification","valueRequired":true,"valueName":"search_term_string"}}],"inLanguage":"cs"},{"@type":"Organization","@id":"https:\/\/lanaja.sk\/cs\/#organization","name":"Lanaja","alternateName":"Al\u017ebeta Andr\u00e1\u0161ikov\u00e1 - Lanaja","url":"https:\/\/lanaja.sk\/cs\/","logo":{"@type":"ImageObject","inLanguage":"cs","@id":"https:\/\/lanaja.sk\/cs\/#\/schema\/logo\/image\/","url":"https:\/\/lanaja.sk\/wp-content\/uploads\/2024\/01\/Lanaja.sk-logo.png","contentUrl":"https:\/\/lanaja.sk\/wp-content\/uploads\/2024\/01\/Lanaja.sk-logo.png","width":600,"height":300,"caption":"Lanaja"},"image":{"@id":"https:\/\/lanaja.sk\/cs\/#\/schema\/logo\/image\/"},"sameAs":["https:\/\/www.facebook.com\/Abreadbag","https:\/\/www.instagram.com\/lanaja_sk\/"]}]}},"_links":{"self":[{"href":"https:\/\/lanaja.sk\/cs\/wp-json\/wp\/v2\/product\/13333","targetHints":{"allow":["GET"]}}],"collection":[{"href":"https:\/\/lanaja.sk\/cs\/wp-json\/wp\/v2\/product"}],"about":[{"href":"https:\/\/lanaja.sk\/cs\/wp-json\/wp\/v2\/types\/product"}],"version-history":[{"count":0,"href":"https:\/\/lanaja.sk\/cs\/wp-json\/wp\/v2\/product\/13333\/revisions"}],"wp:featuredmedia":[{"embeddable":true,"href":"https:\/\/lanaja.sk\/cs\/wp-json\/wp\/v2\/media\/7130"}],"wp:attachment":[{"href":"https:\/\/lanaja.sk\/cs\/wp-json\/wp\/v2\/media?parent=13333"}],"wp:term":[{"taxonomy":"product_brand","embeddable":true,"href":"https:\/\/lanaja.sk\/cs\/wp-json\/wp\/v2\/product_brand?post=13333"},{"taxonomy":"product_cat","embeddable":true,"href":"https:\/\/lanaja.sk\/cs\/wp-json\/wp\/v2\/product_cat?post=13333"},{"taxonomy":"product_tag","embeddable":true,"href":"https:\/\/lanaja.sk\/cs\/wp-json\/wp\/v2\/product_tag?post=13333"}],"curies":[{"name":"wp","href":"https:\/\/api.w.org\/{rel}","templated":true}]}}