{"id":13346,"date":"2022-03-23T12:32:19","date_gmt":"2022-03-23T11:32:19","guid":{"rendered":"https:\/\/lanaja.sk\/obchod\/neza\u0159azen\u00e9\/lnena-zastera-s-volankem\/"},"modified":"2025-07-26T17:31:13","modified_gmt":"2025-07-26T15:31:13","slug":"lnena-zastera-s-volankem","status":"publish","type":"product","link":"https:\/\/lanaja.sk\/cs\/obchod\/lnena-zastera-s-volankem\/","title":{"rendered":"Ln\u011bn\u00e1 z\u00e1st\u011bra s vol\u00e1nkem"},"content":{"rendered":"<h2><strong>Ln\u011bn\u00e1 z\u00e1st\u011bra ELIZA s vol\u00e1nkem<\/strong><\/h2>\n<p>&nbsp;<\/p>\n<p>Na\u0161e ln\u011bn\u00e9 z\u00e1st\u011bry jsou nejen kr\u00e1sn\u00e9 a praktick\u00e9, ale tak\u00e9 ohledupln\u00e9 k na\u0161\u00ed planet\u011b! P\u0159izp\u016fsobili jsme jejich st\u0159ih natolik, aby z l\u00e1tek nez\u016fstaly zbyte\u010dn\u00e9 odst\u0159i\u017eky a odpad. Kdo n\u00e1s zn\u00e1 del\u0161\u00ed dobu, v\u00ed, \u017ee se sna\u017e\u00edme maxim\u00e1ln\u011b vyu\u017e\u00edt zbytky l\u00e1tek a 4x do roka vytv\u00e1\u0159\u00edme r\u016fzn\u00e9 limitovan\u00e9 a upcyklovan\u00e9 kolekce.<br \/>\nNa\u0161e ln\u011bn\u00e9 z\u00e1st\u011brky jsou d\u016fkazem toho, \u017ee se i p\u0159es v\u00fdrobn\u00ed procesy m\u016f\u017eeme chovat zodpov\u011bdn\u011b.<\/p>\n<p>V\u00e1no\u010dn\u00ed obdob\u00ed je u\u017e skoro tady. Nech\u00e1v\u00e1te se u\u017e te\u010f un\u00e1\u0161et touhou po v\u016fn\u00edch \u010derstv\u011b upe\u010den\u00fdch v\u00e1no\u010dn\u00edch cukrov\u00ed a tepl\u00fdch pol\u00e9vek? My ano!<br \/>\nPomoc\u00ed na\u0161ich ln\u011bn\u00fdch z\u00e1st\u011br u\u017e pe\u010dete, va\u0159\u00edte a tvo\u0159\u00edte v\u00e1no\u010dn\u00ed poklady pro sv\u00e9 bl\u00edzk\u00e9 nejedny V\u00e1noce. Staly se symbolem rodiny, tepla a tradi\u010dn\u00edch chvil, kter\u00fdch si cen\u00edme. A\u0165 n\u00e1m toto nadch\u00e1zej\u00edc\u00ed v\u00e1no\u010dn\u00ed obdob\u00ed p\u0159in\u00e1\u0161\u00ed radost, l\u00e1sku a n\u00e1dhern\u00e9 chut\u011b.<\/p>\n<p><strong>Jak spr\u00e1vn\u011b uv\u00e1zat na\u0161e ln\u011bn\u00e9 z\u00e1st\u011bry?<\/strong> Maj\u00ed extra dlouhou v\u00e1za\u010dku, kterou je t\u0159eba vzadu p\u0159ek\u0159\u00ed\u017eit a p\u0159ev\u00e1zat dop\u0159edu. Kdy\u017e n\u00e1m pos\u00edl\u00e1te fotky, v\u0161imla jsem si, \u017ee si je v\u00e1\u017eete vzadu. Ne, nen\u00ed to \u017e\u00e1dn\u00e1 chyba, je to v po\u0159\u00e1dku, ale s jejich d\u00e9lkou 2,7 metru se d\u00e1 opravdu \u010darovat. Dod\u00e1vaj\u00ed se ve velikosti UNI, vhodn\u00e9 pro v\u0161echny na\u0161e n\u00e1dhern\u00e9 \u017eensk\u00e9 k\u0159ivky! Nyn\u00ed budeme vypadat b\u00e1je\u010dn\u011b i za kamny! A pokud se n\u00e1m to poda\u0159\u00ed, tak n\u00e1m jednodu\u0161e nic neunikne!<\/p>\n<p>Ln\u011bn\u00e1 z\u00e1st\u011bra s \u010dist\u00fdmi minimalistick\u00fdmi liniemi, vol\u00e1nem a \u0161irok\u00fdm zavazov\u00e1n\u00edm p\u0159es pas je u\u0161ita <strong>z m\u011bk\u010den\u00e9ho p\u0159edepran\u00e9ho lnu, kter\u00fd je vym\u00fdv\u00e1n pomoc\u00ed kamene, je certifikovan\u00fd a vyroben\u00fd v Evrop\u011b. <\/strong>Polovi\u010dn\u00ed ln\u011bn\u00e9 z\u00e1st\u011brky se staly va\u0161imi nejobl\u00edben\u011bj\u0161\u00edmi, a tak je pro v\u00e1s \u0161ijeme ve dvou verz\u00edch: s vol\u00e1nem na spodn\u00ed \u010d\u00e1sti, nebo bez n\u011bj. Samoz\u0159ejm\u011b na nich nesm\u00ed chyb\u011bt velk\u00e9 kapsy.<\/p>\n<p>A\u0165 u\u017e ln\u011bnou z\u00e1st\u011bru vyu\u017eijete doma, nebo venku na zahrad\u011b, bude va\u0161\u00edm v\u011brn\u00fdm spole\u010dn\u00edkem. Len je nen\u00e1ro\u010dn\u00fd na \u00fadr\u017ebu, doporu\u010duji pr\u00e1t p\u0159i 40 stupn\u00edch. Po vypr\u00e1n\u00ed sta\u010d\u00ed z\u00e1st\u011brku po\u0159\u00e1dn\u011b prot\u0159epat a nechat proschnout \u2013 a to je jen chvilka, proto\u017ee schne velmi rychle. \u017dehlit ji nemus\u00edte, m\u00edrn\u011b zma\u010dkan\u00e1 struktura po vypr\u00e1n\u00ed j\u00ed dod\u00e1 ten prav\u00fd a kr\u00e1sn\u00fd zma\u010dkan\u00fd efekt.<\/p>\n<p>BARVY: \u010cERVEN\u00c1, ZELEN\u00c1, sta\u010d\u00ed napsat V\u00e1mi zvolenou barvu do pozn\u00e1mky p\u0159i objedn\u00e1vce.<\/p>\n<p>Foto: Food blogerka:<a href=\"https:\/\/www.instagram.com\/jessliciouskitchen\/\" target=\"_blank\" rel=\"noopener\"> Jessica jessliciouskitchen a <\/a><a href=\"https:\/\/www.instagram.com\/motherhoodframed\/\">ELIZA KOCUR<\/a> moc d\u011bkujeme.<\/p>\n<p><strong>Po\u010d\u00edtejte s dodac\u00ed lh\u016ftou 5-15 pracovn\u00edch dn\u016f, pokud nem\u00e1me produkt \u0161it\u00fd skladem, ru\u010dn\u00ed pr\u00e1ce vy\u017eaduje n\u00e1\u0161 \u010das. Ln\u011bn\u00e9 v\u00fdrobky \u0161ijeme v na\u0161\u00ed d\u00edln\u011b dle Va\u0161eho p\u0159\u00e1n\u00ed a na m\u00edru, dle konkr\u00e9tn\u00edho v\u00fdrobku.<\/strong><\/p>\n","protected":false},"excerpt":{"rendered":"<p><strong>Ln\u011bn\u00e9 z\u00e1st\u011bry<\/strong> jsou jednoduch\u00fdm, ale z\u00e1rove\u0148 majest\u00e1tn\u00edm dopl\u0148kem ka\u017ed\u00e9 dom\u00e1cnosti. Jejich p\u0159irozen\u00fd odst\u00edn, od jemn\u011b sv\u011btl\u00e9 a\u017e po syt\u011b tmavou barvu, p\u0159ipom\u00edn\u00e1 p\u016fvab p\u0159\u00edrody a jej\u00ed nep\u0159ekonatelnou kr\u00e1su. Jejich textura je m\u011bkk\u00e1, ale z\u00e1rove\u0148 m\u00e1 pevnost, co\u017e zaru\u010duje jejich odolnost a dlouhou \u017eivotnost.<\/p>\n<p>Kdy\u017e vezmete do ruky ln\u011bnou z\u00e1st\u011bru, okam\u017eit\u011b poc\u00edt\u00edte jej\u00ed kvalitu a p\u0159irozen\u00e9 kouzlo. Materi\u00e1l je p\u0159\u00edjemn\u00fd na dotek, m\u011bkk\u00fd a p\u0159\u00edrodn\u00ed. Je to jako zabalit se do kousku p\u0159\u00edrody, kter\u00fd do va\u0161eho domova vnese pocit \u00fatulnosti a \u00fatulnosti. C\u00edt\u00edte tu neodolatelnou v\u016fni \u010derstv\u00e9ho vzduchu?<\/p>\n","protected":false},"featured_media":9261,"template":"","meta":[],"product_brand":[],"product_cat":[349],"product_tag":[350],"class_list":{"0":"post-13346","1":"product","2":"type-product","3":"status-publish","4":"has-post-thumbnail","6":"product_cat-lnene-zastery","7":"product_tag-lnena-zastera","9":"first","10":"onbackorder","11":"shipping-taxable","12":"purchasable","13":"product-type-simple"},"yoast_head":"<!-- This site is optimized with the Yoast SEO plugin v27.4 - https:\/\/yoast.com\/product\/yoast-seo-wordpress\/ -->\n<title>Ln\u011bn\u00e1 z\u00e1st\u011bra s vol\u00e1nkem &#8226; Lanaja-slovensk\u00e1 udr\u017eiteln\u00e1 zna\u010dka a v\u00fdrobce ln\u011bn\u00e9ho textilu<\/title>\n<meta name=\"description\" content=\"Ln\u011bn\u00e1 z\u00e1st\u011bra s vol\u00e1nem a s \u010dist\u00fdmi minimalistick\u00fdmi liniemi a \u0161irok\u00fdm zavazov\u00e1n\u00edm je u\u0161ita z m\u011bk\u010den\u00e9ho p\u0159edepran\u00e9ho lnu.\" \/>\n<meta name=\"robots\" content=\"index, follow, max-snippet:-1, max-image-preview:large, max-video-preview:-1\" \/>\n<link rel=\"canonical\" href=\"https:\/\/lanaja.sk\/cs\/obchod\/lnena-zastera-s-volankem\/\" \/>\n<meta property=\"og:locale\" content=\"cs_CZ\" \/>\n<meta property=\"og:type\" content=\"article\" \/>\n<meta property=\"og:title\" content=\"Ln\u011bn\u00e1 z\u00e1st\u011bra s vol\u00e1nkem &#8226; Lanaja-slovensk\u00e1 udr\u017eiteln\u00e1 zna\u010dka a v\u00fdrobce ln\u011bn\u00e9ho textilu\" \/>\n<meta property=\"og:description\" content=\"Ln\u011bn\u00e1 z\u00e1st\u011bra s vol\u00e1nem a s \u010dist\u00fdmi minimalistick\u00fdmi liniemi a \u0161irok\u00fdm zavazov\u00e1n\u00edm je u\u0161ita z m\u011bk\u010den\u00e9ho p\u0159edepran\u00e9ho lnu.\" \/>\n<meta property=\"og:url\" content=\"https:\/\/lanaja.sk\/cs\/obchod\/lnena-zastera-s-volankem\/\" \/>\n<meta property=\"og:site_name\" content=\"Lanaja-slovensk\u00e1 udr\u017eiteln\u00e1 zna\u010dka a v\u00fdrobce ln\u011bn\u00e9ho textilu\" \/>\n<meta property=\"article:publisher\" content=\"https:\/\/www.facebook.com\/Abreadbag\" \/>\n<meta property=\"article:modified_time\" content=\"2025-07-26T15:31:13+00:00\" \/>\n<meta property=\"og:image\" content=\"https:\/\/lanaja.sk\/wp-content\/uploads\/2022\/03\/lanova-zasgtera-Eliza1-jpg.webp\" \/>\n\t<meta property=\"og:image:width\" content=\"1667\" \/>\n\t<meta property=\"og:image:height\" content=\"2500\" \/>\n\t<meta property=\"og:image:type\" content=\"image\/jpeg\" \/>\n<meta name=\"twitter:card\" content=\"summary_large_image\" \/>\n<meta name=\"twitter:label1\" content=\"Odhadovan\u00e1 doba \u010dten\u00ed\" \/>\n\t<meta name=\"twitter:data1\" content=\"3 minuty\" \/>\n<script type=\"application\/ld+json\" class=\"yoast-schema-graph\">{\"@context\":\"https:\\\/\\\/schema.org\",\"@graph\":[{\"@type\":\"WebPage\",\"@id\":\"https:\\\/\\\/lanaja.sk\\\/cs\\\/obchod\\\/lnena-zastera-s-volankem\\\/\",\"url\":\"https:\\\/\\\/lanaja.sk\\\/cs\\\/obchod\\\/lnena-zastera-s-volankem\\\/\",\"name\":\"Ln\u011bn\u00e1 z\u00e1st\u011bra s vol\u00e1nkem &#8226; Lanaja-slovensk\u00e1 udr\u017eiteln\u00e1 zna\u010dka a v\u00fdrobce ln\u011bn\u00e9ho textilu\",\"isPartOf\":{\"@id\":\"https:\\\/\\\/lanaja.sk\\\/cs\\\/#website\"},\"primaryImageOfPage\":{\"@id\":\"https:\\\/\\\/lanaja.sk\\\/cs\\\/obchod\\\/lnena-zastera-s-volankem\\\/#primaryimage\"},\"image\":{\"@id\":\"https:\\\/\\\/lanaja.sk\\\/cs\\\/obchod\\\/lnena-zastera-s-volankem\\\/#primaryimage\"},\"thumbnailUrl\":\"https:\\\/\\\/lanaja.sk\\\/wp-content\\\/uploads\\\/2022\\\/03\\\/lanova-zasgtera-Eliza1-jpg.webp\",\"datePublished\":\"2022-03-23T11:32:19+00:00\",\"dateModified\":\"2025-07-26T15:31:13+00:00\",\"description\":\"Ln\u011bn\u00e1 z\u00e1st\u011bra s vol\u00e1nem a s \u010dist\u00fdmi minimalistick\u00fdmi liniemi a \u0161irok\u00fdm zavazov\u00e1n\u00edm je u\u0161ita z m\u011bk\u010den\u00e9ho p\u0159edepran\u00e9ho lnu.\",\"breadcrumb\":{\"@id\":\"https:\\\/\\\/lanaja.sk\\\/cs\\\/obchod\\\/lnena-zastera-s-volankem\\\/#breadcrumb\"},\"inLanguage\":\"cs\",\"potentialAction\":[{\"@type\":\"ReadAction\",\"target\":[\"https:\\\/\\\/lanaja.sk\\\/cs\\\/obchod\\\/lnena-zastera-s-volankem\\\/\"]}]},{\"@type\":\"ImageObject\",\"inLanguage\":\"cs\",\"@id\":\"https:\\\/\\\/lanaja.sk\\\/cs\\\/obchod\\\/lnena-zastera-s-volankem\\\/#primaryimage\",\"url\":\"https:\\\/\\\/lanaja.sk\\\/wp-content\\\/uploads\\\/2022\\\/03\\\/lanova-zasgtera-Eliza1-jpg.webp\",\"contentUrl\":\"https:\\\/\\\/lanaja.sk\\\/wp-content\\\/uploads\\\/2022\\\/03\\\/lanova-zasgtera-Eliza1-jpg.webp\",\"width\":1667,\"height\":2500,\"caption\":\"kuchynsk\u00e1 \u013eanov\u00e1 z\u00e1stera\"},{\"@type\":\"BreadcrumbList\",\"@id\":\"https:\\\/\\\/lanaja.sk\\\/cs\\\/obchod\\\/lnena-zastera-s-volankem\\\/#breadcrumb\",\"itemListElement\":[{\"@type\":\"ListItem\",\"position\":1,\"name\":\"Home\",\"item\":\"https:\\\/\\\/lanaja.sk\\\/cs\\\/\"},{\"@type\":\"ListItem\",\"position\":2,\"name\":\"Obchod\",\"item\":\"https:\\\/\\\/lanaja.sk\\\/cs\\\/obchod-cz\\\/\"},{\"@type\":\"ListItem\",\"position\":3,\"name\":\"Ln\u011bn\u00e1 z\u00e1st\u011bra s vol\u00e1nkem\"}]},{\"@type\":\"WebSite\",\"@id\":\"https:\\\/\\\/lanaja.sk\\\/cs\\\/#website\",\"url\":\"https:\\\/\\\/lanaja.sk\\\/cs\\\/\",\"name\":\"Lanaja - bytov\u00fd textil z \u013eanu a \u013eanov\u00e9 v\u00fdrobky\",\"description\":\"Jedine\u010dn\u00fd bytov\u00fd textil, ln\u011bn\u00e9 pytl\u00edky, ln\u011bn\u00e9 ubrusy, ln\u011bn\u00e9 lo\u017en\u00ed povle\u010den\u00ed, ln\u011bn\u00e9 ut\u011brky, ln\u011bn\u00e9 prost\u00edr\u00e1n\u00ed vyroben\u00e9 a \u0161it\u00e9 na Slovensku\",\"publisher\":{\"@id\":\"https:\\\/\\\/lanaja.sk\\\/cs\\\/#organization\"},\"alternateName\":\"Lanaja - v\u00fdrobky z \u013eanu, \u013eanov\u00fd bytov\u00fd textil\",\"potentialAction\":[{\"@type\":\"SearchAction\",\"target\":{\"@type\":\"EntryPoint\",\"urlTemplate\":\"https:\\\/\\\/lanaja.sk\\\/cs\\\/?s={search_term_string}\"},\"query-input\":{\"@type\":\"PropertyValueSpecification\",\"valueRequired\":true,\"valueName\":\"search_term_string\"}}],\"inLanguage\":\"cs\"},{\"@type\":\"Organization\",\"@id\":\"https:\\\/\\\/lanaja.sk\\\/cs\\\/#organization\",\"name\":\"Lanaja\",\"alternateName\":\"Al\u017ebeta Andr\u00e1\u0161ikov\u00e1 - Lanaja\",\"url\":\"https:\\\/\\\/lanaja.sk\\\/cs\\\/\",\"logo\":{\"@type\":\"ImageObject\",\"inLanguage\":\"cs\",\"@id\":\"https:\\\/\\\/lanaja.sk\\\/cs\\\/#\\\/schema\\\/logo\\\/image\\\/\",\"url\":\"https:\\\/\\\/lanaja.sk\\\/wp-content\\\/uploads\\\/2024\\\/01\\\/Lanaja.sk-logo.png\",\"contentUrl\":\"https:\\\/\\\/lanaja.sk\\\/wp-content\\\/uploads\\\/2024\\\/01\\\/Lanaja.sk-logo.png\",\"width\":600,\"height\":300,\"caption\":\"Lanaja\"},\"image\":{\"@id\":\"https:\\\/\\\/lanaja.sk\\\/cs\\\/#\\\/schema\\\/logo\\\/image\\\/\"},\"sameAs\":[\"https:\\\/\\\/www.facebook.com\\\/Abreadbag\",\"https:\\\/\\\/www.instagram.com\\\/lanaja_sk\\\/\"]}]}<\/script>\n<!-- \/ Yoast SEO plugin. -->","yoast_head_json":{"title":"Ln\u011bn\u00e1 z\u00e1st\u011bra s vol\u00e1nkem &#8226; Lanaja-slovensk\u00e1 udr\u017eiteln\u00e1 zna\u010dka a v\u00fdrobce ln\u011bn\u00e9ho textilu","description":"Ln\u011bn\u00e1 z\u00e1st\u011bra s vol\u00e1nem a s \u010dist\u00fdmi minimalistick\u00fdmi liniemi a \u0161irok\u00fdm zavazov\u00e1n\u00edm je u\u0161ita z m\u011bk\u010den\u00e9ho p\u0159edepran\u00e9ho lnu.","robots":{"index":"index","follow":"follow","max-snippet":"max-snippet:-1","max-image-preview":"max-image-preview:large","max-video-preview":"max-video-preview:-1"},"canonical":"https:\/\/lanaja.sk\/cs\/obchod\/lnena-zastera-s-volankem\/","og_locale":"cs_CZ","og_type":"article","og_title":"Ln\u011bn\u00e1 z\u00e1st\u011bra s vol\u00e1nkem &#8226; Lanaja-slovensk\u00e1 udr\u017eiteln\u00e1 zna\u010dka a v\u00fdrobce ln\u011bn\u00e9ho textilu","og_description":"Ln\u011bn\u00e1 z\u00e1st\u011bra s vol\u00e1nem a s \u010dist\u00fdmi minimalistick\u00fdmi liniemi a \u0161irok\u00fdm zavazov\u00e1n\u00edm je u\u0161ita z m\u011bk\u010den\u00e9ho p\u0159edepran\u00e9ho lnu.","og_url":"https:\/\/lanaja.sk\/cs\/obchod\/lnena-zastera-s-volankem\/","og_site_name":"Lanaja-slovensk\u00e1 udr\u017eiteln\u00e1 zna\u010dka a v\u00fdrobce ln\u011bn\u00e9ho textilu","article_publisher":"https:\/\/www.facebook.com\/Abreadbag","article_modified_time":"2025-07-26T15:31:13+00:00","og_image":[{"width":1667,"height":2500,"url":"https:\/\/lanaja.sk\/wp-content\/uploads\/2022\/03\/lanova-zasgtera-Eliza1-jpg.webp","type":"image\/jpeg"}],"twitter_card":"summary_large_image","twitter_misc":{"Odhadovan\u00e1 doba \u010dten\u00ed":"3 minuty"},"schema":{"@context":"https:\/\/schema.org","@graph":[{"@type":"WebPage","@id":"https:\/\/lanaja.sk\/cs\/obchod\/lnena-zastera-s-volankem\/","url":"https:\/\/lanaja.sk\/cs\/obchod\/lnena-zastera-s-volankem\/","name":"Ln\u011bn\u00e1 z\u00e1st\u011bra s vol\u00e1nkem &#8226; Lanaja-slovensk\u00e1 udr\u017eiteln\u00e1 zna\u010dka a v\u00fdrobce ln\u011bn\u00e9ho textilu","isPartOf":{"@id":"https:\/\/lanaja.sk\/cs\/#website"},"primaryImageOfPage":{"@id":"https:\/\/lanaja.sk\/cs\/obchod\/lnena-zastera-s-volankem\/#primaryimage"},"image":{"@id":"https:\/\/lanaja.sk\/cs\/obchod\/lnena-zastera-s-volankem\/#primaryimage"},"thumbnailUrl":"https:\/\/lanaja.sk\/wp-content\/uploads\/2022\/03\/lanova-zasgtera-Eliza1-jpg.webp","datePublished":"2022-03-23T11:32:19+00:00","dateModified":"2025-07-26T15:31:13+00:00","description":"Ln\u011bn\u00e1 z\u00e1st\u011bra s vol\u00e1nem a s \u010dist\u00fdmi minimalistick\u00fdmi liniemi a \u0161irok\u00fdm zavazov\u00e1n\u00edm je u\u0161ita z m\u011bk\u010den\u00e9ho p\u0159edepran\u00e9ho lnu.","breadcrumb":{"@id":"https:\/\/lanaja.sk\/cs\/obchod\/lnena-zastera-s-volankem\/#breadcrumb"},"inLanguage":"cs","potentialAction":[{"@type":"ReadAction","target":["https:\/\/lanaja.sk\/cs\/obchod\/lnena-zastera-s-volankem\/"]}]},{"@type":"ImageObject","inLanguage":"cs","@id":"https:\/\/lanaja.sk\/cs\/obchod\/lnena-zastera-s-volankem\/#primaryimage","url":"https:\/\/lanaja.sk\/wp-content\/uploads\/2022\/03\/lanova-zasgtera-Eliza1-jpg.webp","contentUrl":"https:\/\/lanaja.sk\/wp-content\/uploads\/2022\/03\/lanova-zasgtera-Eliza1-jpg.webp","width":1667,"height":2500,"caption":"kuchynsk\u00e1 \u013eanov\u00e1 z\u00e1stera"},{"@type":"BreadcrumbList","@id":"https:\/\/lanaja.sk\/cs\/obchod\/lnena-zastera-s-volankem\/#breadcrumb","itemListElement":[{"@type":"ListItem","position":1,"name":"Home","item":"https:\/\/lanaja.sk\/cs\/"},{"@type":"ListItem","position":2,"name":"Obchod","item":"https:\/\/lanaja.sk\/cs\/obchod-cz\/"},{"@type":"ListItem","position":3,"name":"Ln\u011bn\u00e1 z\u00e1st\u011bra s vol\u00e1nkem"}]},{"@type":"WebSite","@id":"https:\/\/lanaja.sk\/cs\/#website","url":"https:\/\/lanaja.sk\/cs\/","name":"Lanaja - bytov\u00fd textil z \u013eanu a \u013eanov\u00e9 v\u00fdrobky","description":"Jedine\u010dn\u00fd bytov\u00fd textil, ln\u011bn\u00e9 pytl\u00edky, ln\u011bn\u00e9 ubrusy, ln\u011bn\u00e9 lo\u017en\u00ed povle\u010den\u00ed, ln\u011bn\u00e9 ut\u011brky, ln\u011bn\u00e9 prost\u00edr\u00e1n\u00ed vyroben\u00e9 a \u0161it\u00e9 na Slovensku","publisher":{"@id":"https:\/\/lanaja.sk\/cs\/#organization"},"alternateName":"Lanaja - v\u00fdrobky z \u013eanu, \u013eanov\u00fd bytov\u00fd textil","potentialAction":[{"@type":"SearchAction","target":{"@type":"EntryPoint","urlTemplate":"https:\/\/lanaja.sk\/cs\/?s={search_term_string}"},"query-input":{"@type":"PropertyValueSpecification","valueRequired":true,"valueName":"search_term_string"}}],"inLanguage":"cs"},{"@type":"Organization","@id":"https:\/\/lanaja.sk\/cs\/#organization","name":"Lanaja","alternateName":"Al\u017ebeta Andr\u00e1\u0161ikov\u00e1 - Lanaja","url":"https:\/\/lanaja.sk\/cs\/","logo":{"@type":"ImageObject","inLanguage":"cs","@id":"https:\/\/lanaja.sk\/cs\/#\/schema\/logo\/image\/","url":"https:\/\/lanaja.sk\/wp-content\/uploads\/2024\/01\/Lanaja.sk-logo.png","contentUrl":"https:\/\/lanaja.sk\/wp-content\/uploads\/2024\/01\/Lanaja.sk-logo.png","width":600,"height":300,"caption":"Lanaja"},"image":{"@id":"https:\/\/lanaja.sk\/cs\/#\/schema\/logo\/image\/"},"sameAs":["https:\/\/www.facebook.com\/Abreadbag","https:\/\/www.instagram.com\/lanaja_sk\/"]}]}},"_links":{"self":[{"href":"https:\/\/lanaja.sk\/cs\/wp-json\/wp\/v2\/product\/13346","targetHints":{"allow":["GET"]}}],"collection":[{"href":"https:\/\/lanaja.sk\/cs\/wp-json\/wp\/v2\/product"}],"about":[{"href":"https:\/\/lanaja.sk\/cs\/wp-json\/wp\/v2\/types\/product"}],"version-history":[{"count":1,"href":"https:\/\/lanaja.sk\/cs\/wp-json\/wp\/v2\/product\/13346\/revisions"}],"predecessor-version":[{"id":16402,"href":"https:\/\/lanaja.sk\/cs\/wp-json\/wp\/v2\/product\/13346\/revisions\/16402"}],"wp:featuredmedia":[{"embeddable":true,"href":"https:\/\/lanaja.sk\/cs\/wp-json\/wp\/v2\/media\/9261"}],"wp:attachment":[{"href":"https:\/\/lanaja.sk\/cs\/wp-json\/wp\/v2\/media?parent=13346"}],"wp:term":[{"taxonomy":"product_brand","embeddable":true,"href":"https:\/\/lanaja.sk\/cs\/wp-json\/wp\/v2\/product_brand?post=13346"},{"taxonomy":"product_cat","embeddable":true,"href":"https:\/\/lanaja.sk\/cs\/wp-json\/wp\/v2\/product_cat?post=13346"},{"taxonomy":"product_tag","embeddable":true,"href":"https:\/\/lanaja.sk\/cs\/wp-json\/wp\/v2\/product_tag?post=13346"}],"curies":[{"name":"wp","href":"https:\/\/api.w.org\/{rel}","templated":true}]}}