{"id":13351,"date":"2021-11-02T15:32:01","date_gmt":"2021-11-02T14:32:01","guid":{"rendered":"https:\/\/lanaja.sk\/obchod\/neza\u0159azen\u00e9\/lnena-zastera-daniela\/"},"modified":"2025-07-21T17:56:28","modified_gmt":"2025-07-21T15:56:28","slug":"lnena-zastera-daniela","status":"publish","type":"product","link":"https:\/\/lanaja.sk\/cs\/obchod\/lnena-zastera-daniela\/","title":{"rendered":"Ln\u011bn\u00e1 z\u00e1st\u011bra Daniela"},"content":{"rendered":"<h2><strong>Ln\u011bn\u00e1 z\u00e1st\u011bra Daniela<\/strong><\/h2>\n<p>&nbsp;<\/p>\n<p>Ln\u011bn\u00e1 z\u00e1st\u011bra Daniela s \u010dist\u00fdmi minimalistick\u00fdmi liniemi a p\u0159elo\u017een\u00fdmi z\u00e1hyby na p\u0159edn\u00edm d\u00edle je u\u0161ita z m\u011bk\u010den\u00e9ho, p\u0159edepran\u00e9ho a certifikovan\u00e9ho lnu, kter\u00fd je vym\u00fdv\u00e1n pomoc\u00ed kamene, tzv. \u201eStone washing\u201c, nebo s ozna\u010den\u00edm \u201eSTONEWASHED\u201c. Ne, nejsou to klasick\u00e9 t\u011b\u017ek\u00e9 kameny, jsou to um\u011ble a p\u0159\u00edrodn\u011b vyroben\u00e9 alternativy kamene, kter\u00fd je jako pemza, a z p\u0159\u00edrodn\u00edch variant se pou\u017e\u00edvaj\u00ed sope\u010dn\u00e9 horniny. Ln\u011bn\u00e1 l\u00e1tka tak z\u00edsk\u00e1 obl\u00edben\u00fd jemn\u011bj\u0161\u00ed vzhled, p\u0159irozen\u011b a rovnom\u011brn\u011b zma\u010dkan\u00fd, a p\u0159i pou\u017e\u00edv\u00e1n\u00ed v\u00e1s odm\u011bn\u00ed p\u0159\u00edjemn\u00fdm pocitem jemnosti. Tento len nen\u00ed pot\u0159eba \u017eehlit, je p\u0159ekr\u00e1sn\u011b zvln\u011bn\u00fd po vypr\u00e1n\u00ed.<\/p>\n<p>A\u0165 u\u017e pou\u017e\u00edv\u00e1te pl\u00e1t\u011bnou z\u00e1st\u011bru doma nebo venku na zahrad\u011b, bude to v\u00e1\u0161 v\u011brn\u00fd spole\u010dn\u00edk, len se snadno udr\u017euje, doporu\u010duji pran\u00ed na 40 st., po umyt\u00ed sta\u010d\u00ed z\u00e1st\u011bru d\u016fkladn\u011b prot\u0159epat a nechat uschnout a to je jen okam\u017eik, proto\u017ee schne velmi rychle, nemus\u00edte ji \u017eehlit, m\u00edrn\u011b vr\u00e1s\u010dit\u00e1 struktura po umyt\u00ed j\u00ed dod\u00e1 ten spr\u00e1vn\u00fd a kr\u00e1sn\u00fd vr\u00e1s\u010dit\u00fd efekt.<\/p>\n<p>BARVY: dostupnost odst\u00edn\u016f si m\u016f\u017eete vybrat z p\u0159ilo\u017een\u00e9ho vzorn\u00edku, sta\u010d\u00ed barvu napsat do pozn\u00e1mky p\u0159i objedn\u00e1vce.<\/p>\n<p>V\u0161echny modely ln\u011bn\u00fdch z\u00e1st\u011br, d\u011btsk\u00fdch, p\u00e1nsk\u00fdch z\u00e1st\u011br si m\u016f\u017eete prohl\u00e9dnout <a href=\"https:\/\/lanaja.sk\/cs\/kategorie-produktu\/kuchyne\/lnene-zastery\/\" target=\"_blank\" rel=\"noopener\">ZDE<\/a><\/p>\n<p>Foto: Daniela Sl\u00e1vik Petrovsk\u00e1<\/p>\n<p><strong>Po\u010d\u00edtejte s dodac\u00ed lh\u016ftou 5-15 pracovn\u00edch dn\u016f, pokud nem\u00e1me produkt \u0161it\u00fd skladem, ru\u010dn\u00ed pr\u00e1ce vy\u017eaduje n\u00e1\u0161 \u010das. Ln\u011bn\u00e9 v\u00fdrobky \u0161ijeme v na\u0161\u00ed d\u00edln\u011b dle Va\u0161eho p\u0159\u00e1n\u00ed a na m\u00edru, dle konkr\u00e9tn\u00edho v\u00fdrobku.<\/strong><\/p>\n","protected":false},"excerpt":{"rendered":"<p><strong>Ln\u011bn\u00e9 z\u00e1st\u011bry<\/strong> jsou jednoduch\u00fdm, ale z\u00e1rove\u0148 majest\u00e1tn\u00edm dopl\u0148kem ka\u017ed\u00e9 dom\u00e1cnosti. Jejich p\u0159irozen\u00fd odst\u00edn, od jemn\u011b sv\u011btl\u00e9 a\u017e po syt\u011b tmavou barvu, p\u0159ipom\u00edn\u00e1 p\u016fvab p\u0159\u00edrody a jej\u00ed nep\u0159ekonatelnou kr\u00e1su. Jejich textura je m\u011bkk\u00e1, ale z\u00e1rove\u0148 m\u00e1 pevnost, co\u017e zaru\u010duje jejich odolnost a dlouhou \u017eivotnost.<\/p>\n<p>Kdy\u017e vezmete do ruky ln\u011bnou z\u00e1st\u011bru, okam\u017eit\u011b poc\u00edt\u00edte jej\u00ed kvalitu a p\u0159irozen\u00e9 kouzlo. Materi\u00e1l je p\u0159\u00edjemn\u00fd na dotek, m\u011bkk\u00fd a p\u0159\u00edrodn\u00ed. Je to jako se zabali\u0165 do kousku p\u0159\u00edrody, kter\u00fd p\u0159in\u00e1\u0161\u00ed pocit pohody a \u00fatulnosti do va\u0161eho domova. C\u00edt\u00edte tu neodolatelnou v\u016fni \u010derstv\u00e9ho vzduchu?<\/p>\n","protected":false},"featured_media":7154,"template":"","meta":[],"product_brand":[],"product_cat":[349],"product_tag":[350],"class_list":{"0":"post-13351","1":"product","2":"type-product","3":"status-publish","4":"has-post-thumbnail","6":"product_cat-lnene-zastery","7":"product_tag-lnena-zastera","9":"first","10":"onbackorder","11":"shipping-taxable","12":"purchasable","13":"product-type-variable"},"yoast_head":"<!-- This site is optimized with the Yoast SEO plugin v27.4 - https:\/\/yoast.com\/product\/yoast-seo-wordpress\/ -->\n<title>Ln\u011bn\u00e1 z\u00e1st\u011bra Daniela &#8226; Lanaja-slovensk\u00e1 udr\u017eiteln\u00e1 zna\u010dka a v\u00fdrobce ln\u011bn\u00e9ho textilu<\/title>\n<meta name=\"description\" content=\"Ln\u011bn\u00e1 z\u00e1st\u011bra Daniela s \u010dist\u00fdmi minimalistick\u00fdmi liniemi a slo\u017een\u00fdmi z\u00e1hyby na p\u0159edn\u00ed stran\u011b je u\u0161it\u00e1 z m\u011bk\u010den\u00e9ho p\u0159edepran\u00e9ho lnu...\" \/>\n<meta name=\"robots\" content=\"index, follow, max-snippet:-1, max-image-preview:large, max-video-preview:-1\" \/>\n<link rel=\"canonical\" href=\"https:\/\/lanaja.sk\/cs\/obchod\/lnena-zastera-daniela\/\" \/>\n<meta property=\"og:locale\" content=\"cs_CZ\" \/>\n<meta property=\"og:type\" content=\"article\" \/>\n<meta property=\"og:title\" content=\"Ln\u011bn\u00e1 z\u00e1st\u011bra Daniela &#8226; Lanaja-slovensk\u00e1 udr\u017eiteln\u00e1 zna\u010dka a v\u00fdrobce ln\u011bn\u00e9ho textilu\" \/>\n<meta property=\"og:description\" content=\"Ln\u011bn\u00e1 z\u00e1st\u011bra Daniela s \u010dist\u00fdmi minimalistick\u00fdmi liniemi a slo\u017een\u00fdmi z\u00e1hyby na p\u0159edn\u00ed stran\u011b je u\u0161it\u00e1 z m\u011bk\u010den\u00e9ho p\u0159edepran\u00e9ho lnu...\" \/>\n<meta property=\"og:url\" content=\"https:\/\/lanaja.sk\/cs\/obchod\/lnena-zastera-daniela\/\" \/>\n<meta property=\"og:site_name\" content=\"Lanaja-slovensk\u00e1 udr\u017eiteln\u00e1 zna\u010dka a v\u00fdrobce ln\u011bn\u00e9ho textilu\" \/>\n<meta property=\"article:publisher\" content=\"https:\/\/www.facebook.com\/Abreadbag\" \/>\n<meta property=\"article:modified_time\" content=\"2025-07-21T15:56:28+00:00\" \/>\n<meta property=\"og:image\" content=\"https:\/\/lanaja.sk\/wp-content\/uploads\/2021\/11\/A-bread-bag-Vianoce-13-of-18-scaled-e1635862976166-jpg.webp\" \/>\n\t<meta property=\"og:image:width\" content=\"600\" \/>\n\t<meta property=\"og:image:height\" content=\"900\" \/>\n\t<meta property=\"og:image:type\" content=\"image\/jpeg\" \/>\n<meta name=\"twitter:card\" content=\"summary_large_image\" \/>\n<meta name=\"twitter:label1\" content=\"Odhadovan\u00e1 doba \u010dten\u00ed\" \/>\n\t<meta name=\"twitter:data1\" content=\"2 minuty\" \/>\n<script type=\"application\/ld+json\" class=\"yoast-schema-graph\">{\"@context\":\"https:\\\/\\\/schema.org\",\"@graph\":[{\"@type\":\"WebPage\",\"@id\":\"https:\\\/\\\/lanaja.sk\\\/cs\\\/obchod\\\/lnena-zastera-daniela\\\/\",\"url\":\"https:\\\/\\\/lanaja.sk\\\/cs\\\/obchod\\\/lnena-zastera-daniela\\\/\",\"name\":\"Ln\u011bn\u00e1 z\u00e1st\u011bra Daniela &#8226; Lanaja-slovensk\u00e1 udr\u017eiteln\u00e1 zna\u010dka a v\u00fdrobce ln\u011bn\u00e9ho textilu\",\"isPartOf\":{\"@id\":\"https:\\\/\\\/lanaja.sk\\\/cs\\\/#website\"},\"primaryImageOfPage\":{\"@id\":\"https:\\\/\\\/lanaja.sk\\\/cs\\\/obchod\\\/lnena-zastera-daniela\\\/#primaryimage\"},\"image\":{\"@id\":\"https:\\\/\\\/lanaja.sk\\\/cs\\\/obchod\\\/lnena-zastera-daniela\\\/#primaryimage\"},\"thumbnailUrl\":\"https:\\\/\\\/lanaja.sk\\\/wp-content\\\/uploads\\\/2021\\\/11\\\/A-bread-bag-Vianoce-13-of-18-scaled-e1635862976166-jpg.webp\",\"datePublished\":\"2021-11-02T14:32:01+00:00\",\"dateModified\":\"2025-07-21T15:56:28+00:00\",\"description\":\"Ln\u011bn\u00e1 z\u00e1st\u011bra Daniela s \u010dist\u00fdmi minimalistick\u00fdmi liniemi a slo\u017een\u00fdmi z\u00e1hyby na p\u0159edn\u00ed stran\u011b je u\u0161it\u00e1 z m\u011bk\u010den\u00e9ho p\u0159edepran\u00e9ho lnu...\",\"breadcrumb\":{\"@id\":\"https:\\\/\\\/lanaja.sk\\\/cs\\\/obchod\\\/lnena-zastera-daniela\\\/#breadcrumb\"},\"inLanguage\":\"cs\",\"potentialAction\":[{\"@type\":\"ReadAction\",\"target\":[\"https:\\\/\\\/lanaja.sk\\\/cs\\\/obchod\\\/lnena-zastera-daniela\\\/\"]}]},{\"@type\":\"ImageObject\",\"inLanguage\":\"cs\",\"@id\":\"https:\\\/\\\/lanaja.sk\\\/cs\\\/obchod\\\/lnena-zastera-daniela\\\/#primaryimage\",\"url\":\"https:\\\/\\\/lanaja.sk\\\/wp-content\\\/uploads\\\/2021\\\/11\\\/A-bread-bag-Vianoce-13-of-18-scaled-e1635862976166-jpg.webp\",\"contentUrl\":\"https:\\\/\\\/lanaja.sk\\\/wp-content\\\/uploads\\\/2021\\\/11\\\/A-bread-bag-Vianoce-13-of-18-scaled-e1635862976166-jpg.webp\",\"width\":600,\"height\":900,\"caption\":\"slovensk\u00fd v\u00fdrobek\"},{\"@type\":\"BreadcrumbList\",\"@id\":\"https:\\\/\\\/lanaja.sk\\\/cs\\\/obchod\\\/lnena-zastera-daniela\\\/#breadcrumb\",\"itemListElement\":[{\"@type\":\"ListItem\",\"position\":1,\"name\":\"Home\",\"item\":\"https:\\\/\\\/lanaja.sk\\\/cs\\\/\"},{\"@type\":\"ListItem\",\"position\":2,\"name\":\"Obchod\",\"item\":\"https:\\\/\\\/lanaja.sk\\\/cs\\\/obchod-cz\\\/\"},{\"@type\":\"ListItem\",\"position\":3,\"name\":\"Ln\u011bn\u00e1 z\u00e1st\u011bra Daniela\"}]},{\"@type\":\"WebSite\",\"@id\":\"https:\\\/\\\/lanaja.sk\\\/cs\\\/#website\",\"url\":\"https:\\\/\\\/lanaja.sk\\\/cs\\\/\",\"name\":\"Lanaja - bytov\u00fd textil z \u013eanu a \u013eanov\u00e9 v\u00fdrobky\",\"description\":\"Jedine\u010dn\u00fd bytov\u00fd textil, ln\u011bn\u00e9 pytl\u00edky, ln\u011bn\u00e9 ubrusy, ln\u011bn\u00e9 lo\u017en\u00ed povle\u010den\u00ed, ln\u011bn\u00e9 ut\u011brky, ln\u011bn\u00e9 prost\u00edr\u00e1n\u00ed vyroben\u00e9 a \u0161it\u00e9 na Slovensku\",\"publisher\":{\"@id\":\"https:\\\/\\\/lanaja.sk\\\/cs\\\/#organization\"},\"alternateName\":\"Lanaja - v\u00fdrobky z \u013eanu, \u013eanov\u00fd bytov\u00fd textil\",\"potentialAction\":[{\"@type\":\"SearchAction\",\"target\":{\"@type\":\"EntryPoint\",\"urlTemplate\":\"https:\\\/\\\/lanaja.sk\\\/cs\\\/?s={search_term_string}\"},\"query-input\":{\"@type\":\"PropertyValueSpecification\",\"valueRequired\":true,\"valueName\":\"search_term_string\"}}],\"inLanguage\":\"cs\"},{\"@type\":\"Organization\",\"@id\":\"https:\\\/\\\/lanaja.sk\\\/cs\\\/#organization\",\"name\":\"Lanaja\",\"alternateName\":\"Al\u017ebeta Andr\u00e1\u0161ikov\u00e1 - Lanaja\",\"url\":\"https:\\\/\\\/lanaja.sk\\\/cs\\\/\",\"logo\":{\"@type\":\"ImageObject\",\"inLanguage\":\"cs\",\"@id\":\"https:\\\/\\\/lanaja.sk\\\/cs\\\/#\\\/schema\\\/logo\\\/image\\\/\",\"url\":\"https:\\\/\\\/lanaja.sk\\\/wp-content\\\/uploads\\\/2024\\\/01\\\/Lanaja.sk-logo.png\",\"contentUrl\":\"https:\\\/\\\/lanaja.sk\\\/wp-content\\\/uploads\\\/2024\\\/01\\\/Lanaja.sk-logo.png\",\"width\":600,\"height\":300,\"caption\":\"Lanaja\"},\"image\":{\"@id\":\"https:\\\/\\\/lanaja.sk\\\/cs\\\/#\\\/schema\\\/logo\\\/image\\\/\"},\"sameAs\":[\"https:\\\/\\\/www.facebook.com\\\/Abreadbag\",\"https:\\\/\\\/www.instagram.com\\\/lanaja_sk\\\/\"]}]}<\/script>\n<!-- \/ Yoast SEO plugin. -->","yoast_head_json":{"title":"Ln\u011bn\u00e1 z\u00e1st\u011bra Daniela &#8226; Lanaja-slovensk\u00e1 udr\u017eiteln\u00e1 zna\u010dka a v\u00fdrobce ln\u011bn\u00e9ho textilu","description":"Ln\u011bn\u00e1 z\u00e1st\u011bra Daniela s \u010dist\u00fdmi minimalistick\u00fdmi liniemi a slo\u017een\u00fdmi z\u00e1hyby na p\u0159edn\u00ed stran\u011b je u\u0161it\u00e1 z m\u011bk\u010den\u00e9ho p\u0159edepran\u00e9ho lnu...","robots":{"index":"index","follow":"follow","max-snippet":"max-snippet:-1","max-image-preview":"max-image-preview:large","max-video-preview":"max-video-preview:-1"},"canonical":"https:\/\/lanaja.sk\/cs\/obchod\/lnena-zastera-daniela\/","og_locale":"cs_CZ","og_type":"article","og_title":"Ln\u011bn\u00e1 z\u00e1st\u011bra Daniela &#8226; Lanaja-slovensk\u00e1 udr\u017eiteln\u00e1 zna\u010dka a v\u00fdrobce ln\u011bn\u00e9ho textilu","og_description":"Ln\u011bn\u00e1 z\u00e1st\u011bra Daniela s \u010dist\u00fdmi minimalistick\u00fdmi liniemi a slo\u017een\u00fdmi z\u00e1hyby na p\u0159edn\u00ed stran\u011b je u\u0161it\u00e1 z m\u011bk\u010den\u00e9ho p\u0159edepran\u00e9ho lnu...","og_url":"https:\/\/lanaja.sk\/cs\/obchod\/lnena-zastera-daniela\/","og_site_name":"Lanaja-slovensk\u00e1 udr\u017eiteln\u00e1 zna\u010dka a v\u00fdrobce ln\u011bn\u00e9ho textilu","article_publisher":"https:\/\/www.facebook.com\/Abreadbag","article_modified_time":"2025-07-21T15:56:28+00:00","og_image":[{"width":600,"height":900,"url":"https:\/\/lanaja.sk\/wp-content\/uploads\/2021\/11\/A-bread-bag-Vianoce-13-of-18-scaled-e1635862976166-jpg.webp","type":"image\/jpeg"}],"twitter_card":"summary_large_image","twitter_misc":{"Odhadovan\u00e1 doba \u010dten\u00ed":"2 minuty"},"schema":{"@context":"https:\/\/schema.org","@graph":[{"@type":"WebPage","@id":"https:\/\/lanaja.sk\/cs\/obchod\/lnena-zastera-daniela\/","url":"https:\/\/lanaja.sk\/cs\/obchod\/lnena-zastera-daniela\/","name":"Ln\u011bn\u00e1 z\u00e1st\u011bra Daniela &#8226; Lanaja-slovensk\u00e1 udr\u017eiteln\u00e1 zna\u010dka a v\u00fdrobce ln\u011bn\u00e9ho textilu","isPartOf":{"@id":"https:\/\/lanaja.sk\/cs\/#website"},"primaryImageOfPage":{"@id":"https:\/\/lanaja.sk\/cs\/obchod\/lnena-zastera-daniela\/#primaryimage"},"image":{"@id":"https:\/\/lanaja.sk\/cs\/obchod\/lnena-zastera-daniela\/#primaryimage"},"thumbnailUrl":"https:\/\/lanaja.sk\/wp-content\/uploads\/2021\/11\/A-bread-bag-Vianoce-13-of-18-scaled-e1635862976166-jpg.webp","datePublished":"2021-11-02T14:32:01+00:00","dateModified":"2025-07-21T15:56:28+00:00","description":"Ln\u011bn\u00e1 z\u00e1st\u011bra Daniela s \u010dist\u00fdmi minimalistick\u00fdmi liniemi a slo\u017een\u00fdmi z\u00e1hyby na p\u0159edn\u00ed stran\u011b je u\u0161it\u00e1 z m\u011bk\u010den\u00e9ho p\u0159edepran\u00e9ho lnu...","breadcrumb":{"@id":"https:\/\/lanaja.sk\/cs\/obchod\/lnena-zastera-daniela\/#breadcrumb"},"inLanguage":"cs","potentialAction":[{"@type":"ReadAction","target":["https:\/\/lanaja.sk\/cs\/obchod\/lnena-zastera-daniela\/"]}]},{"@type":"ImageObject","inLanguage":"cs","@id":"https:\/\/lanaja.sk\/cs\/obchod\/lnena-zastera-daniela\/#primaryimage","url":"https:\/\/lanaja.sk\/wp-content\/uploads\/2021\/11\/A-bread-bag-Vianoce-13-of-18-scaled-e1635862976166-jpg.webp","contentUrl":"https:\/\/lanaja.sk\/wp-content\/uploads\/2021\/11\/A-bread-bag-Vianoce-13-of-18-scaled-e1635862976166-jpg.webp","width":600,"height":900,"caption":"slovensk\u00fd v\u00fdrobek"},{"@type":"BreadcrumbList","@id":"https:\/\/lanaja.sk\/cs\/obchod\/lnena-zastera-daniela\/#breadcrumb","itemListElement":[{"@type":"ListItem","position":1,"name":"Home","item":"https:\/\/lanaja.sk\/cs\/"},{"@type":"ListItem","position":2,"name":"Obchod","item":"https:\/\/lanaja.sk\/cs\/obchod-cz\/"},{"@type":"ListItem","position":3,"name":"Ln\u011bn\u00e1 z\u00e1st\u011bra Daniela"}]},{"@type":"WebSite","@id":"https:\/\/lanaja.sk\/cs\/#website","url":"https:\/\/lanaja.sk\/cs\/","name":"Lanaja - bytov\u00fd textil z \u013eanu a \u013eanov\u00e9 v\u00fdrobky","description":"Jedine\u010dn\u00fd bytov\u00fd textil, ln\u011bn\u00e9 pytl\u00edky, ln\u011bn\u00e9 ubrusy, ln\u011bn\u00e9 lo\u017en\u00ed povle\u010den\u00ed, ln\u011bn\u00e9 ut\u011brky, ln\u011bn\u00e9 prost\u00edr\u00e1n\u00ed vyroben\u00e9 a \u0161it\u00e9 na Slovensku","publisher":{"@id":"https:\/\/lanaja.sk\/cs\/#organization"},"alternateName":"Lanaja - v\u00fdrobky z \u013eanu, \u013eanov\u00fd bytov\u00fd textil","potentialAction":[{"@type":"SearchAction","target":{"@type":"EntryPoint","urlTemplate":"https:\/\/lanaja.sk\/cs\/?s={search_term_string}"},"query-input":{"@type":"PropertyValueSpecification","valueRequired":true,"valueName":"search_term_string"}}],"inLanguage":"cs"},{"@type":"Organization","@id":"https:\/\/lanaja.sk\/cs\/#organization","name":"Lanaja","alternateName":"Al\u017ebeta Andr\u00e1\u0161ikov\u00e1 - Lanaja","url":"https:\/\/lanaja.sk\/cs\/","logo":{"@type":"ImageObject","inLanguage":"cs","@id":"https:\/\/lanaja.sk\/cs\/#\/schema\/logo\/image\/","url":"https:\/\/lanaja.sk\/wp-content\/uploads\/2024\/01\/Lanaja.sk-logo.png","contentUrl":"https:\/\/lanaja.sk\/wp-content\/uploads\/2024\/01\/Lanaja.sk-logo.png","width":600,"height":300,"caption":"Lanaja"},"image":{"@id":"https:\/\/lanaja.sk\/cs\/#\/schema\/logo\/image\/"},"sameAs":["https:\/\/www.facebook.com\/Abreadbag","https:\/\/www.instagram.com\/lanaja_sk\/"]}]}},"_links":{"self":[{"href":"https:\/\/lanaja.sk\/cs\/wp-json\/wp\/v2\/product\/13351","targetHints":{"allow":["GET"]}}],"collection":[{"href":"https:\/\/lanaja.sk\/cs\/wp-json\/wp\/v2\/product"}],"about":[{"href":"https:\/\/lanaja.sk\/cs\/wp-json\/wp\/v2\/types\/product"}],"version-history":[{"count":1,"href":"https:\/\/lanaja.sk\/cs\/wp-json\/wp\/v2\/product\/13351\/revisions"}],"predecessor-version":[{"id":16398,"href":"https:\/\/lanaja.sk\/cs\/wp-json\/wp\/v2\/product\/13351\/revisions\/16398"}],"wp:featuredmedia":[{"embeddable":true,"href":"https:\/\/lanaja.sk\/cs\/wp-json\/wp\/v2\/media\/7154"}],"wp:attachment":[{"href":"https:\/\/lanaja.sk\/cs\/wp-json\/wp\/v2\/media?parent=13351"}],"wp:term":[{"taxonomy":"product_brand","embeddable":true,"href":"https:\/\/lanaja.sk\/cs\/wp-json\/wp\/v2\/product_brand?post=13351"},{"taxonomy":"product_cat","embeddable":true,"href":"https:\/\/lanaja.sk\/cs\/wp-json\/wp\/v2\/product_cat?post=13351"},{"taxonomy":"product_tag","embeddable":true,"href":"https:\/\/lanaja.sk\/cs\/wp-json\/wp\/v2\/product_tag?post=13351"}],"curies":[{"name":"wp","href":"https:\/\/api.w.org\/{rel}","templated":true}]}}