{"id":13363,"date":"2022-02-02T11:29:36","date_gmt":"2022-02-02T10:29:36","guid":{"rendered":"https:\/\/lanaja.sk\/obchod\/neza\u0159azen\u00e9\/lnene-pradlo-victoria\/"},"modified":"2025-08-10T12:09:53","modified_gmt":"2025-08-10T10:09:53","slug":"lnene-pradlo-victoria","status":"publish","type":"product","link":"https:\/\/lanaja.sk\/cs\/obchod\/lnene-pradlo-victoria\/","title":{"rendered":"Ln\u011bn\u00e9 povle\u010den\u00ed Viktorie"},"content":{"rendered":"<h2><strong>Ln\u011bn\u00e9 povle\u010den\u00ed Viktorie<\/strong><\/h2>\n<p>Ln\u011bn\u00e9 povle\u010den\u00ed Viktorie je u\u0161ito ze 100% lnu 185g\/m2 pr\u00e9miov\u00e9 kvality, tento len je vyroben\u00fd v Evrop\u011b, m\u011bk\u010den\u00fd a z\u00e1rove\u0148 certifikovan\u00fd. Jsou kombinovan\u00e9 s ln\u011bnou dvoubarevnou krajkou, kter\u00e1 jim dod\u00e1v\u00e1 jemnost, n\u00e1dech nostalgie a romantiky. Ln\u011bn\u00e1 krajka je \u0161it\u00e1 po cel\u00e9m obvodu pol\u0161t\u00e1\u0159\u016f.<\/p>\n<p>Z\u00e1le\u017e\u00ed n\u00e1m na tom, z jak\u00e9ho materi\u00e1lu pro v\u00e1s ln\u011bn\u00e9 lo\u017en\u00ed pr\u00e1dlo \u0161ijeme, kde a za jak\u00fdch podm\u00ednek byl len vyroben\u00fd. Lo\u017en\u00ed pr\u00e1dlo v\u00e1m p\u0159ijde p\u0159edem vypran\u00e9, vo\u0148av\u00e9 a vy se u\u017e nemus\u00edte b\u00e1t, \u017ee v\u00e1m bude \u010dasem m\u011bnit tvar a sr\u00e1\u017eet se.<\/p>\n<p>D\u00e1rkov\u00e9 balen\u00ed<\/p>\n<p>JJako bonus v\u00e1m p\u0159ijde ln\u011bn\u00e9 lo\u017en\u00ed povle\u010den\u00ed zabalen\u00e9 v kr\u00e1sn\u00e9 d\u00e1rkov\u00e9 krabici ur\u010den\u00e9 i k dal\u0161\u00edmu pou\u017eit\u00ed. Odleh\u010d\u00edme v\u00e1m od starost\u00ed s vym\u00fd\u0161len\u00edm d\u00e1rkov\u00e9ho balen\u00ed. Bal\u00ed\u010dek m\u016f\u017eete darovat ihned, a\u0165 u\u017e k sv\u00e1tku jako svatebn\u00ed dar nebo k V\u00e1noc\u016fm. Sestavte si vlastn\u00ed kombinaci barev, p\u0159ijde k v\u00e1m kr\u00e1sn\u00e1 a vo\u0148av\u00e1 krabi\u010dka.<\/p>\n<h4>\u0160ijeme na m\u00edru<\/h4>\n<p>Ln\u011bn\u00e9 povle\u010den\u00ed \u0161ijeme tak\u00e9 na m\u00edru, proto n\u00e1m nev\u00e1hejte napsat, pokud pot\u0159ebujete jin\u00fd rozm\u011br. Lo\u017en\u00ed ln\u011bn\u00e9 povle\u010den\u00ed <strong><a href=\"https:\/\/lanaja.sk\/cs\/kategorie-produktu\/loznice\/lnene-povleceni-cs\/\" rel=\"noopener\">ZDE<\/a> <\/strong>si um\u00edte sladit i s ln\u011bn\u00fdmi prost\u011bradly s gumi\u010dkou, \u010di bez n\u00ed. Pokud jste majiteli velk\u00e9ho povle\u010den\u00ed na dvojdeku, doubleking size, \u0161ijeme ln\u011bn\u00e9 povle\u010den\u00ed na m\u00edru i na velk\u00e9 velikosti.<\/p>\n<h4>Personalizace pomoc\u00ed strojov\u00e9ho vy\u0161\u00edv\u00e1n\u00ed<\/h4>\n<p>Ln\u011bn\u00e9 povle\u010den\u00ed Viktorie je mo\u017en\u00e9 i personalizovat a vy\u0161\u00edt na n\u011bj monogram, nebo cel\u00e9 jm\u00e9no vy\u0161\u00edvac\u00edm strojem. Cena se odv\u00edj\u00ed od velikosti v\u00fd\u0161ivky. V p\u0159\u00edpad\u011b z\u00e1jmu o personalizaci n\u00e1m je\u0161t\u011b p\u0159ed objedn\u00e1vkou napi\u0161te e-mail, r\u00e1di v\u00e1m porad\u00edme s v\u00fdb\u011brem vhodn\u00e9 velikosti a barvy v\u00fd\u0161ivky.<\/p>\n<h4>Samoz\u0159ejmost\u00ed jsou ru\u010dn\u011b \u0161it\u00e9 knofl\u00edky<\/h4>\n<p>Na ln\u011bn\u00e9m povle\u010den\u00ed jsou ru\u010dn\u011b p\u0159i\u0161it\u00e9 nebarven\u00e9 p\u0159\u00edrodn\u00ed d\u0159ev\u011bn\u00e9 knofl\u00edky. \u013danov\u00e9 povle\u010den\u00ed Viktorie je u\u0161ito se skryt\u00fdm zap\u00edn\u00e1n\u00edm, knofl\u00edky jsou na pohled neviditeln\u00e9.<\/p>\n<p>Ln\u011bn\u00e9 povle\u010den\u00ed Viktorie si um\u00edte doplnit i o sadu mal\u00fdch povlak\u016f na pol\u0161t\u00e1\u0159e<strong><a href=\"https:\/\/lanaja.sk\/cs\/obchod\/loznice\/lnene-povleceni-cs\/lnene-povlaky-na-polstare-victoria\/\" rel=\"noopener\"> ZDE<\/a><\/strong><\/p>\n<p><strong>T\u0159i barevn\u00e9 varianty:<\/strong><\/p>\n<p>1. Ml\u00e9\u010dn\u011b b\u00edl\u00e1 barva lnu<\/p>\n<p>2. P\u0159irozen\u00e1 barva lnu<\/p>\n<p>3. Tmav\u011b hn\u011bd\u00e1 barva lnu<\/p>\n<p><strong>Po\u010d\u00edtejte s dodac\u00ed lh\u016ftou a\u017e 2-3 t\u00fddny, ru\u010dn\u00ed pr\u00e1ce vy\u017eaduje n\u00e1\u0161 \u010das. Ln\u011bn\u00e9 v\u00fdrobky \u0161ijeme v na\u0161\u00ed d\u00edln\u011b dle Va\u0161eho p\u0159\u00e1n\u00ed a na m\u00edru, dle konkr\u00e9tn\u00edho v\u00fdrobku.<\/strong><\/p>\n","protected":false},"excerpt":{"rendered":"<p>Dodejte sv\u00e9 lo\u017enici sofistikovanost a romantick\u00fd n\u00e1dech s ln\u011bn\u00fdm povle\u010den\u00edm Viktorie. \u0160ijeme je na objedn\u00e1vku a ka\u017ed\u00e9mu jejich kousku je v\u011bnov\u00e1na na\u0161e pozornost, v\u011b\u0159\u00edme, \u017ee si je uchov\u00e1te jako rodinn\u00fd poklad. S touto ln\u011bnou soupravou vyrobenou s absolutn\u00edm komfortem a kvalitou 100% ln\u011bn\u00e9 l\u00e1tky v\u00e1s \u010dek\u00e1 pohodl\u00ed a elegance. Ln\u011bn\u00e1 krajka na\u0161it\u00e1 po cel\u00e9m obvodu pol\u0161t\u00e1\u0159\u016f elegantn\u011b zd\u016frazn\u00ed neutr\u00e1ln\u00ed t\u00f3n ln\u011bn\u00fdch prost\u011bradel.<\/p>\n","protected":false},"featured_media":7228,"template":"","meta":[],"product_brand":[],"product_cat":[365,363],"product_tag":[411],"class_list":{"0":"post-13363","1":"product","2":"type-product","3":"status-publish","4":"has-post-thumbnail","6":"product_cat-lnena-prosteradla-ve-standardnich-velikostech","7":"product_cat-lnene-povleceni-cs","8":"product_tag-lnene-pradlo-povleceni-victoria","10":"first","11":"onbackorder","12":"shipping-taxable","13":"purchasable","14":"product-type-variable"},"yoast_head":"<!-- This site is optimized with the Yoast SEO plugin v27.4 - https:\/\/yoast.com\/product\/yoast-seo-wordpress\/ -->\n<title>Ln\u011bn\u00e9 povle\u010den\u00ed Viktorie &#8226; Lanaja-slovensk\u00e1 udr\u017eiteln\u00e1 zna\u010dka a v\u00fdrobce ln\u011bn\u00e9ho textilu<\/title>\n<meta name=\"description\" content=\"Ln\u011bn\u00e9 povle\u010den\u00ed Viktorie je u\u0161ito ze 100% lnu 185g\/m2 pr\u00e9miov\u00e9 kvality, tento len je vyroben\u00fd v Evrop\u011b, je u\u0161ito v na\u0161\u00ed d\u00edln\u011b...\" \/>\n<meta name=\"robots\" content=\"index, follow, max-snippet:-1, max-image-preview:large, max-video-preview:-1\" \/>\n<link rel=\"canonical\" href=\"https:\/\/lanaja.sk\/cs\/obchod\/lnene-pradlo-victoria\/\" \/>\n<meta property=\"og:locale\" content=\"cs_CZ\" \/>\n<meta property=\"og:type\" content=\"article\" \/>\n<meta property=\"og:title\" content=\"Ln\u011bn\u00e9 povle\u010den\u00ed Viktorie &#8226; Lanaja-slovensk\u00e1 udr\u017eiteln\u00e1 zna\u010dka a v\u00fdrobce ln\u011bn\u00e9ho textilu\" \/>\n<meta property=\"og:description\" content=\"Ln\u011bn\u00e9 povle\u010den\u00ed Viktorie je u\u0161ito ze 100% lnu 185g\/m2 pr\u00e9miov\u00e9 kvality, tento len je vyroben\u00fd v Evrop\u011b, je u\u0161ito v na\u0161\u00ed d\u00edln\u011b...\" \/>\n<meta property=\"og:url\" content=\"https:\/\/lanaja.sk\/cs\/obchod\/lnene-pradlo-victoria\/\" \/>\n<meta property=\"og:site_name\" content=\"Lanaja-slovensk\u00e1 udr\u017eiteln\u00e1 zna\u010dka a v\u00fdrobce ln\u011bn\u00e9ho textilu\" \/>\n<meta property=\"article:publisher\" content=\"https:\/\/www.facebook.com\/Abreadbag\" \/>\n<meta property=\"article:modified_time\" content=\"2025-08-10T10:09:53+00:00\" \/>\n<meta property=\"og:image\" content=\"https:\/\/lanaja.sk\/wp-content\/uploads\/2022\/02\/lanove-obliecky-s-krajkou5-1-scaled-jpg.webp\" \/>\n\t<meta property=\"og:image:width\" content=\"672\" \/>\n\t<meta property=\"og:image:height\" content=\"850\" \/>\n\t<meta property=\"og:image:type\" content=\"image\/jpeg\" \/>\n<meta name=\"twitter:card\" content=\"summary_large_image\" \/>\n<meta name=\"twitter:label1\" content=\"Odhadovan\u00e1 doba \u010dten\u00ed\" \/>\n\t<meta name=\"twitter:data1\" content=\"2 minuty\" \/>\n<script type=\"application\/ld+json\" class=\"yoast-schema-graph\">{\"@context\":\"https:\\\/\\\/schema.org\",\"@graph\":[{\"@type\":\"WebPage\",\"@id\":\"https:\\\/\\\/lanaja.sk\\\/cs\\\/obchod\\\/lnene-pradlo-victoria\\\/\",\"url\":\"https:\\\/\\\/lanaja.sk\\\/cs\\\/obchod\\\/lnene-pradlo-victoria\\\/\",\"name\":\"Ln\u011bn\u00e9 povle\u010den\u00ed Viktorie &#8226; Lanaja-slovensk\u00e1 udr\u017eiteln\u00e1 zna\u010dka a v\u00fdrobce ln\u011bn\u00e9ho textilu\",\"isPartOf\":{\"@id\":\"https:\\\/\\\/lanaja.sk\\\/cs\\\/#website\"},\"primaryImageOfPage\":{\"@id\":\"https:\\\/\\\/lanaja.sk\\\/cs\\\/obchod\\\/lnene-pradlo-victoria\\\/#primaryimage\"},\"image\":{\"@id\":\"https:\\\/\\\/lanaja.sk\\\/cs\\\/obchod\\\/lnene-pradlo-victoria\\\/#primaryimage\"},\"thumbnailUrl\":\"https:\\\/\\\/lanaja.sk\\\/wp-content\\\/uploads\\\/2022\\\/02\\\/lanove-obliecky-s-krajkou5-1-scaled-jpg.webp\",\"datePublished\":\"2022-02-02T10:29:36+00:00\",\"dateModified\":\"2025-08-10T10:09:53+00:00\",\"description\":\"Ln\u011bn\u00e9 povle\u010den\u00ed Viktorie je u\u0161ito ze 100% lnu 185g\\\/m2 pr\u00e9miov\u00e9 kvality, tento len je vyroben\u00fd v Evrop\u011b, je u\u0161ito v na\u0161\u00ed d\u00edln\u011b...\",\"breadcrumb\":{\"@id\":\"https:\\\/\\\/lanaja.sk\\\/cs\\\/obchod\\\/lnene-pradlo-victoria\\\/#breadcrumb\"},\"inLanguage\":\"cs\",\"potentialAction\":[{\"@type\":\"ReadAction\",\"target\":[\"https:\\\/\\\/lanaja.sk\\\/cs\\\/obchod\\\/lnene-pradlo-victoria\\\/\"]}]},{\"@type\":\"ImageObject\",\"inLanguage\":\"cs\",\"@id\":\"https:\\\/\\\/lanaja.sk\\\/cs\\\/obchod\\\/lnene-pradlo-victoria\\\/#primaryimage\",\"url\":\"https:\\\/\\\/lanaja.sk\\\/wp-content\\\/uploads\\\/2022\\\/02\\\/lanove-obliecky-s-krajkou5-1-scaled-jpg.webp\",\"contentUrl\":\"https:\\\/\\\/lanaja.sk\\\/wp-content\\\/uploads\\\/2022\\\/02\\\/lanove-obliecky-s-krajkou5-1-scaled-jpg.webp\",\"width\":672,\"height\":850,\"caption\":\"slovensk\u00e9 poste\u013en\u00e9 pr\u00e1dlo\"},{\"@type\":\"BreadcrumbList\",\"@id\":\"https:\\\/\\\/lanaja.sk\\\/cs\\\/obchod\\\/lnene-pradlo-victoria\\\/#breadcrumb\",\"itemListElement\":[{\"@type\":\"ListItem\",\"position\":1,\"name\":\"Home\",\"item\":\"https:\\\/\\\/lanaja.sk\\\/cs\\\/\"},{\"@type\":\"ListItem\",\"position\":2,\"name\":\"Obchod\",\"item\":\"https:\\\/\\\/lanaja.sk\\\/cs\\\/obchod-cz\\\/\"},{\"@type\":\"ListItem\",\"position\":3,\"name\":\"Ln\u011bn\u00e9 povle\u010den\u00ed Viktorie\"}]},{\"@type\":\"WebSite\",\"@id\":\"https:\\\/\\\/lanaja.sk\\\/cs\\\/#website\",\"url\":\"https:\\\/\\\/lanaja.sk\\\/cs\\\/\",\"name\":\"Lanaja - bytov\u00fd textil z \u013eanu a \u013eanov\u00e9 v\u00fdrobky\",\"description\":\"Jedine\u010dn\u00fd bytov\u00fd textil, ln\u011bn\u00e9 pytl\u00edky, ln\u011bn\u00e9 ubrusy, ln\u011bn\u00e9 lo\u017en\u00ed povle\u010den\u00ed, ln\u011bn\u00e9 ut\u011brky, ln\u011bn\u00e9 prost\u00edr\u00e1n\u00ed vyroben\u00e9 a \u0161it\u00e9 na Slovensku\",\"publisher\":{\"@id\":\"https:\\\/\\\/lanaja.sk\\\/cs\\\/#organization\"},\"alternateName\":\"Lanaja - v\u00fdrobky z \u013eanu, \u013eanov\u00fd bytov\u00fd textil\",\"potentialAction\":[{\"@type\":\"SearchAction\",\"target\":{\"@type\":\"EntryPoint\",\"urlTemplate\":\"https:\\\/\\\/lanaja.sk\\\/cs\\\/?s={search_term_string}\"},\"query-input\":{\"@type\":\"PropertyValueSpecification\",\"valueRequired\":true,\"valueName\":\"search_term_string\"}}],\"inLanguage\":\"cs\"},{\"@type\":\"Organization\",\"@id\":\"https:\\\/\\\/lanaja.sk\\\/cs\\\/#organization\",\"name\":\"Lanaja\",\"alternateName\":\"Al\u017ebeta Andr\u00e1\u0161ikov\u00e1 - Lanaja\",\"url\":\"https:\\\/\\\/lanaja.sk\\\/cs\\\/\",\"logo\":{\"@type\":\"ImageObject\",\"inLanguage\":\"cs\",\"@id\":\"https:\\\/\\\/lanaja.sk\\\/cs\\\/#\\\/schema\\\/logo\\\/image\\\/\",\"url\":\"https:\\\/\\\/lanaja.sk\\\/wp-content\\\/uploads\\\/2024\\\/01\\\/Lanaja.sk-logo.png\",\"contentUrl\":\"https:\\\/\\\/lanaja.sk\\\/wp-content\\\/uploads\\\/2024\\\/01\\\/Lanaja.sk-logo.png\",\"width\":600,\"height\":300,\"caption\":\"Lanaja\"},\"image\":{\"@id\":\"https:\\\/\\\/lanaja.sk\\\/cs\\\/#\\\/schema\\\/logo\\\/image\\\/\"},\"sameAs\":[\"https:\\\/\\\/www.facebook.com\\\/Abreadbag\",\"https:\\\/\\\/www.instagram.com\\\/lanaja_sk\\\/\"]}]}<\/script>\n<!-- \/ Yoast SEO plugin. -->","yoast_head_json":{"title":"Ln\u011bn\u00e9 povle\u010den\u00ed Viktorie &#8226; Lanaja-slovensk\u00e1 udr\u017eiteln\u00e1 zna\u010dka a v\u00fdrobce ln\u011bn\u00e9ho textilu","description":"Ln\u011bn\u00e9 povle\u010den\u00ed Viktorie je u\u0161ito ze 100% lnu 185g\/m2 pr\u00e9miov\u00e9 kvality, tento len je vyroben\u00fd v Evrop\u011b, je u\u0161ito v na\u0161\u00ed d\u00edln\u011b...","robots":{"index":"index","follow":"follow","max-snippet":"max-snippet:-1","max-image-preview":"max-image-preview:large","max-video-preview":"max-video-preview:-1"},"canonical":"https:\/\/lanaja.sk\/cs\/obchod\/lnene-pradlo-victoria\/","og_locale":"cs_CZ","og_type":"article","og_title":"Ln\u011bn\u00e9 povle\u010den\u00ed Viktorie &#8226; Lanaja-slovensk\u00e1 udr\u017eiteln\u00e1 zna\u010dka a v\u00fdrobce ln\u011bn\u00e9ho textilu","og_description":"Ln\u011bn\u00e9 povle\u010den\u00ed Viktorie je u\u0161ito ze 100% lnu 185g\/m2 pr\u00e9miov\u00e9 kvality, tento len je vyroben\u00fd v Evrop\u011b, je u\u0161ito v na\u0161\u00ed d\u00edln\u011b...","og_url":"https:\/\/lanaja.sk\/cs\/obchod\/lnene-pradlo-victoria\/","og_site_name":"Lanaja-slovensk\u00e1 udr\u017eiteln\u00e1 zna\u010dka a v\u00fdrobce ln\u011bn\u00e9ho textilu","article_publisher":"https:\/\/www.facebook.com\/Abreadbag","article_modified_time":"2025-08-10T10:09:53+00:00","og_image":[{"width":672,"height":850,"url":"https:\/\/lanaja.sk\/wp-content\/uploads\/2022\/02\/lanove-obliecky-s-krajkou5-1-scaled-jpg.webp","type":"image\/jpeg"}],"twitter_card":"summary_large_image","twitter_misc":{"Odhadovan\u00e1 doba \u010dten\u00ed":"2 minuty"},"schema":{"@context":"https:\/\/schema.org","@graph":[{"@type":"WebPage","@id":"https:\/\/lanaja.sk\/cs\/obchod\/lnene-pradlo-victoria\/","url":"https:\/\/lanaja.sk\/cs\/obchod\/lnene-pradlo-victoria\/","name":"Ln\u011bn\u00e9 povle\u010den\u00ed Viktorie &#8226; Lanaja-slovensk\u00e1 udr\u017eiteln\u00e1 zna\u010dka a v\u00fdrobce ln\u011bn\u00e9ho textilu","isPartOf":{"@id":"https:\/\/lanaja.sk\/cs\/#website"},"primaryImageOfPage":{"@id":"https:\/\/lanaja.sk\/cs\/obchod\/lnene-pradlo-victoria\/#primaryimage"},"image":{"@id":"https:\/\/lanaja.sk\/cs\/obchod\/lnene-pradlo-victoria\/#primaryimage"},"thumbnailUrl":"https:\/\/lanaja.sk\/wp-content\/uploads\/2022\/02\/lanove-obliecky-s-krajkou5-1-scaled-jpg.webp","datePublished":"2022-02-02T10:29:36+00:00","dateModified":"2025-08-10T10:09:53+00:00","description":"Ln\u011bn\u00e9 povle\u010den\u00ed Viktorie je u\u0161ito ze 100% lnu 185g\/m2 pr\u00e9miov\u00e9 kvality, tento len je vyroben\u00fd v Evrop\u011b, je u\u0161ito v na\u0161\u00ed d\u00edln\u011b...","breadcrumb":{"@id":"https:\/\/lanaja.sk\/cs\/obchod\/lnene-pradlo-victoria\/#breadcrumb"},"inLanguage":"cs","potentialAction":[{"@type":"ReadAction","target":["https:\/\/lanaja.sk\/cs\/obchod\/lnene-pradlo-victoria\/"]}]},{"@type":"ImageObject","inLanguage":"cs","@id":"https:\/\/lanaja.sk\/cs\/obchod\/lnene-pradlo-victoria\/#primaryimage","url":"https:\/\/lanaja.sk\/wp-content\/uploads\/2022\/02\/lanove-obliecky-s-krajkou5-1-scaled-jpg.webp","contentUrl":"https:\/\/lanaja.sk\/wp-content\/uploads\/2022\/02\/lanove-obliecky-s-krajkou5-1-scaled-jpg.webp","width":672,"height":850,"caption":"slovensk\u00e9 poste\u013en\u00e9 pr\u00e1dlo"},{"@type":"BreadcrumbList","@id":"https:\/\/lanaja.sk\/cs\/obchod\/lnene-pradlo-victoria\/#breadcrumb","itemListElement":[{"@type":"ListItem","position":1,"name":"Home","item":"https:\/\/lanaja.sk\/cs\/"},{"@type":"ListItem","position":2,"name":"Obchod","item":"https:\/\/lanaja.sk\/cs\/obchod-cz\/"},{"@type":"ListItem","position":3,"name":"Ln\u011bn\u00e9 povle\u010den\u00ed Viktorie"}]},{"@type":"WebSite","@id":"https:\/\/lanaja.sk\/cs\/#website","url":"https:\/\/lanaja.sk\/cs\/","name":"Lanaja - bytov\u00fd textil z \u013eanu a \u013eanov\u00e9 v\u00fdrobky","description":"Jedine\u010dn\u00fd bytov\u00fd textil, ln\u011bn\u00e9 pytl\u00edky, ln\u011bn\u00e9 ubrusy, ln\u011bn\u00e9 lo\u017en\u00ed povle\u010den\u00ed, ln\u011bn\u00e9 ut\u011brky, ln\u011bn\u00e9 prost\u00edr\u00e1n\u00ed vyroben\u00e9 a \u0161it\u00e9 na Slovensku","publisher":{"@id":"https:\/\/lanaja.sk\/cs\/#organization"},"alternateName":"Lanaja - v\u00fdrobky z \u013eanu, \u013eanov\u00fd bytov\u00fd textil","potentialAction":[{"@type":"SearchAction","target":{"@type":"EntryPoint","urlTemplate":"https:\/\/lanaja.sk\/cs\/?s={search_term_string}"},"query-input":{"@type":"PropertyValueSpecification","valueRequired":true,"valueName":"search_term_string"}}],"inLanguage":"cs"},{"@type":"Organization","@id":"https:\/\/lanaja.sk\/cs\/#organization","name":"Lanaja","alternateName":"Al\u017ebeta Andr\u00e1\u0161ikov\u00e1 - Lanaja","url":"https:\/\/lanaja.sk\/cs\/","logo":{"@type":"ImageObject","inLanguage":"cs","@id":"https:\/\/lanaja.sk\/cs\/#\/schema\/logo\/image\/","url":"https:\/\/lanaja.sk\/wp-content\/uploads\/2024\/01\/Lanaja.sk-logo.png","contentUrl":"https:\/\/lanaja.sk\/wp-content\/uploads\/2024\/01\/Lanaja.sk-logo.png","width":600,"height":300,"caption":"Lanaja"},"image":{"@id":"https:\/\/lanaja.sk\/cs\/#\/schema\/logo\/image\/"},"sameAs":["https:\/\/www.facebook.com\/Abreadbag","https:\/\/www.instagram.com\/lanaja_sk\/"]}]}},"_links":{"self":[{"href":"https:\/\/lanaja.sk\/cs\/wp-json\/wp\/v2\/product\/13363","targetHints":{"allow":["GET"]}}],"collection":[{"href":"https:\/\/lanaja.sk\/cs\/wp-json\/wp\/v2\/product"}],"about":[{"href":"https:\/\/lanaja.sk\/cs\/wp-json\/wp\/v2\/types\/product"}],"version-history":[{"count":3,"href":"https:\/\/lanaja.sk\/cs\/wp-json\/wp\/v2\/product\/13363\/revisions"}],"predecessor-version":[{"id":16530,"href":"https:\/\/lanaja.sk\/cs\/wp-json\/wp\/v2\/product\/13363\/revisions\/16530"}],"wp:featuredmedia":[{"embeddable":true,"href":"https:\/\/lanaja.sk\/cs\/wp-json\/wp\/v2\/media\/7228"}],"wp:attachment":[{"href":"https:\/\/lanaja.sk\/cs\/wp-json\/wp\/v2\/media?parent=13363"}],"wp:term":[{"taxonomy":"product_brand","embeddable":true,"href":"https:\/\/lanaja.sk\/cs\/wp-json\/wp\/v2\/product_brand?post=13363"},{"taxonomy":"product_cat","embeddable":true,"href":"https:\/\/lanaja.sk\/cs\/wp-json\/wp\/v2\/product_cat?post=13363"},{"taxonomy":"product_tag","embeddable":true,"href":"https:\/\/lanaja.sk\/cs\/wp-json\/wp\/v2\/product_tag?post=13363"}],"curies":[{"name":"wp","href":"https:\/\/api.w.org\/{rel}","templated":true}]}}