{"id":13379,"date":"2023-01-25T15:47:30","date_gmt":"2023-01-25T14:47:30","guid":{"rendered":"https:\/\/lanaja.sk\/obchod\/neza\u0159azen\u00e9\/lnena-zastera-v-delce-pasu\/"},"modified":"2025-07-26T17:47:12","modified_gmt":"2025-07-26T15:47:12","slug":"lnena-zastera-v-delce-pasu","status":"publish","type":"product","link":"https:\/\/lanaja.sk\/cs\/obchod\/lnena-zastera-v-delce-pasu\/","title":{"rendered":"Ln\u011bn\u00e1 z\u00e1st\u011bra do pasu"},"content":{"rendered":"<h2><strong>Ln\u011bn\u00e1 z\u00e1st\u011bra do pasu<\/strong><\/h2>\n<p>&nbsp;<\/p>\n<p><strong>Ln\u011bn\u00e9 z\u00e1st\u011bry<\/strong> jsou jednoduch\u00fdm, ale z\u00e1rove\u0148 majest\u00e1tn\u00edm dopl\u0148kem ka\u017ed\u00e9 dom\u00e1cnosti. Jejich p\u0159irozen\u00fd odst\u00edn, od jemn\u011b sv\u011btl\u00e9 a\u017e po syt\u011b tmavou barvu, p\u0159ipom\u00edn\u00e1 p\u016fvab p\u0159\u00edrody a jej\u00ed nep\u0159ekonatelnou kr\u00e1su. Jejich textura je m\u011bkk\u00e1, ale z\u00e1rove\u0148 m\u00e1 pevnost, co\u017e zaru\u010duje jejich odolnost a dlouhou \u017eivotnost.<\/p>\n<p>Kdy\u017e vezmete do ruky ln\u011bnou z\u00e1st\u011bru, okam\u017eit\u011b poc\u00edt\u00edte jej\u00ed kvalitu a p\u0159irozen\u00e9 kouzlo. Materi\u00e1l je p\u0159\u00edjemn\u00fd na dotek, m\u011bkk\u00fd a p\u0159\u00edrodn\u00ed. Je to jako se zabali\u0165 do kousku p\u0159\u00edrody, kter\u00fd p\u0159in\u00e1\u0161\u00ed pocit pohody a \u00fatulnosti do va\u0161eho domova. C\u00edt\u00edte tu neodolatelnou v\u016fni \u010derstv\u00e9ho vzduchu?<\/p>\n<p>Ln\u011bn\u00e1 z\u00e1st\u011bra do pasu s \u010dist\u00fdmi minimalistick\u00fdmi liniemi a p\u0159elo\u017een\u00fdmi z\u00e1hyby na p\u0159edn\u00edm d\u00edle je u\u0161ita z m\u011bk\u010den\u00e9ho p\u0159edepran\u00e9ho lnu, kter\u00fd je vym\u00fdv\u00e1n pomoc\u00ed kamene, tzv. \u201eStone washing\u201c, nebo s ozna\u010den\u00edm \u201eSTONEWASHED\u201c. Ne, nejsou to klasick\u00e9 t\u011b\u017ek\u00e9 kameny, jsou to um\u011ble a p\u0159\u00edrodn\u011b vyroben\u00e9 alternativy kamene, kter\u00fd je jako pemza, a z p\u0159\u00edrodn\u00edch variant se pou\u017e\u00edvaj\u00ed sope\u010dn\u00e9 horniny. Ln\u011bn\u00e1 l\u00e1tka tak z\u00edsk\u00e1 obl\u00edben\u00fd jemn\u011bj\u0161\u00ed vzhled, p\u0159irozen\u011b a rovnom\u011brn\u011b zma\u010dkan\u00fd, a p\u0159i pou\u017e\u00edv\u00e1n\u00ed v\u00e1s odm\u011bn\u00ed p\u0159\u00edjemn\u00fdm pocitem jemnosti. Tento len nen\u00ed pot\u0159eba \u017eehlit, je p\u0159ekr\u00e1sn\u011b zvln\u011bn\u00fd po vypr\u00e1n\u00ed.<\/p>\n<p>A\u0165 u\u017e ln\u011bnou z\u00e1st\u011bru vyu\u017eijete doma, nebo venku na zahrad\u011b, bude va\u0161\u00edm v\u011brn\u00fdm spole\u010dn\u00edkem. Len je nen\u00e1ro\u010dn\u00fd na \u00fadr\u017ebu, doporu\u010duji pr\u00e1t p\u0159i 40 stupn\u00edch. Po vypr\u00e1n\u00ed sta\u010d\u00ed z\u00e1st\u011brku po\u0159\u00e1dn\u011b prot\u0159epat a nechat proschnout \u2013 a to je jen chvilka, proto\u017ee schne velmi rychle. \u017dehlit ji nemus\u00edte, m\u00edrn\u011b zma\u010dkan\u00e1 struktura po vypr\u00e1n\u00ed j\u00ed dod\u00e1 ten prav\u00fd a kr\u00e1sn\u00fd zma\u010dkan\u00fd efekt.<\/p>\n<h4><strong>Velk\u00e1, \u0161irok\u00e1 stylov\u00e1 v\u00e1za\u010dka v pase se m\u016f\u017ee uvazovat dv\u011bma zp\u016fsoby: vzadu, nebo vp\u0159edu na ma\u0161li\u010dku jako na fotk\u00e1ch r\u016f\u017eov\u00e9 ln\u011bn\u00e9 z\u00e1st\u011brky.<\/strong><\/h4>\n<p><a href=\"https:\/\/lanaja.sk\/wp-content\/uploads\/2021\/11\/A-bread-bag-Vianoce-9-of-18-scaled-e1635863035277.jpg\"><img fetchpriority=\"high\" decoding=\"async\" class=\"size-medium wp-image-3231\" src=\"https:\/\/lanaja.sk\/wp-content\/uploads\/2021\/11\/A-bread-bag-Vianoce-9-of-18-200x300.jpg\" alt=\"Ln\u011bn\u00e1 z\u00e1st\u011bra\" width=\"200\" height=\"300\"><\/a><\/p>\n<p><a href=\"https:\/\/lanaja.sk\/wp-content\/uploads\/2021\/11\/A-bread-bag-Vianoce-13-of-18-scaled-e1635862976166.jpg\"><img decoding=\"async\" class=\"size-medium wp-image-3237\" src=\"https:\/\/lanaja.sk\/wp-content\/uploads\/2021\/11\/A-bread-bag-Vianoce-13-of-18-200x300.jpg\" alt=\"Ln\u011bn\u00e1 z\u00e1st\u011bra Daniela\" width=\"200\" height=\"300\"><\/a><\/p>\n<p>Ln\u011bn\u00e1 z\u00e1st\u011bra v\u00e1m p\u0159ijde zabalen\u00e1 v d\u00e1rkov\u00e9 krabi\u010dce, a vy ji tak m\u016f\u017eete rovnou darovat i s jej\u00edm balen\u00edm \u2013 je to dokonal\u00fd a hotov\u00fd d\u00e1rek.<\/p>\n<p><strong>Fotografie <\/strong>byly po\u0159\u00edzeny ve spolupr\u00e1ci s <a href=\"https:\/\/www.instagram.com\/vladkaturcok\/\" target=\"_blank\" rel=\"noopener\">Vla\u010fkou Tur\u010dok<\/a><\/p>\n<p class=\"article\"><strong>Velikost: <\/strong> UNI velikost, d\u00e9lka cca 69cm<\/p>\n<p><strong>BARVA: zelen\u00e1<\/strong><\/p>\n<p><strong>Po\u010d\u00edtejte s dodac\u00ed lh\u016ftou 5-15 pracovn\u00edch dn\u016f, pokud nem\u00e1me produkt \u0161it\u00fd skladem, ru\u010dn\u00ed pr\u00e1ce vy\u017eaduje n\u00e1\u0161 \u010das. Ln\u011bn\u00e9 v\u00fdrobky \u0161ijeme v na\u0161\u00ed d\u00edln\u011b dle Va\u0161eho p\u0159\u00e1n\u00ed a na m\u00edru, dle konkr\u00e9tn\u00edho v\u00fdrobku.<\/strong><\/p>\n","protected":false},"excerpt":{"rendered":"<p><strong>Ln\u011bn\u00e9 z\u00e1st\u011bry<\/strong> jsou jednoduch\u00fdm, ale z\u00e1rove\u0148 majest\u00e1tn\u00edm dopl\u0148kem ka\u017ed\u00e9 dom\u00e1cnosti. Jejich p\u0159irozen\u00fd odst\u00edn, od jemn\u011b sv\u011btl\u00e9 a\u017e po syt\u011b tmavou barvu, p\u0159ipom\u00edn\u00e1 p\u016fvab p\u0159\u00edrody a jej\u00ed nep\u0159ekonatelnou kr\u00e1su. Jejich textura je m\u011bkk\u00e1, ale z\u00e1rove\u0148 m\u00e1 pevnost, co\u017e zaru\u010duje jejich odolnost a dlouhou \u017eivotnost.<\/p>\n<p>Kdy\u017e vezmete do ruky ln\u011bnou z\u00e1st\u011bru, okam\u017eit\u011b poc\u00edt\u00edte jej\u00ed kvalitu a p\u0159irozen\u00e9 kouzlo. Materi\u00e1l je p\u0159\u00edjemn\u00fd na dotek, m\u011bkk\u00fd a p\u0159\u00edrodn\u00ed. Je to jako zabalit se do kousku p\u0159\u00edrody, kter\u00fd do va\u0161eho domova vnese pocit \u00fatulnosti a \u00fatulnosti. C\u00edt\u00edte tu neodolatelnou v\u016fni \u010derstv\u00e9ho vzduchu?<\/p>\n","protected":false},"featured_media":7453,"template":"","meta":[],"product_brand":[],"product_cat":[349],"product_tag":[350],"class_list":{"0":"post-13379","1":"product","2":"type-product","3":"status-publish","4":"has-post-thumbnail","6":"product_cat-lnene-zastery","7":"product_tag-lnena-zastera","9":"first","10":"onbackorder","11":"shipping-taxable","12":"purchasable","13":"product-type-simple"},"yoast_head":"<!-- This site is optimized with the Yoast SEO plugin v27.4 - https:\/\/yoast.com\/product\/yoast-seo-wordpress\/ -->\n<title>Ln\u011bn\u00e1 z\u00e1st\u011bra do pasu &#8226; Lanaja-slovensk\u00e1 udr\u017eiteln\u00e1 zna\u010dka a v\u00fdrobce ln\u011bn\u00e9ho textilu<\/title>\n<meta name=\"description\" content=\"Ln\u011bn\u00e1 z\u00e1st\u011bra po p\u00e1s s \u010dist\u00fdmi minimalistick\u00fdmi liniemi a slo\u017een\u00fdmi z\u00e1hyby na p\u0159edn\u00ed stran\u011b je \u0161it\u00e1 v na\u0161\u00ed d\u00edln\u011b z m\u011bk\u010den\u00e9ho p\u0159edpran\u00e9ho pr\u00e1dla\" \/>\n<meta name=\"robots\" content=\"index, follow, max-snippet:-1, max-image-preview:large, max-video-preview:-1\" \/>\n<link rel=\"canonical\" href=\"https:\/\/lanaja.sk\/cs\/obchod\/lnena-zastera-v-delce-pasu\/\" \/>\n<meta property=\"og:locale\" content=\"cs_CZ\" \/>\n<meta property=\"og:type\" content=\"article\" \/>\n<meta property=\"og:title\" content=\"Ln\u011bn\u00e1 z\u00e1st\u011bra do pasu &#8226; Lanaja-slovensk\u00e1 udr\u017eiteln\u00e1 zna\u010dka a v\u00fdrobce ln\u011bn\u00e9ho textilu\" \/>\n<meta property=\"og:description\" content=\"Ln\u011bn\u00e1 z\u00e1st\u011bra po p\u00e1s s \u010dist\u00fdmi minimalistick\u00fdmi liniemi a slo\u017een\u00fdmi z\u00e1hyby na p\u0159edn\u00ed stran\u011b je \u0161it\u00e1 v na\u0161\u00ed d\u00edln\u011b z m\u011bk\u010den\u00e9ho p\u0159edpran\u00e9ho pr\u00e1dla\" \/>\n<meta property=\"og:url\" content=\"https:\/\/lanaja.sk\/cs\/obchod\/lnena-zastera-v-delce-pasu\/\" \/>\n<meta property=\"og:site_name\" content=\"Lanaja-slovensk\u00e1 udr\u017eiteln\u00e1 zna\u010dka a v\u00fdrobce ln\u011bn\u00e9ho textilu\" \/>\n<meta property=\"article:publisher\" content=\"https:\/\/www.facebook.com\/Abreadbag\" \/>\n<meta property=\"article:modified_time\" content=\"2025-07-26T15:47:12+00:00\" \/>\n<meta property=\"og:image\" content=\"https:\/\/lanaja.sk\/wp-content\/uploads\/2023\/01\/KM_RB_F3A9025_websize-e1674657783291-jpg.webp\" \/>\n\t<meta property=\"og:image:width\" content=\"567\" \/>\n\t<meta property=\"og:image:height\" content=\"850\" \/>\n\t<meta property=\"og:image:type\" content=\"image\/jpeg\" \/>\n<meta name=\"twitter:card\" content=\"summary_large_image\" \/>\n<meta name=\"twitter:label1\" content=\"Odhadovan\u00e1 doba \u010dten\u00ed\" \/>\n\t<meta name=\"twitter:data1\" content=\"2 minuty\" \/>\n<script type=\"application\/ld+json\" class=\"yoast-schema-graph\">{\"@context\":\"https:\\\/\\\/schema.org\",\"@graph\":[{\"@type\":\"WebPage\",\"@id\":\"https:\\\/\\\/lanaja.sk\\\/cs\\\/obchod\\\/lnena-zastera-v-delce-pasu\\\/\",\"url\":\"https:\\\/\\\/lanaja.sk\\\/cs\\\/obchod\\\/lnena-zastera-v-delce-pasu\\\/\",\"name\":\"Ln\u011bn\u00e1 z\u00e1st\u011bra do pasu &#8226; Lanaja-slovensk\u00e1 udr\u017eiteln\u00e1 zna\u010dka a v\u00fdrobce ln\u011bn\u00e9ho textilu\",\"isPartOf\":{\"@id\":\"https:\\\/\\\/lanaja.sk\\\/cs\\\/#website\"},\"primaryImageOfPage\":{\"@id\":\"https:\\\/\\\/lanaja.sk\\\/cs\\\/obchod\\\/lnena-zastera-v-delce-pasu\\\/#primaryimage\"},\"image\":{\"@id\":\"https:\\\/\\\/lanaja.sk\\\/cs\\\/obchod\\\/lnena-zastera-v-delce-pasu\\\/#primaryimage\"},\"thumbnailUrl\":\"https:\\\/\\\/lanaja.sk\\\/wp-content\\\/uploads\\\/2023\\\/01\\\/KM_RB_F3A9025_websize-e1674657783291-jpg.webp\",\"datePublished\":\"2023-01-25T14:47:30+00:00\",\"dateModified\":\"2025-07-26T15:47:12+00:00\",\"description\":\"Ln\u011bn\u00e1 z\u00e1st\u011bra po p\u00e1s s \u010dist\u00fdmi minimalistick\u00fdmi liniemi a slo\u017een\u00fdmi z\u00e1hyby na p\u0159edn\u00ed stran\u011b je \u0161it\u00e1 v na\u0161\u00ed d\u00edln\u011b z m\u011bk\u010den\u00e9ho p\u0159edpran\u00e9ho pr\u00e1dla\",\"breadcrumb\":{\"@id\":\"https:\\\/\\\/lanaja.sk\\\/cs\\\/obchod\\\/lnena-zastera-v-delce-pasu\\\/#breadcrumb\"},\"inLanguage\":\"cs\",\"potentialAction\":[{\"@type\":\"ReadAction\",\"target\":[\"https:\\\/\\\/lanaja.sk\\\/cs\\\/obchod\\\/lnena-zastera-v-delce-pasu\\\/\"]}]},{\"@type\":\"ImageObject\",\"inLanguage\":\"cs\",\"@id\":\"https:\\\/\\\/lanaja.sk\\\/cs\\\/obchod\\\/lnena-zastera-v-delce-pasu\\\/#primaryimage\",\"url\":\"https:\\\/\\\/lanaja.sk\\\/wp-content\\\/uploads\\\/2023\\\/01\\\/KM_RB_F3A9025_websize-e1674657783291-jpg.webp\",\"contentUrl\":\"https:\\\/\\\/lanaja.sk\\\/wp-content\\\/uploads\\\/2023\\\/01\\\/KM_RB_F3A9025_websize-e1674657783291-jpg.webp\",\"width\":567,\"height\":850,\"caption\":\"\u013eanov\u00e9 v\u00fdrobky\"},{\"@type\":\"BreadcrumbList\",\"@id\":\"https:\\\/\\\/lanaja.sk\\\/cs\\\/obchod\\\/lnena-zastera-v-delce-pasu\\\/#breadcrumb\",\"itemListElement\":[{\"@type\":\"ListItem\",\"position\":1,\"name\":\"Home\",\"item\":\"https:\\\/\\\/lanaja.sk\\\/cs\\\/\"},{\"@type\":\"ListItem\",\"position\":2,\"name\":\"Obchod\",\"item\":\"https:\\\/\\\/lanaja.sk\\\/cs\\\/obchod-cz\\\/\"},{\"@type\":\"ListItem\",\"position\":3,\"name\":\"Ln\u011bn\u00e1 z\u00e1st\u011bra do pasu\"}]},{\"@type\":\"WebSite\",\"@id\":\"https:\\\/\\\/lanaja.sk\\\/cs\\\/#website\",\"url\":\"https:\\\/\\\/lanaja.sk\\\/cs\\\/\",\"name\":\"Lanaja - bytov\u00fd textil z \u013eanu a \u013eanov\u00e9 v\u00fdrobky\",\"description\":\"Jedine\u010dn\u00fd bytov\u00fd textil, ln\u011bn\u00e9 pytl\u00edky, ln\u011bn\u00e9 ubrusy, ln\u011bn\u00e9 lo\u017en\u00ed povle\u010den\u00ed, ln\u011bn\u00e9 ut\u011brky, ln\u011bn\u00e9 prost\u00edr\u00e1n\u00ed vyroben\u00e9 a \u0161it\u00e9 na Slovensku\",\"publisher\":{\"@id\":\"https:\\\/\\\/lanaja.sk\\\/cs\\\/#organization\"},\"alternateName\":\"Lanaja - v\u00fdrobky z \u013eanu, \u013eanov\u00fd bytov\u00fd textil\",\"potentialAction\":[{\"@type\":\"SearchAction\",\"target\":{\"@type\":\"EntryPoint\",\"urlTemplate\":\"https:\\\/\\\/lanaja.sk\\\/cs\\\/?s={search_term_string}\"},\"query-input\":{\"@type\":\"PropertyValueSpecification\",\"valueRequired\":true,\"valueName\":\"search_term_string\"}}],\"inLanguage\":\"cs\"},{\"@type\":\"Organization\",\"@id\":\"https:\\\/\\\/lanaja.sk\\\/cs\\\/#organization\",\"name\":\"Lanaja\",\"alternateName\":\"Al\u017ebeta Andr\u00e1\u0161ikov\u00e1 - Lanaja\",\"url\":\"https:\\\/\\\/lanaja.sk\\\/cs\\\/\",\"logo\":{\"@type\":\"ImageObject\",\"inLanguage\":\"cs\",\"@id\":\"https:\\\/\\\/lanaja.sk\\\/cs\\\/#\\\/schema\\\/logo\\\/image\\\/\",\"url\":\"https:\\\/\\\/lanaja.sk\\\/wp-content\\\/uploads\\\/2024\\\/01\\\/Lanaja.sk-logo.png\",\"contentUrl\":\"https:\\\/\\\/lanaja.sk\\\/wp-content\\\/uploads\\\/2024\\\/01\\\/Lanaja.sk-logo.png\",\"width\":600,\"height\":300,\"caption\":\"Lanaja\"},\"image\":{\"@id\":\"https:\\\/\\\/lanaja.sk\\\/cs\\\/#\\\/schema\\\/logo\\\/image\\\/\"},\"sameAs\":[\"https:\\\/\\\/www.facebook.com\\\/Abreadbag\",\"https:\\\/\\\/www.instagram.com\\\/lanaja_sk\\\/\"]}]}<\/script>\n<!-- \/ Yoast SEO plugin. -->","yoast_head_json":{"title":"Ln\u011bn\u00e1 z\u00e1st\u011bra do pasu &#8226; Lanaja-slovensk\u00e1 udr\u017eiteln\u00e1 zna\u010dka a v\u00fdrobce ln\u011bn\u00e9ho textilu","description":"Ln\u011bn\u00e1 z\u00e1st\u011bra po p\u00e1s s \u010dist\u00fdmi minimalistick\u00fdmi liniemi a slo\u017een\u00fdmi z\u00e1hyby na p\u0159edn\u00ed stran\u011b je \u0161it\u00e1 v na\u0161\u00ed d\u00edln\u011b z m\u011bk\u010den\u00e9ho p\u0159edpran\u00e9ho pr\u00e1dla","robots":{"index":"index","follow":"follow","max-snippet":"max-snippet:-1","max-image-preview":"max-image-preview:large","max-video-preview":"max-video-preview:-1"},"canonical":"https:\/\/lanaja.sk\/cs\/obchod\/lnena-zastera-v-delce-pasu\/","og_locale":"cs_CZ","og_type":"article","og_title":"Ln\u011bn\u00e1 z\u00e1st\u011bra do pasu &#8226; Lanaja-slovensk\u00e1 udr\u017eiteln\u00e1 zna\u010dka a v\u00fdrobce ln\u011bn\u00e9ho textilu","og_description":"Ln\u011bn\u00e1 z\u00e1st\u011bra po p\u00e1s s \u010dist\u00fdmi minimalistick\u00fdmi liniemi a slo\u017een\u00fdmi z\u00e1hyby na p\u0159edn\u00ed stran\u011b je \u0161it\u00e1 v na\u0161\u00ed d\u00edln\u011b z m\u011bk\u010den\u00e9ho p\u0159edpran\u00e9ho pr\u00e1dla","og_url":"https:\/\/lanaja.sk\/cs\/obchod\/lnena-zastera-v-delce-pasu\/","og_site_name":"Lanaja-slovensk\u00e1 udr\u017eiteln\u00e1 zna\u010dka a v\u00fdrobce ln\u011bn\u00e9ho textilu","article_publisher":"https:\/\/www.facebook.com\/Abreadbag","article_modified_time":"2025-07-26T15:47:12+00:00","og_image":[{"width":567,"height":850,"url":"https:\/\/lanaja.sk\/wp-content\/uploads\/2023\/01\/KM_RB_F3A9025_websize-e1674657783291-jpg.webp","type":"image\/jpeg"}],"twitter_card":"summary_large_image","twitter_misc":{"Odhadovan\u00e1 doba \u010dten\u00ed":"2 minuty"},"schema":{"@context":"https:\/\/schema.org","@graph":[{"@type":"WebPage","@id":"https:\/\/lanaja.sk\/cs\/obchod\/lnena-zastera-v-delce-pasu\/","url":"https:\/\/lanaja.sk\/cs\/obchod\/lnena-zastera-v-delce-pasu\/","name":"Ln\u011bn\u00e1 z\u00e1st\u011bra do pasu &#8226; Lanaja-slovensk\u00e1 udr\u017eiteln\u00e1 zna\u010dka a v\u00fdrobce ln\u011bn\u00e9ho textilu","isPartOf":{"@id":"https:\/\/lanaja.sk\/cs\/#website"},"primaryImageOfPage":{"@id":"https:\/\/lanaja.sk\/cs\/obchod\/lnena-zastera-v-delce-pasu\/#primaryimage"},"image":{"@id":"https:\/\/lanaja.sk\/cs\/obchod\/lnena-zastera-v-delce-pasu\/#primaryimage"},"thumbnailUrl":"https:\/\/lanaja.sk\/wp-content\/uploads\/2023\/01\/KM_RB_F3A9025_websize-e1674657783291-jpg.webp","datePublished":"2023-01-25T14:47:30+00:00","dateModified":"2025-07-26T15:47:12+00:00","description":"Ln\u011bn\u00e1 z\u00e1st\u011bra po p\u00e1s s \u010dist\u00fdmi minimalistick\u00fdmi liniemi a slo\u017een\u00fdmi z\u00e1hyby na p\u0159edn\u00ed stran\u011b je \u0161it\u00e1 v na\u0161\u00ed d\u00edln\u011b z m\u011bk\u010den\u00e9ho p\u0159edpran\u00e9ho pr\u00e1dla","breadcrumb":{"@id":"https:\/\/lanaja.sk\/cs\/obchod\/lnena-zastera-v-delce-pasu\/#breadcrumb"},"inLanguage":"cs","potentialAction":[{"@type":"ReadAction","target":["https:\/\/lanaja.sk\/cs\/obchod\/lnena-zastera-v-delce-pasu\/"]}]},{"@type":"ImageObject","inLanguage":"cs","@id":"https:\/\/lanaja.sk\/cs\/obchod\/lnena-zastera-v-delce-pasu\/#primaryimage","url":"https:\/\/lanaja.sk\/wp-content\/uploads\/2023\/01\/KM_RB_F3A9025_websize-e1674657783291-jpg.webp","contentUrl":"https:\/\/lanaja.sk\/wp-content\/uploads\/2023\/01\/KM_RB_F3A9025_websize-e1674657783291-jpg.webp","width":567,"height":850,"caption":"\u013eanov\u00e9 v\u00fdrobky"},{"@type":"BreadcrumbList","@id":"https:\/\/lanaja.sk\/cs\/obchod\/lnena-zastera-v-delce-pasu\/#breadcrumb","itemListElement":[{"@type":"ListItem","position":1,"name":"Home","item":"https:\/\/lanaja.sk\/cs\/"},{"@type":"ListItem","position":2,"name":"Obchod","item":"https:\/\/lanaja.sk\/cs\/obchod-cz\/"},{"@type":"ListItem","position":3,"name":"Ln\u011bn\u00e1 z\u00e1st\u011bra do pasu"}]},{"@type":"WebSite","@id":"https:\/\/lanaja.sk\/cs\/#website","url":"https:\/\/lanaja.sk\/cs\/","name":"Lanaja - bytov\u00fd textil z \u013eanu a \u013eanov\u00e9 v\u00fdrobky","description":"Jedine\u010dn\u00fd bytov\u00fd textil, ln\u011bn\u00e9 pytl\u00edky, ln\u011bn\u00e9 ubrusy, ln\u011bn\u00e9 lo\u017en\u00ed povle\u010den\u00ed, ln\u011bn\u00e9 ut\u011brky, ln\u011bn\u00e9 prost\u00edr\u00e1n\u00ed vyroben\u00e9 a \u0161it\u00e9 na Slovensku","publisher":{"@id":"https:\/\/lanaja.sk\/cs\/#organization"},"alternateName":"Lanaja - v\u00fdrobky z \u013eanu, \u013eanov\u00fd bytov\u00fd textil","potentialAction":[{"@type":"SearchAction","target":{"@type":"EntryPoint","urlTemplate":"https:\/\/lanaja.sk\/cs\/?s={search_term_string}"},"query-input":{"@type":"PropertyValueSpecification","valueRequired":true,"valueName":"search_term_string"}}],"inLanguage":"cs"},{"@type":"Organization","@id":"https:\/\/lanaja.sk\/cs\/#organization","name":"Lanaja","alternateName":"Al\u017ebeta Andr\u00e1\u0161ikov\u00e1 - Lanaja","url":"https:\/\/lanaja.sk\/cs\/","logo":{"@type":"ImageObject","inLanguage":"cs","@id":"https:\/\/lanaja.sk\/cs\/#\/schema\/logo\/image\/","url":"https:\/\/lanaja.sk\/wp-content\/uploads\/2024\/01\/Lanaja.sk-logo.png","contentUrl":"https:\/\/lanaja.sk\/wp-content\/uploads\/2024\/01\/Lanaja.sk-logo.png","width":600,"height":300,"caption":"Lanaja"},"image":{"@id":"https:\/\/lanaja.sk\/cs\/#\/schema\/logo\/image\/"},"sameAs":["https:\/\/www.facebook.com\/Abreadbag","https:\/\/www.instagram.com\/lanaja_sk\/"]}]}},"_links":{"self":[{"href":"https:\/\/lanaja.sk\/cs\/wp-json\/wp\/v2\/product\/13379","targetHints":{"allow":["GET"]}}],"collection":[{"href":"https:\/\/lanaja.sk\/cs\/wp-json\/wp\/v2\/product"}],"about":[{"href":"https:\/\/lanaja.sk\/cs\/wp-json\/wp\/v2\/types\/product"}],"version-history":[{"count":1,"href":"https:\/\/lanaja.sk\/cs\/wp-json\/wp\/v2\/product\/13379\/revisions"}],"predecessor-version":[{"id":16403,"href":"https:\/\/lanaja.sk\/cs\/wp-json\/wp\/v2\/product\/13379\/revisions\/16403"}],"wp:featuredmedia":[{"embeddable":true,"href":"https:\/\/lanaja.sk\/cs\/wp-json\/wp\/v2\/media\/7453"}],"wp:attachment":[{"href":"https:\/\/lanaja.sk\/cs\/wp-json\/wp\/v2\/media?parent=13379"}],"wp:term":[{"taxonomy":"product_brand","embeddable":true,"href":"https:\/\/lanaja.sk\/cs\/wp-json\/wp\/v2\/product_brand?post=13379"},{"taxonomy":"product_cat","embeddable":true,"href":"https:\/\/lanaja.sk\/cs\/wp-json\/wp\/v2\/product_cat?post=13379"},{"taxonomy":"product_tag","embeddable":true,"href":"https:\/\/lanaja.sk\/cs\/wp-json\/wp\/v2\/product_tag?post=13379"}],"curies":[{"name":"wp","href":"https:\/\/api.w.org\/{rel}","templated":true}]}}