{"id":13381,"date":"2024-04-21T15:38:36","date_gmt":"2024-04-21T13:38:36","guid":{"rendered":"https:\/\/lanaja.sk\/obchod\/neza\u0159azen\u00e9\/lnena-zastera-louise\/"},"modified":"2025-07-27T21:21:45","modified_gmt":"2025-07-27T19:21:45","slug":"lnena-zastera-lujza","status":"publish","type":"product","link":"https:\/\/lanaja.sk\/cs\/obchod\/lnena-zastera-lujza\/","title":{"rendered":"Ln\u011bn\u00e1 z\u00e1st\u011bra Lujza"},"content":{"rendered":"<h2 data-sourcepos=\"5:1-5:25\"><strong>Pro\u010d ln\u011bn\u00e1 z\u00e1st\u011bra Lujza?<\/strong><\/h2>\n<h4>Ln\u011bn\u00e1 z\u00e1st\u011bra Lujza je:<\/h4>\n<ul data-sourcepos=\"7:1-13:0\">\n<li data-sourcepos=\"7:1-7:279\"><strong>P\u0159\u00edrodn\u00ed kr\u00e1ska:<\/strong> Zapome\u0148 na nudn\u00e9 z\u00e1st\u011bry! Len m\u00e1 \u00fa\u017easnou texturu a p\u0159irozenou barvu.<\/li>\n<li data-sourcepos=\"8:1-8:203\"><strong>Ln\u011bn\u00e1 z\u00e1st\u011bra Lujza, tvoje Eko kamar\u00e1dka:<\/strong> Len se p\u011bstuje bez chemik\u00e1li\u00ed, nepot\u0159ebuje zavla\u017eov\u00e1n\u00ed a je to p\u0159\u00edrodn\u00ed materi\u00e1l.<\/li>\n<li data-sourcepos=\"9:1-9:181\"><strong>Vysaje v\u0161e:<\/strong> Neboj se skvrn! Voda, mastnota, skvrny&#8230; len si s nimi porad\u00ed raz dva! Nav\u00edc se <strong>snadno \u010dist\u00ed a rychle schne<\/strong>, tak\u017ee se nemus\u00edte starat o nam\u00e1havou \u00fadr\u017ebu.<\/li>\n<li data-sourcepos=\"10:1-10:160\"><strong> Investice, kter\u00e1 se ti n\u011bkolikan\u00e1sobn\u011b vr\u00e1t\u00ed:<\/strong> Len je <strong>pevn\u00fd a odoln\u00fd,<\/strong> tak\u017ee z\u00e1st\u011bra ti bude <strong>slou\u017eit roky<\/strong> a stane se v\u011brn\u00fdm spole\u010dn\u00edkem p\u0159i tv\u00fdch kulin\u00e1\u0159sk\u00fdch dobrodru\u017estv\u00edch.<\/li>\n<li data-sourcepos=\"11:1-11:223\"><strong>Zdrav\u00ed na prvn\u00edm m\u00edst\u011b:<\/strong> Len je <strong>hypoalergenn\u00ed a bojuje proti bakteri\u00edm a pl\u00edsn\u00edm<\/strong>, tak\u017ee je skv\u011bl\u00fd i pro alergiky. Neelektrizuje a chr\u00e1n\u00ed p\u0159ed sluncem, tak\u017ee se v n\u011bm budete c\u00edtit pohodln\u011b i v hork\u00fdch letn\u00edch dnech.<\/li>\n<li data-sourcepos=\"12:1-13:0\"><strong>Na v\u0161e p\u0159ipraven\u00e1:<\/strong> Ln\u011bn\u00e1 z\u00e1st\u011bra Lujza se hod\u00ed <strong>do kuchyn\u011b, na zahradu, na grilova\u010dku&#8230; prost\u011b v\u0161ude!<\/strong> Je to univerz\u00e1ln\u00ed pomocn\u00edk, kter\u00fd ti usnadn\u00ed pr\u00e1ci a z\u00e1rove\u0148 dod\u00e1 \u0161mrnc tv\u00e9mu outfitu.<\/li>\n<\/ul>\n<h4><strong>Tak jako tob\u011b, tak i n\u00e1m z\u00e1le\u017e\u00ed na udr\u017eitelnosti a f\u00e9rovosti.<\/strong><\/h4>\n<p>Z\u00e1st\u011bry \u0161ijeme z <strong>m\u011bkk\u00e9ho p\u0159edepran\u00e9ho lnu<\/strong>, kter\u00fd poch\u00e1z\u00ed z <strong>Evropy<\/strong> a <strong>m\u00e1 certifik\u00e1t<\/strong>. Milujeme v\u00fdzvy a st\u0159\u00edh\u00e1me na\u0161e l\u00e1tky, abychom <strong>minimalizovali odpad<\/strong> a pou\u017eili zbytky <strong>pro omezen\u00e9 kolekce<\/strong>, \u010d\u00edm\u017e d\u00e1v\u00e1me nov\u00fd \u017eivot i zd\u00e1nliv\u011b nepot\u0159ebn\u00fdm materi\u00e1l\u016fm.<\/p>\n<p><strong>Jak spr\u00e1vn\u011b uv\u00e1zat na\u0161e ln\u011bn\u00e9 z\u00e1st\u011bry?<\/strong><\/p>\n<p>Maj\u00ed extra dlouhou v\u00e1za\u010dku, kterou je t\u0159eba vzadu p\u0159ek\u0159\u00ed\u017eit a p\u0159ev\u00e1zat dop\u0159edu. Kdy\u017e n\u00e1m pos\u00edl\u00e1te fotky, v\u0161imli jsme si, \u017ee si je v\u00e1\u017eete vzadu. Ne, nen\u00ed to \u017e\u00e1dn\u00e1 chyba, je to v po\u0159\u00e1dku, ale s jejich d\u00e9lkou 2,7 m se d\u00e1 opravdu \u010darovat. <strong>Jsou ve velikosti UNI<\/strong>, vhodn\u00e9 pro v\u0161echny na\u0161e n\u00e1dhern\u00e9 \u017eensk\u00e9 k\u0159ivky! Nyn\u00ed budeme vypadat fabulous i za spor\u00e1kem! A pokud se n\u00e1m to poda\u0159\u00ed, tak n\u00e1m jednodu\u0161e u\u017e nic neunikne!<\/p>\n<p data-sourcepos=\"22:1-22:14\"><strong>N\u011bkolik tip\u016f:<\/strong><\/p>\n<ul data-sourcepos=\"24:1-29:0\">\n<li data-sourcepos=\"24:1-24:26\">Pereme na 40 stup\u0148\u016f.<\/li>\n<li data-sourcepos=\"25:1-25:71\">Po vypr\u00e1n\u00ed z\u00e1st\u011bru vyklepeme a nech\u00e1me voln\u011b uschnout. \u017dehlen\u00ed nen\u00ed nutn\u00e9.<\/li>\n<li data-sourcepos=\"26:1-26:84\">Len rychle schne a po vypr\u00e1n\u00ed se kr\u00e1sn\u011b ma\u010dk\u00e1, co\u017e <strong>mu dod\u00e1v\u00e1 autentick\u00fd vzhled<\/strong>.<\/li>\n<li data-sourcepos=\"27:1-27:184\"><strong>Kombinujte a hrajte si s barvami a st\u0159ihy!<\/strong><\/li>\n<li data-sourcepos=\"28:1-29:0\"><strong>Nezapome\u0148te na personalizaci!<\/strong> Na\u0161e z\u00e1st\u011bry m\u016f\u017eete tak\u00e9 ozdobit vlastn\u00edm vy\u0161\u00edvan\u00fdm textem a prom\u011bnit je v <strong>origin\u00e1ln\u00ed a jedine\u010dn\u00fd d\u00e1rek<\/strong>. Cena v\u00fd\u0161ivky se odv\u00edj\u00ed od po\u010dtu p\u00edsmen, jejich velikosti a n\u00e1ro\u010dnosti va\u0161eho n\u00e1vrhu. P\u0159ed objedn\u00e1n\u00edm n\u00e1m napi\u0161te nebo n\u00e1s kontaktujte telefonicky, r\u00e1di v\u00e1m porad\u00edme a zodpov\u00edme v\u0161echny va\u0161e dotazy.<\/li>\n<\/ul>\n<p><strong>Barva: <\/strong>pra\u0161n\u00e1 modro\u0161ed\u00e1<\/p>\n<p><strong>Po\u010d\u00edtejte s dodac\u00ed lh\u016ftou 5-15 pracovn\u00edch dn\u016f, pokud nem\u00e1me produkt \u0161it\u00fd skladem, ru\u010dn\u00ed pr\u00e1ce vy\u017eaduje n\u00e1\u0161 \u010das. Ln\u011bn\u00e9 v\u00fdrobky \u0161ijeme v na\u0161\u00ed d\u00edln\u011b dle Va\u0161eho p\u0159\u00e1n\u00ed a na m\u00edru, dle konkr\u00e9tn\u00edho v\u00fdrobku.<\/strong><\/p>\n","protected":false},"excerpt":{"rendered":"<p data-sourcepos=\"5:1-5:267\">U\u017e jste n\u011bkdy dr\u017eeli v ruce ln\u011bnou z\u00e1st\u011bru? Poc\u00edtili jste jemnou texturu a p\u0159irozenou kr\u00e1su ln\u011bn\u00fdch vl\u00e1ken? Len je symbolem tradice, \u0159emesla a \u00facty k p\u0159\u00edrod\u011b a na\u0161e ln\u011bn\u00e9 z\u00e1st\u011bry jsou zt\u011blesn\u011bn\u00edm t\u011bchto hodnot. Jedn\u00e1 <strong>se o praktick\u00e9ho pomocn\u00edka<\/strong>, kter\u00fd v\u00e1m zp\u0159\u00edjemn\u00ed pr\u00e1ci v kuchyni a ochr\u00e1n\u00ed va\u0161e oble\u010den\u00ed p\u0159ed skvrnami.<\/p>\n","protected":false},"featured_media":13056,"template":"","meta":[],"product_brand":[],"product_cat":[429,349],"product_tag":[350],"class_list":{"0":"post-13381","1":"product","2":"type-product","3":"status-publish","4":"has-post-thumbnail","6":"product_cat-kuchyne","7":"product_cat-lnene-zastery","8":"product_tag-lnena-zastera","10":"first","11":"onbackorder","12":"shipping-taxable","13":"purchasable","14":"product-type-simple"},"yoast_head":"<!-- This site is optimized with the Yoast SEO plugin v27.4 - https:\/\/yoast.com\/product\/yoast-seo-wordpress\/ -->\n<title>Ln\u011bn\u00e1 z\u00e1st\u011bra Lujza &#8226; Lanaja-slovensk\u00e1 udr\u017eiteln\u00e1 zna\u010dka a v\u00fdrobce ln\u011bn\u00e9ho textilu<\/title>\n<meta name=\"description\" content=\"Ln\u011bn\u00e1 z\u00e1st\u011bra Lujza je p\u0159\u00edrodn\u00ed kr\u00e1ska. Len m\u00e1 \u00fa\u017easnou texturu a p\u0159irozenou barvu. Stane se v\u011brn\u00fdm spole\u010dn\u00edkem p\u0159i va\u0161ich kulin\u00e1\u0159sk\u00fdch dobrodru\u017estv\u00edch.\" \/>\n<meta name=\"robots\" content=\"index, follow, max-snippet:-1, max-image-preview:large, max-video-preview:-1\" \/>\n<link rel=\"canonical\" href=\"https:\/\/lanaja.sk\/cs\/obchod\/lnena-zastera-lujza\/\" \/>\n<meta property=\"og:locale\" content=\"cs_CZ\" \/>\n<meta property=\"og:type\" content=\"article\" \/>\n<meta property=\"og:title\" content=\"Ln\u011bn\u00e1 z\u00e1st\u011bra Lujza &#8226; Lanaja-slovensk\u00e1 udr\u017eiteln\u00e1 zna\u010dka a v\u00fdrobce ln\u011bn\u00e9ho textilu\" \/>\n<meta property=\"og:description\" content=\"Ln\u011bn\u00e1 z\u00e1st\u011bra Lujza je p\u0159\u00edrodn\u00ed kr\u00e1ska. Len m\u00e1 \u00fa\u017easnou texturu a p\u0159irozenou barvu. Stane se v\u011brn\u00fdm spole\u010dn\u00edkem p\u0159i va\u0161ich kulin\u00e1\u0159sk\u00fdch dobrodru\u017estv\u00edch.\" \/>\n<meta property=\"og:url\" content=\"https:\/\/lanaja.sk\/cs\/obchod\/lnena-zastera-lujza\/\" \/>\n<meta property=\"og:site_name\" content=\"Lanaja-slovensk\u00e1 udr\u017eiteln\u00e1 zna\u010dka a v\u00fdrobce ln\u011bn\u00e9ho textilu\" \/>\n<meta property=\"article:publisher\" content=\"https:\/\/www.facebook.com\/Abreadbag\" \/>\n<meta property=\"article:modified_time\" content=\"2025-07-27T19:21:45+00:00\" \/>\n<meta property=\"og:image\" content=\"https:\/\/lanaja.sk\/wp-content\/uploads\/2024\/04\/lanova-zastera3-scaled.jpg\" \/>\n\t<meta property=\"og:image:width\" content=\"2332\" \/>\n\t<meta property=\"og:image:height\" content=\"2560\" \/>\n\t<meta property=\"og:image:type\" content=\"image\/jpeg\" \/>\n<meta name=\"twitter:card\" content=\"summary_large_image\" \/>\n<meta name=\"twitter:label1\" content=\"Odhadovan\u00e1 doba \u010dten\u00ed\" \/>\n\t<meta name=\"twitter:data1\" content=\"3 minuty\" \/>\n<script type=\"application\/ld+json\" class=\"yoast-schema-graph\">{\"@context\":\"https:\\\/\\\/schema.org\",\"@graph\":[{\"@type\":\"WebPage\",\"@id\":\"https:\\\/\\\/lanaja.sk\\\/cs\\\/obchod\\\/lnena-zastera-lujza\\\/\",\"url\":\"https:\\\/\\\/lanaja.sk\\\/cs\\\/obchod\\\/lnena-zastera-lujza\\\/\",\"name\":\"Ln\u011bn\u00e1 z\u00e1st\u011bra Lujza &#8226; Lanaja-slovensk\u00e1 udr\u017eiteln\u00e1 zna\u010dka a v\u00fdrobce ln\u011bn\u00e9ho textilu\",\"isPartOf\":{\"@id\":\"https:\\\/\\\/lanaja.sk\\\/cs\\\/#website\"},\"primaryImageOfPage\":{\"@id\":\"https:\\\/\\\/lanaja.sk\\\/cs\\\/obchod\\\/lnena-zastera-lujza\\\/#primaryimage\"},\"image\":{\"@id\":\"https:\\\/\\\/lanaja.sk\\\/cs\\\/obchod\\\/lnena-zastera-lujza\\\/#primaryimage\"},\"thumbnailUrl\":\"https:\\\/\\\/lanaja.sk\\\/wp-content\\\/uploads\\\/2024\\\/04\\\/lanova-zastera3-scaled.jpg\",\"datePublished\":\"2024-04-21T13:38:36+00:00\",\"dateModified\":\"2025-07-27T19:21:45+00:00\",\"description\":\"Ln\u011bn\u00e1 z\u00e1st\u011bra Lujza je p\u0159\u00edrodn\u00ed kr\u00e1ska. Len m\u00e1 \u00fa\u017easnou texturu a p\u0159irozenou barvu. Stane se v\u011brn\u00fdm spole\u010dn\u00edkem p\u0159i va\u0161ich kulin\u00e1\u0159sk\u00fdch dobrodru\u017estv\u00edch.\",\"breadcrumb\":{\"@id\":\"https:\\\/\\\/lanaja.sk\\\/cs\\\/obchod\\\/lnena-zastera-lujza\\\/#breadcrumb\"},\"inLanguage\":\"cs\",\"potentialAction\":[{\"@type\":\"ReadAction\",\"target\":[\"https:\\\/\\\/lanaja.sk\\\/cs\\\/obchod\\\/lnena-zastera-lujza\\\/\"]}]},{\"@type\":\"ImageObject\",\"inLanguage\":\"cs\",\"@id\":\"https:\\\/\\\/lanaja.sk\\\/cs\\\/obchod\\\/lnena-zastera-lujza\\\/#primaryimage\",\"url\":\"https:\\\/\\\/lanaja.sk\\\/wp-content\\\/uploads\\\/2024\\\/04\\\/lanova-zastera3-scaled.jpg\",\"contentUrl\":\"https:\\\/\\\/lanaja.sk\\\/wp-content\\\/uploads\\\/2024\\\/04\\\/lanova-zastera3-scaled.jpg\",\"width\":2332,\"height\":2560,\"caption\":\"Kuchy\u0148sk\u00e1 z\u00e1st\u011bra v modr\u00e9 barv\u011b\"},{\"@type\":\"BreadcrumbList\",\"@id\":\"https:\\\/\\\/lanaja.sk\\\/cs\\\/obchod\\\/lnena-zastera-lujza\\\/#breadcrumb\",\"itemListElement\":[{\"@type\":\"ListItem\",\"position\":1,\"name\":\"Home\",\"item\":\"https:\\\/\\\/lanaja.sk\\\/cs\\\/\"},{\"@type\":\"ListItem\",\"position\":2,\"name\":\"Obchod\",\"item\":\"https:\\\/\\\/lanaja.sk\\\/cs\\\/obchod-cz\\\/\"},{\"@type\":\"ListItem\",\"position\":3,\"name\":\"Ln\u011bn\u00e1 z\u00e1st\u011bra Lujza\"}]},{\"@type\":\"WebSite\",\"@id\":\"https:\\\/\\\/lanaja.sk\\\/cs\\\/#website\",\"url\":\"https:\\\/\\\/lanaja.sk\\\/cs\\\/\",\"name\":\"Lanaja - bytov\u00fd textil z \u013eanu a \u013eanov\u00e9 v\u00fdrobky\",\"description\":\"Jedine\u010dn\u00fd bytov\u00fd textil, ln\u011bn\u00e9 pytl\u00edky, ln\u011bn\u00e9 ubrusy, ln\u011bn\u00e9 lo\u017en\u00ed povle\u010den\u00ed, ln\u011bn\u00e9 ut\u011brky, ln\u011bn\u00e9 prost\u00edr\u00e1n\u00ed vyroben\u00e9 a \u0161it\u00e9 na Slovensku\",\"publisher\":{\"@id\":\"https:\\\/\\\/lanaja.sk\\\/cs\\\/#organization\"},\"alternateName\":\"Lanaja - v\u00fdrobky z \u013eanu, \u013eanov\u00fd bytov\u00fd textil\",\"potentialAction\":[{\"@type\":\"SearchAction\",\"target\":{\"@type\":\"EntryPoint\",\"urlTemplate\":\"https:\\\/\\\/lanaja.sk\\\/cs\\\/?s={search_term_string}\"},\"query-input\":{\"@type\":\"PropertyValueSpecification\",\"valueRequired\":true,\"valueName\":\"search_term_string\"}}],\"inLanguage\":\"cs\"},{\"@type\":\"Organization\",\"@id\":\"https:\\\/\\\/lanaja.sk\\\/cs\\\/#organization\",\"name\":\"Lanaja\",\"alternateName\":\"Al\u017ebeta Andr\u00e1\u0161ikov\u00e1 - Lanaja\",\"url\":\"https:\\\/\\\/lanaja.sk\\\/cs\\\/\",\"logo\":{\"@type\":\"ImageObject\",\"inLanguage\":\"cs\",\"@id\":\"https:\\\/\\\/lanaja.sk\\\/cs\\\/#\\\/schema\\\/logo\\\/image\\\/\",\"url\":\"https:\\\/\\\/lanaja.sk\\\/wp-content\\\/uploads\\\/2024\\\/01\\\/Lanaja.sk-logo.png\",\"contentUrl\":\"https:\\\/\\\/lanaja.sk\\\/wp-content\\\/uploads\\\/2024\\\/01\\\/Lanaja.sk-logo.png\",\"width\":600,\"height\":300,\"caption\":\"Lanaja\"},\"image\":{\"@id\":\"https:\\\/\\\/lanaja.sk\\\/cs\\\/#\\\/schema\\\/logo\\\/image\\\/\"},\"sameAs\":[\"https:\\\/\\\/www.facebook.com\\\/Abreadbag\",\"https:\\\/\\\/www.instagram.com\\\/lanaja_sk\\\/\"]}]}<\/script>\n<!-- \/ Yoast SEO plugin. -->","yoast_head_json":{"title":"Ln\u011bn\u00e1 z\u00e1st\u011bra Lujza &#8226; Lanaja-slovensk\u00e1 udr\u017eiteln\u00e1 zna\u010dka a v\u00fdrobce ln\u011bn\u00e9ho textilu","description":"Ln\u011bn\u00e1 z\u00e1st\u011bra Lujza je p\u0159\u00edrodn\u00ed kr\u00e1ska. Len m\u00e1 \u00fa\u017easnou texturu a p\u0159irozenou barvu. Stane se v\u011brn\u00fdm spole\u010dn\u00edkem p\u0159i va\u0161ich kulin\u00e1\u0159sk\u00fdch dobrodru\u017estv\u00edch.","robots":{"index":"index","follow":"follow","max-snippet":"max-snippet:-1","max-image-preview":"max-image-preview:large","max-video-preview":"max-video-preview:-1"},"canonical":"https:\/\/lanaja.sk\/cs\/obchod\/lnena-zastera-lujza\/","og_locale":"cs_CZ","og_type":"article","og_title":"Ln\u011bn\u00e1 z\u00e1st\u011bra Lujza &#8226; Lanaja-slovensk\u00e1 udr\u017eiteln\u00e1 zna\u010dka a v\u00fdrobce ln\u011bn\u00e9ho textilu","og_description":"Ln\u011bn\u00e1 z\u00e1st\u011bra Lujza je p\u0159\u00edrodn\u00ed kr\u00e1ska. Len m\u00e1 \u00fa\u017easnou texturu a p\u0159irozenou barvu. Stane se v\u011brn\u00fdm spole\u010dn\u00edkem p\u0159i va\u0161ich kulin\u00e1\u0159sk\u00fdch dobrodru\u017estv\u00edch.","og_url":"https:\/\/lanaja.sk\/cs\/obchod\/lnena-zastera-lujza\/","og_site_name":"Lanaja-slovensk\u00e1 udr\u017eiteln\u00e1 zna\u010dka a v\u00fdrobce ln\u011bn\u00e9ho textilu","article_publisher":"https:\/\/www.facebook.com\/Abreadbag","article_modified_time":"2025-07-27T19:21:45+00:00","og_image":[{"width":2332,"height":2560,"url":"https:\/\/lanaja.sk\/wp-content\/uploads\/2024\/04\/lanova-zastera3-scaled.jpg","type":"image\/jpeg"}],"twitter_card":"summary_large_image","twitter_misc":{"Odhadovan\u00e1 doba \u010dten\u00ed":"3 minuty"},"schema":{"@context":"https:\/\/schema.org","@graph":[{"@type":"WebPage","@id":"https:\/\/lanaja.sk\/cs\/obchod\/lnena-zastera-lujza\/","url":"https:\/\/lanaja.sk\/cs\/obchod\/lnena-zastera-lujza\/","name":"Ln\u011bn\u00e1 z\u00e1st\u011bra Lujza &#8226; Lanaja-slovensk\u00e1 udr\u017eiteln\u00e1 zna\u010dka a v\u00fdrobce ln\u011bn\u00e9ho textilu","isPartOf":{"@id":"https:\/\/lanaja.sk\/cs\/#website"},"primaryImageOfPage":{"@id":"https:\/\/lanaja.sk\/cs\/obchod\/lnena-zastera-lujza\/#primaryimage"},"image":{"@id":"https:\/\/lanaja.sk\/cs\/obchod\/lnena-zastera-lujza\/#primaryimage"},"thumbnailUrl":"https:\/\/lanaja.sk\/wp-content\/uploads\/2024\/04\/lanova-zastera3-scaled.jpg","datePublished":"2024-04-21T13:38:36+00:00","dateModified":"2025-07-27T19:21:45+00:00","description":"Ln\u011bn\u00e1 z\u00e1st\u011bra Lujza je p\u0159\u00edrodn\u00ed kr\u00e1ska. Len m\u00e1 \u00fa\u017easnou texturu a p\u0159irozenou barvu. Stane se v\u011brn\u00fdm spole\u010dn\u00edkem p\u0159i va\u0161ich kulin\u00e1\u0159sk\u00fdch dobrodru\u017estv\u00edch.","breadcrumb":{"@id":"https:\/\/lanaja.sk\/cs\/obchod\/lnena-zastera-lujza\/#breadcrumb"},"inLanguage":"cs","potentialAction":[{"@type":"ReadAction","target":["https:\/\/lanaja.sk\/cs\/obchod\/lnena-zastera-lujza\/"]}]},{"@type":"ImageObject","inLanguage":"cs","@id":"https:\/\/lanaja.sk\/cs\/obchod\/lnena-zastera-lujza\/#primaryimage","url":"https:\/\/lanaja.sk\/wp-content\/uploads\/2024\/04\/lanova-zastera3-scaled.jpg","contentUrl":"https:\/\/lanaja.sk\/wp-content\/uploads\/2024\/04\/lanova-zastera3-scaled.jpg","width":2332,"height":2560,"caption":"Kuchy\u0148sk\u00e1 z\u00e1st\u011bra v modr\u00e9 barv\u011b"},{"@type":"BreadcrumbList","@id":"https:\/\/lanaja.sk\/cs\/obchod\/lnena-zastera-lujza\/#breadcrumb","itemListElement":[{"@type":"ListItem","position":1,"name":"Home","item":"https:\/\/lanaja.sk\/cs\/"},{"@type":"ListItem","position":2,"name":"Obchod","item":"https:\/\/lanaja.sk\/cs\/obchod-cz\/"},{"@type":"ListItem","position":3,"name":"Ln\u011bn\u00e1 z\u00e1st\u011bra Lujza"}]},{"@type":"WebSite","@id":"https:\/\/lanaja.sk\/cs\/#website","url":"https:\/\/lanaja.sk\/cs\/","name":"Lanaja - bytov\u00fd textil z \u013eanu a \u013eanov\u00e9 v\u00fdrobky","description":"Jedine\u010dn\u00fd bytov\u00fd textil, ln\u011bn\u00e9 pytl\u00edky, ln\u011bn\u00e9 ubrusy, ln\u011bn\u00e9 lo\u017en\u00ed povle\u010den\u00ed, ln\u011bn\u00e9 ut\u011brky, ln\u011bn\u00e9 prost\u00edr\u00e1n\u00ed vyroben\u00e9 a \u0161it\u00e9 na Slovensku","publisher":{"@id":"https:\/\/lanaja.sk\/cs\/#organization"},"alternateName":"Lanaja - v\u00fdrobky z \u013eanu, \u013eanov\u00fd bytov\u00fd textil","potentialAction":[{"@type":"SearchAction","target":{"@type":"EntryPoint","urlTemplate":"https:\/\/lanaja.sk\/cs\/?s={search_term_string}"},"query-input":{"@type":"PropertyValueSpecification","valueRequired":true,"valueName":"search_term_string"}}],"inLanguage":"cs"},{"@type":"Organization","@id":"https:\/\/lanaja.sk\/cs\/#organization","name":"Lanaja","alternateName":"Al\u017ebeta Andr\u00e1\u0161ikov\u00e1 - Lanaja","url":"https:\/\/lanaja.sk\/cs\/","logo":{"@type":"ImageObject","inLanguage":"cs","@id":"https:\/\/lanaja.sk\/cs\/#\/schema\/logo\/image\/","url":"https:\/\/lanaja.sk\/wp-content\/uploads\/2024\/01\/Lanaja.sk-logo.png","contentUrl":"https:\/\/lanaja.sk\/wp-content\/uploads\/2024\/01\/Lanaja.sk-logo.png","width":600,"height":300,"caption":"Lanaja"},"image":{"@id":"https:\/\/lanaja.sk\/cs\/#\/schema\/logo\/image\/"},"sameAs":["https:\/\/www.facebook.com\/Abreadbag","https:\/\/www.instagram.com\/lanaja_sk\/"]}]}},"_links":{"self":[{"href":"https:\/\/lanaja.sk\/cs\/wp-json\/wp\/v2\/product\/13381","targetHints":{"allow":["GET"]}}],"collection":[{"href":"https:\/\/lanaja.sk\/cs\/wp-json\/wp\/v2\/product"}],"about":[{"href":"https:\/\/lanaja.sk\/cs\/wp-json\/wp\/v2\/types\/product"}],"version-history":[{"count":1,"href":"https:\/\/lanaja.sk\/cs\/wp-json\/wp\/v2\/product\/13381\/revisions"}],"predecessor-version":[{"id":16405,"href":"https:\/\/lanaja.sk\/cs\/wp-json\/wp\/v2\/product\/13381\/revisions\/16405"}],"wp:featuredmedia":[{"embeddable":true,"href":"https:\/\/lanaja.sk\/cs\/wp-json\/wp\/v2\/media\/13056"}],"wp:attachment":[{"href":"https:\/\/lanaja.sk\/cs\/wp-json\/wp\/v2\/media?parent=13381"}],"wp:term":[{"taxonomy":"product_brand","embeddable":true,"href":"https:\/\/lanaja.sk\/cs\/wp-json\/wp\/v2\/product_brand?post=13381"},{"taxonomy":"product_cat","embeddable":true,"href":"https:\/\/lanaja.sk\/cs\/wp-json\/wp\/v2\/product_cat?post=13381"},{"taxonomy":"product_tag","embeddable":true,"href":"https:\/\/lanaja.sk\/cs\/wp-json\/wp\/v2\/product_tag?post=13381"}],"curies":[{"name":"wp","href":"https:\/\/api.w.org\/{rel}","templated":true}]}}