{"id":13382,"date":"2024-05-07T17:17:42","date_gmt":"2024-05-07T15:17:42","guid":{"rendered":"https:\/\/lanaja.sk\/obchod\/neza\u0159azen\u00e9\/top-z-prirodniho-lneneho-raminka\/"},"modified":"2024-05-07T17:17:42","modified_gmt":"2024-05-07T15:17:42","slug":"top-z-prirodniho-lneneho-raminka","status":"publish","type":"product","link":"https:\/\/lanaja.sk\/cs\/obchod\/top-z-prirodniho-lneneho-raminka\/","title":{"rendered":"Top z p\u0159\u00edrodn\u00edho ln\u011bn\u00e9ho ram\u00ednka"},"content":{"rendered":"<h2>Top z p\u0159\u00edrodn\u00edho ln\u011bn\u00e9ho ram\u00ednka<\/h2>\n<p><strong>Kolekce &#8222;LINEN STORIES&#8220; je na\u0161\u00edm mal\u00fdm p\u0159\u00edsp\u011bvkem k udr\u017eiteln\u00e9 m\u00f3d\u011b.<\/strong>  Ka\u017ed\u00fd kus v t\u00e9to kolekci je u\u0161it\u00fd z jedine\u010dn\u00e9ho kusu ln\u011bn\u00e9 l\u00e1tky, kter\u00fd zbyl po st\u0159\u00edh\u00e1n\u00edch. Top z p\u0159\u00edrodn\u00edho lnu je navr\u017een tak, aby lichotil r\u016fzn\u00fdm typ\u016fm postavy a pohodln\u011b se nosil po cel\u00fd den. D\u00e9lku popruh\u016f lze upravit zavazov\u00e1n\u00edm na ramenou. Len je p\u0159irozen\u011b prody\u0161n\u00fd a chladiv\u00fd materi\u00e1l, tak\u017ee se v nich budete c\u00edtit pohodln\u011b i v hork\u00fdch letn\u00edch dnech. Ln\u011bn\u00e1 l\u00e1tka, ze kter\u00e9 jsme u\u0161ili svr\u0161ek, je ji\u017e p\u0159edepran\u00e1 a vysr\u00e1\u017een\u00e1, vr\u0161ek se ji\u017e nesraz\u00ed ani po n\u011bkolika vypr\u00e1n\u00edch.<\/p>\n<p><strong>Upcyklovan\u00fd ln\u011bn\u00fd top nen\u00ed jen m\u00f3dn\u00edm dopl\u0148kem, ale tak\u00e9 vyj\u00e1d\u0159en\u00edm va\u0161eho postoje k \u017eivotn\u00edmu prost\u0159ed\u00ed.<\/strong>  Noste ji s hrdost\u00ed a uka\u017ete sv\u011btu, \u017ee v\u00e1m z\u00e1le\u017e\u00ed na na\u0161\u00ed planet\u011b a \u0161i\u0159te poselstv\u00ed udr\u017eitelnosti.<\/p>\n<p><strong>Kolekce &#8222;LN\u011aN\u00c9 P\u0158\u00cdB\u011aHY&#8220; nen\u00ed jen o m\u00f3d\u011b samotn\u00e9, ale tak\u00e9 o p\u0159\u00edb\u011bhu.<\/strong>  Ka\u017ed\u00fd kus oble\u010den\u00ed je u\u0161it s l\u00e1skou a p\u00e9\u010d\u00ed z materi\u00e1l\u016f, kter\u00e9 by jinak skon\u010dily v odpadu. M\u016f\u017eete si b\u00fdt jisti, \u017ee vlastn\u00edte origin\u00e1ln\u00ed a neopakovateln\u00fd kousek. Na\u0161e kolekce je \u0161it\u00e1 z men\u0161\u00edch kousk\u016f ln\u011bn\u00e9 l\u00e1tky, kter\u00e9 by se jinak vyhodily, \u010d\u00edm\u017e minimalizujeme odpad a maximalizujeme vyu\u017eit\u00ed dostupn\u00fdch zdroj\u016f. Upcyklovan\u00e9 oble\u010den\u00ed nemus\u00ed d\u011blat kompromisy ve stylu a pohodl\u00ed. Na\u0161e topy jsou navr\u017eeny tak, aby byly nad\u010dasov\u00e9, minimalistick\u00e9, tak\u017ee je budete moci nosit roky. Je to skv\u011bl\u00fd zp\u016fsob, jak vyj\u00e1d\u0159it sv\u00e9 ekologick\u00e9 uv\u011bdom\u011bn\u00ed.<\/p>\n<div class=\"response-container-content ng-tns-c1734557247-459\">\n<div class=\"response-content ng-tns-c1734557247-459\">\n<div class=\"markdown markdown-main-panel\" dir=\"ltr\">\n<h4 data-sourcepos=\"11:1-11:49\">Upcyklace textili\u00ed m\u00e1 tak\u00e9 mnoho dal\u0161\u00edch v\u00fdhod:<\/h4>\n<ul data-sourcepos=\"13:1-17:0\">\n<li data-sourcepos=\"13:1-13:142\"><strong>Sni\u017euje dopad na \u017eivotn\u00ed prost\u0159ed\u00ed:<\/strong> sni\u017euje pot\u0159ebu v\u00fdroby nov\u00fdch textiln\u00edch materi\u00e1l\u016f, \u0161et\u0159\u00ed zejm\u00e9na vodu a energii.<\/li>\n<li data-sourcepos=\"14:1-14:142\"><strong>Sni\u017euje mno\u017estv\u00ed odpadu:<\/strong> Upcyklace textili\u00ed d\u00e1v\u00e1 nov\u00fd \u017eivot zbytkov\u00fdm a star\u00fdm materi\u00e1l\u016fm a sni\u017euje tak mno\u017estv\u00ed odpadu, kter\u00fd kon\u010d\u00ed na skl\u00e1dk\u00e1ch.<\/li>\n<li data-sourcepos=\"15:1-15:119\"><strong>Podporuje udr\u017eitelnost:<\/strong> Je to jeden ze zp\u016fsob\u016f, jak podpo\u0159it udr\u017eitelnost v m\u00f3dn\u00edm pr\u016fmyslu.<\/li>\n<li data-sourcepos=\"16:1-17:0\"><strong>Je to tv\u016fr\u010d\u00ed proces:<\/strong> Upcyklace textili\u00ed je kreativn\u00ed proces, kter\u00fd umo\u017e\u0148uje n\u00e1vrh\u00e1\u0159\u016fm a v\u00fdrobc\u016fm vytv\u00e1\u0159et jedine\u010dn\u00e9 a origin\u00e1ln\u00ed kousky oble\u010den\u00ed.<\/li>\n<\/ul>\n<\/div>\n<\/div>\n<\/div>\n<p><strong>Top z p\u0159\u00edrodn\u00edho lnu<\/strong> je u\u0161it\u00fd ve velikosti S\/M. A\u0165 u\u017e ji budete nosit ke kalhot\u00e1m, sukni, kra\u0165as\u016fm, bude va\u0161\u00edm v\u011brn\u00fdm spole\u010dn\u00edkem i v hork\u00fdch letn\u00edch dnech. Ram\u00ednka maj\u00ed \u0161\u00ed\u0159ku cca 3 cm a zavazuj\u00ed se na ma\u0161le, tak\u017ee si m\u016f\u017eete upravit jejich d\u00e9lku tak, aby v\u00e1m top p\u011bkn\u011b sed\u011bl a mohli jste ho nosit s l\u00e1skou.<\/p>\n<p><strong>ROZM\u011aRY: <\/strong>d\u00e9lka p\u0159edn\u00edho d\u00edlu m\u011b\u0159en\u00e1 st\u0159edem 47,5 cm, \u0161\u00ed\u0159ka p\u0159es prsa 46 x 2 cm, d\u00e9lka zad m\u011b\u0159en\u00e1 st\u0159edem 40 cm. Prohl\u00e9dn\u011bte si cel\u00e9 <a href=\"https:\/\/lanaja.sk\/kategoria-produktu\/upcyklovana-kolekcia\/\">na\u0161e limitovan\u00e9 upcyklovan\u00e9 kolo &#8222;LN\u011aN\u00c9 P\u0158\u00cdB\u011aHY&#8220; <\/a> <\/p>\n<p>&nbsp;<\/p>\n","protected":false},"excerpt":{"rendered":"<p>V na\u0161\u00ed mal\u00e9 rodinn\u00e9 d\u00edln\u011b se sna\u017e\u00edme, aby ka\u017ed\u00fd kousek, kter\u00fd u\u0161ijeme, byl nejen kr\u00e1sn\u00fd a praktick\u00fd, ale tak\u00e9 zt\u011bles\u0148oval na\u0161e p\u0159esv\u011bd\u010den\u00ed o udr\u017eitelnosti a odpov\u011bdn\u00e9m p\u0159\u00edstupu k m\u00f3d\u011b. Upcyklace je pro n\u00e1s p\u0159irozenou sou\u010d\u00e1st\u00ed tv\u016fr\u010d\u00edho procesu a zbytky l\u00e1tek se st\u00e1vaj\u00ed poklady. Ka\u017ed\u00fd den v na\u0161\u00ed d\u00edln\u011b vznikaj\u00ed p\u0159i st\u0159\u00edh\u00e1n\u00ed a \u0161it\u00ed ln\u011bn\u00fdch v\u00fdrobk\u016f odst\u0159i\u017eky l\u00e1tek. Sna\u017e\u00edme se minimalizovat odpad a \u0161et\u0159it tyto kusy materi\u00e1lu, jinak by skon\u010dily na skl\u00e1dce. D\u00e1v\u00e1me jim nov\u00fd \u017eivot t\u00edm, \u017ee je p\u0159em\u011b\u0148ujeme na kr\u00e1sn\u00e9 a funk\u010dn\u00ed produkty. Ka\u017ed\u00e1 kombinace l\u00e1tek je jedine\u010dn\u00e1 a vytv\u00e1\u0159\u00ed origin\u00e1ln\u00ed design, kter\u00fd nenajdete v \u017e\u00e1dn\u00e9m obchod\u011b.<\/p>\n","protected":false},"featured_media":10311,"template":"","meta":[],"product_brand":[],"product_cat":[421],"product_tag":[427,425],"class_list":{"0":"post-13382","1":"product","2":"type-product","3":"status-publish","4":"has-post-thumbnail","6":"product_cat-upcyklovana-kolekce","7":"product_tag-lneny-top","8":"product_tag-upcyklovana-kolekce","10":"first","11":"onbackorder","12":"shipping-taxable","13":"purchasable","14":"product-type-simple"},"yoast_head":"<!-- This site is optimized with the Yoast SEO plugin v27.4 - https:\/\/yoast.com\/product\/yoast-seo-wordpress\/ -->\n<title>Top z p\u0159\u00edrodn\u00edho ln\u011bn\u00e9ho ram\u00ednka &#8226; Lanaja-slovensk\u00e1 udr\u017eiteln\u00e1 zna\u010dka a v\u00fdrobce ln\u011bn\u00e9ho textilu<\/title>\n<meta name=\"description\" content=\"Top z p\u0159\u00edrodn\u00edho lnu je navr\u017een tak, aby lichotil r\u016fzn\u00fdm typ\u016fm postavy a pohodln\u011b se nosil po cel\u00fd den. D\u00e9lku popruh\u016f lze nastavit v\u00e1z\u00e1n\u00edm.\" \/>\n<meta name=\"robots\" content=\"index, follow, max-snippet:-1, max-image-preview:large, max-video-preview:-1\" \/>\n<link rel=\"canonical\" href=\"https:\/\/lanaja.sk\/cs\/obchod\/top-z-prirodniho-lneneho-raminka\/\" \/>\n<meta property=\"og:locale\" content=\"cs_CZ\" \/>\n<meta property=\"og:type\" content=\"article\" \/>\n<meta property=\"og:title\" content=\"Top z p\u0159\u00edrodn\u00edho ln\u011bn\u00e9ho ram\u00ednka &#8226; Lanaja-slovensk\u00e1 udr\u017eiteln\u00e1 zna\u010dka a v\u00fdrobce ln\u011bn\u00e9ho textilu\" \/>\n<meta property=\"og:description\" content=\"Top z p\u0159\u00edrodn\u00edho lnu je navr\u017een tak, aby lichotil r\u016fzn\u00fdm typ\u016fm postavy a pohodln\u011b se nosil po cel\u00fd den. D\u00e9lku popruh\u016f lze nastavit v\u00e1z\u00e1n\u00edm.\" \/>\n<meta property=\"og:url\" content=\"https:\/\/lanaja.sk\/cs\/obchod\/top-z-prirodniho-lneneho-raminka\/\" \/>\n<meta property=\"og:site_name\" content=\"Lanaja-slovensk\u00e1 udr\u017eiteln\u00e1 zna\u010dka a v\u00fdrobce ln\u011bn\u00e9ho textilu\" \/>\n<meta property=\"article:publisher\" content=\"https:\/\/www.facebook.com\/Abreadbag\" \/>\n<meta property=\"og:image\" content=\"https:\/\/lanaja.sk\/wp-content\/uploads\/2024\/02\/lanaja-dielna3-scaled.webp\" \/>\n\t<meta property=\"og:image:width\" content=\"1440\" \/>\n\t<meta property=\"og:image:height\" content=\"2560\" \/>\n\t<meta property=\"og:image:type\" content=\"image\/jpeg\" \/>\n<meta name=\"twitter:card\" content=\"summary_large_image\" \/>\n<meta name=\"twitter:label1\" content=\"Odhadovan\u00e1 doba \u010dten\u00ed\" \/>\n\t<meta name=\"twitter:data1\" content=\"3 minuty\" \/>\n<script type=\"application\/ld+json\" class=\"yoast-schema-graph\">{\"@context\":\"https:\\\/\\\/schema.org\",\"@graph\":[{\"@type\":\"WebPage\",\"@id\":\"https:\\\/\\\/lanaja.sk\\\/cs\\\/obchod\\\/top-z-prirodniho-lneneho-raminka\\\/\",\"url\":\"https:\\\/\\\/lanaja.sk\\\/cs\\\/obchod\\\/top-z-prirodniho-lneneho-raminka\\\/\",\"name\":\"Top z p\u0159\u00edrodn\u00edho ln\u011bn\u00e9ho ram\u00ednka &#8226; Lanaja-slovensk\u00e1 udr\u017eiteln\u00e1 zna\u010dka a v\u00fdrobce ln\u011bn\u00e9ho textilu\",\"isPartOf\":{\"@id\":\"https:\\\/\\\/lanaja.sk\\\/cs\\\/#website\"},\"primaryImageOfPage\":{\"@id\":\"https:\\\/\\\/lanaja.sk\\\/cs\\\/obchod\\\/top-z-prirodniho-lneneho-raminka\\\/#primaryimage\"},\"image\":{\"@id\":\"https:\\\/\\\/lanaja.sk\\\/cs\\\/obchod\\\/top-z-prirodniho-lneneho-raminka\\\/#primaryimage\"},\"thumbnailUrl\":\"https:\\\/\\\/lanaja.sk\\\/wp-content\\\/uploads\\\/2024\\\/02\\\/lanaja-dielna3-scaled.webp\",\"datePublished\":\"2024-05-07T15:17:42+00:00\",\"description\":\"Top z p\u0159\u00edrodn\u00edho lnu je navr\u017een tak, aby lichotil r\u016fzn\u00fdm typ\u016fm postavy a pohodln\u011b se nosil po cel\u00fd den. D\u00e9lku popruh\u016f lze nastavit v\u00e1z\u00e1n\u00edm.\",\"breadcrumb\":{\"@id\":\"https:\\\/\\\/lanaja.sk\\\/cs\\\/obchod\\\/top-z-prirodniho-lneneho-raminka\\\/#breadcrumb\"},\"inLanguage\":\"cs\",\"potentialAction\":[{\"@type\":\"ReadAction\",\"target\":[\"https:\\\/\\\/lanaja.sk\\\/cs\\\/obchod\\\/top-z-prirodniho-lneneho-raminka\\\/\"]}]},{\"@type\":\"ImageObject\",\"inLanguage\":\"cs\",\"@id\":\"https:\\\/\\\/lanaja.sk\\\/cs\\\/obchod\\\/top-z-prirodniho-lneneho-raminka\\\/#primaryimage\",\"url\":\"https:\\\/\\\/lanaja.sk\\\/wp-content\\\/uploads\\\/2024\\\/02\\\/lanaja-dielna3-scaled.webp\",\"contentUrl\":\"https:\\\/\\\/lanaja.sk\\\/wp-content\\\/uploads\\\/2024\\\/02\\\/lanaja-dielna3-scaled.webp\",\"width\":1440,\"height\":2560},{\"@type\":\"BreadcrumbList\",\"@id\":\"https:\\\/\\\/lanaja.sk\\\/cs\\\/obchod\\\/top-z-prirodniho-lneneho-raminka\\\/#breadcrumb\",\"itemListElement\":[{\"@type\":\"ListItem\",\"position\":1,\"name\":\"Home\",\"item\":\"https:\\\/\\\/lanaja.sk\\\/cs\\\/\"},{\"@type\":\"ListItem\",\"position\":2,\"name\":\"Obchod\",\"item\":\"https:\\\/\\\/lanaja.sk\\\/cs\\\/obchod-cz\\\/\"},{\"@type\":\"ListItem\",\"position\":3,\"name\":\"Top z p\u0159\u00edrodn\u00edho ln\u011bn\u00e9ho ram\u00ednka\"}]},{\"@type\":\"WebSite\",\"@id\":\"https:\\\/\\\/lanaja.sk\\\/cs\\\/#website\",\"url\":\"https:\\\/\\\/lanaja.sk\\\/cs\\\/\",\"name\":\"Lanaja - bytov\u00fd textil z \u013eanu a \u013eanov\u00e9 v\u00fdrobky\",\"description\":\"Jedine\u010dn\u00fd bytov\u00fd textil, ln\u011bn\u00e9 pytl\u00edky, ln\u011bn\u00e9 ubrusy, ln\u011bn\u00e9 lo\u017en\u00ed povle\u010den\u00ed, ln\u011bn\u00e9 ut\u011brky, ln\u011bn\u00e9 prost\u00edr\u00e1n\u00ed vyroben\u00e9 a \u0161it\u00e9 na Slovensku\",\"publisher\":{\"@id\":\"https:\\\/\\\/lanaja.sk\\\/cs\\\/#organization\"},\"alternateName\":\"Lanaja - v\u00fdrobky z \u013eanu, \u013eanov\u00fd bytov\u00fd textil\",\"potentialAction\":[{\"@type\":\"SearchAction\",\"target\":{\"@type\":\"EntryPoint\",\"urlTemplate\":\"https:\\\/\\\/lanaja.sk\\\/cs\\\/?s={search_term_string}\"},\"query-input\":{\"@type\":\"PropertyValueSpecification\",\"valueRequired\":true,\"valueName\":\"search_term_string\"}}],\"inLanguage\":\"cs\"},{\"@type\":\"Organization\",\"@id\":\"https:\\\/\\\/lanaja.sk\\\/cs\\\/#organization\",\"name\":\"Lanaja\",\"alternateName\":\"Al\u017ebeta Andr\u00e1\u0161ikov\u00e1 - Lanaja\",\"url\":\"https:\\\/\\\/lanaja.sk\\\/cs\\\/\",\"logo\":{\"@type\":\"ImageObject\",\"inLanguage\":\"cs\",\"@id\":\"https:\\\/\\\/lanaja.sk\\\/cs\\\/#\\\/schema\\\/logo\\\/image\\\/\",\"url\":\"https:\\\/\\\/lanaja.sk\\\/wp-content\\\/uploads\\\/2024\\\/01\\\/Lanaja.sk-logo.png\",\"contentUrl\":\"https:\\\/\\\/lanaja.sk\\\/wp-content\\\/uploads\\\/2024\\\/01\\\/Lanaja.sk-logo.png\",\"width\":600,\"height\":300,\"caption\":\"Lanaja\"},\"image\":{\"@id\":\"https:\\\/\\\/lanaja.sk\\\/cs\\\/#\\\/schema\\\/logo\\\/image\\\/\"},\"sameAs\":[\"https:\\\/\\\/www.facebook.com\\\/Abreadbag\",\"https:\\\/\\\/www.instagram.com\\\/lanaja_sk\\\/\"]}]}<\/script>\n<!-- \/ Yoast SEO plugin. -->","yoast_head_json":{"title":"Top z p\u0159\u00edrodn\u00edho ln\u011bn\u00e9ho ram\u00ednka &#8226; Lanaja-slovensk\u00e1 udr\u017eiteln\u00e1 zna\u010dka a v\u00fdrobce ln\u011bn\u00e9ho textilu","description":"Top z p\u0159\u00edrodn\u00edho lnu je navr\u017een tak, aby lichotil r\u016fzn\u00fdm typ\u016fm postavy a pohodln\u011b se nosil po cel\u00fd den. D\u00e9lku popruh\u016f lze nastavit v\u00e1z\u00e1n\u00edm.","robots":{"index":"index","follow":"follow","max-snippet":"max-snippet:-1","max-image-preview":"max-image-preview:large","max-video-preview":"max-video-preview:-1"},"canonical":"https:\/\/lanaja.sk\/cs\/obchod\/top-z-prirodniho-lneneho-raminka\/","og_locale":"cs_CZ","og_type":"article","og_title":"Top z p\u0159\u00edrodn\u00edho ln\u011bn\u00e9ho ram\u00ednka &#8226; Lanaja-slovensk\u00e1 udr\u017eiteln\u00e1 zna\u010dka a v\u00fdrobce ln\u011bn\u00e9ho textilu","og_description":"Top z p\u0159\u00edrodn\u00edho lnu je navr\u017een tak, aby lichotil r\u016fzn\u00fdm typ\u016fm postavy a pohodln\u011b se nosil po cel\u00fd den. D\u00e9lku popruh\u016f lze nastavit v\u00e1z\u00e1n\u00edm.","og_url":"https:\/\/lanaja.sk\/cs\/obchod\/top-z-prirodniho-lneneho-raminka\/","og_site_name":"Lanaja-slovensk\u00e1 udr\u017eiteln\u00e1 zna\u010dka a v\u00fdrobce ln\u011bn\u00e9ho textilu","article_publisher":"https:\/\/www.facebook.com\/Abreadbag","og_image":[{"width":1440,"height":2560,"url":"https:\/\/lanaja.sk\/wp-content\/uploads\/2024\/02\/lanaja-dielna3-scaled.webp","type":"image\/jpeg"}],"twitter_card":"summary_large_image","twitter_misc":{"Odhadovan\u00e1 doba \u010dten\u00ed":"3 minuty"},"schema":{"@context":"https:\/\/schema.org","@graph":[{"@type":"WebPage","@id":"https:\/\/lanaja.sk\/cs\/obchod\/top-z-prirodniho-lneneho-raminka\/","url":"https:\/\/lanaja.sk\/cs\/obchod\/top-z-prirodniho-lneneho-raminka\/","name":"Top z p\u0159\u00edrodn\u00edho ln\u011bn\u00e9ho ram\u00ednka &#8226; Lanaja-slovensk\u00e1 udr\u017eiteln\u00e1 zna\u010dka a v\u00fdrobce ln\u011bn\u00e9ho textilu","isPartOf":{"@id":"https:\/\/lanaja.sk\/cs\/#website"},"primaryImageOfPage":{"@id":"https:\/\/lanaja.sk\/cs\/obchod\/top-z-prirodniho-lneneho-raminka\/#primaryimage"},"image":{"@id":"https:\/\/lanaja.sk\/cs\/obchod\/top-z-prirodniho-lneneho-raminka\/#primaryimage"},"thumbnailUrl":"https:\/\/lanaja.sk\/wp-content\/uploads\/2024\/02\/lanaja-dielna3-scaled.webp","datePublished":"2024-05-07T15:17:42+00:00","description":"Top z p\u0159\u00edrodn\u00edho lnu je navr\u017een tak, aby lichotil r\u016fzn\u00fdm typ\u016fm postavy a pohodln\u011b se nosil po cel\u00fd den. D\u00e9lku popruh\u016f lze nastavit v\u00e1z\u00e1n\u00edm.","breadcrumb":{"@id":"https:\/\/lanaja.sk\/cs\/obchod\/top-z-prirodniho-lneneho-raminka\/#breadcrumb"},"inLanguage":"cs","potentialAction":[{"@type":"ReadAction","target":["https:\/\/lanaja.sk\/cs\/obchod\/top-z-prirodniho-lneneho-raminka\/"]}]},{"@type":"ImageObject","inLanguage":"cs","@id":"https:\/\/lanaja.sk\/cs\/obchod\/top-z-prirodniho-lneneho-raminka\/#primaryimage","url":"https:\/\/lanaja.sk\/wp-content\/uploads\/2024\/02\/lanaja-dielna3-scaled.webp","contentUrl":"https:\/\/lanaja.sk\/wp-content\/uploads\/2024\/02\/lanaja-dielna3-scaled.webp","width":1440,"height":2560},{"@type":"BreadcrumbList","@id":"https:\/\/lanaja.sk\/cs\/obchod\/top-z-prirodniho-lneneho-raminka\/#breadcrumb","itemListElement":[{"@type":"ListItem","position":1,"name":"Home","item":"https:\/\/lanaja.sk\/cs\/"},{"@type":"ListItem","position":2,"name":"Obchod","item":"https:\/\/lanaja.sk\/cs\/obchod-cz\/"},{"@type":"ListItem","position":3,"name":"Top z p\u0159\u00edrodn\u00edho ln\u011bn\u00e9ho ram\u00ednka"}]},{"@type":"WebSite","@id":"https:\/\/lanaja.sk\/cs\/#website","url":"https:\/\/lanaja.sk\/cs\/","name":"Lanaja - bytov\u00fd textil z \u013eanu a \u013eanov\u00e9 v\u00fdrobky","description":"Jedine\u010dn\u00fd bytov\u00fd textil, ln\u011bn\u00e9 pytl\u00edky, ln\u011bn\u00e9 ubrusy, ln\u011bn\u00e9 lo\u017en\u00ed povle\u010den\u00ed, ln\u011bn\u00e9 ut\u011brky, ln\u011bn\u00e9 prost\u00edr\u00e1n\u00ed vyroben\u00e9 a \u0161it\u00e9 na Slovensku","publisher":{"@id":"https:\/\/lanaja.sk\/cs\/#organization"},"alternateName":"Lanaja - v\u00fdrobky z \u013eanu, \u013eanov\u00fd bytov\u00fd textil","potentialAction":[{"@type":"SearchAction","target":{"@type":"EntryPoint","urlTemplate":"https:\/\/lanaja.sk\/cs\/?s={search_term_string}"},"query-input":{"@type":"PropertyValueSpecification","valueRequired":true,"valueName":"search_term_string"}}],"inLanguage":"cs"},{"@type":"Organization","@id":"https:\/\/lanaja.sk\/cs\/#organization","name":"Lanaja","alternateName":"Al\u017ebeta Andr\u00e1\u0161ikov\u00e1 - Lanaja","url":"https:\/\/lanaja.sk\/cs\/","logo":{"@type":"ImageObject","inLanguage":"cs","@id":"https:\/\/lanaja.sk\/cs\/#\/schema\/logo\/image\/","url":"https:\/\/lanaja.sk\/wp-content\/uploads\/2024\/01\/Lanaja.sk-logo.png","contentUrl":"https:\/\/lanaja.sk\/wp-content\/uploads\/2024\/01\/Lanaja.sk-logo.png","width":600,"height":300,"caption":"Lanaja"},"image":{"@id":"https:\/\/lanaja.sk\/cs\/#\/schema\/logo\/image\/"},"sameAs":["https:\/\/www.facebook.com\/Abreadbag","https:\/\/www.instagram.com\/lanaja_sk\/"]}]}},"_links":{"self":[{"href":"https:\/\/lanaja.sk\/cs\/wp-json\/wp\/v2\/product\/13382","targetHints":{"allow":["GET"]}}],"collection":[{"href":"https:\/\/lanaja.sk\/cs\/wp-json\/wp\/v2\/product"}],"about":[{"href":"https:\/\/lanaja.sk\/cs\/wp-json\/wp\/v2\/types\/product"}],"version-history":[{"count":0,"href":"https:\/\/lanaja.sk\/cs\/wp-json\/wp\/v2\/product\/13382\/revisions"}],"wp:featuredmedia":[{"embeddable":true,"href":"https:\/\/lanaja.sk\/cs\/wp-json\/wp\/v2\/media\/10311"}],"wp:attachment":[{"href":"https:\/\/lanaja.sk\/cs\/wp-json\/wp\/v2\/media?parent=13382"}],"wp:term":[{"taxonomy":"product_brand","embeddable":true,"href":"https:\/\/lanaja.sk\/cs\/wp-json\/wp\/v2\/product_brand?post=13382"},{"taxonomy":"product_cat","embeddable":true,"href":"https:\/\/lanaja.sk\/cs\/wp-json\/wp\/v2\/product_cat?post=13382"},{"taxonomy":"product_tag","embeddable":true,"href":"https:\/\/lanaja.sk\/cs\/wp-json\/wp\/v2\/product_tag?post=13382"}],"curies":[{"name":"wp","href":"https:\/\/api.w.org\/{rel}","templated":true}]}}