{"id":13387,"date":"2024-05-05T17:02:14","date_gmt":"2024-05-05T15:02:14","guid":{"rendered":"https:\/\/lanaja.sk\/obchod\/neza\u0159azen\u00e9\/pruhovana-lnena-zastera\/"},"modified":"2025-07-27T21:16:49","modified_gmt":"2025-07-27T19:16:49","slug":"prouzkovana-lnena-zastera","status":"publish","type":"product","link":"https:\/\/lanaja.sk\/cs\/obchod\/prouzkovana-lnena-zastera\/","title":{"rendered":"Prou\u017ekovan\u00e1 ln\u011bn\u00e1 z\u00e1st\u011bra"},"content":{"rendered":"<h2>Prou\u017ekovan\u00e1 ln\u011bn\u00e1 z\u00e1st\u011bra<\/h2>\n<p data-sourcepos=\"3:1-3:222\">S hrdost\u00ed v\u00e1m p\u0159edstavujeme na\u0161i novou kolekci \u201eLN\u011aN\u00c9 P\u0158\u00cdB\u011aHY\u201c. Prou\u017ekovan\u00e1 ln\u011bn\u00e1 z\u00e1st\u011bra je u\u0161ita z na\u0161ich zbytkov\u00fdch ln\u011bn\u00fdch l\u00e1tek. Tato z\u00e1st\u011bra je nejen stylov\u00e1 a praktick\u00e1, ale tak\u00e9 zt\u011bles\u0148uje na\u0161e p\u0159esv\u011bd\u010den\u00ed o udr\u017eitelnosti a odpov\u011bdn\u00e9m p\u0159\u00edstupu k m\u00f3d\u011b. V na\u0161\u00ed d\u00edln\u011b se sna\u017e\u00edme minimalizovat odpad a d\u00e1t mu nov\u00fd \u017eivot. Upcyklace ln\u011bn\u00fdch l\u00e1tek je pro n\u00e1s p\u0159irozen\u00fdm krokem. Zbyl\u00e9 l\u00e1tky, kter\u00e9 by jinak skon\u010dily na skl\u00e1dce, prom\u011bn\u00edme v kr\u00e1sn\u00e9 a funk\u010dn\u00ed v\u00fdrobky, kter\u00e9 v\u00e1m budou slou\u017eit dlouh\u00e1 l\u00e9ta. Len je p\u0159\u00edrodn\u00ed vl\u00e1kno, kter\u00e9 je biologicky odbourateln\u00e9 a kompostovateln\u00e9, tak\u017ee se nemus\u00edte ob\u00e1vat jeho dopadu na \u017eivotn\u00ed prost\u0159ed\u00ed. Len je nav\u00edc odoln\u00fd, prody\u0161n\u00fd a snadno se \u010dist\u00ed, je tak\u00e9 ide\u00e1ln\u00ed pro pou\u017eit\u00ed v kuchyni.<\/p>\n<h4 data-sourcepos=\"7:1-7:62\"><strong>Pro\u010d si vybrat na\u0161i prou\u017ekovanou ln\u011bnou z\u00e1st\u011bru?<\/strong><\/h4>\n<ul data-sourcepos=\"9:1-13:0\">\n<li data-sourcepos=\"9:1-9:112\"><strong>Udr\u017eitelnost:<\/strong> Upcyklac\u00ed ln\u011bn\u00fdch l\u00e1tek sni\u017eujeme n\u00e1\u0161 dopad na \u017eivotn\u00ed prost\u0159ed\u00ed a \u0161et\u0159\u00edme cenn\u00e9 zdroje.<\/li>\n<li data-sourcepos=\"10:1-10:130\"><strong>Singularita:<\/strong> Ka\u017ed\u00e1 z\u00e1st\u011bra je vyrobena z jedine\u010dn\u00e9 kombinace ln\u011bn\u00fdch l\u00e1tek, co\u017e z n\u00ed d\u011bl\u00e1 origin\u00e1ln\u00ed a neopakovateln\u00fd kousek. Na\u0161e z\u00e1st\u011bra nen\u00ed oby\u010dejn\u00fd v\u00fdrobek ze s\u00e9riov\u00e9 v\u00fdroby, stane se obl\u00edben\u00fdm dopl\u0148kem ve va\u0161\u00ed kuchyni.<\/li>\n<li data-sourcepos=\"11:1-11:129\"><strong>Kvalita:<\/strong> \u0160ijeme pouze z certifikovan\u00fdch ln\u011bn\u00fdch l\u00e1tek, db\u00e1me na ka\u017ed\u00fd detail, pro\u0161\u00edv\u00e1n\u00ed, aby v\u00e1s, na\u0161e v\u00fdrobky t\u011b\u0161ily po mnoho let.<\/li>\n<li data-sourcepos=\"12:1-13:0\"><strong>Podpora lok\u00e1ln\u00ed produkce:<\/strong> Koup\u00ed ln\u011bn\u00e9 z\u00e1st\u011bry podpo\u0159\u00edte na\u0161i malou rodinnou d\u00edlnu, kter\u00e1 se zam\u011b\u0159uje na udr\u017eitelnou m\u00f3du, \u0159emeslo, slowliving a zodpov\u011bdn\u00fd p\u0159\u00edstup k samotn\u00e9 v\u00fdrob\u011b.<\/li>\n<li data-sourcepos=\"12:1-13:0\"><strong>N\u00e1kup produktu s \u010dist\u00fdm sv\u011bdom\u00edm:<\/strong> V\u00edte, \u017ee jste si koupili produkt, kter\u00fd byl u\u0161it s ohledem na \u017eivotn\u00ed prost\u0159ed\u00ed.<\/li>\n<\/ul>\n<h4 data-sourcepos=\"29:1-29:50\"><strong>Vydejte se s n\u00e1mi na cestu k udr\u017eiteln\u00e9 m\u00f3d\u011b!<\/strong><\/h4>\n<p data-sourcepos=\"31:1-31:92\">Krom\u011b n\u00e1kupu na\u0161\u00ed pruhovan\u00e9 ln\u011bn\u00e9 z\u00e1st\u011bry m\u016f\u017eete d\u011blat mnoho dal\u0161\u00edch v\u011bc\u00ed:<\/p>\n<ul data-sourcepos=\"33:1-37:0\">\n<li data-sourcepos=\"33:1-33:49\">Nakupujte oble\u010den\u00ed vyroben\u00e9 z recyklovan\u00fdch materi\u00e1l\u016f.<\/li>\n<li data-sourcepos=\"34:1-34:45\">Podpo\u0159te m\u00edstn\u00ed design\u00e9ry a v\u00fdrobce.<\/li>\n<li data-sourcepos=\"35:1-35:75\">Dejte star\u00e9mu oble\u010den\u00ed nov\u00fd \u017eivot opravou, p\u0159estavbou nebo darov\u00e1n\u00edm.<\/li>\n<li data-sourcepos=\"36:1-37:0\">Vyhn\u011bte se impulzivn\u00edm n\u00e1kup\u016fm a investujte do kvalitn\u00edch kousk\u016f, kter\u00e9 v\u00e1m vydr\u017e\u00ed mnoho let.<\/li>\n<\/ul>\n<p data-sourcepos=\"38:1-38:80\">Spole\u010dn\u011b m\u016f\u017eeme zm\u011bnit m\u00f3dn\u00ed pr\u016fmysl a u\u010dinit ho udr\u017eiteln\u011bj\u0161\u00edm. V\u011b\u0159\u00edme, \u017ee upcyklace je d\u016fle\u017eitou sou\u010d\u00e1st\u00ed odpov\u011bdn\u00e9ho podnik\u00e1n\u00ed. Umo\u017e\u0148uje n\u00e1m \u0161et\u0159it zdroje, chr\u00e1nit \u017eivotn\u00ed prost\u0159ed\u00ed a nab\u00edzet na\u0161im z\u00e1kazn\u00edk\u016fm jedine\u010dn\u00e9 a origin\u00e1ln\u00ed produkty. Na\u0161e ln\u011bn\u00e1 z\u00e1st\u011bra je jen jedn\u00edm z p\u0159\u00edklad\u016f toho, jak se sna\u017e\u00edme d\u011blat v\u011bci jinak a p\u0159isp\u00edvat k udr\u017eiteln\u00e9 m\u00f3d\u011b.<\/p>\n<p><strong>Prou\u017ekovan\u00e1 ln\u011bn\u00e1 z\u00e1st\u011bra VELIKOST:<\/strong> UNI<\/p>\n<p>Dlouh\u00e9 zavazov\u00e1n\u00ed v pase se p\u0159izp\u016fsob\u00ed velikosti konkr\u00e9tn\u00edho obvodu pasu. P\u0159i k\u0159\u00ed\u017een\u00ed zezadu (zezadu) v p\u0159\u00edpad\u011b konfekce velikosti XS\/L ji dop\u0159edu zav\u00e1\u017eete ma\u0161l\u00ed. D\u00e9lka v\u00e1za\u010dky je cca 2x 135 cm (135 cm lev\u00e1 strana, 135 cm prav\u00e1 strana). Ln\u011bn\u00e1 z\u00e1st\u011bra m\u00e1 dv\u011b velk\u00e9 kapsy. V pase je na\u0161it\u00e9 ou\u0161ko pro provle\u010den\u00ed ut\u011brky, kterou budete m\u00edt odte\u010f st\u00e1le po ruce. M\u016f\u017eete ji darovat a pot\u011b\u0161it n\u011bkoho bl\u00edzk\u00e9ho. My se postar\u00e1me o kr\u00e1sn\u00e9 balen\u00ed, do kter\u00e9ho m\u016f\u017eete doplnit i <a href=\"https:\/\/lanaja.sk\/cs\/obchod\/kuchyne\/lnene-uterky\/lneny-rucnik-8\/\">k\u00e1rovanou ln\u011bnou ut\u011brku<\/a> z fotek.<\/p>\n<p data-sourcepos=\"5:1-5:326\">\n","protected":false},"excerpt":{"rendered":"<p>V na\u0161\u00ed mal\u00e9 rodinn\u00e9 d\u00edln\u011b se sna\u017e\u00edme, aby ka\u017ed\u00fd kousek, kter\u00fd u\u0161ijeme, byl nejen kr\u00e1sn\u00fd a praktick\u00fd, ale tak\u00e9 zt\u011bles\u0148oval na\u0161e p\u0159esv\u011bd\u010den\u00ed o udr\u017eitelnosti a odpov\u011bdn\u00e9m p\u0159\u00edstupu k m\u00f3d\u011b. Upcyklace je pro n\u00e1s p\u0159irozenou sou\u010d\u00e1st\u00ed tv\u016fr\u010d\u00edho procesu a ln\u011bn\u00e1 z\u00e1st\u011bra, kterou v\u00e1m s hrdost\u00ed p\u0159edstavujeme, je toho d\u016fkazem. Zbytky l\u00e1tek se st\u00e1vaj\u00ed poklady, ka\u017ed\u00fd den v na\u0161\u00ed d\u00edln\u011b vznikaj\u00ed zbytky l\u00e1tek p\u0159i st\u0159\u00edh\u00e1n\u00ed a \u0161it\u00ed ln\u011bn\u00fdch v\u00fdrobk\u016f. I kdy\u017e se sna\u017e\u00edme minimalizovat odpad, tyto kusy materi\u00e1lu by jinak skon\u010dily na skl\u00e1dce. M\u00edsto toho jim d\u00e1v\u00e1me nov\u00fd \u017eivot t\u00edm, \u017ee je m\u011bn\u00edme v kr\u00e1sn\u00e9 a funk\u010dn\u00ed produkty. Ka\u017ed\u00e1 kombinace l\u00e1tek je jedine\u010dn\u00e1 a vytv\u00e1\u0159\u00ed origin\u00e1ln\u00ed design, kter\u00fd nenajdete v \u017e\u00e1dn\u00e9m obchod\u011b.<\/p>\n<p data-sourcepos=\"11:1-11:203\">\n","protected":false},"featured_media":13050,"template":"","meta":[],"product_brand":[],"product_cat":[429,349,421],"product_tag":[350,425],"class_list":{"0":"post-13387","1":"product","2":"type-product","3":"status-publish","4":"has-post-thumbnail","6":"product_cat-kuchyne","7":"product_cat-lnene-zastery","8":"product_cat-upcyklovana-kolekce","9":"product_tag-lnena-zastera","10":"product_tag-upcyklovana-kolekce","12":"first","13":"instock","14":"shipping-taxable","15":"purchasable","16":"product-type-simple"},"yoast_head":"<!-- This site is optimized with the Yoast SEO plugin v27.4 - https:\/\/yoast.com\/product\/yoast-seo-wordpress\/ -->\n<title>Prou\u017ekovan\u00e1 ln\u011bn\u00e1 z\u00e1st\u011bra &#8226; Lanaja-slovensk\u00e1 udr\u017eiteln\u00e1 zna\u010dka a v\u00fdrobce ln\u011bn\u00e9ho textilu<\/title>\n<meta name=\"description\" content=\"S hrdost\u00ed v\u00e1m p\u0159edstavujeme na\u0161i novou kolekci \u201eLN\u011aN\u00c9 P\u0158\u00cdB\u011aHY\u201c. Prou\u017ekovan\u00e1 ln\u011bn\u00e1 z\u00e1st\u011bra je u\u0161ita z na\u0161ich zbytkov\u00fdch ln\u011bn\u00fdch l\u00e1tek...\" \/>\n<meta name=\"robots\" content=\"index, follow, max-snippet:-1, max-image-preview:large, max-video-preview:-1\" \/>\n<link rel=\"canonical\" href=\"https:\/\/lanaja.sk\/cs\/obchod\/prouzkovana-lnena-zastera\/\" \/>\n<meta property=\"og:locale\" content=\"cs_CZ\" \/>\n<meta property=\"og:type\" content=\"article\" \/>\n<meta property=\"og:title\" content=\"Prou\u017ekovan\u00e1 ln\u011bn\u00e1 z\u00e1st\u011bra &#8226; Lanaja-slovensk\u00e1 udr\u017eiteln\u00e1 zna\u010dka a v\u00fdrobce ln\u011bn\u00e9ho textilu\" \/>\n<meta property=\"og:description\" content=\"S hrdost\u00ed v\u00e1m p\u0159edstavujeme na\u0161i novou kolekci \u201eLN\u011aN\u00c9 P\u0158\u00cdB\u011aHY\u201c. Prou\u017ekovan\u00e1 ln\u011bn\u00e1 z\u00e1st\u011bra je u\u0161ita z na\u0161ich zbytkov\u00fdch ln\u011bn\u00fdch l\u00e1tek...\" \/>\n<meta property=\"og:url\" content=\"https:\/\/lanaja.sk\/cs\/obchod\/prouzkovana-lnena-zastera\/\" \/>\n<meta property=\"og:site_name\" content=\"Lanaja-slovensk\u00e1 udr\u017eiteln\u00e1 zna\u010dka a v\u00fdrobce ln\u011bn\u00e9ho textilu\" \/>\n<meta property=\"article:publisher\" content=\"https:\/\/www.facebook.com\/Abreadbag\" \/>\n<meta property=\"article:modified_time\" content=\"2025-07-27T19:16:49+00:00\" \/>\n<meta property=\"og:image\" content=\"https:\/\/lanaja.sk\/wp-content\/uploads\/2024\/05\/pasikava-lanova-zastera-28-scaled.jpg\" \/>\n\t<meta property=\"og:image:width\" content=\"2322\" \/>\n\t<meta property=\"og:image:height\" content=\"2560\" \/>\n\t<meta property=\"og:image:type\" content=\"image\/jpeg\" \/>\n<meta name=\"twitter:card\" content=\"summary_large_image\" \/>\n<meta name=\"twitter:label1\" content=\"Odhadovan\u00e1 doba \u010dten\u00ed\" \/>\n\t<meta name=\"twitter:data1\" content=\"3 minuty\" \/>\n<script type=\"application\/ld+json\" class=\"yoast-schema-graph\">{\"@context\":\"https:\\\/\\\/schema.org\",\"@graph\":[{\"@type\":\"WebPage\",\"@id\":\"https:\\\/\\\/lanaja.sk\\\/cs\\\/obchod\\\/prouzkovana-lnena-zastera\\\/\",\"url\":\"https:\\\/\\\/lanaja.sk\\\/cs\\\/obchod\\\/prouzkovana-lnena-zastera\\\/\",\"name\":\"Prou\u017ekovan\u00e1 ln\u011bn\u00e1 z\u00e1st\u011bra &#8226; Lanaja-slovensk\u00e1 udr\u017eiteln\u00e1 zna\u010dka a v\u00fdrobce ln\u011bn\u00e9ho textilu\",\"isPartOf\":{\"@id\":\"https:\\\/\\\/lanaja.sk\\\/cs\\\/#website\"},\"primaryImageOfPage\":{\"@id\":\"https:\\\/\\\/lanaja.sk\\\/cs\\\/obchod\\\/prouzkovana-lnena-zastera\\\/#primaryimage\"},\"image\":{\"@id\":\"https:\\\/\\\/lanaja.sk\\\/cs\\\/obchod\\\/prouzkovana-lnena-zastera\\\/#primaryimage\"},\"thumbnailUrl\":\"https:\\\/\\\/lanaja.sk\\\/wp-content\\\/uploads\\\/2024\\\/05\\\/pasikava-lanova-zastera-28-scaled.jpg\",\"datePublished\":\"2024-05-05T15:02:14+00:00\",\"dateModified\":\"2025-07-27T19:16:49+00:00\",\"description\":\"S hrdost\u00ed v\u00e1m p\u0159edstavujeme na\u0161i novou kolekci \u201eLN\u011aN\u00c9 P\u0158\u00cdB\u011aHY\u201c. Prou\u017ekovan\u00e1 ln\u011bn\u00e1 z\u00e1st\u011bra je u\u0161ita z na\u0161ich zbytkov\u00fdch ln\u011bn\u00fdch l\u00e1tek...\",\"breadcrumb\":{\"@id\":\"https:\\\/\\\/lanaja.sk\\\/cs\\\/obchod\\\/prouzkovana-lnena-zastera\\\/#breadcrumb\"},\"inLanguage\":\"cs\",\"potentialAction\":[{\"@type\":\"ReadAction\",\"target\":[\"https:\\\/\\\/lanaja.sk\\\/cs\\\/obchod\\\/prouzkovana-lnena-zastera\\\/\"]}]},{\"@type\":\"ImageObject\",\"inLanguage\":\"cs\",\"@id\":\"https:\\\/\\\/lanaja.sk\\\/cs\\\/obchod\\\/prouzkovana-lnena-zastera\\\/#primaryimage\",\"url\":\"https:\\\/\\\/lanaja.sk\\\/wp-content\\\/uploads\\\/2024\\\/05\\\/pasikava-lanova-zastera-28-scaled.jpg\",\"contentUrl\":\"https:\\\/\\\/lanaja.sk\\\/wp-content\\\/uploads\\\/2024\\\/05\\\/pasikava-lanova-zastera-28-scaled.jpg\",\"width\":2322,\"height\":2560,\"caption\":\"Slovensk\u00e1 ln\u011bn\u00e1 z\u00e1st\u011bra\"},{\"@type\":\"BreadcrumbList\",\"@id\":\"https:\\\/\\\/lanaja.sk\\\/cs\\\/obchod\\\/prouzkovana-lnena-zastera\\\/#breadcrumb\",\"itemListElement\":[{\"@type\":\"ListItem\",\"position\":1,\"name\":\"Home\",\"item\":\"https:\\\/\\\/lanaja.sk\\\/cs\\\/\"},{\"@type\":\"ListItem\",\"position\":2,\"name\":\"Obchod\",\"item\":\"https:\\\/\\\/lanaja.sk\\\/cs\\\/obchod-cz\\\/\"},{\"@type\":\"ListItem\",\"position\":3,\"name\":\"Prou\u017ekovan\u00e1 ln\u011bn\u00e1 z\u00e1st\u011bra\"}]},{\"@type\":\"WebSite\",\"@id\":\"https:\\\/\\\/lanaja.sk\\\/cs\\\/#website\",\"url\":\"https:\\\/\\\/lanaja.sk\\\/cs\\\/\",\"name\":\"Lanaja - bytov\u00fd textil z \u013eanu a \u013eanov\u00e9 v\u00fdrobky\",\"description\":\"Jedine\u010dn\u00fd bytov\u00fd textil, ln\u011bn\u00e9 pytl\u00edky, ln\u011bn\u00e9 ubrusy, ln\u011bn\u00e9 lo\u017en\u00ed povle\u010den\u00ed, ln\u011bn\u00e9 ut\u011brky, ln\u011bn\u00e9 prost\u00edr\u00e1n\u00ed vyroben\u00e9 a \u0161it\u00e9 na Slovensku\",\"publisher\":{\"@id\":\"https:\\\/\\\/lanaja.sk\\\/cs\\\/#organization\"},\"alternateName\":\"Lanaja - v\u00fdrobky z \u013eanu, \u013eanov\u00fd bytov\u00fd textil\",\"potentialAction\":[{\"@type\":\"SearchAction\",\"target\":{\"@type\":\"EntryPoint\",\"urlTemplate\":\"https:\\\/\\\/lanaja.sk\\\/cs\\\/?s={search_term_string}\"},\"query-input\":{\"@type\":\"PropertyValueSpecification\",\"valueRequired\":true,\"valueName\":\"search_term_string\"}}],\"inLanguage\":\"cs\"},{\"@type\":\"Organization\",\"@id\":\"https:\\\/\\\/lanaja.sk\\\/cs\\\/#organization\",\"name\":\"Lanaja\",\"alternateName\":\"Al\u017ebeta Andr\u00e1\u0161ikov\u00e1 - Lanaja\",\"url\":\"https:\\\/\\\/lanaja.sk\\\/cs\\\/\",\"logo\":{\"@type\":\"ImageObject\",\"inLanguage\":\"cs\",\"@id\":\"https:\\\/\\\/lanaja.sk\\\/cs\\\/#\\\/schema\\\/logo\\\/image\\\/\",\"url\":\"https:\\\/\\\/lanaja.sk\\\/wp-content\\\/uploads\\\/2024\\\/01\\\/Lanaja.sk-logo.png\",\"contentUrl\":\"https:\\\/\\\/lanaja.sk\\\/wp-content\\\/uploads\\\/2024\\\/01\\\/Lanaja.sk-logo.png\",\"width\":600,\"height\":300,\"caption\":\"Lanaja\"},\"image\":{\"@id\":\"https:\\\/\\\/lanaja.sk\\\/cs\\\/#\\\/schema\\\/logo\\\/image\\\/\"},\"sameAs\":[\"https:\\\/\\\/www.facebook.com\\\/Abreadbag\",\"https:\\\/\\\/www.instagram.com\\\/lanaja_sk\\\/\"]}]}<\/script>\n<!-- \/ Yoast SEO plugin. -->","yoast_head_json":{"title":"Prou\u017ekovan\u00e1 ln\u011bn\u00e1 z\u00e1st\u011bra &#8226; Lanaja-slovensk\u00e1 udr\u017eiteln\u00e1 zna\u010dka a v\u00fdrobce ln\u011bn\u00e9ho textilu","description":"S hrdost\u00ed v\u00e1m p\u0159edstavujeme na\u0161i novou kolekci \u201eLN\u011aN\u00c9 P\u0158\u00cdB\u011aHY\u201c. Prou\u017ekovan\u00e1 ln\u011bn\u00e1 z\u00e1st\u011bra je u\u0161ita z na\u0161ich zbytkov\u00fdch ln\u011bn\u00fdch l\u00e1tek...","robots":{"index":"index","follow":"follow","max-snippet":"max-snippet:-1","max-image-preview":"max-image-preview:large","max-video-preview":"max-video-preview:-1"},"canonical":"https:\/\/lanaja.sk\/cs\/obchod\/prouzkovana-lnena-zastera\/","og_locale":"cs_CZ","og_type":"article","og_title":"Prou\u017ekovan\u00e1 ln\u011bn\u00e1 z\u00e1st\u011bra &#8226; Lanaja-slovensk\u00e1 udr\u017eiteln\u00e1 zna\u010dka a v\u00fdrobce ln\u011bn\u00e9ho textilu","og_description":"S hrdost\u00ed v\u00e1m p\u0159edstavujeme na\u0161i novou kolekci \u201eLN\u011aN\u00c9 P\u0158\u00cdB\u011aHY\u201c. Prou\u017ekovan\u00e1 ln\u011bn\u00e1 z\u00e1st\u011bra je u\u0161ita z na\u0161ich zbytkov\u00fdch ln\u011bn\u00fdch l\u00e1tek...","og_url":"https:\/\/lanaja.sk\/cs\/obchod\/prouzkovana-lnena-zastera\/","og_site_name":"Lanaja-slovensk\u00e1 udr\u017eiteln\u00e1 zna\u010dka a v\u00fdrobce ln\u011bn\u00e9ho textilu","article_publisher":"https:\/\/www.facebook.com\/Abreadbag","article_modified_time":"2025-07-27T19:16:49+00:00","og_image":[{"width":2322,"height":2560,"url":"https:\/\/lanaja.sk\/wp-content\/uploads\/2024\/05\/pasikava-lanova-zastera-28-scaled.jpg","type":"image\/jpeg"}],"twitter_card":"summary_large_image","twitter_misc":{"Odhadovan\u00e1 doba \u010dten\u00ed":"3 minuty"},"schema":{"@context":"https:\/\/schema.org","@graph":[{"@type":"WebPage","@id":"https:\/\/lanaja.sk\/cs\/obchod\/prouzkovana-lnena-zastera\/","url":"https:\/\/lanaja.sk\/cs\/obchod\/prouzkovana-lnena-zastera\/","name":"Prou\u017ekovan\u00e1 ln\u011bn\u00e1 z\u00e1st\u011bra &#8226; Lanaja-slovensk\u00e1 udr\u017eiteln\u00e1 zna\u010dka a v\u00fdrobce ln\u011bn\u00e9ho textilu","isPartOf":{"@id":"https:\/\/lanaja.sk\/cs\/#website"},"primaryImageOfPage":{"@id":"https:\/\/lanaja.sk\/cs\/obchod\/prouzkovana-lnena-zastera\/#primaryimage"},"image":{"@id":"https:\/\/lanaja.sk\/cs\/obchod\/prouzkovana-lnena-zastera\/#primaryimage"},"thumbnailUrl":"https:\/\/lanaja.sk\/wp-content\/uploads\/2024\/05\/pasikava-lanova-zastera-28-scaled.jpg","datePublished":"2024-05-05T15:02:14+00:00","dateModified":"2025-07-27T19:16:49+00:00","description":"S hrdost\u00ed v\u00e1m p\u0159edstavujeme na\u0161i novou kolekci \u201eLN\u011aN\u00c9 P\u0158\u00cdB\u011aHY\u201c. Prou\u017ekovan\u00e1 ln\u011bn\u00e1 z\u00e1st\u011bra je u\u0161ita z na\u0161ich zbytkov\u00fdch ln\u011bn\u00fdch l\u00e1tek...","breadcrumb":{"@id":"https:\/\/lanaja.sk\/cs\/obchod\/prouzkovana-lnena-zastera\/#breadcrumb"},"inLanguage":"cs","potentialAction":[{"@type":"ReadAction","target":["https:\/\/lanaja.sk\/cs\/obchod\/prouzkovana-lnena-zastera\/"]}]},{"@type":"ImageObject","inLanguage":"cs","@id":"https:\/\/lanaja.sk\/cs\/obchod\/prouzkovana-lnena-zastera\/#primaryimage","url":"https:\/\/lanaja.sk\/wp-content\/uploads\/2024\/05\/pasikava-lanova-zastera-28-scaled.jpg","contentUrl":"https:\/\/lanaja.sk\/wp-content\/uploads\/2024\/05\/pasikava-lanova-zastera-28-scaled.jpg","width":2322,"height":2560,"caption":"Slovensk\u00e1 ln\u011bn\u00e1 z\u00e1st\u011bra"},{"@type":"BreadcrumbList","@id":"https:\/\/lanaja.sk\/cs\/obchod\/prouzkovana-lnena-zastera\/#breadcrumb","itemListElement":[{"@type":"ListItem","position":1,"name":"Home","item":"https:\/\/lanaja.sk\/cs\/"},{"@type":"ListItem","position":2,"name":"Obchod","item":"https:\/\/lanaja.sk\/cs\/obchod-cz\/"},{"@type":"ListItem","position":3,"name":"Prou\u017ekovan\u00e1 ln\u011bn\u00e1 z\u00e1st\u011bra"}]},{"@type":"WebSite","@id":"https:\/\/lanaja.sk\/cs\/#website","url":"https:\/\/lanaja.sk\/cs\/","name":"Lanaja - bytov\u00fd textil z \u013eanu a \u013eanov\u00e9 v\u00fdrobky","description":"Jedine\u010dn\u00fd bytov\u00fd textil, ln\u011bn\u00e9 pytl\u00edky, ln\u011bn\u00e9 ubrusy, ln\u011bn\u00e9 lo\u017en\u00ed povle\u010den\u00ed, ln\u011bn\u00e9 ut\u011brky, ln\u011bn\u00e9 prost\u00edr\u00e1n\u00ed vyroben\u00e9 a \u0161it\u00e9 na Slovensku","publisher":{"@id":"https:\/\/lanaja.sk\/cs\/#organization"},"alternateName":"Lanaja - v\u00fdrobky z \u013eanu, \u013eanov\u00fd bytov\u00fd textil","potentialAction":[{"@type":"SearchAction","target":{"@type":"EntryPoint","urlTemplate":"https:\/\/lanaja.sk\/cs\/?s={search_term_string}"},"query-input":{"@type":"PropertyValueSpecification","valueRequired":true,"valueName":"search_term_string"}}],"inLanguage":"cs"},{"@type":"Organization","@id":"https:\/\/lanaja.sk\/cs\/#organization","name":"Lanaja","alternateName":"Al\u017ebeta Andr\u00e1\u0161ikov\u00e1 - Lanaja","url":"https:\/\/lanaja.sk\/cs\/","logo":{"@type":"ImageObject","inLanguage":"cs","@id":"https:\/\/lanaja.sk\/cs\/#\/schema\/logo\/image\/","url":"https:\/\/lanaja.sk\/wp-content\/uploads\/2024\/01\/Lanaja.sk-logo.png","contentUrl":"https:\/\/lanaja.sk\/wp-content\/uploads\/2024\/01\/Lanaja.sk-logo.png","width":600,"height":300,"caption":"Lanaja"},"image":{"@id":"https:\/\/lanaja.sk\/cs\/#\/schema\/logo\/image\/"},"sameAs":["https:\/\/www.facebook.com\/Abreadbag","https:\/\/www.instagram.com\/lanaja_sk\/"]}]}},"_links":{"self":[{"href":"https:\/\/lanaja.sk\/cs\/wp-json\/wp\/v2\/product\/13387","targetHints":{"allow":["GET"]}}],"collection":[{"href":"https:\/\/lanaja.sk\/cs\/wp-json\/wp\/v2\/product"}],"about":[{"href":"https:\/\/lanaja.sk\/cs\/wp-json\/wp\/v2\/types\/product"}],"version-history":[{"count":1,"href":"https:\/\/lanaja.sk\/cs\/wp-json\/wp\/v2\/product\/13387\/revisions"}],"predecessor-version":[{"id":16407,"href":"https:\/\/lanaja.sk\/cs\/wp-json\/wp\/v2\/product\/13387\/revisions\/16407"}],"wp:featuredmedia":[{"embeddable":true,"href":"https:\/\/lanaja.sk\/cs\/wp-json\/wp\/v2\/media\/13050"}],"wp:attachment":[{"href":"https:\/\/lanaja.sk\/cs\/wp-json\/wp\/v2\/media?parent=13387"}],"wp:term":[{"taxonomy":"product_brand","embeddable":true,"href":"https:\/\/lanaja.sk\/cs\/wp-json\/wp\/v2\/product_brand?post=13387"},{"taxonomy":"product_cat","embeddable":true,"href":"https:\/\/lanaja.sk\/cs\/wp-json\/wp\/v2\/product_cat?post=13387"},{"taxonomy":"product_tag","embeddable":true,"href":"https:\/\/lanaja.sk\/cs\/wp-json\/wp\/v2\/product_tag?post=13387"}],"curies":[{"name":"wp","href":"https:\/\/api.w.org\/{rel}","templated":true}]}}