{"id":13392,"date":"2024-10-10T20:15:43","date_gmt":"2024-10-10T18:15:43","guid":{"rendered":"https:\/\/lanaja.sk\/obchod\/neza\u0159azen\u00e9\/povleceni-viola\/"},"modified":"2025-08-22T19:56:58","modified_gmt":"2025-08-22T17:56:58","slug":"povleceni-viola","status":"publish","type":"product","link":"https:\/\/lanaja.sk\/cs\/obchod\/povleceni-viola\/","title":{"rendered":"Ln\u011bn\u00e9 povle\u010den\u00ed VIOLA"},"content":{"rendered":"<h2><strong>Ln\u011bn\u00e9 povle\u010den\u00ed VIOLA<\/strong><\/h2>\n<p>Povle\u010den\u00ed Viola v levandulov\u00e9 barv\u011b zaru\u010duje nejen kvalitn\u00ed sp\u00e1nek, ale tak\u00e9 udr\u017eiteln\u00fd a ekologick\u00fd p\u0159\u00edstup do dom\u00e1cnosti. Pokud hled\u00e1te zp\u016fsob, jak vytvo\u0159it v lo\u017enici prost\u0159ed\u00ed \u0161etrn\u00e9 k \u017eivotn\u00edmu prost\u0159ed\u00ed a z\u00e1rove\u0148 pohodln\u00e9, pak je 100% len spr\u00e1vn\u00e1 volba.<\/p>\n<h4>Hlavn\u00ed v\u00fdhody zdrav\u00e9ho sp\u00e1nku ve lnu<\/h4>\n<p>Za\u017eijte na sv\u00e9 k\u016f\u017ei hebkost a nechte se obklopit uklid\u0148uj\u00edc\u00ed v\u016fn\u00ed. Na\u0161e produkty navod\u00ed atmosf\u00e9ru klidu a p\u0159iprav\u00ed v\u00e1s na klidn\u00fd sp\u00e1nek. \u013danov\u00e9 povle\u010den\u00ed nemus\u00ed b\u00fdt \u017eehleno. Jeho p\u0159irozen\u00e1 struktura mu dod\u00e1v\u00e1 elegantn\u00ed vzhled a vy u\u0161et\u0159\u00edte drahocenn\u00fd \u010das. Uvoln\u011bte se po n\u00e1ro\u010dn\u00e9m dni a usn\u011bte do m\u011bkk\u00e9ho objet\u00ed ln\u011bn\u00e9ho povle\u010den\u00ed. Ka\u017ed\u00fd nov\u00fd den je nov\u00fdm dobrodru\u017estv\u00edm. Pot\u0159ebujete v\u00edce energie a lep\u0161\u00ed koncentraci? Kvalitn\u00ed sp\u00e1nek je z\u00e1kladem zdrav\u00e9ho \u017eivotn\u00edho stylu. Zlep\u0161ete si kvalitu sp\u00e1nku a probu\u010fte se odpo\u010dat\u00ed a pln\u00ed energie. Ln\u011bn\u00e9 povle\u010den\u00ed VIOLA v\u00e1m poskytne pr\u00e1v\u011b tuto p\u0159\u00edle\u017eitost &#8211; odpo\u010dinout si a na\u010derpat nov\u00e9 s\u00edly.<\/p>\n<p>V\u00fdhody lo\u017en\u00edho pr\u00e1dla ze 100% lnu jsou nesporn\u00e9. Jeho jedine\u010dn\u00e1 schopnost regulovat teplotu, absorbovat vlhkost a odol\u00e1vat bakteri\u00edm a rozto\u010d\u016fm \u010din\u00ed z n\u011bj ide\u00e1ln\u00ed \u0159e\u0161en\u00ed pro lidi se zdravotn\u00edmi probl\u00e9my, ale i pro ty, kte\u0159\u00ed dbaj\u00ed na zdrav\u00fd sp\u00e1nek a pohodl\u00ed. Pro\u010d si vybrat ln\u011bnou tkaninu?<br \/>Antialergick\u00e1: Ln\u011bn\u00e9 vl\u00e1kno je odoln\u00e9 v\u016f\u010di rozto\u010d\u016fm a bakteri\u00edm, co\u017e z n\u011bj \u010din\u00ed skv\u011blou volbu pro alergiky a osoby s citlivou poko\u017ekou.<br \/>Prody\u0161n\u00e1: Vynikaj\u00edc\u00ed prody\u0161nost ln\u011bn\u00e9 tkaniny zaji\u0161\u0165uje optim\u00e1ln\u00ed klima b\u011bhem sp\u00e1nku. Tkanina odv\u00e1d\u00ed vlhkost a zabra\u0148uje p\u0159eh\u0159\u00edv\u00e1n\u00ed, tak\u017ee se budete c\u00edtit sv\u011b\u017e\u00ed a odpo\u010dat\u00ed.<br \/>Odoln\u00e1 v\u016f\u010di prachu: Ln\u011bn\u00e1 tkanina m\u00e1 p\u0159irozenou schopnost odpuzovat prach, co\u017e p\u0159isp\u00edv\u00e1 k \u010dist\u0161\u00edmu a zdrav\u011bj\u0161\u00edmu prost\u0159ed\u00ed ve va\u0161\u00ed lo\u017enici.<\/p>\n<p>Ln\u011bn\u00e9 povle\u010den\u00ed d\u00edky sv\u00e9 molekul\u00e1rn\u00ed struktu\u0159e dok\u00e1\u017ee absorbovat a\u017e 20 % sv\u00e9 hmotnosti vlhkosti. To zaji\u0161\u0165uje such\u0161\u00ed a zdrav\u011bj\u0161\u00ed sp\u00e1nek. Vychutnejte si pohodl\u00ed p\u0159\u00edrodn\u00edch materi\u00e1l\u016f a zlep\u0161ete kvalitu sv\u00e9ho odpo\u010dinku. Svou p\u0159irozenou schopnost\u00ed v\u00e9st teplo v\u00e1s v zim\u011b p\u0159\u00edjemn\u011b zah\u0159ej\u00ed a v l\u00e9t\u011b ochlad\u00ed, \u010d\u00edm\u017e udr\u017euj\u00ed optim\u00e1ln\u00ed teplotn\u00ed komfort. D\u00edky sv\u00e9 pevn\u00e9 struktu\u0159e vydr\u017e\u00ed ln\u011bn\u00e9 povle\u010den\u00ed dlouh\u00e1 l\u00e9ta. Investice do n\u011bj se tak vyplat\u00ed nejen pro jeho p\u0159\u00edjemn\u00fd pocit na k\u016f\u017ei, ale i pro jeho odolnost.<\/p>\n<p>Povle\u010den\u00ed Viola je z\u00e1rukou kvality, stylu a zdrav\u00ed, kter\u00e9 si va\u0161e rodina zaslou\u017e\u00ed. Investice do kvalitn\u00edho sp\u00e1nku: Kl\u00ed\u010d ke zdrav\u011bj\u0161\u00edmu a spokojen\u011bj\u0161\u00edmu \u017eivotu.<\/p>\n<h3>Spl\u0148te si sv\u016fj sen o dokonal\u00e9m ln\u011bn\u00e9m povle\u010den\u00ed. U\u0161ijeme v\u00e1m je p\u0159esn\u011b podle va\u0161ich p\u0159edstav a rozm\u011br\u016f.<\/h3>\n<p>Spl\u0148te si sv\u016fj sen o dokonal\u00e9m ln\u011bn\u00e9m povle\u010den\u00ed. U\u0161ijeme v\u00e1m je p\u0159esn\u011b podle va\u0161ich p\u0159edstav a rozm\u011br\u016f. Doporu\u010dujeme tak\u00e9 vyu\u017e\u00edt na\u0161e online konzultace.<\/p>\n<p>D\u00edky vn\u011bj\u0161\u00edmu pro\u0161it\u00ed po cel\u00e9m obvodu si m\u016f\u017eete b\u00fdt jisti, \u017ee si v\u00fdrobek zachov\u00e1 sv\u016fj tvar i po opakovan\u00e9m pran\u00ed. Povle\u010den\u00ed se nekrout\u00ed a po vypr\u00e1n\u00ed je sta\u010d\u00ed vyt\u0159epat a nechat uschnout. L\u00e1tka je p\u0159ed \u0161it\u00edm pe\u010dliv\u011b vypr\u00e1na a vy\u017eehlena, abychom zajistili dokonal\u00e9 v\u00fdsledky a zabr\u00e1nili p\u0159\u00edpadn\u00e9mu sr\u00e1\u017een\u00ed p\u0159i dal\u0161\u00edm pran\u00ed. Chceme v\u00e1m nab\u00eddnout kvalitn\u00ed lo\u017en\u00ed pr\u00e1dlo, kter\u00e9 je pln\u011b funk\u010dn\u00ed, zdravotn\u011b nez\u00e1vadn\u00e9 a d\u00edky v\u00fdhod\u00e1m lnu p\u0159isp\u00edv\u00e1 k va\u0161emu zdrav\u00ed.<\/p>\n<p>Jako bonus dostanete povle\u010den\u00ed Viola zabalen\u00e9 v d\u00e1rkov\u00e9 krabi\u010dce ur\u010den\u00e9 k dal\u0161\u00edmu pou\u017eit\u00ed a my v\u00e1s zbav\u00edme starost\u00ed a vym\u00fd\u0161len\u00ed d\u00e1rkov\u00e9ho balen\u00ed. Bal\u00ed\u010dek m\u016f\u017eete rovnou darovat, a\u0165 u\u017e k narozenin\u00e1m, jako svatebn\u00ed dar, nebo pod strome\u010dek na V\u00e1noce. Sestavte si vlastn\u00ed kombinaci barev.<\/p>\n<h3>Zap\u00edn\u00e1n\u00ed na ln\u011bn\u00e9m povle\u010den\u00ed<\/h3>\n<p>Zap\u00edn\u00e1n\u00ed na ln\u011bn\u00e9m povle\u010den\u00ed je \u0159e\u0161eno d\u0159ev\u011bn\u00fdmi knofl\u00edky. M\u016f\u017eete si vybrat tyto typy knofl\u00edk\u016f: D\u0158EV\u011aN\u00c9 NEBO KOKOSOV\u00c9, s viditeln\u00fdm zap\u00edn\u00e1n\u00edm nebo se skryt\u00fdmi knofl\u00edky. Hled\u00e1te lo\u017en\u00ed pr\u00e1dlo z kvalitn\u00ed lnu, kter\u00e9 v\u00e1m vydr\u017e\u00ed dlouh\u00e9 roky? V tom p\u0159\u00edpad\u011b v\u00e1m doporu\u010dujeme zvolit klasick\u00e9 zap\u00edn\u00e1n\u00ed na knofl\u00edky. A\u010dkoli nab\u00edz\u00edme i lo\u017en\u00ed pr\u00e1dlo se zipem, na\u0161e dlouholet\u00e9 zku\u0161enosti ukazuj\u00ed, \u017ee knofl\u00edky jsou odoln\u011bj\u0161\u00ed a zachovaj\u00ed si svou funk\u010dnost po del\u0161\u00ed dobu.<\/p>\n<p><strong>V\u0161echny ln\u011bn\u00e9 l\u00e1tky jsou certifikov\u00e1ny <\/strong>OEKO-TEX STANDART 100. vyrobeno v Evrop\u011b.<\/p>\n<p>V\u00edce o v\u00fdhod\u00e1ch ln\u011bn\u00e9ho pr\u00e1dla se do\u010dtete na na\u0161em blogu <a href=\"https:\/\/lanaja.sk\/cs\/?p=7582\" rel=\"noopener\">LEN A JEHO \u00da\u010cINKY Pro zdrav\u00fd a plnohodnotn\u00fd sp\u00e1nek, <\/a> <\/p>\n<p>Jak se starat o ln\u011bn\u00e9 v\u00fdrobky <a href=\"https:\/\/lanaja.sk\/cs\" rel=\"noopener\">P\u00c9\u010cE O LN\u011aN\u00c9 V\u00ddROBKY<\/a><\/p>\n<p><strong>LN\u011aN\u00c9 POVLE\u010cEN\u00cd BARVA: levandulov\u00e1 fialov\u00e1, 185 g len<\/strong><\/p>\n<p>Ln\u011bn\u00e9 povle\u010den\u00ed m\u016f\u017eete tak\u00e9 sladit s ln\u011bn\u00fdm prost\u011bradlem <a href=\"https:\/\/lanaja.sk\/cs\/kategorie-produktu\/loznice\/lnene-prosteradla\/\" rel=\"noopener noreferrer\">ZDE<\/a><\/p>\n<p>Ln\u011bn\u00e9 povle\u010den\u00ed v jin\u00fdch barv\u00e1ch a velikostech si m\u016f\u017eete objednat <a href=\"https:\/\/lanaja.sk\/cs\/kategorie-produktu\/loznice\/lnene-povleceni-cs\/\" rel=\"noopener noreferrer\">tak\u00e9 ZDE<\/a> a tak\u00e9 rozm\u011bry ln\u011bn\u00e9ho povle\u010den\u00ed do d\u011btsk\u00fdch post\u00fdlek, junior\u016f.<\/p>\n<p><strong>Po\u010d\u00edtejte s dodac\u00ed lh\u016ftou 5-15 pracovn\u00edch dn\u016f, pokud nem\u00e1me produkt \u0161it\u00fd skladem, ru\u010dn\u00ed pr\u00e1ce vy\u017eaduje n\u00e1\u0161 \u010das. Ln\u011bn\u00e9 v\u00fdrobky \u0161ijeme v na\u0161\u00ed d\u00edln\u011b dle Va\u0161eho p\u0159\u00e1n\u00ed a na m\u00edru v z\u00e1vislosti na konkr\u00e9tn\u00edm v\u00fdrobku.<\/strong><\/p>\n","protected":false},"excerpt":{"rendered":"<p><span data-offset-key=\"3m4b-0-0\">V\u00edtejte v LANAJA! Na m\u00edst\u011b, kde se v\u00e1m spln\u00ed va\u0161e touha po dokonal\u00e9m sp\u00e1nku! Na\u0161e ln\u011bn\u00e9 povle\u010den\u00ed \u0161ijeme p\u0159\u00edmo v na\u0161\u00ed d\u00edln\u011b Lanaja na Slovensku. Podporujeme m\u00edstn\u00ed v\u00fdrobce a zaji\u0161\u0165ujeme, aby ka\u017ed\u00fd krok v\u00fdrobn\u00edho procesu byl etick\u00fd a udr\u017eiteln\u00fd. V\u011b\u0159\u00edme, \u017ee je to zp\u016fsob, jak vytvo\u0159it lep\u0161\u00ed sv\u011bt nejen pro n\u00e1s, ale i pro budouc\u00ed generace. <\/span>Vstupte do sv\u011bta sn\u016f, kde sp\u00e1nek a va\u0161e postel jsou \u010dist\u00fdm um\u011bleck\u00fdm pl\u00e1tnem.<\/p>\n","protected":false},"featured_media":14948,"template":"","meta":[],"product_brand":[],"product_cat":[365,366,363,364],"product_tag":[435,368],"class_list":{"0":"post-13392","1":"product","2":"type-product","3":"status-publish","4":"has-post-thumbnail","6":"product_cat-lnena-prosteradla-ve-standardnich-velikostech","7":"product_cat-lnene-povlaky-na-prikryvky","8":"product_cat-lnene-povleceni-cs","9":"product_cat-lnene-povleceni-do-detske-postylky","10":"product_tag-povleceni-viola","11":"product_tag-slovenska-lnena-prosteradla","13":"first","14":"onbackorder","15":"shipping-taxable","16":"purchasable","17":"product-type-variable"},"yoast_head":"<!-- This site is optimized with the Yoast SEO plugin v27.4 - https:\/\/yoast.com\/product\/yoast-seo-wordpress\/ -->\n<title>Ln\u011bn\u00e9 povle\u010den\u00ed VIOLA &#8226; Lanaja-slovensk\u00e1 udr\u017eiteln\u00e1 zna\u010dka a v\u00fdrobce ln\u011bn\u00e9ho textilu<\/title>\n<meta name=\"description\" content=\"Ln\u011bn\u00e9 povle\u010den\u00ed VIOLA je z\u00e1rukou nejen kvalitn\u00edho sp\u00e1nku, ale tak\u00e9 udr\u017eiteln\u00e9ho a ekologick\u00e9ho p\u0159\u00edstupu, pono\u0159te se do m\u011bkk\u00e9ho objet\u00ed lnu\" \/>\n<meta name=\"robots\" content=\"index, follow, max-snippet:-1, max-image-preview:large, max-video-preview:-1\" \/>\n<link rel=\"canonical\" href=\"https:\/\/lanaja.sk\/cs\/obchod\/povleceni-viola\/\" \/>\n<meta property=\"og:locale\" content=\"cs_CZ\" \/>\n<meta property=\"og:type\" content=\"article\" \/>\n<meta property=\"og:title\" content=\"Ln\u011bn\u00e9 povle\u010den\u00ed VIOLA &#8226; Lanaja-slovensk\u00e1 udr\u017eiteln\u00e1 zna\u010dka a v\u00fdrobce ln\u011bn\u00e9ho textilu\" \/>\n<meta property=\"og:description\" content=\"Ln\u011bn\u00e9 povle\u010den\u00ed VIOLA je z\u00e1rukou nejen kvalitn\u00edho sp\u00e1nku, ale tak\u00e9 udr\u017eiteln\u00e9ho a ekologick\u00e9ho p\u0159\u00edstupu, pono\u0159te se do m\u011bkk\u00e9ho objet\u00ed lnu\" \/>\n<meta property=\"og:url\" content=\"https:\/\/lanaja.sk\/cs\/obchod\/povleceni-viola\/\" \/>\n<meta property=\"og:site_name\" content=\"Lanaja-slovensk\u00e1 udr\u017eiteln\u00e1 zna\u010dka a v\u00fdrobce ln\u011bn\u00e9ho textilu\" \/>\n<meta property=\"article:publisher\" content=\"https:\/\/www.facebook.com\/Abreadbag\" \/>\n<meta property=\"article:modified_time\" content=\"2025-08-22T17:56:58+00:00\" \/>\n<meta property=\"og:image\" content=\"https:\/\/lanaja.sk\/wp-content\/uploads\/2024\/05\/lanove-obliecky-Viola-scaled.jpg\" \/>\n\t<meta property=\"og:image:width\" content=\"2560\" \/>\n\t<meta property=\"og:image:height\" content=\"1977\" \/>\n\t<meta property=\"og:image:type\" content=\"image\/jpeg\" \/>\n<meta name=\"twitter:card\" content=\"summary_large_image\" \/>\n<meta name=\"twitter:label1\" content=\"Odhadovan\u00e1 doba \u010dten\u00ed\" \/>\n\t<meta name=\"twitter:data1\" content=\"5 minut\" \/>\n<script type=\"application\/ld+json\" class=\"yoast-schema-graph\">{\"@context\":\"https:\\\/\\\/schema.org\",\"@graph\":[{\"@type\":\"WebPage\",\"@id\":\"https:\\\/\\\/lanaja.sk\\\/cs\\\/obchod\\\/povleceni-viola\\\/\",\"url\":\"https:\\\/\\\/lanaja.sk\\\/cs\\\/obchod\\\/povleceni-viola\\\/\",\"name\":\"Ln\u011bn\u00e9 povle\u010den\u00ed VIOLA &#8226; Lanaja-slovensk\u00e1 udr\u017eiteln\u00e1 zna\u010dka a v\u00fdrobce ln\u011bn\u00e9ho textilu\",\"isPartOf\":{\"@id\":\"https:\\\/\\\/lanaja.sk\\\/cs\\\/#website\"},\"primaryImageOfPage\":{\"@id\":\"https:\\\/\\\/lanaja.sk\\\/cs\\\/obchod\\\/povleceni-viola\\\/#primaryimage\"},\"image\":{\"@id\":\"https:\\\/\\\/lanaja.sk\\\/cs\\\/obchod\\\/povleceni-viola\\\/#primaryimage\"},\"thumbnailUrl\":\"https:\\\/\\\/lanaja.sk\\\/wp-content\\\/uploads\\\/2024\\\/05\\\/lanove-obliecky-Viola-scaled.jpg\",\"datePublished\":\"2024-10-10T18:15:43+00:00\",\"dateModified\":\"2025-08-22T17:56:58+00:00\",\"description\":\"Ln\u011bn\u00e9 povle\u010den\u00ed VIOLA je z\u00e1rukou nejen kvalitn\u00edho sp\u00e1nku, ale tak\u00e9 udr\u017eiteln\u00e9ho a ekologick\u00e9ho p\u0159\u00edstupu, pono\u0159te se do m\u011bkk\u00e9ho objet\u00ed lnu\",\"breadcrumb\":{\"@id\":\"https:\\\/\\\/lanaja.sk\\\/cs\\\/obchod\\\/povleceni-viola\\\/#breadcrumb\"},\"inLanguage\":\"cs\",\"potentialAction\":[{\"@type\":\"ReadAction\",\"target\":[\"https:\\\/\\\/lanaja.sk\\\/cs\\\/obchod\\\/povleceni-viola\\\/\"]}]},{\"@type\":\"ImageObject\",\"inLanguage\":\"cs\",\"@id\":\"https:\\\/\\\/lanaja.sk\\\/cs\\\/obchod\\\/povleceni-viola\\\/#primaryimage\",\"url\":\"https:\\\/\\\/lanaja.sk\\\/wp-content\\\/uploads\\\/2024\\\/05\\\/lanove-obliecky-Viola-scaled.jpg\",\"contentUrl\":\"https:\\\/\\\/lanaja.sk\\\/wp-content\\\/uploads\\\/2024\\\/05\\\/lanove-obliecky-Viola-scaled.jpg\",\"width\":2560,\"height\":1977,\"caption\":\"Slovensk\u00e9 \u013eanov\u00e9 oblie\u010dky\"},{\"@type\":\"BreadcrumbList\",\"@id\":\"https:\\\/\\\/lanaja.sk\\\/cs\\\/obchod\\\/povleceni-viola\\\/#breadcrumb\",\"itemListElement\":[{\"@type\":\"ListItem\",\"position\":1,\"name\":\"Home\",\"item\":\"https:\\\/\\\/lanaja.sk\\\/cs\\\/\"},{\"@type\":\"ListItem\",\"position\":2,\"name\":\"Obchod\",\"item\":\"https:\\\/\\\/lanaja.sk\\\/cs\\\/obchod-cz\\\/\"},{\"@type\":\"ListItem\",\"position\":3,\"name\":\"Ln\u011bn\u00e9 povle\u010den\u00ed VIOLA\"}]},{\"@type\":\"WebSite\",\"@id\":\"https:\\\/\\\/lanaja.sk\\\/cs\\\/#website\",\"url\":\"https:\\\/\\\/lanaja.sk\\\/cs\\\/\",\"name\":\"Lanaja - bytov\u00fd textil z \u013eanu a \u013eanov\u00e9 v\u00fdrobky\",\"description\":\"Jedine\u010dn\u00fd bytov\u00fd textil, ln\u011bn\u00e9 pytl\u00edky, ln\u011bn\u00e9 ubrusy, ln\u011bn\u00e9 lo\u017en\u00ed povle\u010den\u00ed, ln\u011bn\u00e9 ut\u011brky, ln\u011bn\u00e9 prost\u00edr\u00e1n\u00ed vyroben\u00e9 a \u0161it\u00e9 na Slovensku\",\"publisher\":{\"@id\":\"https:\\\/\\\/lanaja.sk\\\/cs\\\/#organization\"},\"alternateName\":\"Lanaja - v\u00fdrobky z \u013eanu, \u013eanov\u00fd bytov\u00fd textil\",\"potentialAction\":[{\"@type\":\"SearchAction\",\"target\":{\"@type\":\"EntryPoint\",\"urlTemplate\":\"https:\\\/\\\/lanaja.sk\\\/cs\\\/?s={search_term_string}\"},\"query-input\":{\"@type\":\"PropertyValueSpecification\",\"valueRequired\":true,\"valueName\":\"search_term_string\"}}],\"inLanguage\":\"cs\"},{\"@type\":\"Organization\",\"@id\":\"https:\\\/\\\/lanaja.sk\\\/cs\\\/#organization\",\"name\":\"Lanaja\",\"alternateName\":\"Al\u017ebeta Andr\u00e1\u0161ikov\u00e1 - Lanaja\",\"url\":\"https:\\\/\\\/lanaja.sk\\\/cs\\\/\",\"logo\":{\"@type\":\"ImageObject\",\"inLanguage\":\"cs\",\"@id\":\"https:\\\/\\\/lanaja.sk\\\/cs\\\/#\\\/schema\\\/logo\\\/image\\\/\",\"url\":\"https:\\\/\\\/lanaja.sk\\\/wp-content\\\/uploads\\\/2024\\\/01\\\/Lanaja.sk-logo.png\",\"contentUrl\":\"https:\\\/\\\/lanaja.sk\\\/wp-content\\\/uploads\\\/2024\\\/01\\\/Lanaja.sk-logo.png\",\"width\":600,\"height\":300,\"caption\":\"Lanaja\"},\"image\":{\"@id\":\"https:\\\/\\\/lanaja.sk\\\/cs\\\/#\\\/schema\\\/logo\\\/image\\\/\"},\"sameAs\":[\"https:\\\/\\\/www.facebook.com\\\/Abreadbag\",\"https:\\\/\\\/www.instagram.com\\\/lanaja_sk\\\/\"]}]}<\/script>\n<!-- \/ Yoast SEO plugin. -->","yoast_head_json":{"title":"Ln\u011bn\u00e9 povle\u010den\u00ed VIOLA &#8226; Lanaja-slovensk\u00e1 udr\u017eiteln\u00e1 zna\u010dka a v\u00fdrobce ln\u011bn\u00e9ho textilu","description":"Ln\u011bn\u00e9 povle\u010den\u00ed VIOLA je z\u00e1rukou nejen kvalitn\u00edho sp\u00e1nku, ale tak\u00e9 udr\u017eiteln\u00e9ho a ekologick\u00e9ho p\u0159\u00edstupu, pono\u0159te se do m\u011bkk\u00e9ho objet\u00ed lnu","robots":{"index":"index","follow":"follow","max-snippet":"max-snippet:-1","max-image-preview":"max-image-preview:large","max-video-preview":"max-video-preview:-1"},"canonical":"https:\/\/lanaja.sk\/cs\/obchod\/povleceni-viola\/","og_locale":"cs_CZ","og_type":"article","og_title":"Ln\u011bn\u00e9 povle\u010den\u00ed VIOLA &#8226; Lanaja-slovensk\u00e1 udr\u017eiteln\u00e1 zna\u010dka a v\u00fdrobce ln\u011bn\u00e9ho textilu","og_description":"Ln\u011bn\u00e9 povle\u010den\u00ed VIOLA je z\u00e1rukou nejen kvalitn\u00edho sp\u00e1nku, ale tak\u00e9 udr\u017eiteln\u00e9ho a ekologick\u00e9ho p\u0159\u00edstupu, pono\u0159te se do m\u011bkk\u00e9ho objet\u00ed lnu","og_url":"https:\/\/lanaja.sk\/cs\/obchod\/povleceni-viola\/","og_site_name":"Lanaja-slovensk\u00e1 udr\u017eiteln\u00e1 zna\u010dka a v\u00fdrobce ln\u011bn\u00e9ho textilu","article_publisher":"https:\/\/www.facebook.com\/Abreadbag","article_modified_time":"2025-08-22T17:56:58+00:00","og_image":[{"width":2560,"height":1977,"url":"https:\/\/lanaja.sk\/wp-content\/uploads\/2024\/05\/lanove-obliecky-Viola-scaled.jpg","type":"image\/jpeg"}],"twitter_card":"summary_large_image","twitter_misc":{"Odhadovan\u00e1 doba \u010dten\u00ed":"5 minut"},"schema":{"@context":"https:\/\/schema.org","@graph":[{"@type":"WebPage","@id":"https:\/\/lanaja.sk\/cs\/obchod\/povleceni-viola\/","url":"https:\/\/lanaja.sk\/cs\/obchod\/povleceni-viola\/","name":"Ln\u011bn\u00e9 povle\u010den\u00ed VIOLA &#8226; Lanaja-slovensk\u00e1 udr\u017eiteln\u00e1 zna\u010dka a v\u00fdrobce ln\u011bn\u00e9ho textilu","isPartOf":{"@id":"https:\/\/lanaja.sk\/cs\/#website"},"primaryImageOfPage":{"@id":"https:\/\/lanaja.sk\/cs\/obchod\/povleceni-viola\/#primaryimage"},"image":{"@id":"https:\/\/lanaja.sk\/cs\/obchod\/povleceni-viola\/#primaryimage"},"thumbnailUrl":"https:\/\/lanaja.sk\/wp-content\/uploads\/2024\/05\/lanove-obliecky-Viola-scaled.jpg","datePublished":"2024-10-10T18:15:43+00:00","dateModified":"2025-08-22T17:56:58+00:00","description":"Ln\u011bn\u00e9 povle\u010den\u00ed VIOLA je z\u00e1rukou nejen kvalitn\u00edho sp\u00e1nku, ale tak\u00e9 udr\u017eiteln\u00e9ho a ekologick\u00e9ho p\u0159\u00edstupu, pono\u0159te se do m\u011bkk\u00e9ho objet\u00ed lnu","breadcrumb":{"@id":"https:\/\/lanaja.sk\/cs\/obchod\/povleceni-viola\/#breadcrumb"},"inLanguage":"cs","potentialAction":[{"@type":"ReadAction","target":["https:\/\/lanaja.sk\/cs\/obchod\/povleceni-viola\/"]}]},{"@type":"ImageObject","inLanguage":"cs","@id":"https:\/\/lanaja.sk\/cs\/obchod\/povleceni-viola\/#primaryimage","url":"https:\/\/lanaja.sk\/wp-content\/uploads\/2024\/05\/lanove-obliecky-Viola-scaled.jpg","contentUrl":"https:\/\/lanaja.sk\/wp-content\/uploads\/2024\/05\/lanove-obliecky-Viola-scaled.jpg","width":2560,"height":1977,"caption":"Slovensk\u00e9 \u013eanov\u00e9 oblie\u010dky"},{"@type":"BreadcrumbList","@id":"https:\/\/lanaja.sk\/cs\/obchod\/povleceni-viola\/#breadcrumb","itemListElement":[{"@type":"ListItem","position":1,"name":"Home","item":"https:\/\/lanaja.sk\/cs\/"},{"@type":"ListItem","position":2,"name":"Obchod","item":"https:\/\/lanaja.sk\/cs\/obchod-cz\/"},{"@type":"ListItem","position":3,"name":"Ln\u011bn\u00e9 povle\u010den\u00ed VIOLA"}]},{"@type":"WebSite","@id":"https:\/\/lanaja.sk\/cs\/#website","url":"https:\/\/lanaja.sk\/cs\/","name":"Lanaja - bytov\u00fd textil z \u013eanu a \u013eanov\u00e9 v\u00fdrobky","description":"Jedine\u010dn\u00fd bytov\u00fd textil, ln\u011bn\u00e9 pytl\u00edky, ln\u011bn\u00e9 ubrusy, ln\u011bn\u00e9 lo\u017en\u00ed povle\u010den\u00ed, ln\u011bn\u00e9 ut\u011brky, ln\u011bn\u00e9 prost\u00edr\u00e1n\u00ed vyroben\u00e9 a \u0161it\u00e9 na Slovensku","publisher":{"@id":"https:\/\/lanaja.sk\/cs\/#organization"},"alternateName":"Lanaja - v\u00fdrobky z \u013eanu, \u013eanov\u00fd bytov\u00fd textil","potentialAction":[{"@type":"SearchAction","target":{"@type":"EntryPoint","urlTemplate":"https:\/\/lanaja.sk\/cs\/?s={search_term_string}"},"query-input":{"@type":"PropertyValueSpecification","valueRequired":true,"valueName":"search_term_string"}}],"inLanguage":"cs"},{"@type":"Organization","@id":"https:\/\/lanaja.sk\/cs\/#organization","name":"Lanaja","alternateName":"Al\u017ebeta Andr\u00e1\u0161ikov\u00e1 - Lanaja","url":"https:\/\/lanaja.sk\/cs\/","logo":{"@type":"ImageObject","inLanguage":"cs","@id":"https:\/\/lanaja.sk\/cs\/#\/schema\/logo\/image\/","url":"https:\/\/lanaja.sk\/wp-content\/uploads\/2024\/01\/Lanaja.sk-logo.png","contentUrl":"https:\/\/lanaja.sk\/wp-content\/uploads\/2024\/01\/Lanaja.sk-logo.png","width":600,"height":300,"caption":"Lanaja"},"image":{"@id":"https:\/\/lanaja.sk\/cs\/#\/schema\/logo\/image\/"},"sameAs":["https:\/\/www.facebook.com\/Abreadbag","https:\/\/www.instagram.com\/lanaja_sk\/"]}]}},"_links":{"self":[{"href":"https:\/\/lanaja.sk\/cs\/wp-json\/wp\/v2\/product\/13392","targetHints":{"allow":["GET"]}}],"collection":[{"href":"https:\/\/lanaja.sk\/cs\/wp-json\/wp\/v2\/product"}],"about":[{"href":"https:\/\/lanaja.sk\/cs\/wp-json\/wp\/v2\/types\/product"}],"version-history":[{"count":1,"href":"https:\/\/lanaja.sk\/cs\/wp-json\/wp\/v2\/product\/13392\/revisions"}],"predecessor-version":[{"id":16579,"href":"https:\/\/lanaja.sk\/cs\/wp-json\/wp\/v2\/product\/13392\/revisions\/16579"}],"wp:featuredmedia":[{"embeddable":true,"href":"https:\/\/lanaja.sk\/cs\/wp-json\/wp\/v2\/media\/14948"}],"wp:attachment":[{"href":"https:\/\/lanaja.sk\/cs\/wp-json\/wp\/v2\/media?parent=13392"}],"wp:term":[{"taxonomy":"product_brand","embeddable":true,"href":"https:\/\/lanaja.sk\/cs\/wp-json\/wp\/v2\/product_brand?post=13392"},{"taxonomy":"product_cat","embeddable":true,"href":"https:\/\/lanaja.sk\/cs\/wp-json\/wp\/v2\/product_cat?post=13392"},{"taxonomy":"product_tag","embeddable":true,"href":"https:\/\/lanaja.sk\/cs\/wp-json\/wp\/v2\/product_tag?post=13392"}],"curies":[{"name":"wp","href":"https:\/\/api.w.org\/{rel}","templated":true}]}}