{"id":13409,"date":"2024-02-04T14:42:55","date_gmt":"2024-02-04T13:42:55","guid":{"rendered":"https:\/\/lanaja.sk\/obchod\/neza\u0159azen\u00e9\/lnene-prosteradlo-s-gumickou-245g-6-barev\/"},"modified":"2025-08-22T08:37:05","modified_gmt":"2025-08-22T06:37:05","slug":"lnene-prosteradlo-s-gumickou-245g-6-barev","status":"publish","type":"product","link":"https:\/\/lanaja.sk\/cs\/obchod\/lnene-prosteradlo-s-gumickou-245g-6-barev\/","title":{"rendered":"Ln\u011bn\u00e9 prost\u011bradlo s gumi\u010dkou 245g- 6 barev"},"content":{"rendered":"<h3><strong>Ln\u011bn\u00e9 prost\u011bradlo s gumi\u010dkou v 6 barv\u00e1ch &#8211; gram\u00e1\u017e lnu 245 g\/m2<\/strong><\/h3>\n<p>Na\u0161e mal\u00e1 rodinn\u00e1 slovensk\u00e1 zna\u010dka Lanaja se zam\u011b\u0159uje na va\u0161e individu\u00e1ln\u00ed pot\u0159eby. Ln\u011bn\u00e1 prost\u011bradla \u0161ijeme p\u0159esn\u011b podle va\u0161ich po\u017eadavk\u016f. S na\u0161\u00edm ln\u011bn\u00fdm povle\u010den\u00edm si m\u016f\u017eete b\u00fdt jisti nejen jeho kvalitou, ale tak\u00e9 dokonal\u00fdm p\u0159izp\u016fsoben\u00edm va\u0161im pot\u0159eb\u00e1m. P\u0159i n\u00e1kupu si m\u016f\u017eete vybrat z r\u016fzn\u00fdch barev a styl\u016f, abyste dos\u00e1hli dokonal\u00e9ho vzhledu a pohodl\u00ed ve va\u0161\u00ed lo\u017enici.<\/p>\n<p>Ln\u011bn\u00e9 prost\u011bradlo s gumi\u010dkou pat\u0159\u00ed mezi nejobl\u00edben\u011bj\u0161\u00ed v\u00fdrobky pro sv\u00e9 vynikaj\u00edc\u00ed vlastnosti, kter\u00e9 v\u00e1m zaru\u010d\u00ed nejen pohodl\u00ed, ale i zdrav\u00ed. Jeho filtra\u010dn\u00ed schopnosti jsou jedine\u010dn\u00e9 a \u00fa\u010dinn\u00e9 v boji proti alergen\u016fm a choroboplodn\u00fdm z\u00e1rodk\u016fm. D\u00edky sv\u00e9 schopnosti regulovat vlhkost umo\u017e\u0148uje optim\u00e1ln\u00ed cirkulaci vzduchu d\u00edky dut\u00fdm vl\u00e1kn\u016fm. T\u00edm se sni\u017euje riziko p\u0159eh\u0159\u00e1t\u00ed a zvy\u0161uje se pohodl\u00ed b\u011bhem sp\u00e1nku.<\/p>\n<h4><strong>\u010c\u00edm jsou na\u0161e ln\u011bn\u00e1 prost\u011bradla v\u00fdjime\u010dn\u00e1?<\/strong><\/h4>\n<p><strong>Ln\u011bn\u00e9 prost\u011bradlo s na\u0161itou gumi\u010dkou m\u00e1 jedine\u010dn\u00e9 filtra\u010dn\u00ed vlastnosti, kter\u00e9 mohou sn\u00ed\u017eit po\u010det alergen\u016f a choroboplodn\u00fdch z\u00e1rodk\u016f<\/strong>. D\u00edky schopnostem sni\u017eovat vlhkost umo\u017e\u0148uj\u00ed maxim\u00e1ln\u00ed prody\u0161nost skrze sv\u00e1 dut\u00e1 vl\u00e1kna. Ln\u011bn\u00e1 prost\u011bradla tak mohou sn\u00ed\u017eit v\u00fdskyt alergick\u00fdch symptom\u016f nebo jin\u00fdch respira\u010dn\u00edch probl\u00e9m\u016f.<br \/>\nLen je tak\u00e9 antistatick\u00fd, proto umo\u017e\u0148uje poko\u017ece a t\u011blu udr\u017eovat p\u0159irozenou hodnotu pH, co\u017e m\u016f\u017ee b\u00fdt prosp\u011b\u0161n\u00e9 pro ty, kte\u0159\u00ed trp\u00ed zv\u00fd\u0161enou citlivost\u00ed poko\u017eky.<\/p>\n<p><strong>Ln\u011bn\u00e1 prost\u011bradla se ji\u017e dlouho pova\u017euj\u00ed za jednu z nejekologi\u010dt\u011bj\u0161\u00edch mo\u017enost\u00ed <\/strong>z d\u016fvodu jejich dlouh\u00e9 \u017eivotnosti a samotn\u00e9 v\u00fdroby 100% ln\u011bn\u00e9 l\u00e1tky ze ln\u011bn\u00fdch semen, kter\u00e1 se pova\u017euj\u00ed za obnoviteln\u00fd zdroj a z\u00e1rove\u0148 za biologicky odbourateln\u00e1.<\/p>\n<p>Len reguluje teplotu, je <strong>antistatick\u00fd, antibakteri\u00e1ln\u00ed<\/strong> a p\u016fsob\u00ed jako p\u0159\u00edrodn\u00ed izolant. To znamen\u00e1, \u017ee <strong>m\u00e1 vlastnosti reguluj\u00edc\u00ed teplotu<\/strong> a v l\u00e9t\u011b v\u00e1s ochlazuje a v zim\u011b v\u00e1s zah\u0159\u00edv\u00e1 d\u00edky dut\u00fdm vl\u00e1kn\u016fm, ani\u017e by do\u0161lo k p\u0159eh\u0159\u00e1t\u00ed.<\/p>\n<p>Len je d\u00edky sv\u00fdm p\u0159\u00edrodn\u00edm vl\u00e1kn\u016fm zn\u00e1m\u00fd t\u00edm, jak dotv\u00e1\u0159\u00ed prostor z estetick\u00e9ho hlediska a bez probl\u00e9m\u016f se hod\u00ed do jak\u00e9hokoli prostoru.<\/p>\n<p><strong>Celosez\u00f3nn\u00ed ln\u011bn\u00e9 povle\u010den\u00ed a ln\u011bn\u00e1 prost\u011bradla rychle schnou,<\/strong> tak\u017ee v teplej\u0161\u00edch m\u011bs\u00edc\u00edch jejich vlastnosti odv\u00e1d\u011bj\u00edc\u00ed vlhkost p\u016fsob\u00ed jako \u00fa\u010dinn\u00e9 antiperspiranty, len dok\u00e1\u017ee doslova zadr\u017eet a\u017e 20n\u00e1sobek sv\u00e9 hmotnosti ve vlhkosti, co\u017e z n\u011bj d\u011bl\u00e1 ide\u00e1ln\u00ed materi\u00e1l pro nep\u0159etr\u017eit\u00fd a \u010dist\u00fd sp\u00e1nek.<\/p>\n<p><strong>Ln\u011bn\u00e9 prost\u011bradlo v\u00e1m m\u016f\u017ee slou\u017eit cel\u00fd \u017eivot, pokud se o n\u011bj budete spr\u00e1vn\u011b starat<\/strong>. Nepou\u017e\u00edvejte \u010distic\u00ed prost\u0159edky, kter\u00e9 obsahuj\u00ed zjas\u0148ova\u010de barev, proto\u017ee oslabuj\u00ed vl\u00e1kna a mohou potenci\u00e1ln\u011b zm\u011bnit barvu pr\u00e1dla. V\u017edy se ujist\u011bte, \u017ee je pr\u00e1dlo d\u016fkladn\u011b opl\u00e1chnuto vodou, aby se odstranily v\u0161echny stopy prac\u00edho prost\u0159edku, kter\u00e9 mohou pozd\u011bji zp\u016fsobit oxidaci skvrny. P\u0159ed n\u00e1kupem se ujist\u011bte, \u017ee investujete do 100% lnu, a nikoli do sm\u011bsi s jin\u00fdm vl\u00e1knem.<\/p>\n<h4><strong>Spr\u00e1vn\u00e1 velikost je d\u016fle\u017eit\u00e1, jak ji zm\u011b\u0159it?<\/strong><\/h4>\n<p> <strong>Doporu\u010dujeme p\u0159edem zm\u011b\u0159it nejen d\u00e9lku, \u0161\u00ed\u0159ku matrace, ale i jej\u00ed v\u00fd\u0161ku.<\/strong> Podle zku\u0161enost\u00ed v\u00edme, \u017ee jsou opravdu r\u016fzn\u00e9. Od 15 cm do 40 cm a v tomto kroku se potom prost\u011bradlo p\u0159izp\u016fsobuje p\u0159esn\u011b na m\u00edru. V albu je najdete ve standardn\u00edch velikostech, kde je v\u00fd\u0161ka matrace do 20 cm.<br \/>\nNev\u00e1hejte n\u00e1m proto p\u0159ed objedn\u00e1vkou napsat. R\u00e1di v\u00e1m porad\u00edme a vy si budete jisti, \u017ee m\u00e1te ln\u011bn\u00e9 prost\u011bradlo, kter\u00e9 v\u00e1m sedne jako ulit\u00e9.<br \/>P\u0159ipravili jsme pro v\u00e1s \u010dl\u00e1nek, co je d\u016fle\u017eit\u00e9 a na co se zam\u011b\u0159it p\u0159i m\u011b\u0159en\u00ed <strong><a href=\"https:\/\/lanaja.sk\/ako-vybrat-spravnu-velkost-lanovej-plachty\/\">ZDE.<\/a><\/strong><br \/>Ln\u011bn\u00e1 prost\u011bradla v jin\u00fdch barv\u00e1ch m\u016f\u017eete naj\u00edt a sladit barevn\u011b s povle\u010den\u00edm <strong><a href=\"https:\/\/lanaja.sk\/cs\/kategorie-produktu\/loznice\/lnene-povleceni-cs\/\" target=\"_blank\" rel=\"noopener\" data-saferedirecturl=\"https:\/\/www.google.com\/url?q=https:\/\/abreadbag.com\/kategoria-produktu\/postelna-bielizen\/&amp;source=gmail&amp;ust=1646582226935000&amp;usg=AOvVaw3Hc8pWRbJSg003tNez8M3c\">ZDE.<\/a><\/strong><\/p>\n<p>Na\u0161e ln\u011bn\u00e1 prost\u011bradla nejsou jen o pohodl\u00ed a prakti\u010dnosti, ale tak\u00e9 o stylu a eleganci. Ln\u011bn\u00e1 l\u00e1tka m\u00e1 p\u0159irozen\u00fd p\u0159\u00edrodn\u00ed vzhled, kter\u00fd dod\u00e1 va\u0161emu interi\u00e9ru kouzlo p\u0159\u00edrody. Jsou k dispozici v r\u016fzn\u00fdch odst\u00ednech, od p\u0159\u00edrodn\u00edch neutr\u00e1ln\u00edch a\u017e po \u017eiv\u00e9 a syt\u00e9 barvy, a m\u016f\u017eete si vybrat ln\u011bn\u00e9 prost\u011bradlo, kter\u00e9 nejl\u00e9pe vyhovuje va\u0161emu stylu a n\u00e1lad\u011b.<\/p>\n<h4>Jak\u00fd je rozd\u00edl mezi gram\u00e1\u017e\u00ed lnu 185 g\/m2 a 245 g\/m2?<\/h4>\n<p>Len s gram\u00e1\u017e\u00ed 185g je ten\u010d\u00ed, \u0161ijeme z n\u011bj v\u0161echny na\u0161e ln\u011bn\u00e9 v\u00fdrobky jako jsou ln\u011bn\u00e1 prost\u011bradla, povle\u010den\u00ed, py\u017eama, ut\u011brky atd. My, a hlavn\u011b vy, jsme s touto gram\u00e1\u017e\u00ed velmi spokojeni a v pr\u016fb\u011bhu let jsme ji ji\u017e 185g lnu vyzkou\u0161eli. <strong>Ln\u011bn\u00e1 prost\u011bradla z lnu s gram\u00e1\u017e\u00ed 245 g jsou u n\u00e1s novinkou.<\/strong> Tento len je hust\u0161\u00ed na dotek i na pohled. Je strukturovan\u011bj\u0161\u00ed, pevn\u011bj\u0161\u00ed, ale z\u00e1rove\u0148 m\u011bkk\u00e1, poddajn\u00e1, ne\u0161kr\u00e1be a nep\u00edch\u00e1. Je hust\u011bji tkan\u00fd, ide\u00e1ln\u00ed v zimn\u00edch m\u011bs\u00edc\u00edch a p\u0159ipom\u00edn\u00e1 flanel. Tato ln\u011bn\u00e1 prost\u011bradla jsou stejn\u011b vhodn\u00e1 pro celoro\u010dn\u00ed pou\u017eit\u00ed. V l\u00e9t\u011b p\u0159\u00edjemn\u011b chlad\u00ed, v zim\u011b h\u0159ej\u00ed. Po dvou letech zkou\u0161en\u00ed a testov\u00e1n\u00ed m\u016f\u017eeme zodpov\u011bdn\u011b napsat, \u017ee o n\u011bco v\u00edce zah\u0159ej\u00ed v chladn\u00fdch m\u011bs\u00edc\u00edch ne\u017e prost\u011bradla s ni\u017e\u0161\u00ed gram\u00e1\u017e\u00ed. V\u0159ele je doporu\u010dujeme hlavn\u011b pro zimom\u0159iv\u00e9 a pono\u017ekov\u00e9 sp\u00e1\u010de.<\/p>\n<p>&nbsp;<\/p>\n<p><strong>Barvu ln\u011bn\u00e9ho prost\u011bradla s vy\u0161\u0161\u00ed gram\u00e1\u017e\u00ed lnu 245 g si m\u016f\u017eete vybrat z p\u0159ilo\u017een\u00e9ho vzorn\u00edku barev: SKO\u0158ICOV\u00c1, TMAV\u011a \u0160ED\u00c1 \u2013 MOMENT\u00c1LN\u011a VYPRODAN\u00c1, PRA\u0160N\u011a R\u016e\u017dOV\u00c1, \u010cERN\u00c1, OKROV\u00c1, OCELOV\u011a MODR\u00c1. <\/strong><\/p>\n<p>&nbsp;<\/p>\n<p><strong>Ln\u011bn\u00e9 v\u00fdrobky \u0161ijeme v na\u0161\u00ed d\u00edln\u011b dle Va\u0161eho p\u0159\u00e1n\u00ed a na m\u00edru, proto je pot\u0159eba po\u010d\u00edtat s dod\u00e1n\u00edm do 5-15 pracovn\u00edch dn\u016f, v z\u00e1vislosti na konkr\u00e9tn\u00edm produktu. Pracujeme pouze s certifikovan\u00fdmi l\u00e1tkami.<\/strong><\/p>\n","protected":false},"excerpt":{"rendered":"<p>Vitajte v na\u0161em ateli\u00e9ru Lanaja, kde pro v\u00e1s s l\u00e1skou \u0161ijeme ln\u011bn\u00e9 v\u00fdrobky a tak\u00e9 ln\u011bn\u00e1 nap\u00ednac\u00ed prost\u011bradla. Ka\u017ed\u00fd kus l\u00e1tky, kter\u00fd pou\u017e\u00edv\u00e1me, je pe\u010dliv\u011b vyb\u00edr\u00e1n a s l\u00e1skou zpracov\u00e1v\u00e1n, aby v\u00e1m p\u0159inesl jen to nejlep\u0161\u00ed.<\/p>\n<p>Na\u0161e ln\u011bn\u00e1 prost\u011bradla jsou \u0161it\u00e1 s maxim\u00e1ln\u00ed p\u00e9\u010d\u00ed a pozornost\u00ed ke ka\u017ed\u00e9mu detailu, ka\u017ed\u00fd \u0161ev je pe\u010dliv\u011b promy\u0161len\u00fd, ka\u017ed\u00fd roh je precizn\u011b slad\u011bn tak, aby va\u0161e ln\u011bn\u00e9 pr\u00e1dlo nejen vypadalo perfektn\u011b, ale bylo funk\u010dn\u00ed a dlouho v\u00e1m slou\u017eilo.<\/p>\n<p>V \u010dem jsou na\u0161e ln\u011bn\u00e1 prost\u011bradla jedine\u010dn\u00e1? Na\u0161e schopnost p\u0159izp\u016fsobit je va\u0161im pot\u0159eb\u00e1m a rozm\u011br\u016fm matrace. D\u00e1v\u00e1 v\u00e1m pocit bezpe\u010d\u00ed a pohodl\u00ed b\u011bhem sp\u00e1nku. N\u00e1\u0161 len je tkan\u00fd a zpracov\u00e1van\u00fd v Evrop\u011b, poch\u00e1z\u00ed z pobaltsk\u00fdch zem\u00ed, kter\u00e9 jsou celosv\u011btov\u011b zn\u00e1m\u00e9 p\u011bstov\u00e1n\u00edm, zpracov\u00e1n\u00edm a produkc\u00ed kvalitn\u00edho lnu.<\/p>\n","protected":false},"featured_media":10105,"template":"","meta":[],"product_brand":[],"product_cat":[182,355,357],"product_tag":[183],"class_list":{"0":"post-13409","1":"product","2":"type-product","3":"status-publish","4":"has-post-thumbnail","6":"product_cat-lnene-prosteradla","7":"product_cat-prosteradlo-na-jednoluzko","8":"product_cat-prosteradlo-na-manzelskou-postel","9":"product_tag-lnene-prosteradlo-s-gumickou","11":"first","12":"onbackorder","13":"shipping-taxable","14":"purchasable","15":"product-type-variable"},"yoast_head":"<!-- This site is optimized with the Yoast SEO plugin v27.4 - https:\/\/yoast.com\/product\/yoast-seo-wordpress\/ -->\n<title>Ln\u011bn\u00e9 prost\u011bradlo s gumi\u010dkou 245g- 6 barev &#8226; Lanaja-slovensk\u00e1 udr\u017eiteln\u00e1 zna\u010dka a v\u00fdrobce ln\u011bn\u00e9ho textilu<\/title>\n<meta name=\"description\" content=\"Ln\u011bn\u00e9 prost\u011bradlo s gumi\u010dkou po cel\u00e9m obvodu v\u00e1m m\u016f\u017ee slou\u017eit po cel\u00fd \u017eivot, p\u0159i spr\u00e1vn\u00e9 p\u00e9\u010di v\u00e1m je \u0161ijeme na m\u00edru a na velikost matrac\u00ed\" \/>\n<meta name=\"robots\" content=\"index, follow, max-snippet:-1, max-image-preview:large, max-video-preview:-1\" \/>\n<link rel=\"canonical\" href=\"https:\/\/lanaja.sk\/cs\/obchod\/lnene-prosteradlo-s-gumickou-245g-6-barev\/\" \/>\n<meta property=\"og:locale\" content=\"cs_CZ\" \/>\n<meta property=\"og:type\" content=\"article\" \/>\n<meta property=\"og:title\" content=\"Ln\u011bn\u00e9 prost\u011bradlo s gumi\u010dkou 245g- 6 barev &#8226; Lanaja-slovensk\u00e1 udr\u017eiteln\u00e1 zna\u010dka a v\u00fdrobce ln\u011bn\u00e9ho textilu\" \/>\n<meta property=\"og:description\" content=\"Ln\u011bn\u00e9 prost\u011bradlo s gumi\u010dkou po cel\u00e9m obvodu v\u00e1m m\u016f\u017ee slou\u017eit po cel\u00fd \u017eivot, p\u0159i spr\u00e1vn\u00e9 p\u00e9\u010di v\u00e1m je \u0161ijeme na m\u00edru a na velikost matrac\u00ed\" \/>\n<meta property=\"og:url\" content=\"https:\/\/lanaja.sk\/cs\/obchod\/lnene-prosteradlo-s-gumickou-245g-6-barev\/\" \/>\n<meta property=\"og:site_name\" content=\"Lanaja-slovensk\u00e1 udr\u017eiteln\u00e1 zna\u010dka a v\u00fdrobce ln\u011bn\u00e9ho textilu\" \/>\n<meta property=\"article:publisher\" content=\"https:\/\/www.facebook.com\/Abreadbag\" \/>\n<meta property=\"article:modified_time\" content=\"2025-08-22T06:37:05+00:00\" \/>\n<meta property=\"og:image\" content=\"https:\/\/lanaja.sk\/wp-content\/uploads\/2024\/02\/IMG_5934-jpeg.webp\" \/>\n\t<meta property=\"og:image:width\" content=\"1926\" \/>\n\t<meta property=\"og:image:height\" content=\"2462\" \/>\n\t<meta property=\"og:image:type\" content=\"image\/jpeg\" \/>\n<meta name=\"twitter:card\" content=\"summary_large_image\" \/>\n<meta name=\"twitter:label1\" content=\"Odhadovan\u00e1 doba \u010dten\u00ed\" \/>\n\t<meta name=\"twitter:data1\" content=\"6 minut\" \/>\n<script type=\"application\/ld+json\" class=\"yoast-schema-graph\">{\"@context\":\"https:\\\/\\\/schema.org\",\"@graph\":[{\"@type\":\"WebPage\",\"@id\":\"https:\\\/\\\/lanaja.sk\\\/cs\\\/obchod\\\/lnene-prosteradlo-s-gumickou-245g-6-barev\\\/\",\"url\":\"https:\\\/\\\/lanaja.sk\\\/cs\\\/obchod\\\/lnene-prosteradlo-s-gumickou-245g-6-barev\\\/\",\"name\":\"Ln\u011bn\u00e9 prost\u011bradlo s gumi\u010dkou 245g- 6 barev &#8226; Lanaja-slovensk\u00e1 udr\u017eiteln\u00e1 zna\u010dka a v\u00fdrobce ln\u011bn\u00e9ho textilu\",\"isPartOf\":{\"@id\":\"https:\\\/\\\/lanaja.sk\\\/cs\\\/#website\"},\"primaryImageOfPage\":{\"@id\":\"https:\\\/\\\/lanaja.sk\\\/cs\\\/obchod\\\/lnene-prosteradlo-s-gumickou-245g-6-barev\\\/#primaryimage\"},\"image\":{\"@id\":\"https:\\\/\\\/lanaja.sk\\\/cs\\\/obchod\\\/lnene-prosteradlo-s-gumickou-245g-6-barev\\\/#primaryimage\"},\"thumbnailUrl\":\"https:\\\/\\\/lanaja.sk\\\/wp-content\\\/uploads\\\/2024\\\/02\\\/IMG_5934-jpeg.webp\",\"datePublished\":\"2024-02-04T13:42:55+00:00\",\"dateModified\":\"2025-08-22T06:37:05+00:00\",\"description\":\"Ln\u011bn\u00e9 prost\u011bradlo s gumi\u010dkou po cel\u00e9m obvodu v\u00e1m m\u016f\u017ee slou\u017eit po cel\u00fd \u017eivot, p\u0159i spr\u00e1vn\u00e9 p\u00e9\u010di v\u00e1m je \u0161ijeme na m\u00edru a na velikost matrac\u00ed\",\"breadcrumb\":{\"@id\":\"https:\\\/\\\/lanaja.sk\\\/cs\\\/obchod\\\/lnene-prosteradlo-s-gumickou-245g-6-barev\\\/#breadcrumb\"},\"inLanguage\":\"cs\",\"potentialAction\":[{\"@type\":\"ReadAction\",\"target\":[\"https:\\\/\\\/lanaja.sk\\\/cs\\\/obchod\\\/lnene-prosteradlo-s-gumickou-245g-6-barev\\\/\"]}]},{\"@type\":\"ImageObject\",\"inLanguage\":\"cs\",\"@id\":\"https:\\\/\\\/lanaja.sk\\\/cs\\\/obchod\\\/lnene-prosteradlo-s-gumickou-245g-6-barev\\\/#primaryimage\",\"url\":\"https:\\\/\\\/lanaja.sk\\\/wp-content\\\/uploads\\\/2024\\\/02\\\/IMG_5934-jpeg.webp\",\"contentUrl\":\"https:\\\/\\\/lanaja.sk\\\/wp-content\\\/uploads\\\/2024\\\/02\\\/IMG_5934-jpeg.webp\",\"width\":1926,\"height\":2462,\"caption\":\"slovensk\u00e1 plachta na man\u017eelsk\u00fa poste\u013e\"},{\"@type\":\"BreadcrumbList\",\"@id\":\"https:\\\/\\\/lanaja.sk\\\/cs\\\/obchod\\\/lnene-prosteradlo-s-gumickou-245g-6-barev\\\/#breadcrumb\",\"itemListElement\":[{\"@type\":\"ListItem\",\"position\":1,\"name\":\"Home\",\"item\":\"https:\\\/\\\/lanaja.sk\\\/cs\\\/\"},{\"@type\":\"ListItem\",\"position\":2,\"name\":\"Obchod\",\"item\":\"https:\\\/\\\/lanaja.sk\\\/cs\\\/obchod-cz\\\/\"},{\"@type\":\"ListItem\",\"position\":3,\"name\":\"Ln\u011bn\u00e9 prost\u011bradlo s gumi\u010dkou 245g- 6 barev\"}]},{\"@type\":\"WebSite\",\"@id\":\"https:\\\/\\\/lanaja.sk\\\/cs\\\/#website\",\"url\":\"https:\\\/\\\/lanaja.sk\\\/cs\\\/\",\"name\":\"Lanaja - bytov\u00fd textil z \u013eanu a \u013eanov\u00e9 v\u00fdrobky\",\"description\":\"Jedine\u010dn\u00fd bytov\u00fd textil, ln\u011bn\u00e9 pytl\u00edky, ln\u011bn\u00e9 ubrusy, ln\u011bn\u00e9 lo\u017en\u00ed povle\u010den\u00ed, ln\u011bn\u00e9 ut\u011brky, ln\u011bn\u00e9 prost\u00edr\u00e1n\u00ed vyroben\u00e9 a \u0161it\u00e9 na Slovensku\",\"publisher\":{\"@id\":\"https:\\\/\\\/lanaja.sk\\\/cs\\\/#organization\"},\"alternateName\":\"Lanaja - v\u00fdrobky z \u013eanu, \u013eanov\u00fd bytov\u00fd textil\",\"potentialAction\":[{\"@type\":\"SearchAction\",\"target\":{\"@type\":\"EntryPoint\",\"urlTemplate\":\"https:\\\/\\\/lanaja.sk\\\/cs\\\/?s={search_term_string}\"},\"query-input\":{\"@type\":\"PropertyValueSpecification\",\"valueRequired\":true,\"valueName\":\"search_term_string\"}}],\"inLanguage\":\"cs\"},{\"@type\":\"Organization\",\"@id\":\"https:\\\/\\\/lanaja.sk\\\/cs\\\/#organization\",\"name\":\"Lanaja\",\"alternateName\":\"Al\u017ebeta Andr\u00e1\u0161ikov\u00e1 - Lanaja\",\"url\":\"https:\\\/\\\/lanaja.sk\\\/cs\\\/\",\"logo\":{\"@type\":\"ImageObject\",\"inLanguage\":\"cs\",\"@id\":\"https:\\\/\\\/lanaja.sk\\\/cs\\\/#\\\/schema\\\/logo\\\/image\\\/\",\"url\":\"https:\\\/\\\/lanaja.sk\\\/wp-content\\\/uploads\\\/2024\\\/01\\\/Lanaja.sk-logo.png\",\"contentUrl\":\"https:\\\/\\\/lanaja.sk\\\/wp-content\\\/uploads\\\/2024\\\/01\\\/Lanaja.sk-logo.png\",\"width\":600,\"height\":300,\"caption\":\"Lanaja\"},\"image\":{\"@id\":\"https:\\\/\\\/lanaja.sk\\\/cs\\\/#\\\/schema\\\/logo\\\/image\\\/\"},\"sameAs\":[\"https:\\\/\\\/www.facebook.com\\\/Abreadbag\",\"https:\\\/\\\/www.instagram.com\\\/lanaja_sk\\\/\"]}]}<\/script>\n<!-- \/ Yoast SEO plugin. -->","yoast_head_json":{"title":"Ln\u011bn\u00e9 prost\u011bradlo s gumi\u010dkou 245g- 6 barev &#8226; Lanaja-slovensk\u00e1 udr\u017eiteln\u00e1 zna\u010dka a v\u00fdrobce ln\u011bn\u00e9ho textilu","description":"Ln\u011bn\u00e9 prost\u011bradlo s gumi\u010dkou po cel\u00e9m obvodu v\u00e1m m\u016f\u017ee slou\u017eit po cel\u00fd \u017eivot, p\u0159i spr\u00e1vn\u00e9 p\u00e9\u010di v\u00e1m je \u0161ijeme na m\u00edru a na velikost matrac\u00ed","robots":{"index":"index","follow":"follow","max-snippet":"max-snippet:-1","max-image-preview":"max-image-preview:large","max-video-preview":"max-video-preview:-1"},"canonical":"https:\/\/lanaja.sk\/cs\/obchod\/lnene-prosteradlo-s-gumickou-245g-6-barev\/","og_locale":"cs_CZ","og_type":"article","og_title":"Ln\u011bn\u00e9 prost\u011bradlo s gumi\u010dkou 245g- 6 barev &#8226; Lanaja-slovensk\u00e1 udr\u017eiteln\u00e1 zna\u010dka a v\u00fdrobce ln\u011bn\u00e9ho textilu","og_description":"Ln\u011bn\u00e9 prost\u011bradlo s gumi\u010dkou po cel\u00e9m obvodu v\u00e1m m\u016f\u017ee slou\u017eit po cel\u00fd \u017eivot, p\u0159i spr\u00e1vn\u00e9 p\u00e9\u010di v\u00e1m je \u0161ijeme na m\u00edru a na velikost matrac\u00ed","og_url":"https:\/\/lanaja.sk\/cs\/obchod\/lnene-prosteradlo-s-gumickou-245g-6-barev\/","og_site_name":"Lanaja-slovensk\u00e1 udr\u017eiteln\u00e1 zna\u010dka a v\u00fdrobce ln\u011bn\u00e9ho textilu","article_publisher":"https:\/\/www.facebook.com\/Abreadbag","article_modified_time":"2025-08-22T06:37:05+00:00","og_image":[{"width":1926,"height":2462,"url":"https:\/\/lanaja.sk\/wp-content\/uploads\/2024\/02\/IMG_5934-jpeg.webp","type":"image\/jpeg"}],"twitter_card":"summary_large_image","twitter_misc":{"Odhadovan\u00e1 doba \u010dten\u00ed":"6 minut"},"schema":{"@context":"https:\/\/schema.org","@graph":[{"@type":"WebPage","@id":"https:\/\/lanaja.sk\/cs\/obchod\/lnene-prosteradlo-s-gumickou-245g-6-barev\/","url":"https:\/\/lanaja.sk\/cs\/obchod\/lnene-prosteradlo-s-gumickou-245g-6-barev\/","name":"Ln\u011bn\u00e9 prost\u011bradlo s gumi\u010dkou 245g- 6 barev &#8226; Lanaja-slovensk\u00e1 udr\u017eiteln\u00e1 zna\u010dka a v\u00fdrobce ln\u011bn\u00e9ho textilu","isPartOf":{"@id":"https:\/\/lanaja.sk\/cs\/#website"},"primaryImageOfPage":{"@id":"https:\/\/lanaja.sk\/cs\/obchod\/lnene-prosteradlo-s-gumickou-245g-6-barev\/#primaryimage"},"image":{"@id":"https:\/\/lanaja.sk\/cs\/obchod\/lnene-prosteradlo-s-gumickou-245g-6-barev\/#primaryimage"},"thumbnailUrl":"https:\/\/lanaja.sk\/wp-content\/uploads\/2024\/02\/IMG_5934-jpeg.webp","datePublished":"2024-02-04T13:42:55+00:00","dateModified":"2025-08-22T06:37:05+00:00","description":"Ln\u011bn\u00e9 prost\u011bradlo s gumi\u010dkou po cel\u00e9m obvodu v\u00e1m m\u016f\u017ee slou\u017eit po cel\u00fd \u017eivot, p\u0159i spr\u00e1vn\u00e9 p\u00e9\u010di v\u00e1m je \u0161ijeme na m\u00edru a na velikost matrac\u00ed","breadcrumb":{"@id":"https:\/\/lanaja.sk\/cs\/obchod\/lnene-prosteradlo-s-gumickou-245g-6-barev\/#breadcrumb"},"inLanguage":"cs","potentialAction":[{"@type":"ReadAction","target":["https:\/\/lanaja.sk\/cs\/obchod\/lnene-prosteradlo-s-gumickou-245g-6-barev\/"]}]},{"@type":"ImageObject","inLanguage":"cs","@id":"https:\/\/lanaja.sk\/cs\/obchod\/lnene-prosteradlo-s-gumickou-245g-6-barev\/#primaryimage","url":"https:\/\/lanaja.sk\/wp-content\/uploads\/2024\/02\/IMG_5934-jpeg.webp","contentUrl":"https:\/\/lanaja.sk\/wp-content\/uploads\/2024\/02\/IMG_5934-jpeg.webp","width":1926,"height":2462,"caption":"slovensk\u00e1 plachta na man\u017eelsk\u00fa poste\u013e"},{"@type":"BreadcrumbList","@id":"https:\/\/lanaja.sk\/cs\/obchod\/lnene-prosteradlo-s-gumickou-245g-6-barev\/#breadcrumb","itemListElement":[{"@type":"ListItem","position":1,"name":"Home","item":"https:\/\/lanaja.sk\/cs\/"},{"@type":"ListItem","position":2,"name":"Obchod","item":"https:\/\/lanaja.sk\/cs\/obchod-cz\/"},{"@type":"ListItem","position":3,"name":"Ln\u011bn\u00e9 prost\u011bradlo s gumi\u010dkou 245g- 6 barev"}]},{"@type":"WebSite","@id":"https:\/\/lanaja.sk\/cs\/#website","url":"https:\/\/lanaja.sk\/cs\/","name":"Lanaja - bytov\u00fd textil z \u013eanu a \u013eanov\u00e9 v\u00fdrobky","description":"Jedine\u010dn\u00fd bytov\u00fd textil, ln\u011bn\u00e9 pytl\u00edky, ln\u011bn\u00e9 ubrusy, ln\u011bn\u00e9 lo\u017en\u00ed povle\u010den\u00ed, ln\u011bn\u00e9 ut\u011brky, ln\u011bn\u00e9 prost\u00edr\u00e1n\u00ed vyroben\u00e9 a \u0161it\u00e9 na Slovensku","publisher":{"@id":"https:\/\/lanaja.sk\/cs\/#organization"},"alternateName":"Lanaja - v\u00fdrobky z \u013eanu, \u013eanov\u00fd bytov\u00fd textil","potentialAction":[{"@type":"SearchAction","target":{"@type":"EntryPoint","urlTemplate":"https:\/\/lanaja.sk\/cs\/?s={search_term_string}"},"query-input":{"@type":"PropertyValueSpecification","valueRequired":true,"valueName":"search_term_string"}}],"inLanguage":"cs"},{"@type":"Organization","@id":"https:\/\/lanaja.sk\/cs\/#organization","name":"Lanaja","alternateName":"Al\u017ebeta Andr\u00e1\u0161ikov\u00e1 - Lanaja","url":"https:\/\/lanaja.sk\/cs\/","logo":{"@type":"ImageObject","inLanguage":"cs","@id":"https:\/\/lanaja.sk\/cs\/#\/schema\/logo\/image\/","url":"https:\/\/lanaja.sk\/wp-content\/uploads\/2024\/01\/Lanaja.sk-logo.png","contentUrl":"https:\/\/lanaja.sk\/wp-content\/uploads\/2024\/01\/Lanaja.sk-logo.png","width":600,"height":300,"caption":"Lanaja"},"image":{"@id":"https:\/\/lanaja.sk\/cs\/#\/schema\/logo\/image\/"},"sameAs":["https:\/\/www.facebook.com\/Abreadbag","https:\/\/www.instagram.com\/lanaja_sk\/"]}]}},"_links":{"self":[{"href":"https:\/\/lanaja.sk\/cs\/wp-json\/wp\/v2\/product\/13409","targetHints":{"allow":["GET"]}}],"collection":[{"href":"https:\/\/lanaja.sk\/cs\/wp-json\/wp\/v2\/product"}],"about":[{"href":"https:\/\/lanaja.sk\/cs\/wp-json\/wp\/v2\/types\/product"}],"version-history":[{"count":1,"href":"https:\/\/lanaja.sk\/cs\/wp-json\/wp\/v2\/product\/13409\/revisions"}],"predecessor-version":[{"id":16567,"href":"https:\/\/lanaja.sk\/cs\/wp-json\/wp\/v2\/product\/13409\/revisions\/16567"}],"wp:featuredmedia":[{"embeddable":true,"href":"https:\/\/lanaja.sk\/cs\/wp-json\/wp\/v2\/media\/10105"}],"wp:attachment":[{"href":"https:\/\/lanaja.sk\/cs\/wp-json\/wp\/v2\/media?parent=13409"}],"wp:term":[{"taxonomy":"product_brand","embeddable":true,"href":"https:\/\/lanaja.sk\/cs\/wp-json\/wp\/v2\/product_brand?post=13409"},{"taxonomy":"product_cat","embeddable":true,"href":"https:\/\/lanaja.sk\/cs\/wp-json\/wp\/v2\/product_cat?post=13409"},{"taxonomy":"product_tag","embeddable":true,"href":"https:\/\/lanaja.sk\/cs\/wp-json\/wp\/v2\/product_tag?post=13409"}],"curies":[{"name":"wp","href":"https:\/\/api.w.org\/{rel}","templated":true}]}}