{"id":13411,"date":"2025-03-09T17:20:36","date_gmt":"2025-03-09T16:20:36","guid":{"rendered":"https:\/\/lanaja.sk\/obchod\/neza\u0159azen\u00e9\/zluty-lneny-ubrus\/"},"modified":"2025-07-28T19:51:46","modified_gmt":"2025-07-28T17:51:46","slug":"zluty-lneny-ubrus","status":"publish","type":"product","link":"https:\/\/lanaja.sk\/cs\/obchod\/zluty-lneny-ubrus\/","title":{"rendered":"\u017dlut\u00fd ln\u011bn\u00fd ubrus"},"content":{"rendered":"<h2>Pro\u010d si vybrat \u017elut\u00fd ln\u011bn\u00fd ubrus?<\/h2>\n<p>&nbsp;<\/p>\n<div class=\"gmail-x11i5rnm gmail-xat24cr gmail-x1mh8g0r gmail-x1vvkbs gmail-xtlvy1s gmail-x126k92a\">\n<div dir=\"auto\"><span style=\"font-family: arial, sans-serif;\">\u017dlut\u00e1 barva probud\u00ed slune\u010dn\u00ed paprsky ve va\u0161\u00ed j\u00eddeln\u011b, je symbolem radosti a optimismu s p\u0159\u00edvalem pozitivn\u00ed energie. Stimuluje chu\u0165 k j\u00eddlu a podporuje dobrou n\u00e1ladu. Paprsky rann\u00edho slunce se propl\u00e9taj\u00ed s vl\u00e1kny lnu a vytv\u00e1\u0159ej\u00ed hru sv\u011btla a st\u00edn\u016f, kter\u00e1 v\u00e1s s \u00fasm\u011bvem prov\u00e1z\u00ed do nov\u00e9ho dne.<\/span><\/div>\n<\/div>\n<h4>Oslava jara v srdci va\u0161eho domova<\/h4>\n<p>\u017dlut\u00fd ln\u011bn\u00fd ubrus je ide\u00e1ln\u00ed na oslavu jara. Prost\u0159ete st\u016fl na zahrad\u011b pod rozkvetl\u00fdmi stromy, obklopte se v\u016fn\u00ed kv\u011btin a slunce a vychutnejte si chutn\u00fd ob\u011bd se sv\u00fdmi bl\u00edzk\u00fdmi. \u017dlut\u00e1 barva ubrusu se harmonicky snoub\u00ed s barvami kv\u011btin a zelen\u011b, a vytv\u00e1\u0159\u00ed tak dokonalou atmosf\u00e9ru pro jarn\u00ed posezen\u00ed. Jemn\u00e1 ln\u011bn\u00e1 vl\u00e1kna s jemn\u00fdm leskem odr\u00e1\u017eej\u00ed slune\u010dn\u00ed paprsky a vytv\u00e1\u0159ej\u00ed tak sv\u011btelnou paletu odr\u00e1\u017eej\u00edc\u00edho se sv\u011btla, kter\u00e9 v\u00e1s bude prov\u00e1zet a\u017e k prvn\u00edmu dou\u0161ku k\u00e1vy.<\/p>\n<h4>Symfonie chut\u00ed a v\u016fn\u00ed<\/h4>\n<p>\u017dlut\u00fd ln\u011bn\u00fd ubrus se stane st\u0159edobodem va\u0161\u00ed j\u00eddelny a dod\u00e1 va\u0161im j\u00eddl\u016fm punc v\u00fdjime\u010dnosti. P\u0159edstavte si na n\u011bm serv\u00edrovan\u00e9 tepl\u00e9 kol\u00e1\u010de s m\u00e1kem, vo\u0148av\u00fd chl\u00e9b s dom\u00e1c\u00ed marmel\u00e1dou, misky pln\u00e9 \u0161\u0165avnat\u00e9ho ovoce a zeleniny. \u017dlut\u00e1 barva ubrusu zv\u00fdrazn\u00ed barvy pokrm\u016f a polecht\u00e1 va\u0161e chu\u0165ov\u00e9 poh\u00e1rky. \u017dlut\u00fd ln\u011bn\u00fd ubrus je ide\u00e1ln\u00ed pro obdob\u00ed jaro-l\u00e9to. P\u0159in\u00e1\u0161\u00ed sv\u011b\u017eest a lehkost do interi\u00e9ru, a\u0165 u\u017e v \u00fatuln\u00e9 kuchyni nebo na slunn\u00e9 terase.<\/p>\n<h4>Praktick\u00e1 elegance pro modern\u00ed dom\u00e1cnost<\/h4>\n<p>Len je materi\u00e1l s bohatou histori\u00ed a jedine\u010dn\u00fdm estetick\u00fdm v\u00fdrazem. \u017dlut\u00fd ln\u011bn\u00fd ubrus dod\u00e1 va\u0161\u00ed kuchyni nebo j\u00eddeln\u011b n\u00e1dech rustik\u00e1ln\u00edho kouzla a nad\u010dasov\u00e9 kr\u00e1sy. Ubrus je z\u00e1rove\u0148 tak\u00e9 praktick\u00fd. Je \u0161it\u00fd v na\u0161\u00ed d\u00edln\u011b ze 100% certifikovan\u00e9ho evropsk\u00e9ho lnu. Len m\u00e1 p\u0159irozen\u011b antibakteri\u00e1ln\u00ed vlastnosti, je to odoln\u00fd materi\u00e1l, kter\u00fd se snadno udr\u017euje. Ubrus m\u016f\u017eete pr\u00e1t v pra\u010dce p\u0159i teplot\u011b 40 stup\u0148\u016f, m\u016f\u017eete jej su\u0161it v su\u0161i\u010dce na \u0161etrn\u00fd program, pro zachov\u00e1n\u00ed m\u011bkkosti lnu se v\u0161ak doporu\u010duje su\u0161en\u00ed na vzduchu. Nemus\u00edte ho \u017eehlit, z\u00edsk\u00e1 si v\u00e1s svou autentickou strukturou a u\u0161et\u0159\u00ed v\u00e1m tak \u010das i energii. Je ide\u00e1ln\u00ed pro ka\u017edodenn\u00ed pou\u017eit\u00ed, ale i pro slavnostn\u00ed p\u0159\u00edle\u017eitosti.<\/p>\n<h4>D\u00e1rek, kter\u00fd pot\u011b\u0161\u00ed<\/h4>\n<p>\u017dlut\u00fd ln\u011bn\u00fd ubrus je d\u00e1rek, kter\u00fd v\u00e1m p\u0159ipomene kr\u00e1su jara a slunce. Je zabalen\u00fd v d\u00e1rkov\u00e9 krabi\u010dce, tak\u017ee se skv\u011ble hod\u00ed jako d\u00e1rek pro va\u0161e bl\u00edzk\u00e9.<\/p>\n<h4>Kr\u00e1sa \u0161it\u00e1 na m\u00edru<\/h4>\n<p>Ubrus je k dispozici v r\u016fzn\u00fdch velikostech, ale pokud m\u00e1te atypick\u00fd st\u016fl, r\u00e1di v\u00e1m ho u\u0161ijeme na m\u00edru. Skv\u011ble tak sed\u00ed na va\u0161em stole a podtrhne jeho kr\u00e1su.<\/p>\n<p><strong>Po\u010d\u00edtejte s dodac\u00ed lh\u016ftou 5-15 pracovn\u00edch dn\u016f, pokud nem\u00e1me produkt \u0161it\u00fd skladem, ru\u010dn\u00ed pr\u00e1ce vy\u017eaduje n\u00e1\u0161 \u010das. Ln\u011bn\u00e9 v\u00fdrobky \u0161ijeme v na\u0161\u00ed d\u00edln\u011b dle Va\u0161eho p\u0159\u00e1n\u00ed a na m\u00edru v z\u00e1vislosti na konkr\u00e9tn\u00edm v\u00fdrobku.<\/strong><\/p>\n","protected":false},"excerpt":{"rendered":"<p>\u017dlut\u00fd ln\u011bn\u00fd ubrus je ide\u00e1ln\u00ed na oslavu jara. Prost\u0159ete st\u016fl na zahrad\u011b pod rozkvetl\u00fdmi stromy, obklopte se v\u016fn\u00ed kv\u011btin a slunce a vychutnejte si chutn\u00fd ob\u011bd se sv\u00fdmi bl\u00edzk\u00fdmi. \u017dlut\u00e1 barva ubrusu se harmonicky snoub\u00ed s barvami kv\u011btin a zelen\u011b, a vytv\u00e1\u0159\u00ed tak dokonalou atmosf\u00e9ru pro jarn\u00ed posezen\u00ed. Jemn\u00e1 ln\u011bn\u00e1 vl\u00e1kna s jemn\u00fdm leskem odr\u00e1\u017eej\u00ed slune\u010dn\u00ed paprsky a vytv\u00e1\u0159ej\u00ed tak sv\u011btelnou paletu odr\u00e1\u017eej\u00edc\u00edho se sv\u011btla, kter\u00e9 v\u00e1s bude prov\u00e1zet a\u017e k prvn\u00edmu dou\u0161ku k\u00e1vy.<\/p>\n","protected":false},"featured_media":15582,"template":"","meta":[],"product_brand":[],"product_cat":[429,351],"product_tag":[352],"class_list":{"0":"post-13411","1":"product","2":"type-product","3":"status-publish","4":"has-post-thumbnail","6":"product_cat-kuchyne","7":"product_cat-lnene-ubrusy-a-prostirani","8":"product_tag-lneny-ubrus","10":"first","11":"onbackorder","12":"shipping-taxable","13":"purchasable","14":"product-type-variable"},"yoast_head":"<!-- This site is optimized with the Yoast SEO plugin v27.4 - https:\/\/yoast.com\/product\/yoast-seo-wordpress\/ -->\n<title>\u017dlut\u00fd ln\u011bn\u00fd ubrus &#8226; Lanaja-slovensk\u00e1 udr\u017eiteln\u00e1 zna\u010dka a v\u00fdrobce ln\u011bn\u00e9ho textilu<\/title>\n<meta name=\"description\" content=\"\u017dlut\u00fd ln\u011bn\u00fd ubrus je ide\u00e1ln\u00ed na oslavu jara. Prost\u0159ete st\u016fl na zahrad\u011b, obklopte se v\u016fn\u00ed kv\u011btin a slunce a vychutnejte si ob\u011bd se sv\u00fdmi bl\u00edzk\u00fdmi.\" \/>\n<meta name=\"robots\" content=\"index, follow, max-snippet:-1, max-image-preview:large, max-video-preview:-1\" \/>\n<link rel=\"canonical\" href=\"https:\/\/lanaja.sk\/cs\/obchod\/zluty-lneny-ubrus\/\" \/>\n<meta property=\"og:locale\" content=\"cs_CZ\" \/>\n<meta property=\"og:type\" content=\"article\" \/>\n<meta property=\"og:title\" content=\"\u017dlut\u00fd ln\u011bn\u00fd ubrus &#8226; Lanaja-slovensk\u00e1 udr\u017eiteln\u00e1 zna\u010dka a v\u00fdrobce ln\u011bn\u00e9ho textilu\" \/>\n<meta property=\"og:description\" content=\"\u017dlut\u00fd ln\u011bn\u00fd ubrus je ide\u00e1ln\u00ed na oslavu jara. Prost\u0159ete st\u016fl na zahrad\u011b, obklopte se v\u016fn\u00ed kv\u011btin a slunce a vychutnejte si ob\u011bd se sv\u00fdmi bl\u00edzk\u00fdmi.\" \/>\n<meta property=\"og:url\" content=\"https:\/\/lanaja.sk\/cs\/obchod\/zluty-lneny-ubrus\/\" \/>\n<meta property=\"og:site_name\" content=\"Lanaja-slovensk\u00e1 udr\u017eiteln\u00e1 zna\u010dka a v\u00fdrobce ln\u011bn\u00e9ho textilu\" \/>\n<meta property=\"article:publisher\" content=\"https:\/\/www.facebook.com\/Abreadbag\" \/>\n<meta property=\"article:modified_time\" content=\"2025-07-28T17:51:46+00:00\" \/>\n<meta property=\"og:image\" content=\"https:\/\/lanaja.sk\/wp-content\/uploads\/2025\/03\/zlty-lanovy-obrus1-scaled.jpg\" \/>\n\t<meta property=\"og:image:width\" content=\"2560\" \/>\n\t<meta property=\"og:image:height\" content=\"1439\" \/>\n\t<meta property=\"og:image:type\" content=\"image\/jpeg\" \/>\n<meta name=\"twitter:card\" content=\"summary_large_image\" \/>\n<meta name=\"twitter:label1\" content=\"Odhadovan\u00e1 doba \u010dten\u00ed\" \/>\n\t<meta name=\"twitter:data1\" content=\"3 minuty\" \/>\n<script type=\"application\/ld+json\" class=\"yoast-schema-graph\">{\"@context\":\"https:\\\/\\\/schema.org\",\"@graph\":[{\"@type\":\"WebPage\",\"@id\":\"https:\\\/\\\/lanaja.sk\\\/cs\\\/obchod\\\/zluty-lneny-ubrus\\\/\",\"url\":\"https:\\\/\\\/lanaja.sk\\\/cs\\\/obchod\\\/zluty-lneny-ubrus\\\/\",\"name\":\"\u017dlut\u00fd ln\u011bn\u00fd ubrus &#8226; Lanaja-slovensk\u00e1 udr\u017eiteln\u00e1 zna\u010dka a v\u00fdrobce ln\u011bn\u00e9ho textilu\",\"isPartOf\":{\"@id\":\"https:\\\/\\\/lanaja.sk\\\/cs\\\/#website\"},\"primaryImageOfPage\":{\"@id\":\"https:\\\/\\\/lanaja.sk\\\/cs\\\/obchod\\\/zluty-lneny-ubrus\\\/#primaryimage\"},\"image\":{\"@id\":\"https:\\\/\\\/lanaja.sk\\\/cs\\\/obchod\\\/zluty-lneny-ubrus\\\/#primaryimage\"},\"thumbnailUrl\":\"https:\\\/\\\/lanaja.sk\\\/wp-content\\\/uploads\\\/2025\\\/03\\\/zlty-lanovy-obrus1-scaled.jpg\",\"datePublished\":\"2025-03-09T16:20:36+00:00\",\"dateModified\":\"2025-07-28T17:51:46+00:00\",\"description\":\"\u017dlut\u00fd ln\u011bn\u00fd ubrus je ide\u00e1ln\u00ed na oslavu jara. Prost\u0159ete st\u016fl na zahrad\u011b, obklopte se v\u016fn\u00ed kv\u011btin a slunce a vychutnejte si ob\u011bd se sv\u00fdmi bl\u00edzk\u00fdmi.\",\"breadcrumb\":{\"@id\":\"https:\\\/\\\/lanaja.sk\\\/cs\\\/obchod\\\/zluty-lneny-ubrus\\\/#breadcrumb\"},\"inLanguage\":\"cs\",\"potentialAction\":[{\"@type\":\"ReadAction\",\"target\":[\"https:\\\/\\\/lanaja.sk\\\/cs\\\/obchod\\\/zluty-lneny-ubrus\\\/\"]}]},{\"@type\":\"ImageObject\",\"inLanguage\":\"cs\",\"@id\":\"https:\\\/\\\/lanaja.sk\\\/cs\\\/obchod\\\/zluty-lneny-ubrus\\\/#primaryimage\",\"url\":\"https:\\\/\\\/lanaja.sk\\\/wp-content\\\/uploads\\\/2025\\\/03\\\/zlty-lanovy-obrus1-scaled.jpg\",\"contentUrl\":\"https:\\\/\\\/lanaja.sk\\\/wp-content\\\/uploads\\\/2025\\\/03\\\/zlty-lanovy-obrus1-scaled.jpg\",\"width\":2560,\"height\":1439,\"caption\":\"Jarn\u00e9 dekor\u00e1cie\"},{\"@type\":\"BreadcrumbList\",\"@id\":\"https:\\\/\\\/lanaja.sk\\\/cs\\\/obchod\\\/zluty-lneny-ubrus\\\/#breadcrumb\",\"itemListElement\":[{\"@type\":\"ListItem\",\"position\":1,\"name\":\"Home\",\"item\":\"https:\\\/\\\/lanaja.sk\\\/cs\\\/\"},{\"@type\":\"ListItem\",\"position\":2,\"name\":\"Obchod\",\"item\":\"https:\\\/\\\/lanaja.sk\\\/cs\\\/obchod-cz\\\/\"},{\"@type\":\"ListItem\",\"position\":3,\"name\":\"\u017dlut\u00fd ln\u011bn\u00fd ubrus\"}]},{\"@type\":\"WebSite\",\"@id\":\"https:\\\/\\\/lanaja.sk\\\/cs\\\/#website\",\"url\":\"https:\\\/\\\/lanaja.sk\\\/cs\\\/\",\"name\":\"Lanaja - bytov\u00fd textil z \u013eanu a \u013eanov\u00e9 v\u00fdrobky\",\"description\":\"Jedine\u010dn\u00fd bytov\u00fd textil, ln\u011bn\u00e9 pytl\u00edky, ln\u011bn\u00e9 ubrusy, ln\u011bn\u00e9 lo\u017en\u00ed povle\u010den\u00ed, ln\u011bn\u00e9 ut\u011brky, ln\u011bn\u00e9 prost\u00edr\u00e1n\u00ed vyroben\u00e9 a \u0161it\u00e9 na Slovensku\",\"publisher\":{\"@id\":\"https:\\\/\\\/lanaja.sk\\\/cs\\\/#organization\"},\"alternateName\":\"Lanaja - v\u00fdrobky z \u013eanu, \u013eanov\u00fd bytov\u00fd textil\",\"potentialAction\":[{\"@type\":\"SearchAction\",\"target\":{\"@type\":\"EntryPoint\",\"urlTemplate\":\"https:\\\/\\\/lanaja.sk\\\/cs\\\/?s={search_term_string}\"},\"query-input\":{\"@type\":\"PropertyValueSpecification\",\"valueRequired\":true,\"valueName\":\"search_term_string\"}}],\"inLanguage\":\"cs\"},{\"@type\":\"Organization\",\"@id\":\"https:\\\/\\\/lanaja.sk\\\/cs\\\/#organization\",\"name\":\"Lanaja\",\"alternateName\":\"Al\u017ebeta Andr\u00e1\u0161ikov\u00e1 - Lanaja\",\"url\":\"https:\\\/\\\/lanaja.sk\\\/cs\\\/\",\"logo\":{\"@type\":\"ImageObject\",\"inLanguage\":\"cs\",\"@id\":\"https:\\\/\\\/lanaja.sk\\\/cs\\\/#\\\/schema\\\/logo\\\/image\\\/\",\"url\":\"https:\\\/\\\/lanaja.sk\\\/wp-content\\\/uploads\\\/2024\\\/01\\\/Lanaja.sk-logo.png\",\"contentUrl\":\"https:\\\/\\\/lanaja.sk\\\/wp-content\\\/uploads\\\/2024\\\/01\\\/Lanaja.sk-logo.png\",\"width\":600,\"height\":300,\"caption\":\"Lanaja\"},\"image\":{\"@id\":\"https:\\\/\\\/lanaja.sk\\\/cs\\\/#\\\/schema\\\/logo\\\/image\\\/\"},\"sameAs\":[\"https:\\\/\\\/www.facebook.com\\\/Abreadbag\",\"https:\\\/\\\/www.instagram.com\\\/lanaja_sk\\\/\"]}]}<\/script>\n<!-- \/ Yoast SEO plugin. -->","yoast_head_json":{"title":"\u017dlut\u00fd ln\u011bn\u00fd ubrus &#8226; Lanaja-slovensk\u00e1 udr\u017eiteln\u00e1 zna\u010dka a v\u00fdrobce ln\u011bn\u00e9ho textilu","description":"\u017dlut\u00fd ln\u011bn\u00fd ubrus je ide\u00e1ln\u00ed na oslavu jara. Prost\u0159ete st\u016fl na zahrad\u011b, obklopte se v\u016fn\u00ed kv\u011btin a slunce a vychutnejte si ob\u011bd se sv\u00fdmi bl\u00edzk\u00fdmi.","robots":{"index":"index","follow":"follow","max-snippet":"max-snippet:-1","max-image-preview":"max-image-preview:large","max-video-preview":"max-video-preview:-1"},"canonical":"https:\/\/lanaja.sk\/cs\/obchod\/zluty-lneny-ubrus\/","og_locale":"cs_CZ","og_type":"article","og_title":"\u017dlut\u00fd ln\u011bn\u00fd ubrus &#8226; Lanaja-slovensk\u00e1 udr\u017eiteln\u00e1 zna\u010dka a v\u00fdrobce ln\u011bn\u00e9ho textilu","og_description":"\u017dlut\u00fd ln\u011bn\u00fd ubrus je ide\u00e1ln\u00ed na oslavu jara. Prost\u0159ete st\u016fl na zahrad\u011b, obklopte se v\u016fn\u00ed kv\u011btin a slunce a vychutnejte si ob\u011bd se sv\u00fdmi bl\u00edzk\u00fdmi.","og_url":"https:\/\/lanaja.sk\/cs\/obchod\/zluty-lneny-ubrus\/","og_site_name":"Lanaja-slovensk\u00e1 udr\u017eiteln\u00e1 zna\u010dka a v\u00fdrobce ln\u011bn\u00e9ho textilu","article_publisher":"https:\/\/www.facebook.com\/Abreadbag","article_modified_time":"2025-07-28T17:51:46+00:00","og_image":[{"width":2560,"height":1439,"url":"https:\/\/lanaja.sk\/wp-content\/uploads\/2025\/03\/zlty-lanovy-obrus1-scaled.jpg","type":"image\/jpeg"}],"twitter_card":"summary_large_image","twitter_misc":{"Odhadovan\u00e1 doba \u010dten\u00ed":"3 minuty"},"schema":{"@context":"https:\/\/schema.org","@graph":[{"@type":"WebPage","@id":"https:\/\/lanaja.sk\/cs\/obchod\/zluty-lneny-ubrus\/","url":"https:\/\/lanaja.sk\/cs\/obchod\/zluty-lneny-ubrus\/","name":"\u017dlut\u00fd ln\u011bn\u00fd ubrus &#8226; Lanaja-slovensk\u00e1 udr\u017eiteln\u00e1 zna\u010dka a v\u00fdrobce ln\u011bn\u00e9ho textilu","isPartOf":{"@id":"https:\/\/lanaja.sk\/cs\/#website"},"primaryImageOfPage":{"@id":"https:\/\/lanaja.sk\/cs\/obchod\/zluty-lneny-ubrus\/#primaryimage"},"image":{"@id":"https:\/\/lanaja.sk\/cs\/obchod\/zluty-lneny-ubrus\/#primaryimage"},"thumbnailUrl":"https:\/\/lanaja.sk\/wp-content\/uploads\/2025\/03\/zlty-lanovy-obrus1-scaled.jpg","datePublished":"2025-03-09T16:20:36+00:00","dateModified":"2025-07-28T17:51:46+00:00","description":"\u017dlut\u00fd ln\u011bn\u00fd ubrus je ide\u00e1ln\u00ed na oslavu jara. Prost\u0159ete st\u016fl na zahrad\u011b, obklopte se v\u016fn\u00ed kv\u011btin a slunce a vychutnejte si ob\u011bd se sv\u00fdmi bl\u00edzk\u00fdmi.","breadcrumb":{"@id":"https:\/\/lanaja.sk\/cs\/obchod\/zluty-lneny-ubrus\/#breadcrumb"},"inLanguage":"cs","potentialAction":[{"@type":"ReadAction","target":["https:\/\/lanaja.sk\/cs\/obchod\/zluty-lneny-ubrus\/"]}]},{"@type":"ImageObject","inLanguage":"cs","@id":"https:\/\/lanaja.sk\/cs\/obchod\/zluty-lneny-ubrus\/#primaryimage","url":"https:\/\/lanaja.sk\/wp-content\/uploads\/2025\/03\/zlty-lanovy-obrus1-scaled.jpg","contentUrl":"https:\/\/lanaja.sk\/wp-content\/uploads\/2025\/03\/zlty-lanovy-obrus1-scaled.jpg","width":2560,"height":1439,"caption":"Jarn\u00e9 dekor\u00e1cie"},{"@type":"BreadcrumbList","@id":"https:\/\/lanaja.sk\/cs\/obchod\/zluty-lneny-ubrus\/#breadcrumb","itemListElement":[{"@type":"ListItem","position":1,"name":"Home","item":"https:\/\/lanaja.sk\/cs\/"},{"@type":"ListItem","position":2,"name":"Obchod","item":"https:\/\/lanaja.sk\/cs\/obchod-cz\/"},{"@type":"ListItem","position":3,"name":"\u017dlut\u00fd ln\u011bn\u00fd ubrus"}]},{"@type":"WebSite","@id":"https:\/\/lanaja.sk\/cs\/#website","url":"https:\/\/lanaja.sk\/cs\/","name":"Lanaja - bytov\u00fd textil z \u013eanu a \u013eanov\u00e9 v\u00fdrobky","description":"Jedine\u010dn\u00fd bytov\u00fd textil, ln\u011bn\u00e9 pytl\u00edky, ln\u011bn\u00e9 ubrusy, ln\u011bn\u00e9 lo\u017en\u00ed povle\u010den\u00ed, ln\u011bn\u00e9 ut\u011brky, ln\u011bn\u00e9 prost\u00edr\u00e1n\u00ed vyroben\u00e9 a \u0161it\u00e9 na Slovensku","publisher":{"@id":"https:\/\/lanaja.sk\/cs\/#organization"},"alternateName":"Lanaja - v\u00fdrobky z \u013eanu, \u013eanov\u00fd bytov\u00fd textil","potentialAction":[{"@type":"SearchAction","target":{"@type":"EntryPoint","urlTemplate":"https:\/\/lanaja.sk\/cs\/?s={search_term_string}"},"query-input":{"@type":"PropertyValueSpecification","valueRequired":true,"valueName":"search_term_string"}}],"inLanguage":"cs"},{"@type":"Organization","@id":"https:\/\/lanaja.sk\/cs\/#organization","name":"Lanaja","alternateName":"Al\u017ebeta Andr\u00e1\u0161ikov\u00e1 - Lanaja","url":"https:\/\/lanaja.sk\/cs\/","logo":{"@type":"ImageObject","inLanguage":"cs","@id":"https:\/\/lanaja.sk\/cs\/#\/schema\/logo\/image\/","url":"https:\/\/lanaja.sk\/wp-content\/uploads\/2024\/01\/Lanaja.sk-logo.png","contentUrl":"https:\/\/lanaja.sk\/wp-content\/uploads\/2024\/01\/Lanaja.sk-logo.png","width":600,"height":300,"caption":"Lanaja"},"image":{"@id":"https:\/\/lanaja.sk\/cs\/#\/schema\/logo\/image\/"},"sameAs":["https:\/\/www.facebook.com\/Abreadbag","https:\/\/www.instagram.com\/lanaja_sk\/"]}]}},"_links":{"self":[{"href":"https:\/\/lanaja.sk\/cs\/wp-json\/wp\/v2\/product\/13411","targetHints":{"allow":["GET"]}}],"collection":[{"href":"https:\/\/lanaja.sk\/cs\/wp-json\/wp\/v2\/product"}],"about":[{"href":"https:\/\/lanaja.sk\/cs\/wp-json\/wp\/v2\/types\/product"}],"version-history":[{"count":2,"href":"https:\/\/lanaja.sk\/cs\/wp-json\/wp\/v2\/product\/13411\/revisions"}],"predecessor-version":[{"id":16416,"href":"https:\/\/lanaja.sk\/cs\/wp-json\/wp\/v2\/product\/13411\/revisions\/16416"}],"wp:featuredmedia":[{"embeddable":true,"href":"https:\/\/lanaja.sk\/cs\/wp-json\/wp\/v2\/media\/15582"}],"wp:attachment":[{"href":"https:\/\/lanaja.sk\/cs\/wp-json\/wp\/v2\/media?parent=13411"}],"wp:term":[{"taxonomy":"product_brand","embeddable":true,"href":"https:\/\/lanaja.sk\/cs\/wp-json\/wp\/v2\/product_brand?post=13411"},{"taxonomy":"product_cat","embeddable":true,"href":"https:\/\/lanaja.sk\/cs\/wp-json\/wp\/v2\/product_cat?post=13411"},{"taxonomy":"product_tag","embeddable":true,"href":"https:\/\/lanaja.sk\/cs\/wp-json\/wp\/v2\/product_tag?post=13411"}],"curies":[{"name":"wp","href":"https:\/\/api.w.org\/{rel}","templated":true}]}}