{"id":14363,"date":"2024-10-28T19:15:28","date_gmt":"2024-10-28T18:15:28","guid":{"rendered":"https:\/\/lanaja.sk\/obchod\/neza\u0159azen\u00e9\/lnena-kuchynska-uterka\/"},"modified":"2025-07-06T20:47:35","modified_gmt":"2025-07-06T18:47:35","slug":"lnena-kuchynska-uterka","status":"publish","type":"product","link":"https:\/\/lanaja.sk\/cs\/obchod\/lnena-kuchynska-uterka\/","title":{"rendered":"Ln\u011bn\u00e1 kuchy\u0148sk\u00e1 ut\u011brka"},"content":{"rendered":"<h2 data-sourcepos=\"29:1-29:60\"><strong>Ln\u011bn\u00e1 kuchy\u0148sk\u00e1 ut\u011brka \u2013 p\u0159\u00edrodn\u00ed z\u00e1zrak do va\u0161\u00ed kuchyn\u011b<\/strong><\/h2>\n<p data-sourcepos=\"31:1-31:196\">Hled\u00e1te praktickou a z\u00e1rove\u0148 stylovou ut\u011brku do kuchyn\u011b? Na\u0161e ln\u011bn\u00e1 ut\u011brka z \u010dist\u011b p\u0159\u00edrodn\u00edho lnu je p\u0159esn\u011b t\u00edm, co hled\u00e1te! Je nejen \u0161etrn\u00e1 k \u017eivotn\u00edmu prost\u0159ed\u00ed, ale tak\u00e9 nesm\u00edrn\u011b odoln\u00e1 a sav\u00e1.<\/p>\n<h4 data-sourcepos=\"33:1-33:29\"><strong>Pro\u010d si vybrat pr\u00e1v\u011b len?<\/strong><\/h4>\n<ul data-sourcepos=\"35:1-39:0\">\n<li data-sourcepos=\"35:1-35:71\"><strong>Rychle saje:<\/strong> D\u00edky sv\u00e9 struktu\u0159e okam\u017eit\u011b pohlt\u00ed ve\u0161kerou vlhkost.<\/li>\n<li data-sourcepos=\"36:1-36:65\"><strong>Dlouh\u00e1 \u017eivotnost:<\/strong> Odoln\u00e1 proti opot\u0159eben\u00ed, vydr\u017e\u00ed v\u00e1m roky.<\/li>\n<li data-sourcepos=\"37:1-37:43\"><strong>Hypoalergenn\u00ed:<\/strong> Vhodn\u00e1 i pro alergiky.<\/li>\n<li data-sourcepos=\"38:1-39:0\"><strong>Stylov\u00fd dopln\u011bk:<\/strong> O\u017eiv\u00ed ka\u017edou kuchyni.<\/li>\n<\/ul>\n<h4 data-sourcepos=\"40:1-40:17\"><strong>Dal\u0161\u00ed v\u00fdhody:<\/strong><\/h4>\n<ul data-sourcepos=\"42:1-48:0\">\n<li data-sourcepos=\"42:1-42:72\"><strong>Pr\u00e9miov\u00e1 kvalita:<\/strong> Vyrobeno z t\u011bch nejkvalitn\u011bj\u0161\u00edch ln\u011bn\u00fdch vl\u00e1ken.<\/li>\n<li data-sourcepos=\"43:1-43:78\"><strong>\u0160irok\u00e1 paleta barev:<\/strong> Vyberte si barvu, kter\u00e1 se hod\u00ed k va\u0161emu interi\u00e9ru.<\/li>\n<li data-sourcepos=\"44:1-44:48\"><strong>Ji\u017e p\u0159edpran\u00e1:<\/strong> Nemus\u00edte se ob\u00e1vat sr\u00e1\u017een\u00ed.<\/li>\n<li data-sourcepos=\"45:1-45:57\"><strong>D\u00e1rkov\u00e9 balen\u00ed:<\/strong> Ide\u00e1ln\u00ed jako d\u00e1rek pro va\u0161e bl\u00edzk\u00e9.<\/li>\n<li data-sourcepos=\"46:1-46:22\"><strong>Rozm\u011bry:<\/strong> 45x65cm<\/li>\n<li data-sourcepos=\"47:1-48:0\"><strong>Dostupn\u00e9 barvy:<\/strong> hn\u011bd\u00e1<\/li>\n<\/ul>\n<p data-sourcepos=\"38:1-38:77\"><a href=\"https:\/\/www.instagram.com\/vladkaturcok\/\" target=\"_blank\" rel=\"noopener\">Fotografie vznikly ve spolupr\u00e1ci s Vla\u010fkou Tur\u010dok<\/a><\/p>\n<p>&nbsp;<\/p>\n","protected":false},"excerpt":{"rendered":"<p><strong>Ln\u011bn\u00e1 kuchy\u0148sk\u00e1 ut\u011brka <\/strong> ze 100% pr\u00e9miov\u00e9ho eur\u00f3pskeho lnu s certifik\u00e1tem OEKOTEXT STANDARD 100<\/p>\n","protected":false},"featured_media":7221,"template":"","meta":[],"product_brand":[],"product_cat":[429,181],"product_tag":[],"class_list":{"0":"post-14363","1":"product","2":"type-product","3":"status-publish","4":"has-post-thumbnail","6":"product_cat-kuchyne","7":"product_cat-lnene-uterky","9":"first","10":"instock","11":"shipping-taxable","12":"purchasable","13":"product-type-variable"},"yoast_head":"<!-- This site is optimized with the Yoast SEO plugin v27.4 - https:\/\/yoast.com\/product\/yoast-seo-wordpress\/ -->\n<title>Ln\u011bn\u00e1 kuchy\u0148sk\u00e1 ut\u011brka &#8226; Lanaja-slovensk\u00e1 udr\u017eiteln\u00e1 zna\u010dka a v\u00fdrobce ln\u011bn\u00e9ho textilu<\/title>\n<meta name=\"description\" content=\"Ln\u011bn\u00e1 kuchy\u0148sk\u00e1 ut\u011brka ze 100% evropsk\u00e9ho pr\u00e9miov\u00e9ho m\u011bk\u010den\u00e9ho lnu s certifik\u00e1tem 185g m2, \u0161ijeme je v na\u0161\u00ed d\u00edln\u011b...\" \/>\n<meta name=\"robots\" content=\"index, follow, max-snippet:-1, max-image-preview:large, max-video-preview:-1\" \/>\n<link rel=\"canonical\" href=\"https:\/\/lanaja.sk\/cs\/obchod\/lnena-kuchynska-uterka\/\" \/>\n<meta property=\"og:locale\" content=\"cs_CZ\" \/>\n<meta property=\"og:type\" content=\"article\" \/>\n<meta property=\"og:title\" content=\"Ln\u011bn\u00e1 kuchy\u0148sk\u00e1 ut\u011brka &#8226; Lanaja-slovensk\u00e1 udr\u017eiteln\u00e1 zna\u010dka a v\u00fdrobce ln\u011bn\u00e9ho textilu\" \/>\n<meta property=\"og:description\" content=\"Ln\u011bn\u00e1 kuchy\u0148sk\u00e1 ut\u011brka ze 100% evropsk\u00e9ho pr\u00e9miov\u00e9ho m\u011bk\u010den\u00e9ho lnu s certifik\u00e1tem 185g m2, \u0161ijeme je v na\u0161\u00ed d\u00edln\u011b...\" \/>\n<meta property=\"og:url\" content=\"https:\/\/lanaja.sk\/cs\/obchod\/lnena-kuchynska-uterka\/\" \/>\n<meta property=\"og:site_name\" content=\"Lanaja-slovensk\u00e1 udr\u017eiteln\u00e1 zna\u010dka a v\u00fdrobce ln\u011bn\u00e9ho textilu\" \/>\n<meta property=\"article:publisher\" content=\"https:\/\/www.facebook.com\/Abreadbag\" \/>\n<meta property=\"article:modified_time\" content=\"2025-07-06T18:47:35+00:00\" \/>\n<meta property=\"og:image\" content=\"https:\/\/lanaja.sk\/wp-content\/uploads\/2018\/03\/Abreadbag-61-scaled-e1643790569286-jpg.webp\" \/>\n\t<meta property=\"og:image:width\" content=\"567\" \/>\n\t<meta property=\"og:image:height\" content=\"850\" \/>\n\t<meta property=\"og:image:type\" content=\"image\/jpeg\" \/>\n<meta name=\"twitter:card\" content=\"summary_large_image\" \/>\n<meta name=\"twitter:label1\" content=\"Odhadovan\u00e1 doba \u010dten\u00ed\" \/>\n\t<meta name=\"twitter:data1\" content=\"1 minuta\" \/>\n<script type=\"application\/ld+json\" class=\"yoast-schema-graph\">{\"@context\":\"https:\\\/\\\/schema.org\",\"@graph\":[{\"@type\":\"WebPage\",\"@id\":\"https:\\\/\\\/lanaja.sk\\\/cs\\\/obchod\\\/lnena-kuchynska-uterka\\\/\",\"url\":\"https:\\\/\\\/lanaja.sk\\\/cs\\\/obchod\\\/lnena-kuchynska-uterka\\\/\",\"name\":\"Ln\u011bn\u00e1 kuchy\u0148sk\u00e1 ut\u011brka &#8226; Lanaja-slovensk\u00e1 udr\u017eiteln\u00e1 zna\u010dka a v\u00fdrobce ln\u011bn\u00e9ho textilu\",\"isPartOf\":{\"@id\":\"https:\\\/\\\/lanaja.sk\\\/cs\\\/#website\"},\"primaryImageOfPage\":{\"@id\":\"https:\\\/\\\/lanaja.sk\\\/cs\\\/obchod\\\/lnena-kuchynska-uterka\\\/#primaryimage\"},\"image\":{\"@id\":\"https:\\\/\\\/lanaja.sk\\\/cs\\\/obchod\\\/lnena-kuchynska-uterka\\\/#primaryimage\"},\"thumbnailUrl\":\"https:\\\/\\\/lanaja.sk\\\/wp-content\\\/uploads\\\/2018\\\/03\\\/Abreadbag-61-scaled-e1643790569286-jpg.webp\",\"datePublished\":\"2024-10-28T18:15:28+00:00\",\"dateModified\":\"2025-07-06T18:47:35+00:00\",\"description\":\"Ln\u011bn\u00e1 kuchy\u0148sk\u00e1 ut\u011brka ze 100% evropsk\u00e9ho pr\u00e9miov\u00e9ho m\u011bk\u010den\u00e9ho lnu s certifik\u00e1tem 185g m2, \u0161ijeme je v na\u0161\u00ed d\u00edln\u011b...\",\"breadcrumb\":{\"@id\":\"https:\\\/\\\/lanaja.sk\\\/cs\\\/obchod\\\/lnena-kuchynska-uterka\\\/#breadcrumb\"},\"inLanguage\":\"cs\",\"potentialAction\":[{\"@type\":\"ReadAction\",\"target\":[\"https:\\\/\\\/lanaja.sk\\\/cs\\\/obchod\\\/lnena-kuchynska-uterka\\\/\"]}]},{\"@type\":\"ImageObject\",\"inLanguage\":\"cs\",\"@id\":\"https:\\\/\\\/lanaja.sk\\\/cs\\\/obchod\\\/lnena-kuchynska-uterka\\\/#primaryimage\",\"url\":\"https:\\\/\\\/lanaja.sk\\\/wp-content\\\/uploads\\\/2018\\\/03\\\/Abreadbag-61-scaled-e1643790569286-jpg.webp\",\"contentUrl\":\"https:\\\/\\\/lanaja.sk\\\/wp-content\\\/uploads\\\/2018\\\/03\\\/Abreadbag-61-scaled-e1643790569286-jpg.webp\",\"width\":567,\"height\":850,\"caption\":\"\u013eanov\u00fd obrus\"},{\"@type\":\"BreadcrumbList\",\"@id\":\"https:\\\/\\\/lanaja.sk\\\/cs\\\/obchod\\\/lnena-kuchynska-uterka\\\/#breadcrumb\",\"itemListElement\":[{\"@type\":\"ListItem\",\"position\":1,\"name\":\"Home\",\"item\":\"https:\\\/\\\/lanaja.sk\\\/cs\\\/\"},{\"@type\":\"ListItem\",\"position\":2,\"name\":\"Obchod\",\"item\":\"https:\\\/\\\/lanaja.sk\\\/cs\\\/obchod-cz\\\/\"},{\"@type\":\"ListItem\",\"position\":3,\"name\":\"Ln\u011bn\u00e1 kuchy\u0148sk\u00e1 ut\u011brka\"}]},{\"@type\":\"WebSite\",\"@id\":\"https:\\\/\\\/lanaja.sk\\\/cs\\\/#website\",\"url\":\"https:\\\/\\\/lanaja.sk\\\/cs\\\/\",\"name\":\"Lanaja - bytov\u00fd textil z \u013eanu a \u013eanov\u00e9 v\u00fdrobky\",\"description\":\"Jedine\u010dn\u00fd bytov\u00fd textil, ln\u011bn\u00e9 pytl\u00edky, ln\u011bn\u00e9 ubrusy, ln\u011bn\u00e9 lo\u017en\u00ed povle\u010den\u00ed, ln\u011bn\u00e9 ut\u011brky, ln\u011bn\u00e9 prost\u00edr\u00e1n\u00ed vyroben\u00e9 a \u0161it\u00e9 na Slovensku\",\"publisher\":{\"@id\":\"https:\\\/\\\/lanaja.sk\\\/cs\\\/#organization\"},\"alternateName\":\"Lanaja - v\u00fdrobky z \u013eanu, \u013eanov\u00fd bytov\u00fd textil\",\"potentialAction\":[{\"@type\":\"SearchAction\",\"target\":{\"@type\":\"EntryPoint\",\"urlTemplate\":\"https:\\\/\\\/lanaja.sk\\\/cs\\\/?s={search_term_string}\"},\"query-input\":{\"@type\":\"PropertyValueSpecification\",\"valueRequired\":true,\"valueName\":\"search_term_string\"}}],\"inLanguage\":\"cs\"},{\"@type\":\"Organization\",\"@id\":\"https:\\\/\\\/lanaja.sk\\\/cs\\\/#organization\",\"name\":\"Lanaja\",\"alternateName\":\"Al\u017ebeta Andr\u00e1\u0161ikov\u00e1 - Lanaja\",\"url\":\"https:\\\/\\\/lanaja.sk\\\/cs\\\/\",\"logo\":{\"@type\":\"ImageObject\",\"inLanguage\":\"cs\",\"@id\":\"https:\\\/\\\/lanaja.sk\\\/cs\\\/#\\\/schema\\\/logo\\\/image\\\/\",\"url\":\"https:\\\/\\\/lanaja.sk\\\/wp-content\\\/uploads\\\/2024\\\/01\\\/Lanaja.sk-logo.png\",\"contentUrl\":\"https:\\\/\\\/lanaja.sk\\\/wp-content\\\/uploads\\\/2024\\\/01\\\/Lanaja.sk-logo.png\",\"width\":600,\"height\":300,\"caption\":\"Lanaja\"},\"image\":{\"@id\":\"https:\\\/\\\/lanaja.sk\\\/cs\\\/#\\\/schema\\\/logo\\\/image\\\/\"},\"sameAs\":[\"https:\\\/\\\/www.facebook.com\\\/Abreadbag\",\"https:\\\/\\\/www.instagram.com\\\/lanaja_sk\\\/\"]}]}<\/script>\n<!-- \/ Yoast SEO plugin. -->","yoast_head_json":{"title":"Ln\u011bn\u00e1 kuchy\u0148sk\u00e1 ut\u011brka &#8226; Lanaja-slovensk\u00e1 udr\u017eiteln\u00e1 zna\u010dka a v\u00fdrobce ln\u011bn\u00e9ho textilu","description":"Ln\u011bn\u00e1 kuchy\u0148sk\u00e1 ut\u011brka ze 100% evropsk\u00e9ho pr\u00e9miov\u00e9ho m\u011bk\u010den\u00e9ho lnu s certifik\u00e1tem 185g m2, \u0161ijeme je v na\u0161\u00ed d\u00edln\u011b...","robots":{"index":"index","follow":"follow","max-snippet":"max-snippet:-1","max-image-preview":"max-image-preview:large","max-video-preview":"max-video-preview:-1"},"canonical":"https:\/\/lanaja.sk\/cs\/obchod\/lnena-kuchynska-uterka\/","og_locale":"cs_CZ","og_type":"article","og_title":"Ln\u011bn\u00e1 kuchy\u0148sk\u00e1 ut\u011brka &#8226; Lanaja-slovensk\u00e1 udr\u017eiteln\u00e1 zna\u010dka a v\u00fdrobce ln\u011bn\u00e9ho textilu","og_description":"Ln\u011bn\u00e1 kuchy\u0148sk\u00e1 ut\u011brka ze 100% evropsk\u00e9ho pr\u00e9miov\u00e9ho m\u011bk\u010den\u00e9ho lnu s certifik\u00e1tem 185g m2, \u0161ijeme je v na\u0161\u00ed d\u00edln\u011b...","og_url":"https:\/\/lanaja.sk\/cs\/obchod\/lnena-kuchynska-uterka\/","og_site_name":"Lanaja-slovensk\u00e1 udr\u017eiteln\u00e1 zna\u010dka a v\u00fdrobce ln\u011bn\u00e9ho textilu","article_publisher":"https:\/\/www.facebook.com\/Abreadbag","article_modified_time":"2025-07-06T18:47:35+00:00","og_image":[{"width":567,"height":850,"url":"https:\/\/lanaja.sk\/wp-content\/uploads\/2018\/03\/Abreadbag-61-scaled-e1643790569286-jpg.webp","type":"image\/jpeg"}],"twitter_card":"summary_large_image","twitter_misc":{"Odhadovan\u00e1 doba \u010dten\u00ed":"1 minuta"},"schema":{"@context":"https:\/\/schema.org","@graph":[{"@type":"WebPage","@id":"https:\/\/lanaja.sk\/cs\/obchod\/lnena-kuchynska-uterka\/","url":"https:\/\/lanaja.sk\/cs\/obchod\/lnena-kuchynska-uterka\/","name":"Ln\u011bn\u00e1 kuchy\u0148sk\u00e1 ut\u011brka &#8226; Lanaja-slovensk\u00e1 udr\u017eiteln\u00e1 zna\u010dka a v\u00fdrobce ln\u011bn\u00e9ho textilu","isPartOf":{"@id":"https:\/\/lanaja.sk\/cs\/#website"},"primaryImageOfPage":{"@id":"https:\/\/lanaja.sk\/cs\/obchod\/lnena-kuchynska-uterka\/#primaryimage"},"image":{"@id":"https:\/\/lanaja.sk\/cs\/obchod\/lnena-kuchynska-uterka\/#primaryimage"},"thumbnailUrl":"https:\/\/lanaja.sk\/wp-content\/uploads\/2018\/03\/Abreadbag-61-scaled-e1643790569286-jpg.webp","datePublished":"2024-10-28T18:15:28+00:00","dateModified":"2025-07-06T18:47:35+00:00","description":"Ln\u011bn\u00e1 kuchy\u0148sk\u00e1 ut\u011brka ze 100% evropsk\u00e9ho pr\u00e9miov\u00e9ho m\u011bk\u010den\u00e9ho lnu s certifik\u00e1tem 185g m2, \u0161ijeme je v na\u0161\u00ed d\u00edln\u011b...","breadcrumb":{"@id":"https:\/\/lanaja.sk\/cs\/obchod\/lnena-kuchynska-uterka\/#breadcrumb"},"inLanguage":"cs","potentialAction":[{"@type":"ReadAction","target":["https:\/\/lanaja.sk\/cs\/obchod\/lnena-kuchynska-uterka\/"]}]},{"@type":"ImageObject","inLanguage":"cs","@id":"https:\/\/lanaja.sk\/cs\/obchod\/lnena-kuchynska-uterka\/#primaryimage","url":"https:\/\/lanaja.sk\/wp-content\/uploads\/2018\/03\/Abreadbag-61-scaled-e1643790569286-jpg.webp","contentUrl":"https:\/\/lanaja.sk\/wp-content\/uploads\/2018\/03\/Abreadbag-61-scaled-e1643790569286-jpg.webp","width":567,"height":850,"caption":"\u013eanov\u00fd obrus"},{"@type":"BreadcrumbList","@id":"https:\/\/lanaja.sk\/cs\/obchod\/lnena-kuchynska-uterka\/#breadcrumb","itemListElement":[{"@type":"ListItem","position":1,"name":"Home","item":"https:\/\/lanaja.sk\/cs\/"},{"@type":"ListItem","position":2,"name":"Obchod","item":"https:\/\/lanaja.sk\/cs\/obchod-cz\/"},{"@type":"ListItem","position":3,"name":"Ln\u011bn\u00e1 kuchy\u0148sk\u00e1 ut\u011brka"}]},{"@type":"WebSite","@id":"https:\/\/lanaja.sk\/cs\/#website","url":"https:\/\/lanaja.sk\/cs\/","name":"Lanaja - bytov\u00fd textil z \u013eanu a \u013eanov\u00e9 v\u00fdrobky","description":"Jedine\u010dn\u00fd bytov\u00fd textil, ln\u011bn\u00e9 pytl\u00edky, ln\u011bn\u00e9 ubrusy, ln\u011bn\u00e9 lo\u017en\u00ed povle\u010den\u00ed, ln\u011bn\u00e9 ut\u011brky, ln\u011bn\u00e9 prost\u00edr\u00e1n\u00ed vyroben\u00e9 a \u0161it\u00e9 na Slovensku","publisher":{"@id":"https:\/\/lanaja.sk\/cs\/#organization"},"alternateName":"Lanaja - v\u00fdrobky z \u013eanu, \u013eanov\u00fd bytov\u00fd textil","potentialAction":[{"@type":"SearchAction","target":{"@type":"EntryPoint","urlTemplate":"https:\/\/lanaja.sk\/cs\/?s={search_term_string}"},"query-input":{"@type":"PropertyValueSpecification","valueRequired":true,"valueName":"search_term_string"}}],"inLanguage":"cs"},{"@type":"Organization","@id":"https:\/\/lanaja.sk\/cs\/#organization","name":"Lanaja","alternateName":"Al\u017ebeta Andr\u00e1\u0161ikov\u00e1 - Lanaja","url":"https:\/\/lanaja.sk\/cs\/","logo":{"@type":"ImageObject","inLanguage":"cs","@id":"https:\/\/lanaja.sk\/cs\/#\/schema\/logo\/image\/","url":"https:\/\/lanaja.sk\/wp-content\/uploads\/2024\/01\/Lanaja.sk-logo.png","contentUrl":"https:\/\/lanaja.sk\/wp-content\/uploads\/2024\/01\/Lanaja.sk-logo.png","width":600,"height":300,"caption":"Lanaja"},"image":{"@id":"https:\/\/lanaja.sk\/cs\/#\/schema\/logo\/image\/"},"sameAs":["https:\/\/www.facebook.com\/Abreadbag","https:\/\/www.instagram.com\/lanaja_sk\/"]}]}},"_links":{"self":[{"href":"https:\/\/lanaja.sk\/cs\/wp-json\/wp\/v2\/product\/14363","targetHints":{"allow":["GET"]}}],"collection":[{"href":"https:\/\/lanaja.sk\/cs\/wp-json\/wp\/v2\/product"}],"about":[{"href":"https:\/\/lanaja.sk\/cs\/wp-json\/wp\/v2\/types\/product"}],"version-history":[{"count":7,"href":"https:\/\/lanaja.sk\/cs\/wp-json\/wp\/v2\/product\/14363\/revisions"}],"predecessor-version":[{"id":16250,"href":"https:\/\/lanaja.sk\/cs\/wp-json\/wp\/v2\/product\/14363\/revisions\/16250"}],"wp:featuredmedia":[{"embeddable":true,"href":"https:\/\/lanaja.sk\/cs\/wp-json\/wp\/v2\/media\/7221"}],"wp:attachment":[{"href":"https:\/\/lanaja.sk\/cs\/wp-json\/wp\/v2\/media?parent=14363"}],"wp:term":[{"taxonomy":"product_brand","embeddable":true,"href":"https:\/\/lanaja.sk\/cs\/wp-json\/wp\/v2\/product_brand?post=14363"},{"taxonomy":"product_cat","embeddable":true,"href":"https:\/\/lanaja.sk\/cs\/wp-json\/wp\/v2\/product_cat?post=14363"},{"taxonomy":"product_tag","embeddable":true,"href":"https:\/\/lanaja.sk\/cs\/wp-json\/wp\/v2\/product_tag?post=14363"}],"curies":[{"name":"wp","href":"https:\/\/api.w.org\/{rel}","templated":true}]}}