{"id":14365,"date":"2018-01-29T05:36:39","date_gmt":"2018-01-29T04:36:39","guid":{"rendered":"https:\/\/lanaja.sk\/obchod\/neza\u0159azen\u00e9\/lnena-platena-taska-4\/"},"modified":"2025-08-03T15:52:10","modified_gmt":"2025-08-03T13:52:10","slug":"lnena-platena-taska-4","status":"publish","type":"product","link":"https:\/\/lanaja.sk\/cs\/obchod\/lnena-platena-taska-4\/","title":{"rendered":"Ta\u0161ka ze ln\u011bn\u00e9ho pl\u00e1tna"},"content":{"rendered":"<p><b>N\u00e1kupn\u00ed ta\u0161ka ze ln\u011bn\u00e9ho pl\u00e1tna<\/b><\/p>\n<p>Ln\u011bn\u00e1 n\u00e1kupn\u00ed ta\u0161ka je u\u0161it\u00e1 ze 100% lnu, kter\u00fd je ru\u010dn\u011b tkan\u00fd a s l\u00e1skou vyroben\u00fd na Slovensku. Eko-ta\u0161ka vhodn\u00e1 na n\u00e1kup, na pl\u00e1\u017e, vejde se do n\u00ed tlust\u0161\u00ed deka o rozm\u011brech 220 x 140 cm \u010di v\u011bt\u0161\u00ed n\u00e1kup, ln\u011bn\u00e1 tkanina je pevn\u00e1 a hrub\u0161\u00ed. Do ruky i p\u0159es rameno. \u0160et\u0159eme spole\u010dn\u011b s v\u00e1mi na\u0161i p\u0159\u00edrodu a \u017eivotn\u00ed prost\u0159ed\u00ed, vym\u011b\u0148te i vy tis\u00edce plastov\u00fdch ta\u0161ek za jednu pravou slovenskou ln\u011bnou ta\u0161ku.<\/p>\n<p>Ln\u011bn\u00e9 pl\u00e1tno absorbuje a uvol\u0148uje vlhkost v\u00edce ne\u017e jin\u00e9 materi\u00e1ly, m\u00e1 termoregula\u010dn\u00ed vlastnosti, v zim\u011b h\u0159eje a v l\u00e9t\u011b chlad\u00ed, 5kr\u00e1t v\u00edce ne\u017e vlna a 19kr\u00e1t v\u00edce ne\u017e hedv\u00e1b\u00ed. M\u00e1 p\u0159irozen\u00e9 antiseptick\u00e9 vlastnosti, nedr\u017e\u00ed se v tkanin\u00e1ch z\u00e1rodky bakteri\u00ed ani pl\u00edsn\u00ed, proto je tak ide\u00e1ln\u00ed k pou\u017eit\u00ed i v kuchyn\u00edch, je ide\u00e1ln\u00ed na kuchy\u0148sk\u00e9 ut\u011brky, pytl\u00edky. Je vhodn\u00fd pro alergiky, proto\u017ee nezp\u016fsobuje alergick\u00e9 reakce, je dokonce kr\u00e1sn\u00fd p\u0159i pran\u00ed a vl\u00e1kna jsou m\u011bk\u010d\u00ed, <span class=\"text_exposed_show\">Maj\u00ed del\u0161\u00ed \u017eivotnost ne\u017e bavlna, proto\u017ee jsou del\u0161\u00ed a p\u0159i opakovan\u00e9m skl\u00e1d\u00e1n\u00ed, \u017eehlen\u00ed se nel\u00e1mou, d\u00e1 se \u0159\u00edct, \u017ee je to t\u00e9m\u011b\u0159 nezni\u010diteln\u00e1 tkanina. Len je nav\u00edc odoln\u00fd v\u016f\u010di mol\u016fm, m\u00e1 p\u0159irozenou schopnost odol\u00e1vat ne\u010distot\u00e1m a skvrn\u00e1m. Sni\u017euje UV z\u00e1\u0159en\u00ed na polovinu, a proto je v od\u011bvn\u00edm pr\u016fmyslu tak obl\u00edben\u00fd.<\/span><\/p>\n<p>Ln\u011bn\u00e9 pl\u00e1tno je p\u0159edepran\u00e9 na 90 stup\u0148\u016f, proto u\u017e nen\u00ed t\u0159eba po\u010d\u00edtat s jeho sr\u00e1\u017elivost\u00ed. Dovolte lnu, aby se ma\u010dkal, je to jeho p\u0159irozen\u00e1 vlastnost. Pokud jste p\u0159ece jen velc\u00ed kamar\u00e1di se \u017eehli\u010dkou a \u017eehl\u00edte v\u0161echno, co v\u00e1m p\u0159ijde pod ruku, doporu\u010duji len \u017eehlit vlhk\u00fd nebo jemn\u011b nakropen\u00fd.<\/p>\n<p>A\u0165 u\u017e se rozhodnete pro ln\u011bn\u00e9 ut\u011brky na chl\u00e9b, nebo ln\u011bn\u00e9 s\u00e1\u010dky, bude to spr\u00e1vn\u00e1 volba nejen pro va\u0161e zdrav\u00ed, ale pom\u016f\u017eete chr\u00e1nit na\u0161e \u017eivotn\u00ed prost\u0159ed\u00ed. D\u011bkujeme v\u00e1m, \u017ee n\u00e1m pom\u00e1h\u00e1te \u0161\u00ed\u0159it my\u0161lenku o pot\u0159eb\u011b recyklovat a spole\u010dn\u011b vym\u011b\u0148ujeme tis\u00edce um\u011bl\u00fdch s\u00e1\u010dk\u016f za ln\u011bn\u00e9 pytl\u00edky.<\/p>\n<p>V\u0161echny na\u0161e pytl\u00edky na pe\u010divo jsou 100% kompostovateln\u00e9 a ve va\u0161em dom\u00e1c\u00edm kompostu se rozlo\u017e\u00ed do m\u011bs\u00edce.<\/p>\n<p><strong>Velikost: <\/strong>v\u00fd\u0161ka 40 cm<br \/>\n\u0161\u00ed\u0159ka 43 cm<\/p>\n","protected":false},"excerpt":{"rendered":"<p>N\u00e1kupn\u00ed ta\u0161ka ze ln\u011bn\u00e9ho pl\u00e1tna Ln\u011bn\u00e1 n\u00e1kupn\u00ed ta\u0161ka je u\u0161it\u00e1 ze 100% lnu, kter\u00fd je ru\u010dn\u011b tkan\u00fd a s l\u00e1skou vyroben\u00fd na Slovensku. Eko-ta\u0161ka vhodn\u00e1 na n\u00e1kup, na pl\u00e1\u017e, vejde se do n\u00ed tlust\u0161\u00ed deka o rozm\u011brech 220 x 140 cm \u010di v\u011bt\u0161\u00ed n\u00e1kup, ln\u011bn\u00e1 tkanina je pevn\u00e1 a hrub\u0161\u00ed. Do ruky i p\u0159es rameno. [&hellip;]<\/p>\n","protected":false},"featured_media":6681,"template":"","meta":[],"product_brand":[],"product_cat":[358],"product_tag":[],"class_list":{"0":"post-14365","1":"product","2":"type-product","3":"status-publish","4":"has-post-thumbnail","6":"product_cat-lnene-tasky","8":"first","9":"instock","10":"shipping-taxable","11":"purchasable","12":"product-type-simple"},"yoast_head":"<!-- This site is optimized with the Yoast SEO plugin v27.4 - https:\/\/yoast.com\/product\/yoast-seo-wordpress\/ -->\n<title>Ta\u0161ka ze ln\u011bn\u00e9ho pl\u00e1tna &#8226; Lanaja-slovensk\u00e1 udr\u017eiteln\u00e1 zna\u010dka a v\u00fdrobce ln\u011bn\u00e9ho textilu<\/title>\n<meta name=\"description\" content=\"Ta\u0161ka ze ln\u011bn\u00e9ho pl\u00e1tna je u\u0161ita ze 100% lnu, kter\u00fd je ru\u010dn\u011b tkan\u00fd a s l\u00e1skou vyroben\u00fd na Slovensku. Eko ta\u0161ka vhodn\u00e1 na n\u00e1kupy, na pl\u00e1\u017e. V\u0161echny na\u0161e pytl\u00edky na pe\u010divo jsou 100% kompostovateln\u00e9 a ve va\u0161em dom\u00e1c\u00edm kompostu se rozlo\u017e\u00ed do m\u011bs\u00edce.\" \/>\n<meta name=\"robots\" content=\"index, follow, max-snippet:-1, max-image-preview:large, max-video-preview:-1\" \/>\n<link rel=\"canonical\" href=\"https:\/\/lanaja.sk\/cs\/obchod\/lnena-platena-taska-4\/\" \/>\n<meta property=\"og:locale\" content=\"cs_CZ\" \/>\n<meta property=\"og:type\" content=\"article\" \/>\n<meta property=\"og:title\" content=\"Ta\u0161ka ze ln\u011bn\u00e9ho pl\u00e1tna &#8226; Lanaja-slovensk\u00e1 udr\u017eiteln\u00e1 zna\u010dka a v\u00fdrobce ln\u011bn\u00e9ho textilu\" \/>\n<meta property=\"og:description\" content=\"Ta\u0161ka ze ln\u011bn\u00e9ho pl\u00e1tna je u\u0161ita ze 100% lnu, kter\u00fd je ru\u010dn\u011b tkan\u00fd a s l\u00e1skou vyroben\u00fd na Slovensku. Eko ta\u0161ka vhodn\u00e1 na n\u00e1kupy, na pl\u00e1\u017e. V\u0161echny na\u0161e pytl\u00edky na pe\u010divo jsou 100% kompostovateln\u00e9 a ve va\u0161em dom\u00e1c\u00edm kompostu se rozlo\u017e\u00ed do m\u011bs\u00edce.\" \/>\n<meta property=\"og:url\" content=\"https:\/\/lanaja.sk\/cs\/obchod\/lnena-platena-taska-4\/\" \/>\n<meta property=\"og:site_name\" content=\"Lanaja-slovensk\u00e1 udr\u017eiteln\u00e1 zna\u010dka a v\u00fdrobce ln\u011bn\u00e9ho textilu\" \/>\n<meta property=\"article:publisher\" content=\"https:\/\/www.facebook.com\/Abreadbag\" \/>\n<meta property=\"article:modified_time\" content=\"2025-08-03T13:52:10+00:00\" \/>\n<meta property=\"og:image\" content=\"https:\/\/lanaja.sk\/wp-content\/uploads\/2018\/01\/sashe2033-e1598280250734-jpg.webp\" \/>\n\t<meta property=\"og:image:width\" content=\"605\" \/>\n\t<meta property=\"og:image:height\" content=\"850\" \/>\n\t<meta property=\"og:image:type\" content=\"image\/jpeg\" \/>\n<meta name=\"twitter:card\" content=\"summary_large_image\" \/>\n<meta name=\"twitter:label1\" content=\"Odhadovan\u00e1 doba \u010dten\u00ed\" \/>\n\t<meta name=\"twitter:data1\" content=\"2 minuty\" \/>\n<script type=\"application\/ld+json\" class=\"yoast-schema-graph\">{\"@context\":\"https:\\\/\\\/schema.org\",\"@graph\":[{\"@type\":\"WebPage\",\"@id\":\"https:\\\/\\\/lanaja.sk\\\/cs\\\/obchod\\\/lnena-platena-taska-4\\\/\",\"url\":\"https:\\\/\\\/lanaja.sk\\\/cs\\\/obchod\\\/lnena-platena-taska-4\\\/\",\"name\":\"Ta\u0161ka ze ln\u011bn\u00e9ho pl\u00e1tna &#8226; Lanaja-slovensk\u00e1 udr\u017eiteln\u00e1 zna\u010dka a v\u00fdrobce ln\u011bn\u00e9ho textilu\",\"isPartOf\":{\"@id\":\"https:\\\/\\\/lanaja.sk\\\/cs\\\/#website\"},\"primaryImageOfPage\":{\"@id\":\"https:\\\/\\\/lanaja.sk\\\/cs\\\/obchod\\\/lnena-platena-taska-4\\\/#primaryimage\"},\"image\":{\"@id\":\"https:\\\/\\\/lanaja.sk\\\/cs\\\/obchod\\\/lnena-platena-taska-4\\\/#primaryimage\"},\"thumbnailUrl\":\"https:\\\/\\\/lanaja.sk\\\/wp-content\\\/uploads\\\/2018\\\/01\\\/sashe2033-e1598280250734-jpg.webp\",\"datePublished\":\"2018-01-29T04:36:39+00:00\",\"dateModified\":\"2025-08-03T13:52:10+00:00\",\"description\":\"Ta\u0161ka ze ln\u011bn\u00e9ho pl\u00e1tna je u\u0161ita ze 100% lnu, kter\u00fd je ru\u010dn\u011b tkan\u00fd a s l\u00e1skou vyroben\u00fd na Slovensku. Eko ta\u0161ka vhodn\u00e1 na n\u00e1kupy, na pl\u00e1\u017e. V\u0161echny na\u0161e pytl\u00edky na pe\u010divo jsou 100% kompostovateln\u00e9 a ve va\u0161em dom\u00e1c\u00edm kompostu se rozlo\u017e\u00ed do m\u011bs\u00edce.\",\"breadcrumb\":{\"@id\":\"https:\\\/\\\/lanaja.sk\\\/cs\\\/obchod\\\/lnena-platena-taska-4\\\/#breadcrumb\"},\"inLanguage\":\"cs\",\"potentialAction\":[{\"@type\":\"ReadAction\",\"target\":[\"https:\\\/\\\/lanaja.sk\\\/cs\\\/obchod\\\/lnena-platena-taska-4\\\/\"]}]},{\"@type\":\"ImageObject\",\"inLanguage\":\"cs\",\"@id\":\"https:\\\/\\\/lanaja.sk\\\/cs\\\/obchod\\\/lnena-platena-taska-4\\\/#primaryimage\",\"url\":\"https:\\\/\\\/lanaja.sk\\\/wp-content\\\/uploads\\\/2018\\\/01\\\/sashe2033-e1598280250734-jpg.webp\",\"contentUrl\":\"https:\\\/\\\/lanaja.sk\\\/wp-content\\\/uploads\\\/2018\\\/01\\\/sashe2033-e1598280250734-jpg.webp\",\"width\":605,\"height\":850,\"caption\":\"N\u00e1kupn\u00e1 ta\u0161ka z \u013eanov\u00e9ho platna\"},{\"@type\":\"BreadcrumbList\",\"@id\":\"https:\\\/\\\/lanaja.sk\\\/cs\\\/obchod\\\/lnena-platena-taska-4\\\/#breadcrumb\",\"itemListElement\":[{\"@type\":\"ListItem\",\"position\":1,\"name\":\"Home\",\"item\":\"https:\\\/\\\/lanaja.sk\\\/cs\\\/\"},{\"@type\":\"ListItem\",\"position\":2,\"name\":\"Obchod\",\"item\":\"https:\\\/\\\/lanaja.sk\\\/cs\\\/obchod-cz\\\/\"},{\"@type\":\"ListItem\",\"position\":3,\"name\":\"Ta\u0161ka ze ln\u011bn\u00e9ho pl\u00e1tna\"}]},{\"@type\":\"WebSite\",\"@id\":\"https:\\\/\\\/lanaja.sk\\\/cs\\\/#website\",\"url\":\"https:\\\/\\\/lanaja.sk\\\/cs\\\/\",\"name\":\"Lanaja - bytov\u00fd textil z \u013eanu a \u013eanov\u00e9 v\u00fdrobky\",\"description\":\"Jedine\u010dn\u00fd bytov\u00fd textil, ln\u011bn\u00e9 pytl\u00edky, ln\u011bn\u00e9 ubrusy, ln\u011bn\u00e9 lo\u017en\u00ed povle\u010den\u00ed, ln\u011bn\u00e9 ut\u011brky, ln\u011bn\u00e9 prost\u00edr\u00e1n\u00ed vyroben\u00e9 a \u0161it\u00e9 na Slovensku\",\"publisher\":{\"@id\":\"https:\\\/\\\/lanaja.sk\\\/cs\\\/#organization\"},\"alternateName\":\"Lanaja - v\u00fdrobky z \u013eanu, \u013eanov\u00fd bytov\u00fd textil\",\"potentialAction\":[{\"@type\":\"SearchAction\",\"target\":{\"@type\":\"EntryPoint\",\"urlTemplate\":\"https:\\\/\\\/lanaja.sk\\\/cs\\\/?s={search_term_string}\"},\"query-input\":{\"@type\":\"PropertyValueSpecification\",\"valueRequired\":true,\"valueName\":\"search_term_string\"}}],\"inLanguage\":\"cs\"},{\"@type\":\"Organization\",\"@id\":\"https:\\\/\\\/lanaja.sk\\\/cs\\\/#organization\",\"name\":\"Lanaja\",\"alternateName\":\"Al\u017ebeta Andr\u00e1\u0161ikov\u00e1 - Lanaja\",\"url\":\"https:\\\/\\\/lanaja.sk\\\/cs\\\/\",\"logo\":{\"@type\":\"ImageObject\",\"inLanguage\":\"cs\",\"@id\":\"https:\\\/\\\/lanaja.sk\\\/cs\\\/#\\\/schema\\\/logo\\\/image\\\/\",\"url\":\"https:\\\/\\\/lanaja.sk\\\/wp-content\\\/uploads\\\/2024\\\/01\\\/Lanaja.sk-logo.png\",\"contentUrl\":\"https:\\\/\\\/lanaja.sk\\\/wp-content\\\/uploads\\\/2024\\\/01\\\/Lanaja.sk-logo.png\",\"width\":600,\"height\":300,\"caption\":\"Lanaja\"},\"image\":{\"@id\":\"https:\\\/\\\/lanaja.sk\\\/cs\\\/#\\\/schema\\\/logo\\\/image\\\/\"},\"sameAs\":[\"https:\\\/\\\/www.facebook.com\\\/Abreadbag\",\"https:\\\/\\\/www.instagram.com\\\/lanaja_sk\\\/\"]}]}<\/script>\n<!-- \/ Yoast SEO plugin. -->","yoast_head_json":{"title":"Ta\u0161ka ze ln\u011bn\u00e9ho pl\u00e1tna &#8226; Lanaja-slovensk\u00e1 udr\u017eiteln\u00e1 zna\u010dka a v\u00fdrobce ln\u011bn\u00e9ho textilu","description":"Ta\u0161ka ze ln\u011bn\u00e9ho pl\u00e1tna je u\u0161ita ze 100% lnu, kter\u00fd je ru\u010dn\u011b tkan\u00fd a s l\u00e1skou vyroben\u00fd na Slovensku. Eko ta\u0161ka vhodn\u00e1 na n\u00e1kupy, na pl\u00e1\u017e. V\u0161echny na\u0161e pytl\u00edky na pe\u010divo jsou 100% kompostovateln\u00e9 a ve va\u0161em dom\u00e1c\u00edm kompostu se rozlo\u017e\u00ed do m\u011bs\u00edce.","robots":{"index":"index","follow":"follow","max-snippet":"max-snippet:-1","max-image-preview":"max-image-preview:large","max-video-preview":"max-video-preview:-1"},"canonical":"https:\/\/lanaja.sk\/cs\/obchod\/lnena-platena-taska-4\/","og_locale":"cs_CZ","og_type":"article","og_title":"Ta\u0161ka ze ln\u011bn\u00e9ho pl\u00e1tna &#8226; Lanaja-slovensk\u00e1 udr\u017eiteln\u00e1 zna\u010dka a v\u00fdrobce ln\u011bn\u00e9ho textilu","og_description":"Ta\u0161ka ze ln\u011bn\u00e9ho pl\u00e1tna je u\u0161ita ze 100% lnu, kter\u00fd je ru\u010dn\u011b tkan\u00fd a s l\u00e1skou vyroben\u00fd na Slovensku. Eko ta\u0161ka vhodn\u00e1 na n\u00e1kupy, na pl\u00e1\u017e. V\u0161echny na\u0161e pytl\u00edky na pe\u010divo jsou 100% kompostovateln\u00e9 a ve va\u0161em dom\u00e1c\u00edm kompostu se rozlo\u017e\u00ed do m\u011bs\u00edce.","og_url":"https:\/\/lanaja.sk\/cs\/obchod\/lnena-platena-taska-4\/","og_site_name":"Lanaja-slovensk\u00e1 udr\u017eiteln\u00e1 zna\u010dka a v\u00fdrobce ln\u011bn\u00e9ho textilu","article_publisher":"https:\/\/www.facebook.com\/Abreadbag","article_modified_time":"2025-08-03T13:52:10+00:00","og_image":[{"width":605,"height":850,"url":"https:\/\/lanaja.sk\/wp-content\/uploads\/2018\/01\/sashe2033-e1598280250734-jpg.webp","type":"image\/jpeg"}],"twitter_card":"summary_large_image","twitter_misc":{"Odhadovan\u00e1 doba \u010dten\u00ed":"2 minuty"},"schema":{"@context":"https:\/\/schema.org","@graph":[{"@type":"WebPage","@id":"https:\/\/lanaja.sk\/cs\/obchod\/lnena-platena-taska-4\/","url":"https:\/\/lanaja.sk\/cs\/obchod\/lnena-platena-taska-4\/","name":"Ta\u0161ka ze ln\u011bn\u00e9ho pl\u00e1tna &#8226; Lanaja-slovensk\u00e1 udr\u017eiteln\u00e1 zna\u010dka a v\u00fdrobce ln\u011bn\u00e9ho textilu","isPartOf":{"@id":"https:\/\/lanaja.sk\/cs\/#website"},"primaryImageOfPage":{"@id":"https:\/\/lanaja.sk\/cs\/obchod\/lnena-platena-taska-4\/#primaryimage"},"image":{"@id":"https:\/\/lanaja.sk\/cs\/obchod\/lnena-platena-taska-4\/#primaryimage"},"thumbnailUrl":"https:\/\/lanaja.sk\/wp-content\/uploads\/2018\/01\/sashe2033-e1598280250734-jpg.webp","datePublished":"2018-01-29T04:36:39+00:00","dateModified":"2025-08-03T13:52:10+00:00","description":"Ta\u0161ka ze ln\u011bn\u00e9ho pl\u00e1tna je u\u0161ita ze 100% lnu, kter\u00fd je ru\u010dn\u011b tkan\u00fd a s l\u00e1skou vyroben\u00fd na Slovensku. Eko ta\u0161ka vhodn\u00e1 na n\u00e1kupy, na pl\u00e1\u017e. V\u0161echny na\u0161e pytl\u00edky na pe\u010divo jsou 100% kompostovateln\u00e9 a ve va\u0161em dom\u00e1c\u00edm kompostu se rozlo\u017e\u00ed do m\u011bs\u00edce.","breadcrumb":{"@id":"https:\/\/lanaja.sk\/cs\/obchod\/lnena-platena-taska-4\/#breadcrumb"},"inLanguage":"cs","potentialAction":[{"@type":"ReadAction","target":["https:\/\/lanaja.sk\/cs\/obchod\/lnena-platena-taska-4\/"]}]},{"@type":"ImageObject","inLanguage":"cs","@id":"https:\/\/lanaja.sk\/cs\/obchod\/lnena-platena-taska-4\/#primaryimage","url":"https:\/\/lanaja.sk\/wp-content\/uploads\/2018\/01\/sashe2033-e1598280250734-jpg.webp","contentUrl":"https:\/\/lanaja.sk\/wp-content\/uploads\/2018\/01\/sashe2033-e1598280250734-jpg.webp","width":605,"height":850,"caption":"N\u00e1kupn\u00e1 ta\u0161ka z \u013eanov\u00e9ho platna"},{"@type":"BreadcrumbList","@id":"https:\/\/lanaja.sk\/cs\/obchod\/lnena-platena-taska-4\/#breadcrumb","itemListElement":[{"@type":"ListItem","position":1,"name":"Home","item":"https:\/\/lanaja.sk\/cs\/"},{"@type":"ListItem","position":2,"name":"Obchod","item":"https:\/\/lanaja.sk\/cs\/obchod-cz\/"},{"@type":"ListItem","position":3,"name":"Ta\u0161ka ze ln\u011bn\u00e9ho pl\u00e1tna"}]},{"@type":"WebSite","@id":"https:\/\/lanaja.sk\/cs\/#website","url":"https:\/\/lanaja.sk\/cs\/","name":"Lanaja - bytov\u00fd textil z \u013eanu a \u013eanov\u00e9 v\u00fdrobky","description":"Jedine\u010dn\u00fd bytov\u00fd textil, ln\u011bn\u00e9 pytl\u00edky, ln\u011bn\u00e9 ubrusy, ln\u011bn\u00e9 lo\u017en\u00ed povle\u010den\u00ed, ln\u011bn\u00e9 ut\u011brky, ln\u011bn\u00e9 prost\u00edr\u00e1n\u00ed vyroben\u00e9 a \u0161it\u00e9 na Slovensku","publisher":{"@id":"https:\/\/lanaja.sk\/cs\/#organization"},"alternateName":"Lanaja - v\u00fdrobky z \u013eanu, \u013eanov\u00fd bytov\u00fd textil","potentialAction":[{"@type":"SearchAction","target":{"@type":"EntryPoint","urlTemplate":"https:\/\/lanaja.sk\/cs\/?s={search_term_string}"},"query-input":{"@type":"PropertyValueSpecification","valueRequired":true,"valueName":"search_term_string"}}],"inLanguage":"cs"},{"@type":"Organization","@id":"https:\/\/lanaja.sk\/cs\/#organization","name":"Lanaja","alternateName":"Al\u017ebeta Andr\u00e1\u0161ikov\u00e1 - Lanaja","url":"https:\/\/lanaja.sk\/cs\/","logo":{"@type":"ImageObject","inLanguage":"cs","@id":"https:\/\/lanaja.sk\/cs\/#\/schema\/logo\/image\/","url":"https:\/\/lanaja.sk\/wp-content\/uploads\/2024\/01\/Lanaja.sk-logo.png","contentUrl":"https:\/\/lanaja.sk\/wp-content\/uploads\/2024\/01\/Lanaja.sk-logo.png","width":600,"height":300,"caption":"Lanaja"},"image":{"@id":"https:\/\/lanaja.sk\/cs\/#\/schema\/logo\/image\/"},"sameAs":["https:\/\/www.facebook.com\/Abreadbag","https:\/\/www.instagram.com\/lanaja_sk\/"]}]}},"_links":{"self":[{"href":"https:\/\/lanaja.sk\/cs\/wp-json\/wp\/v2\/product\/14365","targetHints":{"allow":["GET"]}}],"collection":[{"href":"https:\/\/lanaja.sk\/cs\/wp-json\/wp\/v2\/product"}],"about":[{"href":"https:\/\/lanaja.sk\/cs\/wp-json\/wp\/v2\/types\/product"}],"version-history":[{"count":1,"href":"https:\/\/lanaja.sk\/cs\/wp-json\/wp\/v2\/product\/14365\/revisions"}],"predecessor-version":[{"id":16481,"href":"https:\/\/lanaja.sk\/cs\/wp-json\/wp\/v2\/product\/14365\/revisions\/16481"}],"wp:featuredmedia":[{"embeddable":true,"href":"https:\/\/lanaja.sk\/cs\/wp-json\/wp\/v2\/media\/6681"}],"wp:attachment":[{"href":"https:\/\/lanaja.sk\/cs\/wp-json\/wp\/v2\/media?parent=14365"}],"wp:term":[{"taxonomy":"product_brand","embeddable":true,"href":"https:\/\/lanaja.sk\/cs\/wp-json\/wp\/v2\/product_brand?post=14365"},{"taxonomy":"product_cat","embeddable":true,"href":"https:\/\/lanaja.sk\/cs\/wp-json\/wp\/v2\/product_cat?post=14365"},{"taxonomy":"product_tag","embeddable":true,"href":"https:\/\/lanaja.sk\/cs\/wp-json\/wp\/v2\/product_tag?post=14365"}],"curies":[{"name":"wp","href":"https:\/\/api.w.org\/{rel}","templated":true}]}}