{"id":14368,"date":"2017-07-21T12:15:11","date_gmt":"2017-07-21T10:15:11","guid":{"rendered":"https:\/\/lanaja.sk\/obchod\/neza\u0159azen\u00e9\/lneny-sacek-na-rohliky-bagety-a-pecivo\/"},"modified":"2025-07-10T19:47:02","modified_gmt":"2025-07-10T17:47:02","slug":"lneny-sacek-na-rohliky-bagety-a-pecivo","status":"publish","type":"product","link":"https:\/\/lanaja.sk\/cs\/obchod\/lneny-sacek-na-rohliky-bagety-a-pecivo\/","title":{"rendered":"Ln\u011bn\u00fd s\u00e1\u010dek na rohl\u00edky, bagety a pe\u010divo"},"content":{"rendered":"<p><strong>Ln\u011bn\u00fd s\u00e1\u010dek na rohl\u00edky, bagety a pe\u010divo<\/strong><\/p>\n<p>Ln\u011bn\u00fd s\u00e1\u010dek je vhodn\u00fdm a ide\u00e1ln\u00edm m\u00edstem pro igelitov\u00e9 s\u00e1\u010dky, do kter\u00fdch se b\u011b\u017en\u011b bal\u00ed pe\u010divo, s minimalistick\u00fdm vzorem, bez zatahov\u00e1n\u00ed, m\u00e1 tvarovan\u00e9 dno, aby se v n\u011bm dalo pod\u00e1vat i vo\u0148av\u00e9 pe\u010divo. Pe\u010dete a pe\u010dete si doma vlastn\u00ed kv\u00e1skov\u00fd chl\u00e9b? Len je ide\u00e1ln\u00edm materi\u00e1lem pro skladov\u00e1n\u00ed pr\u00e1v\u011b tohoto pe\u010diva, rohl\u00edk\u016f a baget.<\/p>\n<p>Pytle z ru\u010dn\u011b tkan\u00e9ho lnu jsou ur\u010deny nejen ke skladov\u00e1n\u00ed, ale tak\u00e9 k serv\u00edrov\u00e1n\u00ed a p\u0159en\u00e1\u0161en\u00ed dom\u00e1c\u00edho pe\u010diva, bylinek. Opakovan\u011b pou\u017eiteln\u00e9, pe\u010dliv\u011b a s l\u00e1skou vyroben\u00e9 hypoalergenn\u00ed ta\u0161ky jsou nezbytnou sou\u010d\u00e1st\u00ed dne\u0161n\u00edch modern\u00edch domov\u016f. Ta\u0161ky jsou odoln\u00e9 a p\u0159i spr\u00e1vn\u00e9 p\u00e9\u010di mohou pot\u011b\u0161it generace. Ze zdravotn\u00edho a ekologick\u00e9ho hlediska, nesrovnateln\u011b vhodn\u011bj\u0161\u00ed ne\u017e igelitov\u00e9 s\u00e1\u010dky a obaly, je p\u0159\u00edrodn\u00ed ln\u011bn\u00e1 vazba pevn\u00e1, nebarven\u00e1, bez chemick\u00e9 \u00fapravy, ale prody\u0161n\u00e1, d\u00e9le udr\u017e\u00ed chl\u00e9b s k\u0159upavou k\u016frkou.<\/p>\n<p>Len absorbuje a uvol\u0148uje vlhkost v\u00edce ne\u017e jin\u00e9 materi\u00e1ly, m\u00e1 termoregula\u010dn\u00ed vlastnosti, v zim\u011b h\u0159eje a v l\u00e9t\u011b chlad\u00ed, 5kr\u00e1t v\u00edce ne\u017e vlna a 19kr\u00e1t v\u00edce ne\u017e hedv\u00e1b\u00ed. M\u00e1 p\u0159irozen\u00e9 antiseptick\u00e9 vlastnosti, v tk\u00e1n\u00edch se neudr\u017euj\u00ed bakterie ani z\u00e1rodky pl\u00edsn\u00ed, proto je tak ide\u00e1ln\u00ed pro pou\u017eit\u00ed v kuchyni, je ide\u00e1ln\u00ed pro kuchy\u0148sk\u00e9 ut\u011brky, s\u00e1\u010dky. Je vhodn\u00fd pro alergiky, proto\u017ee nezp\u016fsobuje alergick\u00e9 reakce, je dokonce kr\u00e1sn\u00fd p\u0159i pran\u00ed a vl\u00e1kna jsou m\u011bk\u010d\u00ed, <span class=\"text_exposed_show\">Maj\u00ed del\u0161\u00ed \u017eivotnost ne\u017e bavlna, proto\u017ee jsou del\u0161\u00ed a p\u0159i op\u011btovn\u00e9m slo\u017een\u00ed se nel\u00e1mou, \u017eehlen\u00ed, d\u00e1 se \u0159\u00edci, \u017ee se jedn\u00e1 o t\u00e9m\u011b\u0159 nezni\u010ditelnou l\u00e1tku. Len je nav\u00edc odoln\u00fd v\u016f\u010di mol\u016fm, m\u00e1 p\u0159irozenou schopnost odol\u00e1vat ne\u010distot\u00e1m a skvrn\u00e1m. Sni\u017euje UV z\u00e1\u0159en\u00ed na polovinu, a proto je v od\u011bvn\u00edm pr\u016fmyslu tak obl\u00edben\u00fd.<\/span><\/p>\n<p>Ln\u011bn\u00e1 tkanina se p\u0159edepere na 90 st. Proto ji\u017e nen\u00ed nutn\u00e9 po\u010d\u00edtat s jej\u00ed sr\u00e1\u017elivost\u00ed. Nechte len p\u0159ikr\u010dit, je to jeho p\u0159irozen\u00e1 vlastnost, pokud jste velk\u00fd p\u0159\u00edtel se \u017eehli\u010dkou a \u017eehlit v\u0161e, co v\u00e1m p\u0159ijde pod ruce?Doporu\u010duji \u017eehlit len vlhk\u00fd nebo jemn\u011b posypan\u00fd.<\/p>\n<p>A\u0165 u\u017e se rozhodnete pro ln\u011bn\u00e9 ut\u011brky nebo ln\u011bn\u00e9 s\u00e1\u010dky, bude to nejen spr\u00e1vn\u00e1 volba pro va\u0161e zdrav\u00ed, ale pom\u016f\u017eete chr\u00e1nit na\u0161e \u017eivotn\u00ed prost\u0159ed\u00ed, d\u011bkujeme, \u017ee n\u00e1m pom\u00e1h\u00e1te \u0161\u00ed\u0159it informace o pot\u0159eb\u011b recyklace a spole\u010dn\u011b vym\u011bn\u00edme tis\u00edce plastov\u00fdch s\u00e1\u010dk\u016f za ln\u011bn\u00e9 s\u00e1\u010dky \u2665.<\/p>\n<p>V\u0161echny na\u0161e s\u00e1\u010dky na pe\u010divo jsou 100% kompostovateln\u00e9 a ve va\u0161em dom\u00e1c\u00edm kompostu se rozlo\u017e\u00ed do m\u011bs\u00edce.<\/p>\n<p>&nbsp;<\/p>\n<p class=\"article\"><strong>Rozm\u011bry: <\/strong>35&#215;22 cm.<\/p>\n","protected":false},"excerpt":{"rendered":"<p>Ln\u011bn\u00fd s\u00e1\u010dek na rohl\u00edky, bagety a pe\u010divo Ln\u011bn\u00fd s\u00e1\u010dek je vhodn\u00fdm a ide\u00e1ln\u00edm m\u00edstem pro igelitov\u00e9 s\u00e1\u010dky, do kter\u00fdch se b\u011b\u017en\u011b bal\u00ed pe\u010divo, s minimalistick\u00fdm vzorem, bez zatahov\u00e1n\u00ed, m\u00e1 tvarovan\u00e9 dno, aby se v n\u011bm dalo pod\u00e1vat i vo\u0148av\u00e9 pe\u010divo. Pe\u010dete a pe\u010dete si doma vlastn\u00ed kv\u00e1skov\u00fd chl\u00e9b? Len je ide\u00e1ln\u00edm materi\u00e1lem pro skladov\u00e1n\u00ed pr\u00e1v\u011b [&hellip;]<\/p>\n","protected":false},"featured_media":6536,"template":"","meta":[],"product_brand":[],"product_cat":[177],"product_tag":[],"class_list":{"0":"post-14368","1":"product","2":"type-product","3":"status-publish","4":"has-post-thumbnail","6":"product_cat-lnene-pytliky","8":"first","9":"instock","10":"shipping-taxable","11":"purchasable","12":"product-type-simple"},"yoast_head":"<!-- This site is optimized with the Yoast SEO plugin v27.4 - https:\/\/yoast.com\/product\/yoast-seo-wordpress\/ -->\n<title>Ln\u011bn\u00fd s\u00e1\u010dek na rohl\u00edky, bagety a pe\u010divo &#8226; Lanaja-slovensk\u00e1 udr\u017eiteln\u00e1 zna\u010dka a v\u00fdrobce ln\u011bn\u00e9ho textilu<\/title>\n<meta name=\"description\" content=\"Ln\u011bn\u00fd s\u00e1\u010dek je vhodn\u00fdm a ide\u00e1ln\u00edm m\u00edstem pro igelitov\u00e9 s\u00e1\u010dky, do kter\u00fdch se b\u011b\u017en\u011b bal\u00ed pe\u010divo, s minimalistick\u00fdm vzorem, bez zatahov\u00e1n\u00ed, m\u00e1 tvarovan\u00e9 dno, aby se v n\u011bm dalo pod\u00e1vat i vo\u0148av\u00e9 pe\u010divo.\" \/>\n<meta name=\"robots\" content=\"index, follow, max-snippet:-1, max-image-preview:large, max-video-preview:-1\" \/>\n<link rel=\"canonical\" href=\"https:\/\/lanaja.sk\/cs\/obchod\/lneny-sacek-na-rohliky-bagety-a-pecivo\/\" \/>\n<meta property=\"og:locale\" content=\"cs_CZ\" \/>\n<meta property=\"og:type\" content=\"article\" \/>\n<meta property=\"og:title\" content=\"Ln\u011bn\u00fd s\u00e1\u010dek na rohl\u00edky, bagety a pe\u010divo &#8226; Lanaja-slovensk\u00e1 udr\u017eiteln\u00e1 zna\u010dka a v\u00fdrobce ln\u011bn\u00e9ho textilu\" \/>\n<meta property=\"og:description\" content=\"Ln\u011bn\u00fd s\u00e1\u010dek je vhodn\u00fdm a ide\u00e1ln\u00edm m\u00edstem pro igelitov\u00e9 s\u00e1\u010dky, do kter\u00fdch se b\u011b\u017en\u011b bal\u00ed pe\u010divo, s minimalistick\u00fdm vzorem, bez zatahov\u00e1n\u00ed, m\u00e1 tvarovan\u00e9 dno, aby se v n\u011bm dalo pod\u00e1vat i vo\u0148av\u00e9 pe\u010divo.\" \/>\n<meta property=\"og:url\" content=\"https:\/\/lanaja.sk\/cs\/obchod\/lneny-sacek-na-rohliky-bagety-a-pecivo\/\" \/>\n<meta property=\"og:site_name\" content=\"Lanaja-slovensk\u00e1 udr\u017eiteln\u00e1 zna\u010dka a v\u00fdrobce ln\u011bn\u00e9ho textilu\" \/>\n<meta property=\"article:publisher\" content=\"https:\/\/www.facebook.com\/Abreadbag\" \/>\n<meta property=\"article:modified_time\" content=\"2025-07-10T17:47:02+00:00\" \/>\n<meta property=\"og:image\" content=\"https:\/\/lanaja.sk\/wp-content\/uploads\/2017\/07\/Produkt8-1-e1521567290898-jpg.webp\" \/>\n\t<meta property=\"og:image:width\" content=\"915\" \/>\n\t<meta property=\"og:image:height\" content=\"1000\" \/>\n\t<meta property=\"og:image:type\" content=\"image\/jpeg\" \/>\n<meta name=\"twitter:card\" content=\"summary_large_image\" \/>\n<meta name=\"twitter:label1\" content=\"Odhadovan\u00e1 doba \u010dten\u00ed\" \/>\n\t<meta name=\"twitter:data1\" content=\"3 minuty\" \/>\n<script type=\"application\/ld+json\" class=\"yoast-schema-graph\">{\"@context\":\"https:\\\/\\\/schema.org\",\"@graph\":[{\"@type\":\"WebPage\",\"@id\":\"https:\\\/\\\/lanaja.sk\\\/cs\\\/obchod\\\/lneny-sacek-na-rohliky-bagety-a-pecivo\\\/\",\"url\":\"https:\\\/\\\/lanaja.sk\\\/cs\\\/obchod\\\/lneny-sacek-na-rohliky-bagety-a-pecivo\\\/\",\"name\":\"Ln\u011bn\u00fd s\u00e1\u010dek na rohl\u00edky, bagety a pe\u010divo &#8226; Lanaja-slovensk\u00e1 udr\u017eiteln\u00e1 zna\u010dka a v\u00fdrobce ln\u011bn\u00e9ho textilu\",\"isPartOf\":{\"@id\":\"https:\\\/\\\/lanaja.sk\\\/cs\\\/#website\"},\"primaryImageOfPage\":{\"@id\":\"https:\\\/\\\/lanaja.sk\\\/cs\\\/obchod\\\/lneny-sacek-na-rohliky-bagety-a-pecivo\\\/#primaryimage\"},\"image\":{\"@id\":\"https:\\\/\\\/lanaja.sk\\\/cs\\\/obchod\\\/lneny-sacek-na-rohliky-bagety-a-pecivo\\\/#primaryimage\"},\"thumbnailUrl\":\"https:\\\/\\\/lanaja.sk\\\/wp-content\\\/uploads\\\/2017\\\/07\\\/Produkt8-1-e1521567290898-jpg.webp\",\"datePublished\":\"2017-07-21T10:15:11+00:00\",\"dateModified\":\"2025-07-10T17:47:02+00:00\",\"description\":\"Ln\u011bn\u00fd s\u00e1\u010dek je vhodn\u00fdm a ide\u00e1ln\u00edm m\u00edstem pro igelitov\u00e9 s\u00e1\u010dky, do kter\u00fdch se b\u011b\u017en\u011b bal\u00ed pe\u010divo, s minimalistick\u00fdm vzorem, bez zatahov\u00e1n\u00ed, m\u00e1 tvarovan\u00e9 dno, aby se v n\u011bm dalo pod\u00e1vat i vo\u0148av\u00e9 pe\u010divo.\",\"breadcrumb\":{\"@id\":\"https:\\\/\\\/lanaja.sk\\\/cs\\\/obchod\\\/lneny-sacek-na-rohliky-bagety-a-pecivo\\\/#breadcrumb\"},\"inLanguage\":\"cs\",\"potentialAction\":[{\"@type\":\"ReadAction\",\"target\":[\"https:\\\/\\\/lanaja.sk\\\/cs\\\/obchod\\\/lneny-sacek-na-rohliky-bagety-a-pecivo\\\/\"]}]},{\"@type\":\"ImageObject\",\"inLanguage\":\"cs\",\"@id\":\"https:\\\/\\\/lanaja.sk\\\/cs\\\/obchod\\\/lneny-sacek-na-rohliky-bagety-a-pecivo\\\/#primaryimage\",\"url\":\"https:\\\/\\\/lanaja.sk\\\/wp-content\\\/uploads\\\/2017\\\/07\\\/Produkt8-1-e1521567290898-jpg.webp\",\"contentUrl\":\"https:\\\/\\\/lanaja.sk\\\/wp-content\\\/uploads\\\/2017\\\/07\\\/Produkt8-1-e1521567290898-jpg.webp\",\"width\":915,\"height\":1000,\"caption\":\"Vrecusko z rucne tkaneho lanu\"},{\"@type\":\"BreadcrumbList\",\"@id\":\"https:\\\/\\\/lanaja.sk\\\/cs\\\/obchod\\\/lneny-sacek-na-rohliky-bagety-a-pecivo\\\/#breadcrumb\",\"itemListElement\":[{\"@type\":\"ListItem\",\"position\":1,\"name\":\"Home\",\"item\":\"https:\\\/\\\/lanaja.sk\\\/cs\\\/\"},{\"@type\":\"ListItem\",\"position\":2,\"name\":\"Obchod\",\"item\":\"https:\\\/\\\/lanaja.sk\\\/cs\\\/obchod-cz\\\/\"},{\"@type\":\"ListItem\",\"position\":3,\"name\":\"Ln\u011bn\u00fd s\u00e1\u010dek na rohl\u00edky, bagety a pe\u010divo\"}]},{\"@type\":\"WebSite\",\"@id\":\"https:\\\/\\\/lanaja.sk\\\/cs\\\/#website\",\"url\":\"https:\\\/\\\/lanaja.sk\\\/cs\\\/\",\"name\":\"Lanaja - bytov\u00fd textil z \u013eanu a \u013eanov\u00e9 v\u00fdrobky\",\"description\":\"Jedine\u010dn\u00fd bytov\u00fd textil, ln\u011bn\u00e9 pytl\u00edky, ln\u011bn\u00e9 ubrusy, ln\u011bn\u00e9 lo\u017en\u00ed povle\u010den\u00ed, ln\u011bn\u00e9 ut\u011brky, ln\u011bn\u00e9 prost\u00edr\u00e1n\u00ed vyroben\u00e9 a \u0161it\u00e9 na Slovensku\",\"publisher\":{\"@id\":\"https:\\\/\\\/lanaja.sk\\\/cs\\\/#organization\"},\"alternateName\":\"Lanaja - v\u00fdrobky z \u013eanu, \u013eanov\u00fd bytov\u00fd textil\",\"potentialAction\":[{\"@type\":\"SearchAction\",\"target\":{\"@type\":\"EntryPoint\",\"urlTemplate\":\"https:\\\/\\\/lanaja.sk\\\/cs\\\/?s={search_term_string}\"},\"query-input\":{\"@type\":\"PropertyValueSpecification\",\"valueRequired\":true,\"valueName\":\"search_term_string\"}}],\"inLanguage\":\"cs\"},{\"@type\":\"Organization\",\"@id\":\"https:\\\/\\\/lanaja.sk\\\/cs\\\/#organization\",\"name\":\"Lanaja\",\"alternateName\":\"Al\u017ebeta Andr\u00e1\u0161ikov\u00e1 - Lanaja\",\"url\":\"https:\\\/\\\/lanaja.sk\\\/cs\\\/\",\"logo\":{\"@type\":\"ImageObject\",\"inLanguage\":\"cs\",\"@id\":\"https:\\\/\\\/lanaja.sk\\\/cs\\\/#\\\/schema\\\/logo\\\/image\\\/\",\"url\":\"https:\\\/\\\/lanaja.sk\\\/wp-content\\\/uploads\\\/2024\\\/01\\\/Lanaja.sk-logo.png\",\"contentUrl\":\"https:\\\/\\\/lanaja.sk\\\/wp-content\\\/uploads\\\/2024\\\/01\\\/Lanaja.sk-logo.png\",\"width\":600,\"height\":300,\"caption\":\"Lanaja\"},\"image\":{\"@id\":\"https:\\\/\\\/lanaja.sk\\\/cs\\\/#\\\/schema\\\/logo\\\/image\\\/\"},\"sameAs\":[\"https:\\\/\\\/www.facebook.com\\\/Abreadbag\",\"https:\\\/\\\/www.instagram.com\\\/lanaja_sk\\\/\"]}]}<\/script>\n<!-- \/ Yoast SEO plugin. -->","yoast_head_json":{"title":"Ln\u011bn\u00fd s\u00e1\u010dek na rohl\u00edky, bagety a pe\u010divo &#8226; Lanaja-slovensk\u00e1 udr\u017eiteln\u00e1 zna\u010dka a v\u00fdrobce ln\u011bn\u00e9ho textilu","description":"Ln\u011bn\u00fd s\u00e1\u010dek je vhodn\u00fdm a ide\u00e1ln\u00edm m\u00edstem pro igelitov\u00e9 s\u00e1\u010dky, do kter\u00fdch se b\u011b\u017en\u011b bal\u00ed pe\u010divo, s minimalistick\u00fdm vzorem, bez zatahov\u00e1n\u00ed, m\u00e1 tvarovan\u00e9 dno, aby se v n\u011bm dalo pod\u00e1vat i vo\u0148av\u00e9 pe\u010divo.","robots":{"index":"index","follow":"follow","max-snippet":"max-snippet:-1","max-image-preview":"max-image-preview:large","max-video-preview":"max-video-preview:-1"},"canonical":"https:\/\/lanaja.sk\/cs\/obchod\/lneny-sacek-na-rohliky-bagety-a-pecivo\/","og_locale":"cs_CZ","og_type":"article","og_title":"Ln\u011bn\u00fd s\u00e1\u010dek na rohl\u00edky, bagety a pe\u010divo &#8226; Lanaja-slovensk\u00e1 udr\u017eiteln\u00e1 zna\u010dka a v\u00fdrobce ln\u011bn\u00e9ho textilu","og_description":"Ln\u011bn\u00fd s\u00e1\u010dek je vhodn\u00fdm a ide\u00e1ln\u00edm m\u00edstem pro igelitov\u00e9 s\u00e1\u010dky, do kter\u00fdch se b\u011b\u017en\u011b bal\u00ed pe\u010divo, s minimalistick\u00fdm vzorem, bez zatahov\u00e1n\u00ed, m\u00e1 tvarovan\u00e9 dno, aby se v n\u011bm dalo pod\u00e1vat i vo\u0148av\u00e9 pe\u010divo.","og_url":"https:\/\/lanaja.sk\/cs\/obchod\/lneny-sacek-na-rohliky-bagety-a-pecivo\/","og_site_name":"Lanaja-slovensk\u00e1 udr\u017eiteln\u00e1 zna\u010dka a v\u00fdrobce ln\u011bn\u00e9ho textilu","article_publisher":"https:\/\/www.facebook.com\/Abreadbag","article_modified_time":"2025-07-10T17:47:02+00:00","og_image":[{"width":915,"height":1000,"url":"https:\/\/lanaja.sk\/wp-content\/uploads\/2017\/07\/Produkt8-1-e1521567290898-jpg.webp","type":"image\/jpeg"}],"twitter_card":"summary_large_image","twitter_misc":{"Odhadovan\u00e1 doba \u010dten\u00ed":"3 minuty"},"schema":{"@context":"https:\/\/schema.org","@graph":[{"@type":"WebPage","@id":"https:\/\/lanaja.sk\/cs\/obchod\/lneny-sacek-na-rohliky-bagety-a-pecivo\/","url":"https:\/\/lanaja.sk\/cs\/obchod\/lneny-sacek-na-rohliky-bagety-a-pecivo\/","name":"Ln\u011bn\u00fd s\u00e1\u010dek na rohl\u00edky, bagety a pe\u010divo &#8226; Lanaja-slovensk\u00e1 udr\u017eiteln\u00e1 zna\u010dka a v\u00fdrobce ln\u011bn\u00e9ho textilu","isPartOf":{"@id":"https:\/\/lanaja.sk\/cs\/#website"},"primaryImageOfPage":{"@id":"https:\/\/lanaja.sk\/cs\/obchod\/lneny-sacek-na-rohliky-bagety-a-pecivo\/#primaryimage"},"image":{"@id":"https:\/\/lanaja.sk\/cs\/obchod\/lneny-sacek-na-rohliky-bagety-a-pecivo\/#primaryimage"},"thumbnailUrl":"https:\/\/lanaja.sk\/wp-content\/uploads\/2017\/07\/Produkt8-1-e1521567290898-jpg.webp","datePublished":"2017-07-21T10:15:11+00:00","dateModified":"2025-07-10T17:47:02+00:00","description":"Ln\u011bn\u00fd s\u00e1\u010dek je vhodn\u00fdm a ide\u00e1ln\u00edm m\u00edstem pro igelitov\u00e9 s\u00e1\u010dky, do kter\u00fdch se b\u011b\u017en\u011b bal\u00ed pe\u010divo, s minimalistick\u00fdm vzorem, bez zatahov\u00e1n\u00ed, m\u00e1 tvarovan\u00e9 dno, aby se v n\u011bm dalo pod\u00e1vat i vo\u0148av\u00e9 pe\u010divo.","breadcrumb":{"@id":"https:\/\/lanaja.sk\/cs\/obchod\/lneny-sacek-na-rohliky-bagety-a-pecivo\/#breadcrumb"},"inLanguage":"cs","potentialAction":[{"@type":"ReadAction","target":["https:\/\/lanaja.sk\/cs\/obchod\/lneny-sacek-na-rohliky-bagety-a-pecivo\/"]}]},{"@type":"ImageObject","inLanguage":"cs","@id":"https:\/\/lanaja.sk\/cs\/obchod\/lneny-sacek-na-rohliky-bagety-a-pecivo\/#primaryimage","url":"https:\/\/lanaja.sk\/wp-content\/uploads\/2017\/07\/Produkt8-1-e1521567290898-jpg.webp","contentUrl":"https:\/\/lanaja.sk\/wp-content\/uploads\/2017\/07\/Produkt8-1-e1521567290898-jpg.webp","width":915,"height":1000,"caption":"Vrecusko z rucne tkaneho lanu"},{"@type":"BreadcrumbList","@id":"https:\/\/lanaja.sk\/cs\/obchod\/lneny-sacek-na-rohliky-bagety-a-pecivo\/#breadcrumb","itemListElement":[{"@type":"ListItem","position":1,"name":"Home","item":"https:\/\/lanaja.sk\/cs\/"},{"@type":"ListItem","position":2,"name":"Obchod","item":"https:\/\/lanaja.sk\/cs\/obchod-cz\/"},{"@type":"ListItem","position":3,"name":"Ln\u011bn\u00fd s\u00e1\u010dek na rohl\u00edky, bagety a pe\u010divo"}]},{"@type":"WebSite","@id":"https:\/\/lanaja.sk\/cs\/#website","url":"https:\/\/lanaja.sk\/cs\/","name":"Lanaja - bytov\u00fd textil z \u013eanu a \u013eanov\u00e9 v\u00fdrobky","description":"Jedine\u010dn\u00fd bytov\u00fd textil, ln\u011bn\u00e9 pytl\u00edky, ln\u011bn\u00e9 ubrusy, ln\u011bn\u00e9 lo\u017en\u00ed povle\u010den\u00ed, ln\u011bn\u00e9 ut\u011brky, ln\u011bn\u00e9 prost\u00edr\u00e1n\u00ed vyroben\u00e9 a \u0161it\u00e9 na Slovensku","publisher":{"@id":"https:\/\/lanaja.sk\/cs\/#organization"},"alternateName":"Lanaja - v\u00fdrobky z \u013eanu, \u013eanov\u00fd bytov\u00fd textil","potentialAction":[{"@type":"SearchAction","target":{"@type":"EntryPoint","urlTemplate":"https:\/\/lanaja.sk\/cs\/?s={search_term_string}"},"query-input":{"@type":"PropertyValueSpecification","valueRequired":true,"valueName":"search_term_string"}}],"inLanguage":"cs"},{"@type":"Organization","@id":"https:\/\/lanaja.sk\/cs\/#organization","name":"Lanaja","alternateName":"Al\u017ebeta Andr\u00e1\u0161ikov\u00e1 - Lanaja","url":"https:\/\/lanaja.sk\/cs\/","logo":{"@type":"ImageObject","inLanguage":"cs","@id":"https:\/\/lanaja.sk\/cs\/#\/schema\/logo\/image\/","url":"https:\/\/lanaja.sk\/wp-content\/uploads\/2024\/01\/Lanaja.sk-logo.png","contentUrl":"https:\/\/lanaja.sk\/wp-content\/uploads\/2024\/01\/Lanaja.sk-logo.png","width":600,"height":300,"caption":"Lanaja"},"image":{"@id":"https:\/\/lanaja.sk\/cs\/#\/schema\/logo\/image\/"},"sameAs":["https:\/\/www.facebook.com\/Abreadbag","https:\/\/www.instagram.com\/lanaja_sk\/"]}]}},"_links":{"self":[{"href":"https:\/\/lanaja.sk\/cs\/wp-json\/wp\/v2\/product\/14368","targetHints":{"allow":["GET"]}}],"collection":[{"href":"https:\/\/lanaja.sk\/cs\/wp-json\/wp\/v2\/product"}],"about":[{"href":"https:\/\/lanaja.sk\/cs\/wp-json\/wp\/v2\/types\/product"}],"version-history":[{"count":1,"href":"https:\/\/lanaja.sk\/cs\/wp-json\/wp\/v2\/product\/14368\/revisions"}],"predecessor-version":[{"id":16343,"href":"https:\/\/lanaja.sk\/cs\/wp-json\/wp\/v2\/product\/14368\/revisions\/16343"}],"wp:featuredmedia":[{"embeddable":true,"href":"https:\/\/lanaja.sk\/cs\/wp-json\/wp\/v2\/media\/6536"}],"wp:attachment":[{"href":"https:\/\/lanaja.sk\/cs\/wp-json\/wp\/v2\/media?parent=14368"}],"wp:term":[{"taxonomy":"product_brand","embeddable":true,"href":"https:\/\/lanaja.sk\/cs\/wp-json\/wp\/v2\/product_brand?post=14368"},{"taxonomy":"product_cat","embeddable":true,"href":"https:\/\/lanaja.sk\/cs\/wp-json\/wp\/v2\/product_cat?post=14368"},{"taxonomy":"product_tag","embeddable":true,"href":"https:\/\/lanaja.sk\/cs\/wp-json\/wp\/v2\/product_tag?post=14368"}],"curies":[{"name":"wp","href":"https:\/\/api.w.org\/{rel}","templated":true}]}}