{"id":16171,"date":"2025-05-26T17:38:16","date_gmt":"2025-05-26T15:38:16","guid":{"rendered":"https:\/\/lanaja.sk\/obchod\/nezaraden\u00e9\/lnena-uterka-bezovy-prouzek\/"},"modified":"2025-07-05T20:36:18","modified_gmt":"2025-07-05T18:36:18","slug":"lnena-uterka-bezovy-prouzek","status":"publish","type":"product","link":"https:\/\/lanaja.sk\/cs\/obchod\/lnena-uterka-bezovy-prouzek\/","title":{"rendered":"Ln\u011bn\u00e1 ut\u011brka &#8211; b\u00e9\u017eov\u00fd prou\u017eek"},"content":{"rendered":"<h2>Ln\u011bn\u00e1 ut\u011brka &#8211; tenk\u00fd b\u00e9\u017eov\u00fd prou\u017eek<\/h2>\n<p>&nbsp;<\/p>\n<p><strong>Ahoj,<\/strong><\/p>\n<p>&nbsp;<\/p>\n<p>R\u00e1da bych se s v\u00e1mi pod\u011blila o sv\u016fj p\u0159\u00edb\u011bh &#8211; jsem ln\u011bn\u00e1 ut\u011brka (b\u00e9\u017eov\u00fd tenk\u00fd prou\u017eek), vyroben\u00e1 s l\u00e1skou a p\u00e9\u010d\u00ed z rostlinn\u00fdch vl\u00e1ken lnu. D\u00edky sv\u00e9mu jedine\u010dn\u00e9mu p\u0159\u00edrodn\u00edmu slo\u017een\u00ed jsem \u0161etrn\u00e1 k \u017eivotn\u00edmu prost\u0159ed\u00ed a efektivn\u00ed pro ka\u017edodenn\u00ed pou\u017eit\u00ed.<\/p>\n<h4 class=\"article\">Pro\u010d je len tak v\u00fdjime\u010dn\u00fd?<\/h4>\n<p>Je to kv\u016fli jeho vlastnostem. Moje vl\u00e1kna jsou siln\u00e1 a dlouh\u00e1, proto jsem odoln\u00e1 a jen tak snadno m\u011b neroztrhne\u0161. U\u0161lechtil\u00fd len je zn\u00e1m\u00fd svou schopnost\u00ed absorbovat vlhkost &#8211; a\u017e asi 20 % sv\u00e9 hmotnosti! Proto jsem schopn\u00e1 rychle vysu\u0161it mokr\u00e9 n\u00e1dob\u00ed a zachovat \u010distotu ve sv\u00e9m okol\u00ed. Jsem odoln\u00e1 v\u016f\u010di skvrn\u00e1m, pokud na m\u011b n\u011bco vylije\u0161, nemus\u00ed\u0161 se ob\u00e1vat, \u017ee budu m\u00edt tyto skvrny nav\u017edy. Moje vl\u00e1kna jsou dut\u00e1, tak\u017ee se mi mal\u00e9 nehody nedostanou \u201epod k\u016f\u017ei\u201c a z\u016fstanou na povrchu. I proto je p\u00e9\u010de o m\u011b tak snadn\u00e1. M\u00e1m skv\u011blou schopnost absorbovat vlhkost, dok\u00e1\u017eu vysu\u0161it povrch rychle a \u00fa\u010dinn\u011b.<\/p>\n<h4>Jak\u00e9 jsou m\u00e9 hlavn\u00ed v\u00fdhody?<\/h4>\n<p>Krom\u011b toho, \u017ee jsem skv\u011bl\u00fdm pomocn\u00edkem v kuchyni, v\u00e1s jist\u011b pot\u011b\u0161\u00ed, \u017ee jsem hypoalergenn\u00ed. Jsem \u0161etrn\u00e1 k citliv\u00e9 poko\u017ece a nevyvol\u00e1v\u00e1m alergick\u00e9 reakce. To je velk\u00e1 v\u00fdhoda, proto\u017ee m\u011b m\u016f\u017eete bez obav pou\u017e\u00edvat. Moje antibakteri\u00e1ln\u00ed vlastnosti zabra\u0148uj\u00ed mno\u017een\u00ed bakteri\u00ed, pl\u00edsn\u00ed a nep\u0159\u00edjemn\u00fdch pach\u016f. Tvoje kuchyn\u011b bude v\u017edy \u010dist\u00e1 a bezpe\u010dn\u00e1. M\u016f\u017ee\u0161 si vychutn\u00e1vat ka\u017ed\u00fd okam\u017eik v n\u00ed str\u00e1ven\u00fd. Chce\u0161 m\u011b n\u011bkomu s l\u00e1skou darovat? P\u0159ijdu ti zabalen\u00e1 v d\u00e1rkov\u00e9 krabi\u010dce!<\/p>\n<h4>Chce\u0161 v\u011bd\u011bt o m\u00e9 udr\u017eitelnosti?<\/h4>\n<p>Na rozd\u00edl od b\u011b\u017en\u00fdch syntetick\u00fdch ut\u011brek, moje v\u00fdroba je mnohem \u0161etrn\u011bj\u0161\u00ed k \u017eivotn\u00edmu prost\u0159ed\u00ed. P\u0159i m\u00e9 v\u00fdrob\u011b spot\u0159ebuji mnohem m\u00e9n\u011b vody a moje vl\u00e1kna jsou stoprocentn\u011b biologicky odbourateln\u00e1. Mohu se py\u0161nit sv\u00fdmi vr\u00e1skami, jsou d\u016fkazem m\u00e9 bohat\u00e9 historie, proto\u017ee jsem nejstar\u0161\u00ed l\u00e1tkou vyrobenou \u010dlov\u011bkem. Jsem hrd\u00e1 na to, \u017ee jsem sou\u010d\u00e1st\u00ed udr\u017eiteln\u00e9ho \u017eivotn\u00edho stylu. Moje vlastnosti m\u011b d\u011blaj\u00ed ide\u00e1ln\u00ed nejen pro tebe, ale i pro tv\u00e9 d\u011bti. Svou trvanlivost\u00ed se mohu st\u00e1t sou\u010d\u00e1st\u00ed rodinn\u00e9 kuchyn\u011b a p\u0159i spr\u00e1vn\u00e9 p\u00e9\u010di budu slou\u017eit i dal\u0161\u00ed generaci. V dne\u0161n\u00edm sv\u011bt\u011b, kde je ochrana \u017eivotn\u00edho prost\u0159ed\u00ed st\u00e1le d\u016fle\u017eit\u011bj\u0161\u00ed, jsem hrd\u00e1, \u017ee mohu b\u00fdt sou\u010d\u00e1st\u00ed \u0159e\u0161en\u00ed.<\/p>\n<p>Jsem ln\u011bn\u00e1 ut\u011brka, v\u011brn\u00e1 a spolehliv\u00e1. Mo\u017en\u00e1 jsem mal\u00e1 v\u011bc, ale mohu ud\u011blat spoustu u\u017eite\u010dn\u00e9 pr\u00e1ce v tv\u00e9m dom\u00e1c\u00edm prost\u0159ed\u00ed. \u010cistota, efektivita a p\u00e9\u010de &#8211; to je to, co p\u0159in\u00e1\u0161\u00edm do va\u0161\u00ed kuchyn\u011b ka\u017ed\u00fd den. M\u00e1m radost z toho, \u017ee mohu b\u00fdt tv\u00fdm v\u011brn\u00fdm pomocn\u00edkem a t\u011b\u0161\u00edm se na to, \u017ee n\u00e1s bude spojovat mnoho spole\u010dn\u00fdch chvil.<\/p>\n<p>&nbsp;<\/p>\n<p>M\u011bj hezk\u00fd den,<\/p>\n<p>&nbsp;<\/p>\n<p>Tvoje prou\u017ekovan\u00e1 ln\u011bn\u00e1 ut\u011brka<\/p>\n<p>&nbsp;<\/p>\n<p>Ln\u011bn\u00e1 ut\u011brka &#8211; b\u00e9\u017eov\u00fd prou\u017eek velikost: 45&#215;70 cm<br \/>\nPruhovan\u00fd len gram\u00e1\u017e 185 g\/m\u00b2<\/p>\n<h3><a href=\"https:\/\/lanaja.sk\/kategoria-produktu\/kuchyna\/lanove-utierky\/\" target=\"_blank\" rel=\"noopener\">Cel\u00e1 kolekce ln\u011bn\u00fdch ru\u010dn\u00edk\u016f Lanaja<\/a><\/h3>\n<p>&nbsp;<\/p>\n","protected":false},"excerpt":{"rendered":"<p>Pokud hled\u00e1\u0161 spolehlivou, ekologicky \u0161etrnou a odolnou kuchy\u0148skou ut\u011brku, na\u0161el\/na\u0161la jsi m\u011b. Jsem tu, abych ti pomohla udr\u017eovat tvou kuchyni \u010distou a hygienickou a z\u00e1rove\u0148 ti poskytla pohodl\u00ed a jistotu. Sta\u0148 se m\u00fdm spole\u010dn\u00edkem v kuchyni a za\u010dn\u011bme spole\u010dn\u011b tvo\u0159it nezapomenuteln\u00e9 kulin\u00e1\u0159sk\u00e9 z\u00e1\u017eitky<\/p>\n","protected":false},"featured_media":15946,"template":"","meta":[],"product_brand":[],"product_cat":[181],"product_tag":[344],"class_list":{"0":"post-16171","1":"product","2":"type-product","3":"status-publish","4":"has-post-thumbnail","6":"product_cat-lnene-uterky","7":"product_tag-lneny-rucnik","9":"first","10":"instock","11":"shipping-taxable","12":"purchasable","13":"product-type-simple"},"yoast_head":"<!-- This site is optimized with the Yoast SEO plugin v27.4 - https:\/\/yoast.com\/product\/yoast-seo-wordpress\/ -->\n<title>Ln\u011bn\u00e1 ut\u011brka - b\u00e9\u017eov\u00fd prou\u017eek &#8226; Lanaja-slovensk\u00e1 udr\u017eiteln\u00e1 zna\u010dka a v\u00fdrobce ln\u011bn\u00e9ho textilu<\/title>\n<meta name=\"description\" content=\"Jsem ln\u011bn\u00e1 ut\u011brka a m\u016fj jemn\u00fd b\u00e9\u017eov\u00fd prou\u017eek je m\u00fdm minimalistick\u00fdm spojen\u00edm s v\u00e1mi, jsem v\u011brn\u00e1 a spolehliv\u00e1. Mo\u017en\u00e1 jsem mal\u00e1 v\u011bc, ale dok\u00e1\u017eu hodn\u011b...\" \/>\n<meta name=\"robots\" content=\"index, follow, max-snippet:-1, max-image-preview:large, max-video-preview:-1\" \/>\n<link rel=\"canonical\" href=\"https:\/\/lanaja.sk\/cs\/obchod\/lnena-uterka-bezovy-prouzek\/\" \/>\n<meta property=\"og:locale\" content=\"cs_CZ\" \/>\n<meta property=\"og:type\" content=\"article\" \/>\n<meta property=\"og:title\" content=\"Ln\u011bn\u00e1 ut\u011brka - b\u00e9\u017eov\u00fd prou\u017eek &#8226; Lanaja-slovensk\u00e1 udr\u017eiteln\u00e1 zna\u010dka a v\u00fdrobce ln\u011bn\u00e9ho textilu\" \/>\n<meta property=\"og:description\" content=\"Jsem ln\u011bn\u00e1 ut\u011brka a m\u016fj jemn\u00fd b\u00e9\u017eov\u00fd prou\u017eek je m\u00fdm minimalistick\u00fdm spojen\u00edm s v\u00e1mi, jsem v\u011brn\u00e1 a spolehliv\u00e1. Mo\u017en\u00e1 jsem mal\u00e1 v\u011bc, ale dok\u00e1\u017eu hodn\u011b...\" \/>\n<meta property=\"og:url\" content=\"https:\/\/lanaja.sk\/cs\/obchod\/lnena-uterka-bezovy-prouzek\/\" \/>\n<meta property=\"og:site_name\" content=\"Lanaja-slovensk\u00e1 udr\u017eiteln\u00e1 zna\u010dka a v\u00fdrobce ln\u011bn\u00e9ho textilu\" \/>\n<meta property=\"article:publisher\" content=\"https:\/\/www.facebook.com\/Abreadbag\" \/>\n<meta property=\"article:modified_time\" content=\"2025-07-05T18:36:18+00:00\" \/>\n<meta property=\"og:image\" content=\"https:\/\/lanaja.sk\/wp-content\/uploads\/2019\/06\/pasikava-lanova-kuchynska-utierka.jpg\" \/>\n\t<meta property=\"og:image:width\" content=\"884\" \/>\n\t<meta property=\"og:image:height\" content=\"1134\" \/>\n\t<meta property=\"og:image:type\" content=\"image\/jpeg\" \/>\n<meta name=\"twitter:card\" content=\"summary_large_image\" \/>\n<meta name=\"twitter:label1\" content=\"Odhadovan\u00e1 doba \u010dten\u00ed\" \/>\n\t<meta name=\"twitter:data1\" content=\"3 minuty\" \/>\n<script type=\"application\/ld+json\" class=\"yoast-schema-graph\">{\"@context\":\"https:\\\/\\\/schema.org\",\"@graph\":[{\"@type\":\"WebPage\",\"@id\":\"https:\\\/\\\/lanaja.sk\\\/cs\\\/obchod\\\/lnena-uterka-bezovy-prouzek\\\/\",\"url\":\"https:\\\/\\\/lanaja.sk\\\/cs\\\/obchod\\\/lnena-uterka-bezovy-prouzek\\\/\",\"name\":\"Ln\u011bn\u00e1 ut\u011brka - b\u00e9\u017eov\u00fd prou\u017eek &#8226; Lanaja-slovensk\u00e1 udr\u017eiteln\u00e1 zna\u010dka a v\u00fdrobce ln\u011bn\u00e9ho textilu\",\"isPartOf\":{\"@id\":\"https:\\\/\\\/lanaja.sk\\\/cs\\\/#website\"},\"primaryImageOfPage\":{\"@id\":\"https:\\\/\\\/lanaja.sk\\\/cs\\\/obchod\\\/lnena-uterka-bezovy-prouzek\\\/#primaryimage\"},\"image\":{\"@id\":\"https:\\\/\\\/lanaja.sk\\\/cs\\\/obchod\\\/lnena-uterka-bezovy-prouzek\\\/#primaryimage\"},\"thumbnailUrl\":\"https:\\\/\\\/lanaja.sk\\\/wp-content\\\/uploads\\\/2019\\\/06\\\/pasikava-lanova-kuchynska-utierka.jpg\",\"datePublished\":\"2025-05-26T15:38:16+00:00\",\"dateModified\":\"2025-07-05T18:36:18+00:00\",\"description\":\"Jsem ln\u011bn\u00e1 ut\u011brka a m\u016fj jemn\u00fd b\u00e9\u017eov\u00fd prou\u017eek je m\u00fdm minimalistick\u00fdm spojen\u00edm s v\u00e1mi, jsem v\u011brn\u00e1 a spolehliv\u00e1. Mo\u017en\u00e1 jsem mal\u00e1 v\u011bc, ale dok\u00e1\u017eu hodn\u011b...\",\"breadcrumb\":{\"@id\":\"https:\\\/\\\/lanaja.sk\\\/cs\\\/obchod\\\/lnena-uterka-bezovy-prouzek\\\/#breadcrumb\"},\"inLanguage\":\"cs\",\"potentialAction\":[{\"@type\":\"ReadAction\",\"target\":[\"https:\\\/\\\/lanaja.sk\\\/cs\\\/obchod\\\/lnena-uterka-bezovy-prouzek\\\/\"]}]},{\"@type\":\"ImageObject\",\"inLanguage\":\"cs\",\"@id\":\"https:\\\/\\\/lanaja.sk\\\/cs\\\/obchod\\\/lnena-uterka-bezovy-prouzek\\\/#primaryimage\",\"url\":\"https:\\\/\\\/lanaja.sk\\\/wp-content\\\/uploads\\\/2019\\\/06\\\/pasikava-lanova-kuchynska-utierka.jpg\",\"contentUrl\":\"https:\\\/\\\/lanaja.sk\\\/wp-content\\\/uploads\\\/2019\\\/06\\\/pasikava-lanova-kuchynska-utierka.jpg\",\"width\":884,\"height\":1134,\"caption\":\"Kuchynsk\u00e1 \u013eanov\u00e1 utierka na riad a na balenie chleba\"},{\"@type\":\"BreadcrumbList\",\"@id\":\"https:\\\/\\\/lanaja.sk\\\/cs\\\/obchod\\\/lnena-uterka-bezovy-prouzek\\\/#breadcrumb\",\"itemListElement\":[{\"@type\":\"ListItem\",\"position\":1,\"name\":\"Home\",\"item\":\"https:\\\/\\\/lanaja.sk\\\/cs\\\/\"},{\"@type\":\"ListItem\",\"position\":2,\"name\":\"Obchod\",\"item\":\"https:\\\/\\\/lanaja.sk\\\/cs\\\/obchod-cz\\\/\"},{\"@type\":\"ListItem\",\"position\":3,\"name\":\"Ln\u011bn\u00e1 ut\u011brka &#8211; b\u00e9\u017eov\u00fd prou\u017eek\"}]},{\"@type\":\"WebSite\",\"@id\":\"https:\\\/\\\/lanaja.sk\\\/cs\\\/#website\",\"url\":\"https:\\\/\\\/lanaja.sk\\\/cs\\\/\",\"name\":\"Lanaja - bytov\u00fd textil z \u013eanu a \u013eanov\u00e9 v\u00fdrobky\",\"description\":\"Jedine\u010dn\u00fd bytov\u00fd textil, ln\u011bn\u00e9 pytl\u00edky, ln\u011bn\u00e9 ubrusy, ln\u011bn\u00e9 lo\u017en\u00ed povle\u010den\u00ed, ln\u011bn\u00e9 ut\u011brky, ln\u011bn\u00e9 prost\u00edr\u00e1n\u00ed vyroben\u00e9 a \u0161it\u00e9 na Slovensku\",\"publisher\":{\"@id\":\"https:\\\/\\\/lanaja.sk\\\/cs\\\/#organization\"},\"alternateName\":\"Lanaja - v\u00fdrobky z \u013eanu, \u013eanov\u00fd bytov\u00fd textil\",\"potentialAction\":[{\"@type\":\"SearchAction\",\"target\":{\"@type\":\"EntryPoint\",\"urlTemplate\":\"https:\\\/\\\/lanaja.sk\\\/cs\\\/?s={search_term_string}\"},\"query-input\":{\"@type\":\"PropertyValueSpecification\",\"valueRequired\":true,\"valueName\":\"search_term_string\"}}],\"inLanguage\":\"cs\"},{\"@type\":\"Organization\",\"@id\":\"https:\\\/\\\/lanaja.sk\\\/cs\\\/#organization\",\"name\":\"Lanaja\",\"alternateName\":\"Al\u017ebeta Andr\u00e1\u0161ikov\u00e1 - Lanaja\",\"url\":\"https:\\\/\\\/lanaja.sk\\\/cs\\\/\",\"logo\":{\"@type\":\"ImageObject\",\"inLanguage\":\"cs\",\"@id\":\"https:\\\/\\\/lanaja.sk\\\/cs\\\/#\\\/schema\\\/logo\\\/image\\\/\",\"url\":\"https:\\\/\\\/lanaja.sk\\\/wp-content\\\/uploads\\\/2024\\\/01\\\/Lanaja.sk-logo.png\",\"contentUrl\":\"https:\\\/\\\/lanaja.sk\\\/wp-content\\\/uploads\\\/2024\\\/01\\\/Lanaja.sk-logo.png\",\"width\":600,\"height\":300,\"caption\":\"Lanaja\"},\"image\":{\"@id\":\"https:\\\/\\\/lanaja.sk\\\/cs\\\/#\\\/schema\\\/logo\\\/image\\\/\"},\"sameAs\":[\"https:\\\/\\\/www.facebook.com\\\/Abreadbag\",\"https:\\\/\\\/www.instagram.com\\\/lanaja_sk\\\/\"]}]}<\/script>\n<!-- \/ Yoast SEO plugin. -->","yoast_head_json":{"title":"Ln\u011bn\u00e1 ut\u011brka - b\u00e9\u017eov\u00fd prou\u017eek &#8226; Lanaja-slovensk\u00e1 udr\u017eiteln\u00e1 zna\u010dka a v\u00fdrobce ln\u011bn\u00e9ho textilu","description":"Jsem ln\u011bn\u00e1 ut\u011brka a m\u016fj jemn\u00fd b\u00e9\u017eov\u00fd prou\u017eek je m\u00fdm minimalistick\u00fdm spojen\u00edm s v\u00e1mi, jsem v\u011brn\u00e1 a spolehliv\u00e1. Mo\u017en\u00e1 jsem mal\u00e1 v\u011bc, ale dok\u00e1\u017eu hodn\u011b...","robots":{"index":"index","follow":"follow","max-snippet":"max-snippet:-1","max-image-preview":"max-image-preview:large","max-video-preview":"max-video-preview:-1"},"canonical":"https:\/\/lanaja.sk\/cs\/obchod\/lnena-uterka-bezovy-prouzek\/","og_locale":"cs_CZ","og_type":"article","og_title":"Ln\u011bn\u00e1 ut\u011brka - b\u00e9\u017eov\u00fd prou\u017eek &#8226; Lanaja-slovensk\u00e1 udr\u017eiteln\u00e1 zna\u010dka a v\u00fdrobce ln\u011bn\u00e9ho textilu","og_description":"Jsem ln\u011bn\u00e1 ut\u011brka a m\u016fj jemn\u00fd b\u00e9\u017eov\u00fd prou\u017eek je m\u00fdm minimalistick\u00fdm spojen\u00edm s v\u00e1mi, jsem v\u011brn\u00e1 a spolehliv\u00e1. Mo\u017en\u00e1 jsem mal\u00e1 v\u011bc, ale dok\u00e1\u017eu hodn\u011b...","og_url":"https:\/\/lanaja.sk\/cs\/obchod\/lnena-uterka-bezovy-prouzek\/","og_site_name":"Lanaja-slovensk\u00e1 udr\u017eiteln\u00e1 zna\u010dka a v\u00fdrobce ln\u011bn\u00e9ho textilu","article_publisher":"https:\/\/www.facebook.com\/Abreadbag","article_modified_time":"2025-07-05T18:36:18+00:00","og_image":[{"width":884,"height":1134,"url":"https:\/\/lanaja.sk\/wp-content\/uploads\/2019\/06\/pasikava-lanova-kuchynska-utierka.jpg","type":"image\/jpeg"}],"twitter_card":"summary_large_image","twitter_misc":{"Odhadovan\u00e1 doba \u010dten\u00ed":"3 minuty"},"schema":{"@context":"https:\/\/schema.org","@graph":[{"@type":"WebPage","@id":"https:\/\/lanaja.sk\/cs\/obchod\/lnena-uterka-bezovy-prouzek\/","url":"https:\/\/lanaja.sk\/cs\/obchod\/lnena-uterka-bezovy-prouzek\/","name":"Ln\u011bn\u00e1 ut\u011brka - b\u00e9\u017eov\u00fd prou\u017eek &#8226; Lanaja-slovensk\u00e1 udr\u017eiteln\u00e1 zna\u010dka a v\u00fdrobce ln\u011bn\u00e9ho textilu","isPartOf":{"@id":"https:\/\/lanaja.sk\/cs\/#website"},"primaryImageOfPage":{"@id":"https:\/\/lanaja.sk\/cs\/obchod\/lnena-uterka-bezovy-prouzek\/#primaryimage"},"image":{"@id":"https:\/\/lanaja.sk\/cs\/obchod\/lnena-uterka-bezovy-prouzek\/#primaryimage"},"thumbnailUrl":"https:\/\/lanaja.sk\/wp-content\/uploads\/2019\/06\/pasikava-lanova-kuchynska-utierka.jpg","datePublished":"2025-05-26T15:38:16+00:00","dateModified":"2025-07-05T18:36:18+00:00","description":"Jsem ln\u011bn\u00e1 ut\u011brka a m\u016fj jemn\u00fd b\u00e9\u017eov\u00fd prou\u017eek je m\u00fdm minimalistick\u00fdm spojen\u00edm s v\u00e1mi, jsem v\u011brn\u00e1 a spolehliv\u00e1. Mo\u017en\u00e1 jsem mal\u00e1 v\u011bc, ale dok\u00e1\u017eu hodn\u011b...","breadcrumb":{"@id":"https:\/\/lanaja.sk\/cs\/obchod\/lnena-uterka-bezovy-prouzek\/#breadcrumb"},"inLanguage":"cs","potentialAction":[{"@type":"ReadAction","target":["https:\/\/lanaja.sk\/cs\/obchod\/lnena-uterka-bezovy-prouzek\/"]}]},{"@type":"ImageObject","inLanguage":"cs","@id":"https:\/\/lanaja.sk\/cs\/obchod\/lnena-uterka-bezovy-prouzek\/#primaryimage","url":"https:\/\/lanaja.sk\/wp-content\/uploads\/2019\/06\/pasikava-lanova-kuchynska-utierka.jpg","contentUrl":"https:\/\/lanaja.sk\/wp-content\/uploads\/2019\/06\/pasikava-lanova-kuchynska-utierka.jpg","width":884,"height":1134,"caption":"Kuchynsk\u00e1 \u013eanov\u00e1 utierka na riad a na balenie chleba"},{"@type":"BreadcrumbList","@id":"https:\/\/lanaja.sk\/cs\/obchod\/lnena-uterka-bezovy-prouzek\/#breadcrumb","itemListElement":[{"@type":"ListItem","position":1,"name":"Home","item":"https:\/\/lanaja.sk\/cs\/"},{"@type":"ListItem","position":2,"name":"Obchod","item":"https:\/\/lanaja.sk\/cs\/obchod-cz\/"},{"@type":"ListItem","position":3,"name":"Ln\u011bn\u00e1 ut\u011brka &#8211; b\u00e9\u017eov\u00fd prou\u017eek"}]},{"@type":"WebSite","@id":"https:\/\/lanaja.sk\/cs\/#website","url":"https:\/\/lanaja.sk\/cs\/","name":"Lanaja - bytov\u00fd textil z \u013eanu a \u013eanov\u00e9 v\u00fdrobky","description":"Jedine\u010dn\u00fd bytov\u00fd textil, ln\u011bn\u00e9 pytl\u00edky, ln\u011bn\u00e9 ubrusy, ln\u011bn\u00e9 lo\u017en\u00ed povle\u010den\u00ed, ln\u011bn\u00e9 ut\u011brky, ln\u011bn\u00e9 prost\u00edr\u00e1n\u00ed vyroben\u00e9 a \u0161it\u00e9 na Slovensku","publisher":{"@id":"https:\/\/lanaja.sk\/cs\/#organization"},"alternateName":"Lanaja - v\u00fdrobky z \u013eanu, \u013eanov\u00fd bytov\u00fd textil","potentialAction":[{"@type":"SearchAction","target":{"@type":"EntryPoint","urlTemplate":"https:\/\/lanaja.sk\/cs\/?s={search_term_string}"},"query-input":{"@type":"PropertyValueSpecification","valueRequired":true,"valueName":"search_term_string"}}],"inLanguage":"cs"},{"@type":"Organization","@id":"https:\/\/lanaja.sk\/cs\/#organization","name":"Lanaja","alternateName":"Al\u017ebeta Andr\u00e1\u0161ikov\u00e1 - Lanaja","url":"https:\/\/lanaja.sk\/cs\/","logo":{"@type":"ImageObject","inLanguage":"cs","@id":"https:\/\/lanaja.sk\/cs\/#\/schema\/logo\/image\/","url":"https:\/\/lanaja.sk\/wp-content\/uploads\/2024\/01\/Lanaja.sk-logo.png","contentUrl":"https:\/\/lanaja.sk\/wp-content\/uploads\/2024\/01\/Lanaja.sk-logo.png","width":600,"height":300,"caption":"Lanaja"},"image":{"@id":"https:\/\/lanaja.sk\/cs\/#\/schema\/logo\/image\/"},"sameAs":["https:\/\/www.facebook.com\/Abreadbag","https:\/\/www.instagram.com\/lanaja_sk\/"]}]}},"_links":{"self":[{"href":"https:\/\/lanaja.sk\/cs\/wp-json\/wp\/v2\/product\/16171","targetHints":{"allow":["GET"]}}],"collection":[{"href":"https:\/\/lanaja.sk\/cs\/wp-json\/wp\/v2\/product"}],"about":[{"href":"https:\/\/lanaja.sk\/cs\/wp-json\/wp\/v2\/types\/product"}],"version-history":[{"count":2,"href":"https:\/\/lanaja.sk\/cs\/wp-json\/wp\/v2\/product\/16171\/revisions"}],"predecessor-version":[{"id":16176,"href":"https:\/\/lanaja.sk\/cs\/wp-json\/wp\/v2\/product\/16171\/revisions\/16176"}],"wp:featuredmedia":[{"embeddable":true,"href":"https:\/\/lanaja.sk\/cs\/wp-json\/wp\/v2\/media\/15946"}],"wp:attachment":[{"href":"https:\/\/lanaja.sk\/cs\/wp-json\/wp\/v2\/media?parent=16171"}],"wp:term":[{"taxonomy":"product_brand","embeddable":true,"href":"https:\/\/lanaja.sk\/cs\/wp-json\/wp\/v2\/product_brand?post=16171"},{"taxonomy":"product_cat","embeddable":true,"href":"https:\/\/lanaja.sk\/cs\/wp-json\/wp\/v2\/product_cat?post=16171"},{"taxonomy":"product_tag","embeddable":true,"href":"https:\/\/lanaja.sk\/cs\/wp-json\/wp\/v2\/product_tag?post=16171"}],"curies":[{"name":"wp","href":"https:\/\/api.w.org\/{rel}","templated":true}]}}