{"id":16684,"date":"2024-10-05T16:47:11","date_gmt":"2024-10-05T14:47:11","guid":{"rendered":"https:\/\/lanaja.sk\/obchod\/nezarazene\/lnene-povleceni-jakub\/"},"modified":"2024-10-05T16:47:11","modified_gmt":"2024-10-05T14:47:11","slug":"lnene-povleceni-jakub","status":"publish","type":"product","link":"https:\/\/lanaja.sk\/cs\/obchod\/lnene-povleceni-jakub\/","title":{"rendered":"Ln\u011bn\u00e9 povle\u010den\u00ed Jakub"},"content":{"rendered":"<h2><strong>Ln\u011bn\u00e9 povle\u010den\u00ed Jakub<\/strong><\/h2>\n<p>&nbsp;<\/p>\n<p><strong>Ln\u011bn\u00e9 povle\u010den\u00ed Jakub<\/strong> v syt\u00e9 lesn\u00ed zelen\u00e9 barv\u011b t\u011b p\u0159enese do srdce p\u0159\u00edrody. Je z\u00e1rukou nejen kvalitn\u00edho sp\u00e1nku, ale i udr\u017eiteln\u00e9ho a ekologick\u00e9ho p\u0159\u00edstupu k dom\u00e1cnosti.  Pokud hled\u00e1te zp\u016fsob, jak vytvo\u0159it prost\u0159ed\u00ed ve va\u0161\u00ed lo\u017enici, kter\u00e9 je \u0161etrn\u00e9 k \u017eivotn\u00edmu prost\u0159ed\u00ed a z\u00e1rove\u0148 nab\u00edz\u00ed komfort, pak je 100% len ta spr\u00e1vn\u00e1 volba. Vychutnej si jemnost a odolnost lnu. Ide\u00e1ln\u00ed pro ty, kte\u0159\u00ed hledaj\u00ed spojen\u00ed s p\u0159\u00edrodou. S na\u0161\u00edm ln\u011bn\u00fdm povle\u010den\u00edm Jakub si m\u016f\u017ee\u0161 vychutnat kousek p\u0159\u00edrody i ve sv\u00e9 lo\u017enici.  <\/p>\n<h4>Hlavn\u00ed benefity sp\u00e1nku ve lnu<\/h4>\n<p>P\u0159i kontaktu s poko\u017ekou poskytuj\u00ed p\u0159\u00edjemn\u00fd pocit hebkosti a maj\u00ed relaxa\u010dn\u00ed \u00fa\u010dinek, co\u017e p\u0159isp\u00edv\u00e1 k lep\u0161\u00edmu sp\u00e1nku. Ln\u011bn\u00e9 povle\u010den\u00ed nepot\u0159ebuje \u017eehlen\u00ed, jejich p\u0159irozen\u00e9 zvr\u00e1sn\u011bn\u00ed jim dod\u00e1v\u00e1 stylov\u00fd vzhled a z\u00e1rove\u0148 \u0161et\u0159\u00ed v\u00e1\u0161 \u010das. Odpo\u010di\u0148te si po n\u00e1ro\u010dn\u00e9m dni a pono\u0159te se do m\u011bkk\u00e9ho objet\u00ed lnu. Ka\u017ed\u00fd nov\u00fd den je nov\u00fdm dobrodru\u017estv\u00edm. Proto je d\u016fle\u017eit\u00e9 m\u00edt kvalitn\u00ed a zdrav\u00fd sp\u00e1nek, abychom byli p\u0159ipraveni na v\u0161e, co n\u00e1s \u010dek\u00e1. Ln\u011bn\u00e9 povle\u010den\u00ed Jakub ti poskytne pr\u00e1v\u011b tuto mo\u017enost \u2013 odpo\u010dinout si a na\u010derpat nov\u00e9 s\u00edly.<\/p>\n<p>V\u00fdhody pou\u017e\u00edv\u00e1n\u00ed lo\u017en\u00edho pr\u00e1dla ze 100% lnu jsou nepopirateln\u00e9. Jeho jedine\u010dn\u00e1 schopnost regulovat teplotu, absorbovat vlhkost a odol\u00e1vat bakteri\u00edm a rozto\u010d\u016fm z n\u011bj d\u011bl\u00e1 ide\u00e1ln\u00ed \u0159e\u0161en\u00ed pro lidi se zdravotn\u00edmi probl\u00e9my, ale i pro ty, kter\u00fdm z\u00e1le\u017e\u00ed na zdrav\u00e9m sp\u00e1nku a pohodl\u00ed. Ln\u011bn\u00e1 tkanina je antialergick\u00e1, odol\u00e1v\u00e1 prachu a m\u00e1 prody\u0161nost, co\u017e zaji\u0161\u0165uje st\u00e1lou cirkulaci vzduchu a zabra\u0148uje p\u0159eh\u0159\u00e1t\u00ed b\u011bhem sp\u00e1nku.<\/p>\n<p>D\u00edky sv\u00e9 molekul\u00e1rn\u00ed struktu\u0159e dok\u00e1\u017ee ln\u011bn\u00e9 povle\u010den\u00ed absorbovat a\u017e 20 % sv\u00e9 hmotnosti vlhkosti, co\u017e zaru\u010duje su\u0161\u0161\u00ed a zdrav\u011bj\u0161\u00ed sp\u00e1nek. D\u00edky sv\u00e9 p\u0159irozen\u00e9 tepeln\u00e9 vodivosti v\u00e1s v zim\u011b zah\u0159ej\u00ed a v l\u00e9t\u011b ochlad\u00ed, \u010d\u00edm\u017e p\u0159isp\u00edvaj\u00ed k celkov\u00e9mu komfortu a relaxaci. Jejich trvanliv\u00e1 struktura zaru\u010duje dlouhodobou \u017eivotnost, tak\u017ee investice do ln\u011bn\u00e9ho povle\u010den\u00ed se vyplat\u00ed nejen z pohledu pohodl\u00ed, ale i z hlediska trvanlivosti.<\/p>\n<p>Ln\u011bn\u00e9 povle\u010den\u00ed Jakub je z\u00e1rukou kvality, stylu a zdrav\u00ed, kter\u00e9 si va\u0161e rodina zaslou\u017e\u00ed. Investujte do sv\u00e9ho sp\u00e1nku a zajist\u011bte si zdrav\u011bj\u0161\u00ed a kvalitn\u011bj\u0161\u00ed \u017eivot.<\/p>\n<h4>Ln\u011bn\u00e9 povle\u010den\u00ed v\u00e1m u\u0161ijeme i na m\u00edru<\/h4>\n<p>Pokud si p\u0159ejete ln\u011bn\u00e9 povle\u010den\u00ed prodlou\u017eit, napi\u0161te n\u00e1m, r\u00e1di v\u00e1m porad\u00edme a uprav\u00edme p\u0159esn\u011b podle va\u0161ich po\u017eadavk\u016f a na m\u00edru. Doporu\u010dujeme tak\u00e9 vyu\u017e\u00edt na\u0161e online konzultace.<\/p>\n<p>Volbou vn\u011bj\u0161\u00edho pro\u0161it\u00ed po obvodu zaru\u010duje tvarovou st\u00e1lost p\u0159i pran\u00ed. Povle\u010den\u00ed se nekrout\u00ed a po vypr\u00e1n\u00ed je sta\u010d\u00ed vyt\u0159epat a nechat uschnout. P\u0159ed \u0161it\u00edm se l\u00e1tka vypere a vy\u017eehl\u00ed, tak\u017ee se nemus\u00edte b\u00e1t, \u017ee by se p\u0159i dal\u0161\u00edm pran\u00ed srazila. Chceme v\u00e1m p\u0159in\u00e9st kvalitn\u00ed lo\u017en\u00ed pr\u00e1dlo, kter\u00e9 je pln\u011b funk\u010dn\u00ed, zdravotn\u011b nez\u00e1vadn\u00e9 a s individu\u00e1ln\u00edmi ln\u011bn\u00fdmi benefity i zdrav\u00ed prosp\u011b\u0161n\u00e9.<\/p>\n<p>Jako bonus dostanete povle\u010den\u00ed Jakub zabalen\u00e9 v d\u00e1rkov\u00e9 krabi\u010dce ur\u010den\u00e9 k dal\u0161\u00edmu pou\u017eit\u00ed a my v\u00e1m ulev\u00edme od starost\u00ed a vym\u00fd\u0161len\u00ed d\u00e1rkov\u00e9ho balen\u00ed. Bal\u00ed\u010dek m\u016f\u017eete darovat p\u0159\u00edmo k sv\u00e1tku, jako svatebn\u00ed dar nebo k V\u00e1noc\u016fm. Sestavte si vlastn\u00ed kombinaci barev, p\u0159ijde k v\u00e1m kr\u00e1sn\u00e1 a vo\u0148av\u00e1 krabi\u010dka.<\/p>\n<h4>Zap\u00edn\u00e1n\u00ed<\/h4>\n<p>Zap\u00edn\u00e1n\u00ed na ln\u011bn\u00e9m povle\u010den\u00ed je \u0159e\u0161eno s knofl\u00edky. M\u016f\u017eete si vybrat tyto typy knofl\u00edk\u016f: D\u0158EV\u011aN\u00c9 NEBO KOKOSOV\u00c9, s viditeln\u00fdm zap\u00edn\u00e1n\u00edm nebo se skryt\u00fdmi knofl\u00edky. Zap\u00edn\u00e1n\u00ed SE ZIPSEM (upozorn\u011bn\u00ed pro na\u0161e mil\u00e9 z\u00e1kazn\u00edky: v\u0161\u00edv\u00e1me do ln\u011bn\u00e9ho povle\u010den\u00ed kvalitn\u00ed zipy, ale m\u00e1me dlouholet\u00e9 zku\u0161enosti s t\u00edm, \u017ee jezdce na zipech nevydr\u017e\u00ed tak dlouho jako klasick\u00e9 knofl\u00edkov\u00e9 zap\u00edn\u00e1n\u00ed, co\u017e nem\u016f\u017eeme ovlivnit.) Proto doporu\u010dujeme vybrat si klasick\u00e9 zap\u00edn\u00e1n\u00ed na knofl\u00edky.<\/p>\n<p><strong>V\u0161echny ln\u011bn\u00e9 l\u00e1tky jsou certifikov\u00e1ny <\/strong>OEKO-TEX STANDART 100 vyroben\u00fd v Evrop\u011b.<\/p>\n<p>V\u00edce o v\u00fdhod\u00e1ch ln\u011bn\u00e9ho pr\u00e1dla se do\u010dtete na na\u0161em blogu <a href=\"https:\/\/lanaja.sk\/cs\/?p=7582\" rel=\"noopener\">LEN A JEHO \u00da\u010cINKY Pro zdrav\u00fd a plnohodnotn\u00fd sp\u00e1nek, <\/a> <\/p>\n<p>Jak se starat o ln\u011bn\u00e9 v\u00fdrobky <a href=\"https:\/\/lanaja.sk\/cs\/?p=7580\" rel=\"noopener\">P\u00c9\u010cE O LN\u011aN\u00c9 V\u00ddROBKY<\/a><\/p>\n<p>Ln\u011bn\u00e9 povle\u010den\u00ed m\u016f\u017eete tak\u00e9 sladit s ln\u011bn\u00fdm prost\u011bradlem <a href=\"https:\/\/lanaja.sk\/cs\/kategorie-produktu\/loznice\/lnene-prosteradla\/\" rel=\"noopener noreferrer\">ZDE<\/a><\/p>\n<p>Ln\u011bn\u00fdm povle\u010den\u00edm <a href=\"https:\/\/lanaja.sk\/cs\/kategorie-produktu\/loznice\/lnene-prosteradla\/\" rel=\"noopener noreferrer\">ZDE<\/a><\/p>\n<p><strong>Ln\u011bn\u00e9 povle\u010den\u00ed Jakub je na fotk\u00e1ch slad\u011bn\u00e9 s ln\u011bn\u00fdmi prost\u011bradly:<\/strong><\/p>\n<p><strong>1. <a href=\"https:\/\/lanaja.sk\/cs\/obchod\/loznice\/lnene-prosteradla\/lnene-prosteradlo-s-gumickou-245g-6-barev\/\">Sko\u0159icov\u00e9 ln\u011bn\u00e9 prost\u011bradlo vy\u0161\u0161\u00ed gram\u00e1\u017ee 245 g<\/a><\/strong><\/p>\n<p><strong>2. <a href=\"https:\/\/lanaja.sk\/cs\/obchod\/loznice\/lnene-prosteradla\/lnene-prosteradlo-moss-zelene\/\">Mechov\u011b zelen\u00e9 ln\u011bn\u00e9 prost\u011bradlo<\/a><\/strong><\/p>\n<p><strong>Po\u010d\u00edtejte s dodac\u00ed lh\u016ftou 5-15 pracovn\u00edch dn\u016f, pokud nem\u00e1me produkt \u0161it\u00fd skladem, ru\u010dn\u00ed pr\u00e1ce vy\u017eaduje n\u00e1\u0161 \u010das. Ln\u011bn\u00e9 v\u00fdrobky \u0161ijeme v na\u0161\u00ed d\u00edln\u011b dle Va\u0161eho p\u0159\u00e1n\u00ed a na m\u00edru v z\u00e1vislosti na konkr\u00e9tn\u00edm v\u00fdrobku.<\/strong><\/p>\n","protected":false},"excerpt":{"rendered":"<p>V\u00edtejte v Lanaja, m\u00edst\u011b, kde se spln\u00ed va\u0161e touha po dokonal\u00e9m sp\u00e1nku! Na\u0161e ln\u011bn\u00e9 povle\u010den\u00ed \u0161ijeme s l\u00e1skou a p\u00e9\u010d\u00ed v na\u0161\u00ed d\u00edln\u011b, abychom v\u00e1m mohli nab\u00eddnout to nejlep\u0161\u00ed z p\u0159\u00edrody.<\/p>\n<p>Ln\u011bn\u00e9 povle\u010den\u00ed Jakub je u\u0161ito z p\u0159\u00edrodn\u00edho evropsk\u00e9ho lnu o gram\u00e1\u017ei 185 g\/m2, kter\u00fd je p\u0159edpran\u00fd, certifikovan\u00fd, o\u0161et\u0159en\u00fd a zm\u011bk\u010den\u00fd technologi\u00ed stonewash. Ln\u011bn\u00e1 tkanina tak z\u00edsk\u00e1v\u00e1 obl\u00edben\u00fd m\u011bk\u010d\u00ed vzhled, p\u0159irozen\u011b a rovnom\u011brn\u011b poma\u010dkan\u00e1 a odm\u011bn\u00ed v\u00e1s p\u0159\u00edjemn\u00fdm pocitem m\u011bkkosti p\u0159i pou\u017e\u00edv\u00e1n\u00ed, b\u011bhem sp\u00e1nku p\u0159ekrveje a jemn\u011b mas\u00edruje va\u0161i poko\u017eku, podporuje relaxaci, \u010d\u00edm\u017e ji d\u00edky sv\u00e9mu p\u0159irozen\u00e9mu pH zjem\u0148uje a chr\u00e1n\u00ed. Tento len se nemus\u00ed \u017eehlit, po vypr\u00e1n\u00ed je kr\u00e1sn\u011b poma\u010dkan\u00fd.<\/p>\n","protected":false},"featured_media":14922,"template":"","meta":[],"product_brand":[],"product_cat":[365,366,363],"product_tag":[367],"class_list":{"0":"post-16684","1":"product","2":"type-product","3":"status-publish","4":"has-post-thumbnail","6":"product_cat-lnena-prosteradla-ve-standardnich-velikostech","7":"product_cat-lnene-povlaky-na-prikryvky","8":"product_cat-lnene-povleceni-cs","9":"product_tag-lnene-povleceni","11":"first","12":"onbackorder","13":"shipping-taxable","14":"purchasable","15":"product-type-variable"},"yoast_head":"<!-- This site is optimized with the Yoast SEO plugin v27.4 - https:\/\/yoast.com\/product\/yoast-seo-wordpress\/ -->\n<title>Ln\u011bn\u00e9 povle\u010den\u00ed Jakub &#8226; Lanaja-slovensk\u00e1 udr\u017eiteln\u00e1 zna\u010dka a v\u00fdrobce ln\u011bn\u00e9ho textilu<\/title>\n<meta name=\"description\" content=\"Objevte kouzlo lnu v lesn\u00ed zelen\u00e9 barv\u011b. Ln\u011bn\u00e9 povle\u010den\u00ed Jakub p\u0159enese v\u00e1\u0161 sp\u00e1nek do srdce p\u0159\u00edrody. U\u0161ijeme ti je na m\u00edru...\" \/>\n<meta name=\"robots\" content=\"index, follow, max-snippet:-1, max-image-preview:large, max-video-preview:-1\" \/>\n<link rel=\"canonical\" href=\"https:\/\/lanaja.sk\/cs\/obchod\/lnene-povleceni-jakub\/\" \/>\n<meta property=\"og:locale\" content=\"cs_CZ\" \/>\n<meta property=\"og:type\" content=\"article\" \/>\n<meta property=\"og:title\" content=\"Ln\u011bn\u00e9 povle\u010den\u00ed Jakub &#8226; Lanaja-slovensk\u00e1 udr\u017eiteln\u00e1 zna\u010dka a v\u00fdrobce ln\u011bn\u00e9ho textilu\" \/>\n<meta property=\"og:description\" content=\"Objevte kouzlo lnu v lesn\u00ed zelen\u00e9 barv\u011b. Ln\u011bn\u00e9 povle\u010den\u00ed Jakub p\u0159enese v\u00e1\u0161 sp\u00e1nek do srdce p\u0159\u00edrody. U\u0161ijeme ti je na m\u00edru...\" \/>\n<meta property=\"og:url\" content=\"https:\/\/lanaja.sk\/cs\/obchod\/lnene-povleceni-jakub\/\" \/>\n<meta property=\"og:site_name\" content=\"Lanaja-slovensk\u00e1 udr\u017eiteln\u00e1 zna\u010dka a v\u00fdrobce ln\u011bn\u00e9ho textilu\" \/>\n<meta property=\"article:publisher\" content=\"https:\/\/www.facebook.com\/Abreadbag\" \/>\n<meta property=\"og:image\" content=\"https:\/\/lanaja.sk\/wp-content\/uploads\/2020\/05\/lanove-obliecky-Jakub3-scaled.jpg\" \/>\n\t<meta property=\"og:image:width\" content=\"2560\" \/>\n\t<meta property=\"og:image:height\" content=\"1922\" \/>\n\t<meta property=\"og:image:type\" content=\"image\/jpeg\" \/>\n<meta name=\"twitter:card\" content=\"summary_large_image\" \/>\n<meta name=\"twitter:label1\" content=\"Odhadovan\u00e1 doba \u010dten\u00ed\" \/>\n\t<meta name=\"twitter:data1\" content=\"5 minut\" \/>\n<script type=\"application\/ld+json\" class=\"yoast-schema-graph\">{\"@context\":\"https:\\\/\\\/schema.org\",\"@graph\":[{\"@type\":\"WebPage\",\"@id\":\"https:\\\/\\\/lanaja.sk\\\/cs\\\/obchod\\\/lnene-povleceni-jakub\\\/\",\"url\":\"https:\\\/\\\/lanaja.sk\\\/cs\\\/obchod\\\/lnene-povleceni-jakub\\\/\",\"name\":\"Ln\u011bn\u00e9 povle\u010den\u00ed Jakub &#8226; Lanaja-slovensk\u00e1 udr\u017eiteln\u00e1 zna\u010dka a v\u00fdrobce ln\u011bn\u00e9ho textilu\",\"isPartOf\":{\"@id\":\"https:\\\/\\\/lanaja.sk\\\/cs\\\/#website\"},\"primaryImageOfPage\":{\"@id\":\"https:\\\/\\\/lanaja.sk\\\/cs\\\/obchod\\\/lnene-povleceni-jakub\\\/#primaryimage\"},\"image\":{\"@id\":\"https:\\\/\\\/lanaja.sk\\\/cs\\\/obchod\\\/lnene-povleceni-jakub\\\/#primaryimage\"},\"thumbnailUrl\":\"https:\\\/\\\/lanaja.sk\\\/wp-content\\\/uploads\\\/2020\\\/05\\\/lanove-obliecky-Jakub3-scaled.jpg\",\"datePublished\":\"2024-10-05T14:47:11+00:00\",\"description\":\"Objevte kouzlo lnu v lesn\u00ed zelen\u00e9 barv\u011b. Ln\u011bn\u00e9 povle\u010den\u00ed Jakub p\u0159enese v\u00e1\u0161 sp\u00e1nek do srdce p\u0159\u00edrody. U\u0161ijeme ti je na m\u00edru...\",\"breadcrumb\":{\"@id\":\"https:\\\/\\\/lanaja.sk\\\/cs\\\/obchod\\\/lnene-povleceni-jakub\\\/#breadcrumb\"},\"inLanguage\":\"cs\",\"potentialAction\":[{\"@type\":\"ReadAction\",\"target\":[\"https:\\\/\\\/lanaja.sk\\\/cs\\\/obchod\\\/lnene-povleceni-jakub\\\/\"]}]},{\"@type\":\"ImageObject\",\"inLanguage\":\"cs\",\"@id\":\"https:\\\/\\\/lanaja.sk\\\/cs\\\/obchod\\\/lnene-povleceni-jakub\\\/#primaryimage\",\"url\":\"https:\\\/\\\/lanaja.sk\\\/wp-content\\\/uploads\\\/2020\\\/05\\\/lanove-obliecky-Jakub3-scaled.jpg\",\"contentUrl\":\"https:\\\/\\\/lanaja.sk\\\/wp-content\\\/uploads\\\/2020\\\/05\\\/lanove-obliecky-Jakub3-scaled.jpg\",\"width\":2560,\"height\":1922,\"caption\":\"slovensk\u00e9 \u013eanov\u00e9 oblie\u010dky zelen\u00e9\"},{\"@type\":\"BreadcrumbList\",\"@id\":\"https:\\\/\\\/lanaja.sk\\\/cs\\\/obchod\\\/lnene-povleceni-jakub\\\/#breadcrumb\",\"itemListElement\":[{\"@type\":\"ListItem\",\"position\":1,\"name\":\"Home\",\"item\":\"https:\\\/\\\/lanaja.sk\\\/cs\\\/\"},{\"@type\":\"ListItem\",\"position\":2,\"name\":\"Obchod\",\"item\":\"https:\\\/\\\/lanaja.sk\\\/cs\\\/obchod-cz\\\/\"},{\"@type\":\"ListItem\",\"position\":3,\"name\":\"Ln\u011bn\u00e9 povle\u010den\u00ed Jakub\"}]},{\"@type\":\"WebSite\",\"@id\":\"https:\\\/\\\/lanaja.sk\\\/cs\\\/#website\",\"url\":\"https:\\\/\\\/lanaja.sk\\\/cs\\\/\",\"name\":\"Lanaja - bytov\u00fd textil z \u013eanu a \u013eanov\u00e9 v\u00fdrobky\",\"description\":\"Jedine\u010dn\u00fd bytov\u00fd textil, ln\u011bn\u00e9 pytl\u00edky, ln\u011bn\u00e9 ubrusy, ln\u011bn\u00e9 lo\u017en\u00ed povle\u010den\u00ed, ln\u011bn\u00e9 ut\u011brky, ln\u011bn\u00e9 prost\u00edr\u00e1n\u00ed vyroben\u00e9 a \u0161it\u00e9 na Slovensku\",\"publisher\":{\"@id\":\"https:\\\/\\\/lanaja.sk\\\/cs\\\/#organization\"},\"alternateName\":\"Lanaja - v\u00fdrobky z \u013eanu, \u013eanov\u00fd bytov\u00fd textil\",\"potentialAction\":[{\"@type\":\"SearchAction\",\"target\":{\"@type\":\"EntryPoint\",\"urlTemplate\":\"https:\\\/\\\/lanaja.sk\\\/cs\\\/?s={search_term_string}\"},\"query-input\":{\"@type\":\"PropertyValueSpecification\",\"valueRequired\":true,\"valueName\":\"search_term_string\"}}],\"inLanguage\":\"cs\"},{\"@type\":\"Organization\",\"@id\":\"https:\\\/\\\/lanaja.sk\\\/cs\\\/#organization\",\"name\":\"Lanaja\",\"alternateName\":\"Al\u017ebeta Andr\u00e1\u0161ikov\u00e1 - Lanaja\",\"url\":\"https:\\\/\\\/lanaja.sk\\\/cs\\\/\",\"logo\":{\"@type\":\"ImageObject\",\"inLanguage\":\"cs\",\"@id\":\"https:\\\/\\\/lanaja.sk\\\/cs\\\/#\\\/schema\\\/logo\\\/image\\\/\",\"url\":\"https:\\\/\\\/lanaja.sk\\\/wp-content\\\/uploads\\\/2024\\\/01\\\/Lanaja.sk-logo.png\",\"contentUrl\":\"https:\\\/\\\/lanaja.sk\\\/wp-content\\\/uploads\\\/2024\\\/01\\\/Lanaja.sk-logo.png\",\"width\":600,\"height\":300,\"caption\":\"Lanaja\"},\"image\":{\"@id\":\"https:\\\/\\\/lanaja.sk\\\/cs\\\/#\\\/schema\\\/logo\\\/image\\\/\"},\"sameAs\":[\"https:\\\/\\\/www.facebook.com\\\/Abreadbag\",\"https:\\\/\\\/www.instagram.com\\\/lanaja_sk\\\/\"]}]}<\/script>\n<!-- \/ Yoast SEO plugin. -->","yoast_head_json":{"title":"Ln\u011bn\u00e9 povle\u010den\u00ed Jakub &#8226; Lanaja-slovensk\u00e1 udr\u017eiteln\u00e1 zna\u010dka a v\u00fdrobce ln\u011bn\u00e9ho textilu","description":"Objevte kouzlo lnu v lesn\u00ed zelen\u00e9 barv\u011b. Ln\u011bn\u00e9 povle\u010den\u00ed Jakub p\u0159enese v\u00e1\u0161 sp\u00e1nek do srdce p\u0159\u00edrody. U\u0161ijeme ti je na m\u00edru...","robots":{"index":"index","follow":"follow","max-snippet":"max-snippet:-1","max-image-preview":"max-image-preview:large","max-video-preview":"max-video-preview:-1"},"canonical":"https:\/\/lanaja.sk\/cs\/obchod\/lnene-povleceni-jakub\/","og_locale":"cs_CZ","og_type":"article","og_title":"Ln\u011bn\u00e9 povle\u010den\u00ed Jakub &#8226; Lanaja-slovensk\u00e1 udr\u017eiteln\u00e1 zna\u010dka a v\u00fdrobce ln\u011bn\u00e9ho textilu","og_description":"Objevte kouzlo lnu v lesn\u00ed zelen\u00e9 barv\u011b. Ln\u011bn\u00e9 povle\u010den\u00ed Jakub p\u0159enese v\u00e1\u0161 sp\u00e1nek do srdce p\u0159\u00edrody. U\u0161ijeme ti je na m\u00edru...","og_url":"https:\/\/lanaja.sk\/cs\/obchod\/lnene-povleceni-jakub\/","og_site_name":"Lanaja-slovensk\u00e1 udr\u017eiteln\u00e1 zna\u010dka a v\u00fdrobce ln\u011bn\u00e9ho textilu","article_publisher":"https:\/\/www.facebook.com\/Abreadbag","og_image":[{"width":2560,"height":1922,"url":"https:\/\/lanaja.sk\/wp-content\/uploads\/2020\/05\/lanove-obliecky-Jakub3-scaled.jpg","type":"image\/jpeg"}],"twitter_card":"summary_large_image","twitter_misc":{"Odhadovan\u00e1 doba \u010dten\u00ed":"5 minut"},"schema":{"@context":"https:\/\/schema.org","@graph":[{"@type":"WebPage","@id":"https:\/\/lanaja.sk\/cs\/obchod\/lnene-povleceni-jakub\/","url":"https:\/\/lanaja.sk\/cs\/obchod\/lnene-povleceni-jakub\/","name":"Ln\u011bn\u00e9 povle\u010den\u00ed Jakub &#8226; Lanaja-slovensk\u00e1 udr\u017eiteln\u00e1 zna\u010dka a v\u00fdrobce ln\u011bn\u00e9ho textilu","isPartOf":{"@id":"https:\/\/lanaja.sk\/cs\/#website"},"primaryImageOfPage":{"@id":"https:\/\/lanaja.sk\/cs\/obchod\/lnene-povleceni-jakub\/#primaryimage"},"image":{"@id":"https:\/\/lanaja.sk\/cs\/obchod\/lnene-povleceni-jakub\/#primaryimage"},"thumbnailUrl":"https:\/\/lanaja.sk\/wp-content\/uploads\/2020\/05\/lanove-obliecky-Jakub3-scaled.jpg","datePublished":"2024-10-05T14:47:11+00:00","description":"Objevte kouzlo lnu v lesn\u00ed zelen\u00e9 barv\u011b. Ln\u011bn\u00e9 povle\u010den\u00ed Jakub p\u0159enese v\u00e1\u0161 sp\u00e1nek do srdce p\u0159\u00edrody. U\u0161ijeme ti je na m\u00edru...","breadcrumb":{"@id":"https:\/\/lanaja.sk\/cs\/obchod\/lnene-povleceni-jakub\/#breadcrumb"},"inLanguage":"cs","potentialAction":[{"@type":"ReadAction","target":["https:\/\/lanaja.sk\/cs\/obchod\/lnene-povleceni-jakub\/"]}]},{"@type":"ImageObject","inLanguage":"cs","@id":"https:\/\/lanaja.sk\/cs\/obchod\/lnene-povleceni-jakub\/#primaryimage","url":"https:\/\/lanaja.sk\/wp-content\/uploads\/2020\/05\/lanove-obliecky-Jakub3-scaled.jpg","contentUrl":"https:\/\/lanaja.sk\/wp-content\/uploads\/2020\/05\/lanove-obliecky-Jakub3-scaled.jpg","width":2560,"height":1922,"caption":"slovensk\u00e9 \u013eanov\u00e9 oblie\u010dky zelen\u00e9"},{"@type":"BreadcrumbList","@id":"https:\/\/lanaja.sk\/cs\/obchod\/lnene-povleceni-jakub\/#breadcrumb","itemListElement":[{"@type":"ListItem","position":1,"name":"Home","item":"https:\/\/lanaja.sk\/cs\/"},{"@type":"ListItem","position":2,"name":"Obchod","item":"https:\/\/lanaja.sk\/cs\/obchod-cz\/"},{"@type":"ListItem","position":3,"name":"Ln\u011bn\u00e9 povle\u010den\u00ed Jakub"}]},{"@type":"WebSite","@id":"https:\/\/lanaja.sk\/cs\/#website","url":"https:\/\/lanaja.sk\/cs\/","name":"Lanaja - bytov\u00fd textil z \u013eanu a \u013eanov\u00e9 v\u00fdrobky","description":"Jedine\u010dn\u00fd bytov\u00fd textil, ln\u011bn\u00e9 pytl\u00edky, ln\u011bn\u00e9 ubrusy, ln\u011bn\u00e9 lo\u017en\u00ed povle\u010den\u00ed, ln\u011bn\u00e9 ut\u011brky, ln\u011bn\u00e9 prost\u00edr\u00e1n\u00ed vyroben\u00e9 a \u0161it\u00e9 na Slovensku","publisher":{"@id":"https:\/\/lanaja.sk\/cs\/#organization"},"alternateName":"Lanaja - v\u00fdrobky z \u013eanu, \u013eanov\u00fd bytov\u00fd textil","potentialAction":[{"@type":"SearchAction","target":{"@type":"EntryPoint","urlTemplate":"https:\/\/lanaja.sk\/cs\/?s={search_term_string}"},"query-input":{"@type":"PropertyValueSpecification","valueRequired":true,"valueName":"search_term_string"}}],"inLanguage":"cs"},{"@type":"Organization","@id":"https:\/\/lanaja.sk\/cs\/#organization","name":"Lanaja","alternateName":"Al\u017ebeta Andr\u00e1\u0161ikov\u00e1 - Lanaja","url":"https:\/\/lanaja.sk\/cs\/","logo":{"@type":"ImageObject","inLanguage":"cs","@id":"https:\/\/lanaja.sk\/cs\/#\/schema\/logo\/image\/","url":"https:\/\/lanaja.sk\/wp-content\/uploads\/2024\/01\/Lanaja.sk-logo.png","contentUrl":"https:\/\/lanaja.sk\/wp-content\/uploads\/2024\/01\/Lanaja.sk-logo.png","width":600,"height":300,"caption":"Lanaja"},"image":{"@id":"https:\/\/lanaja.sk\/cs\/#\/schema\/logo\/image\/"},"sameAs":["https:\/\/www.facebook.com\/Abreadbag","https:\/\/www.instagram.com\/lanaja_sk\/"]}]}},"_links":{"self":[{"href":"https:\/\/lanaja.sk\/cs\/wp-json\/wp\/v2\/product\/16684","targetHints":{"allow":["GET"]}}],"collection":[{"href":"https:\/\/lanaja.sk\/cs\/wp-json\/wp\/v2\/product"}],"about":[{"href":"https:\/\/lanaja.sk\/cs\/wp-json\/wp\/v2\/types\/product"}],"version-history":[{"count":0,"href":"https:\/\/lanaja.sk\/cs\/wp-json\/wp\/v2\/product\/16684\/revisions"}],"wp:featuredmedia":[{"embeddable":true,"href":"https:\/\/lanaja.sk\/cs\/wp-json\/wp\/v2\/media\/14922"}],"wp:attachment":[{"href":"https:\/\/lanaja.sk\/cs\/wp-json\/wp\/v2\/media?parent=16684"}],"wp:term":[{"taxonomy":"product_brand","embeddable":true,"href":"https:\/\/lanaja.sk\/cs\/wp-json\/wp\/v2\/product_brand?post=16684"},{"taxonomy":"product_cat","embeddable":true,"href":"https:\/\/lanaja.sk\/cs\/wp-json\/wp\/v2\/product_cat?post=16684"},{"taxonomy":"product_tag","embeddable":true,"href":"https:\/\/lanaja.sk\/cs\/wp-json\/wp\/v2\/product_tag?post=16684"}],"curies":[{"name":"wp","href":"https:\/\/api.w.org\/{rel}","templated":true}]}}