{"id":17458,"date":"2025-07-12T14:10:46","date_gmt":"2025-07-12T12:10:46","guid":{"rendered":"https:\/\/lanaja.sk\/obchod\/nezaraden\u00e9\/lneny-rucnik-turban-na-vlasy\/"},"modified":"2026-04-28T16:14:37","modified_gmt":"2026-04-28T14:14:37","slug":"lneny-rucnik-turban-na-vlasy-2","status":"publish","type":"product","link":"https:\/\/lanaja.sk\/cs\/obchod\/lneny-rucnik-turban-na-vlasy-2\/","title":{"rendered":"Ln\u011bn\u00fd ru\u010dn\u00edk TURBAN na vlasy"},"content":{"rendered":"<h2><strong>Ln\u011bn\u00fd ru\u010dn\u00edk TURBAN na vlasy<\/strong><\/h2>\n<p>&nbsp;<\/p>\n<p>Ob\u010das b\u00fdv\u00e1 zabalen\u00ed vlas\u016f do klasick\u00e9ho ru\u010dn\u00edku slo\u017eit\u00e9, ru\u010dn\u00edk klou\u017ee a nedr\u017e\u00ed. S ln\u011bn\u00fdmi turbany je probl\u00e9m rychle vy\u0159e\u0161en. Nen\u00ed nic jednodu\u0161\u0161\u00edho a pohodln\u011bj\u0161\u00edho na su\u0161en\u00ed vlas\u016f ne\u017e ln\u011bn\u00fd ru\u010dn\u00edk \u2013 turban na vlasy. Pomoc\u00ed n\u011bj si m\u016f\u017eete vlasy vysu\u0161it bezpe\u010dn\u011b, bez zbyte\u010dn\u00e9ho t\u0159en\u00ed a po\u0161kozen\u00ed. Praktick\u00e9 poutko s elastickou gumi\u010dkou a knofl\u00edkem pom\u00e1haj\u00ed zajistit turban, aby dr\u017eel pevn\u011b a nespadl z hlavy.<\/p>\n<p>Ln\u011bn\u00e9 turbany jsou tvarovan\u00e9, m\u011bkk\u00e9, sav\u00e9 a rychle schnou, a jsou skv\u011blou volbou pro v\u0161echny typy vlas\u016f \u2013 dlouh\u00e9, kr\u00e1tk\u00e9 i kudrnat\u00e9.<\/p>\n<p>M\u016f\u017eete je vyu\u017e\u00edt nejen po umyt\u00ed vlas\u016f, ale tak\u00e9 na vlasov\u00e9 z\u00e1baly nebo p\u0159i kosmetick\u00fdch procedur\u00e1ch nap\u0159. ple\u0165ov\u00fdch mask\u00e1ch, p\u0159i l\u00ed\u010den\u00ed, na dovolen\u00e9, u baz\u00e9nu nebo na pl\u00e1\u017ei jako ochranu p\u0159ed slune\u010dn\u00edmi paprsky.<\/p>\n<p><strong>Ln\u011bn\u00fd turban- barvy:<\/strong><\/p>\n<p>B\u00cdL\u00c1, P\u00cdSKOV\u011a B\u00c9\u017dOV\u00c1, SKO\u0158ICOV\u00c1, SV\u011aTLE \u0160ED\u00c1, TMAV\u011a \u0160ED\u00c1, R\u016e\u017dOV\u00c1, FIALOV\u00c1, OCELOV\u011a MODR\u00c1<\/p>\n<p>V na\u0161\u00ed d\u00edln\u011b \u0161ijeme ln\u011bn\u00e9 ru\u010dn\u00edky a osu\u0161ky v\u011bt\u0161inou ze sm\u011bsi lnu a bavlny, abychom dos\u00e1hli maxim\u00e1ln\u00ed \u00farovn\u011b trvanlivosti, savosti a jemnosti. M\u016f\u017eete si zkombinovat s ln\u011bn\u00fdmi \u017eupany <a href=\"https:\/\/lanaja.sk\/cs\/obchod\/koupelna\/lnene-zupany\/lneny-vaflovy-zupan-2\/\" target=\"_blank\" rel=\"noopener\">TU<\/a>, ln\u011bn\u00fdmi osu\u0161kami, ru\u010dn\u00edky, nebo \u017e\u00ednkami <a href=\"https:\/\/lanaja.sk\/cs\/kategorie-produktu\/koupelna\/lnene-rucniky-osusky\/\" target=\"_blank\" rel=\"noopener\">TU.<\/a> Na\u0161e v\u00fdrobky v\u00e1m p\u0159ijdou zabalen\u00e9 v d\u00e1rkov\u00e9 krabi\u010dce, jako v\u0161echny v\u00fdrobky od n\u00e1s.<\/p>\n<p class=\"article\"><strong>Ln\u011bn\u00fd turban velikost: <\/strong>nejdel\u0161\u00ed \u010d\u00e1st (d\u00e9lka) cca 65 cm<br \/>\nnej\u0161ir\u0161\u00ed \u010d\u00e1st (v\u00fd\u0161ka) cca 30 cm<\/p>\n<p><strong>Po\u010d\u00edtejte s dodac\u00ed lh\u016ftou 5-15 pracovn\u00edch dn\u016f, pokud nem\u00e1me produkt \u0161it\u00fd skladem, ru\u010dn\u00ed pr\u00e1ce vy\u017eaduje n\u00e1\u0161 \u010das. Ln\u011bn\u00e9 v\u00fdrobky \u0161ijeme v na\u0161\u00ed d\u00edln\u011b dle Va\u0161eho p\u0159\u00e1n\u00ed a na m\u00edru, dle konkr\u00e9tn\u00edho v\u00fdrobku.<\/strong><\/p>\n<p><strong>Jak spr\u00e1vn\u011b zalo\u017eit ln\u011bn\u00fd turban, m\u016f\u017eete vid\u011bt ve videu:<\/strong><\/p>\n<div style=\"width: 720px;\" class=\"wp-video\"><video class=\"wp-video-shortcode\" id=\"video-17458-1\" width=\"720\" height=\"1280\" preload=\"metadata\" controls=\"controls\"><source type=\"video\/mp4\" src=\"https:\/\/lanaja.sk\/wp-content\/uploads\/2023\/04\/929e2b95156a459db07fe7cb2b0f4853.mp4?_=1\" \/><a href=\"https:\/\/lanaja.sk\/wp-content\/uploads\/2023\/04\/929e2b95156a459db07fe7cb2b0f4853.mp4\">https:\/\/lanaja.sk\/wp-content\/uploads\/2023\/04\/929e2b95156a459db07fe7cb2b0f4853.mp4<\/a><\/video><\/div>\n<p>&nbsp;<\/p>\n","protected":false},"excerpt":{"rendered":"<p>Ur\u010dit\u011b jste u\u017e mnohokr\u00e1t sly\u0161eli o turbanu na vlasy, kter\u00fd je skv\u011bl\u00fdm pomocn\u00edkem p\u0159i su\u0161en\u00ed vlas\u016f. Ale co kdybych v\u00e1m \u0159ekla, \u017ee n\u00e1\u0161 <strong>ln\u011bn\u00fd vaflov\u00fd turban na vlasy je mnohem v\u00edc ne\u017e jen oby\u010dejn\u00fd ru\u010dn\u00edk? V na\u0161\u00ed d\u00edln\u011b Lanaja \u0161ijeme vaflov\u00e9 turbany na vlasy, kter\u00e9 poskytuj\u00ed va\u0161im vlas\u016fm jedine\u010dnou p\u00e9\u010di a ochranu, kterou si zaslou\u017e\u00ed. <\/strong>Ln\u011bn\u00fd vaflov\u00fd turban nav\u00edc nab\u00edz\u00ed mnoho v\u00fdhod, kter\u00e9 v\u00e1s jist\u011b zaujmou. Jeho jedine\u010dn\u00fd tvar umo\u017e\u0148uje snadn\u00e9 a pohodln\u00e9 zabalen\u00ed vlas\u016f bez zbyte\u010dn\u00fdch komplikac\u00ed. Nav\u00edc je vhodn\u00fd pro v\u0161echny typy vlas\u016f, a\u0165 u\u017e jsou kr\u00e1tk\u00e9, dlouh\u00e9, rovn\u00e9 nebo kudrnat\u00e9.<\/p>\n","protected":false},"featured_media":10384,"template":"","meta":[],"product_brand":[],"product_cat":[389,184,493],"product_tag":[],"class_list":{"0":"post-17458","1":"product","2":"type-product","3":"status-publish","4":"has-post-thumbnail","6":"product_cat-koupelna","7":"product_cat-lnene-rucniky-osusky","8":"product_cat-lnene-turbany-na-vlasy","10":"first","11":"instock","12":"shipping-taxable","13":"purchasable","14":"product-type-variable"},"yoast_head":"<!-- This site is optimized with the Yoast SEO plugin v27.4 - https:\/\/yoast.com\/product\/yoast-seo-wordpress\/ -->\n<title>Ln\u011bn\u00fd ru\u010dn\u00edk TURBAN na vlasy &#8226; Lanaja-slovensk\u00e1 udr\u017eiteln\u00e1 zna\u010dka a v\u00fdrobce ln\u011bn\u00e9ho textilu<\/title>\n<meta name=\"description\" content=\"Ln\u011bn\u00fd turban: Ob\u010das b\u00fdv\u00e1 zabalen\u00ed vlas\u016f do klasick\u00e9ho ru\u010dn\u00edku slo\u017eit\u00e9, ru\u010dn\u00edk \u010dasto pad\u00e1, s ln\u011bn\u00fdmi turbany je probl\u00e9m rychle vy\u0159e\u0161en.\" \/>\n<meta name=\"robots\" content=\"index, follow, max-snippet:-1, max-image-preview:large, max-video-preview:-1\" \/>\n<link rel=\"canonical\" href=\"https:\/\/lanaja.sk\/cs\/obchod\/lneny-rucnik-turban-na-vlasy-2\/\" \/>\n<meta property=\"og:locale\" content=\"cs_CZ\" \/>\n<meta property=\"og:type\" content=\"article\" \/>\n<meta property=\"og:title\" content=\"Ln\u011bn\u00fd ru\u010dn\u00edk TURBAN na vlasy &#8226; Lanaja-slovensk\u00e1 udr\u017eiteln\u00e1 zna\u010dka a v\u00fdrobce ln\u011bn\u00e9ho textilu\" \/>\n<meta property=\"og:description\" content=\"Ln\u011bn\u00fd turban: Ob\u010das b\u00fdv\u00e1 zabalen\u00ed vlas\u016f do klasick\u00e9ho ru\u010dn\u00edku slo\u017eit\u00e9, ru\u010dn\u00edk \u010dasto pad\u00e1, s ln\u011bn\u00fdmi turbany je probl\u00e9m rychle vy\u0159e\u0161en.\" \/>\n<meta property=\"og:url\" content=\"https:\/\/lanaja.sk\/cs\/obchod\/lneny-rucnik-turban-na-vlasy-2\/\" \/>\n<meta property=\"og:site_name\" content=\"Lanaja-slovensk\u00e1 udr\u017eiteln\u00e1 zna\u010dka a v\u00fdrobce ln\u011bn\u00e9ho textilu\" \/>\n<meta property=\"article:publisher\" content=\"https:\/\/www.facebook.com\/Abreadbag\" \/>\n<meta property=\"article:modified_time\" content=\"2026-04-28T14:14:37+00:00\" \/>\n<meta property=\"og:image\" content=\"https:\/\/lanaja.sk\/wp-content\/uploads\/2022\/08\/lanove-pyzamo92-scaled.webp\" \/>\n\t<meta property=\"og:image:width\" content=\"1922\" \/>\n\t<meta property=\"og:image:height\" content=\"2560\" \/>\n\t<meta property=\"og:image:type\" content=\"image\/jpeg\" \/>\n<meta name=\"twitter:card\" content=\"summary_large_image\" \/>\n<meta name=\"twitter:label1\" content=\"Odhadovan\u00e1 doba \u010dten\u00ed\" \/>\n\t<meta name=\"twitter:data1\" content=\"2 minuty\" \/>\n<script type=\"application\/ld+json\" class=\"yoast-schema-graph\">{\"@context\":\"https:\\\/\\\/schema.org\",\"@graph\":[{\"@type\":\"WebPage\",\"@id\":\"https:\\\/\\\/lanaja.sk\\\/cs\\\/obchod\\\/lneny-rucnik-turban-na-vlasy-2\\\/\",\"url\":\"https:\\\/\\\/lanaja.sk\\\/cs\\\/obchod\\\/lneny-rucnik-turban-na-vlasy-2\\\/\",\"name\":\"Ln\u011bn\u00fd ru\u010dn\u00edk TURBAN na vlasy &#8226; Lanaja-slovensk\u00e1 udr\u017eiteln\u00e1 zna\u010dka a v\u00fdrobce ln\u011bn\u00e9ho textilu\",\"isPartOf\":{\"@id\":\"https:\\\/\\\/lanaja.sk\\\/cs\\\/#website\"},\"primaryImageOfPage\":{\"@id\":\"https:\\\/\\\/lanaja.sk\\\/cs\\\/obchod\\\/lneny-rucnik-turban-na-vlasy-2\\\/#primaryimage\"},\"image\":{\"@id\":\"https:\\\/\\\/lanaja.sk\\\/cs\\\/obchod\\\/lneny-rucnik-turban-na-vlasy-2\\\/#primaryimage\"},\"thumbnailUrl\":\"https:\\\/\\\/lanaja.sk\\\/wp-content\\\/uploads\\\/2022\\\/08\\\/lanove-pyzamo92-scaled.webp\",\"datePublished\":\"2025-07-12T12:10:46+00:00\",\"dateModified\":\"2026-04-28T14:14:37+00:00\",\"description\":\"Ln\u011bn\u00fd turban: Ob\u010das b\u00fdv\u00e1 zabalen\u00ed vlas\u016f do klasick\u00e9ho ru\u010dn\u00edku slo\u017eit\u00e9, ru\u010dn\u00edk \u010dasto pad\u00e1, s ln\u011bn\u00fdmi turbany je probl\u00e9m rychle vy\u0159e\u0161en.\",\"breadcrumb\":{\"@id\":\"https:\\\/\\\/lanaja.sk\\\/cs\\\/obchod\\\/lneny-rucnik-turban-na-vlasy-2\\\/#breadcrumb\"},\"inLanguage\":\"cs\",\"potentialAction\":[{\"@type\":\"ReadAction\",\"target\":[\"https:\\\/\\\/lanaja.sk\\\/cs\\\/obchod\\\/lneny-rucnik-turban-na-vlasy-2\\\/\"]}]},{\"@type\":\"ImageObject\",\"inLanguage\":\"cs\",\"@id\":\"https:\\\/\\\/lanaja.sk\\\/cs\\\/obchod\\\/lneny-rucnik-turban-na-vlasy-2\\\/#primaryimage\",\"url\":\"https:\\\/\\\/lanaja.sk\\\/wp-content\\\/uploads\\\/2022\\\/08\\\/lanove-pyzamo92-scaled.webp\",\"contentUrl\":\"https:\\\/\\\/lanaja.sk\\\/wp-content\\\/uploads\\\/2022\\\/08\\\/lanove-pyzamo92-scaled.webp\",\"width\":1922,\"height\":2560,\"caption\":\"Turban na su\u0161en\u00ed vlas\u016f v b\u00edl\u00e9 barv\u011b lnu\"},{\"@type\":\"BreadcrumbList\",\"@id\":\"https:\\\/\\\/lanaja.sk\\\/cs\\\/obchod\\\/lneny-rucnik-turban-na-vlasy-2\\\/#breadcrumb\",\"itemListElement\":[{\"@type\":\"ListItem\",\"position\":1,\"name\":\"Home\",\"item\":\"https:\\\/\\\/lanaja.sk\\\/cs\\\/\"},{\"@type\":\"ListItem\",\"position\":2,\"name\":\"Obchod\",\"item\":\"https:\\\/\\\/lanaja.sk\\\/cs\\\/obchod-cz\\\/\"},{\"@type\":\"ListItem\",\"position\":3,\"name\":\"Ln\u011bn\u00fd ru\u010dn\u00edk TURBAN na vlasy\"}]},{\"@type\":\"WebSite\",\"@id\":\"https:\\\/\\\/lanaja.sk\\\/cs\\\/#website\",\"url\":\"https:\\\/\\\/lanaja.sk\\\/cs\\\/\",\"name\":\"Lanaja - bytov\u00fd textil z \u013eanu a \u013eanov\u00e9 v\u00fdrobky\",\"description\":\"Jedine\u010dn\u00fd bytov\u00fd textil, ln\u011bn\u00e9 pytl\u00edky, ln\u011bn\u00e9 ubrusy, ln\u011bn\u00e9 lo\u017en\u00ed povle\u010den\u00ed, ln\u011bn\u00e9 ut\u011brky, ln\u011bn\u00e9 prost\u00edr\u00e1n\u00ed vyroben\u00e9 a \u0161it\u00e9 na Slovensku\",\"publisher\":{\"@id\":\"https:\\\/\\\/lanaja.sk\\\/cs\\\/#organization\"},\"alternateName\":\"Lanaja - v\u00fdrobky z \u013eanu, \u013eanov\u00fd bytov\u00fd textil\",\"potentialAction\":[{\"@type\":\"SearchAction\",\"target\":{\"@type\":\"EntryPoint\",\"urlTemplate\":\"https:\\\/\\\/lanaja.sk\\\/cs\\\/?s={search_term_string}\"},\"query-input\":{\"@type\":\"PropertyValueSpecification\",\"valueRequired\":true,\"valueName\":\"search_term_string\"}}],\"inLanguage\":\"cs\"},{\"@type\":\"Organization\",\"@id\":\"https:\\\/\\\/lanaja.sk\\\/cs\\\/#organization\",\"name\":\"Lanaja\",\"alternateName\":\"Al\u017ebeta Andr\u00e1\u0161ikov\u00e1 - Lanaja\",\"url\":\"https:\\\/\\\/lanaja.sk\\\/cs\\\/\",\"logo\":{\"@type\":\"ImageObject\",\"inLanguage\":\"cs\",\"@id\":\"https:\\\/\\\/lanaja.sk\\\/cs\\\/#\\\/schema\\\/logo\\\/image\\\/\",\"url\":\"https:\\\/\\\/lanaja.sk\\\/wp-content\\\/uploads\\\/2024\\\/01\\\/Lanaja.sk-logo.png\",\"contentUrl\":\"https:\\\/\\\/lanaja.sk\\\/wp-content\\\/uploads\\\/2024\\\/01\\\/Lanaja.sk-logo.png\",\"width\":600,\"height\":300,\"caption\":\"Lanaja\"},\"image\":{\"@id\":\"https:\\\/\\\/lanaja.sk\\\/cs\\\/#\\\/schema\\\/logo\\\/image\\\/\"},\"sameAs\":[\"https:\\\/\\\/www.facebook.com\\\/Abreadbag\",\"https:\\\/\\\/www.instagram.com\\\/lanaja_sk\\\/\"]}]}<\/script>\n<!-- \/ Yoast SEO plugin. -->","yoast_head_json":{"title":"Ln\u011bn\u00fd ru\u010dn\u00edk TURBAN na vlasy &#8226; Lanaja-slovensk\u00e1 udr\u017eiteln\u00e1 zna\u010dka a v\u00fdrobce ln\u011bn\u00e9ho textilu","description":"Ln\u011bn\u00fd turban: Ob\u010das b\u00fdv\u00e1 zabalen\u00ed vlas\u016f do klasick\u00e9ho ru\u010dn\u00edku slo\u017eit\u00e9, ru\u010dn\u00edk \u010dasto pad\u00e1, s ln\u011bn\u00fdmi turbany je probl\u00e9m rychle vy\u0159e\u0161en.","robots":{"index":"index","follow":"follow","max-snippet":"max-snippet:-1","max-image-preview":"max-image-preview:large","max-video-preview":"max-video-preview:-1"},"canonical":"https:\/\/lanaja.sk\/cs\/obchod\/lneny-rucnik-turban-na-vlasy-2\/","og_locale":"cs_CZ","og_type":"article","og_title":"Ln\u011bn\u00fd ru\u010dn\u00edk TURBAN na vlasy &#8226; Lanaja-slovensk\u00e1 udr\u017eiteln\u00e1 zna\u010dka a v\u00fdrobce ln\u011bn\u00e9ho textilu","og_description":"Ln\u011bn\u00fd turban: Ob\u010das b\u00fdv\u00e1 zabalen\u00ed vlas\u016f do klasick\u00e9ho ru\u010dn\u00edku slo\u017eit\u00e9, ru\u010dn\u00edk \u010dasto pad\u00e1, s ln\u011bn\u00fdmi turbany je probl\u00e9m rychle vy\u0159e\u0161en.","og_url":"https:\/\/lanaja.sk\/cs\/obchod\/lneny-rucnik-turban-na-vlasy-2\/","og_site_name":"Lanaja-slovensk\u00e1 udr\u017eiteln\u00e1 zna\u010dka a v\u00fdrobce ln\u011bn\u00e9ho textilu","article_publisher":"https:\/\/www.facebook.com\/Abreadbag","article_modified_time":"2026-04-28T14:14:37+00:00","og_image":[{"width":1922,"height":2560,"url":"https:\/\/lanaja.sk\/wp-content\/uploads\/2022\/08\/lanove-pyzamo92-scaled.webp","type":"image\/jpeg"}],"twitter_card":"summary_large_image","twitter_misc":{"Odhadovan\u00e1 doba \u010dten\u00ed":"2 minuty"},"schema":{"@context":"https:\/\/schema.org","@graph":[{"@type":"WebPage","@id":"https:\/\/lanaja.sk\/cs\/obchod\/lneny-rucnik-turban-na-vlasy-2\/","url":"https:\/\/lanaja.sk\/cs\/obchod\/lneny-rucnik-turban-na-vlasy-2\/","name":"Ln\u011bn\u00fd ru\u010dn\u00edk TURBAN na vlasy &#8226; Lanaja-slovensk\u00e1 udr\u017eiteln\u00e1 zna\u010dka a v\u00fdrobce ln\u011bn\u00e9ho textilu","isPartOf":{"@id":"https:\/\/lanaja.sk\/cs\/#website"},"primaryImageOfPage":{"@id":"https:\/\/lanaja.sk\/cs\/obchod\/lneny-rucnik-turban-na-vlasy-2\/#primaryimage"},"image":{"@id":"https:\/\/lanaja.sk\/cs\/obchod\/lneny-rucnik-turban-na-vlasy-2\/#primaryimage"},"thumbnailUrl":"https:\/\/lanaja.sk\/wp-content\/uploads\/2022\/08\/lanove-pyzamo92-scaled.webp","datePublished":"2025-07-12T12:10:46+00:00","dateModified":"2026-04-28T14:14:37+00:00","description":"Ln\u011bn\u00fd turban: Ob\u010das b\u00fdv\u00e1 zabalen\u00ed vlas\u016f do klasick\u00e9ho ru\u010dn\u00edku slo\u017eit\u00e9, ru\u010dn\u00edk \u010dasto pad\u00e1, s ln\u011bn\u00fdmi turbany je probl\u00e9m rychle vy\u0159e\u0161en.","breadcrumb":{"@id":"https:\/\/lanaja.sk\/cs\/obchod\/lneny-rucnik-turban-na-vlasy-2\/#breadcrumb"},"inLanguage":"cs","potentialAction":[{"@type":"ReadAction","target":["https:\/\/lanaja.sk\/cs\/obchod\/lneny-rucnik-turban-na-vlasy-2\/"]}]},{"@type":"ImageObject","inLanguage":"cs","@id":"https:\/\/lanaja.sk\/cs\/obchod\/lneny-rucnik-turban-na-vlasy-2\/#primaryimage","url":"https:\/\/lanaja.sk\/wp-content\/uploads\/2022\/08\/lanove-pyzamo92-scaled.webp","contentUrl":"https:\/\/lanaja.sk\/wp-content\/uploads\/2022\/08\/lanove-pyzamo92-scaled.webp","width":1922,"height":2560,"caption":"Turban na su\u0161en\u00ed vlas\u016f v b\u00edl\u00e9 barv\u011b lnu"},{"@type":"BreadcrumbList","@id":"https:\/\/lanaja.sk\/cs\/obchod\/lneny-rucnik-turban-na-vlasy-2\/#breadcrumb","itemListElement":[{"@type":"ListItem","position":1,"name":"Home","item":"https:\/\/lanaja.sk\/cs\/"},{"@type":"ListItem","position":2,"name":"Obchod","item":"https:\/\/lanaja.sk\/cs\/obchod-cz\/"},{"@type":"ListItem","position":3,"name":"Ln\u011bn\u00fd ru\u010dn\u00edk TURBAN na vlasy"}]},{"@type":"WebSite","@id":"https:\/\/lanaja.sk\/cs\/#website","url":"https:\/\/lanaja.sk\/cs\/","name":"Lanaja - bytov\u00fd textil z \u013eanu a \u013eanov\u00e9 v\u00fdrobky","description":"Jedine\u010dn\u00fd bytov\u00fd textil, ln\u011bn\u00e9 pytl\u00edky, ln\u011bn\u00e9 ubrusy, ln\u011bn\u00e9 lo\u017en\u00ed povle\u010den\u00ed, ln\u011bn\u00e9 ut\u011brky, ln\u011bn\u00e9 prost\u00edr\u00e1n\u00ed vyroben\u00e9 a \u0161it\u00e9 na Slovensku","publisher":{"@id":"https:\/\/lanaja.sk\/cs\/#organization"},"alternateName":"Lanaja - v\u00fdrobky z \u013eanu, \u013eanov\u00fd bytov\u00fd textil","potentialAction":[{"@type":"SearchAction","target":{"@type":"EntryPoint","urlTemplate":"https:\/\/lanaja.sk\/cs\/?s={search_term_string}"},"query-input":{"@type":"PropertyValueSpecification","valueRequired":true,"valueName":"search_term_string"}}],"inLanguage":"cs"},{"@type":"Organization","@id":"https:\/\/lanaja.sk\/cs\/#organization","name":"Lanaja","alternateName":"Al\u017ebeta Andr\u00e1\u0161ikov\u00e1 - Lanaja","url":"https:\/\/lanaja.sk\/cs\/","logo":{"@type":"ImageObject","inLanguage":"cs","@id":"https:\/\/lanaja.sk\/cs\/#\/schema\/logo\/image\/","url":"https:\/\/lanaja.sk\/wp-content\/uploads\/2024\/01\/Lanaja.sk-logo.png","contentUrl":"https:\/\/lanaja.sk\/wp-content\/uploads\/2024\/01\/Lanaja.sk-logo.png","width":600,"height":300,"caption":"Lanaja"},"image":{"@id":"https:\/\/lanaja.sk\/cs\/#\/schema\/logo\/image\/"},"sameAs":["https:\/\/www.facebook.com\/Abreadbag","https:\/\/www.instagram.com\/lanaja_sk\/"]}]}},"_links":{"self":[{"href":"https:\/\/lanaja.sk\/cs\/wp-json\/wp\/v2\/product\/17458","targetHints":{"allow":["GET"]}}],"collection":[{"href":"https:\/\/lanaja.sk\/cs\/wp-json\/wp\/v2\/product"}],"about":[{"href":"https:\/\/lanaja.sk\/cs\/wp-json\/wp\/v2\/types\/product"}],"version-history":[{"count":2,"href":"https:\/\/lanaja.sk\/cs\/wp-json\/wp\/v2\/product\/17458\/revisions"}],"predecessor-version":[{"id":17551,"href":"https:\/\/lanaja.sk\/cs\/wp-json\/wp\/v2\/product\/17458\/revisions\/17551"}],"wp:featuredmedia":[{"embeddable":true,"href":"https:\/\/lanaja.sk\/cs\/wp-json\/wp\/v2\/media\/10384"}],"wp:attachment":[{"href":"https:\/\/lanaja.sk\/cs\/wp-json\/wp\/v2\/media?parent=17458"}],"wp:term":[{"taxonomy":"product_brand","embeddable":true,"href":"https:\/\/lanaja.sk\/cs\/wp-json\/wp\/v2\/product_brand?post=17458"},{"taxonomy":"product_cat","embeddable":true,"href":"https:\/\/lanaja.sk\/cs\/wp-json\/wp\/v2\/product_cat?post=17458"},{"taxonomy":"product_tag","embeddable":true,"href":"https:\/\/lanaja.sk\/cs\/wp-json\/wp\/v2\/product_tag?post=17458"}],"curies":[{"name":"wp","href":"https:\/\/api.w.org\/{rel}","templated":true}]}}